{"id":28,"date":"2017-04-10T14:07:38","date_gmt":"2017-04-10T12:07:38","guid":{"rendered":"http:\/\/www.cannesexpo.com\/?page_id=28"},"modified":"2025-05-07T10:21:04","modified_gmt":"2025-05-07T08:21:04","slug":"actualites-stand-de-exposition-lyon","status":"publish","type":"page","link":"https:\/\/www.lyonexpo.fr\/en\/actualites-stand-de-exposition-lyon\/","title":{"rendered":"Latest News"},"content":{"rendered":"<div class=\"wpb-content-wrapper\"><p>[vc_row][vc_column][rev_slider_vc alias=&#8221;stand-design-1&#8243;][\/vc_column][\/vc_row][vc_row][vc_column][vc_empty_space height=&#8221;8px&#8221;][\/vc_column][\/vc_row][vc_row][vc_column]<style type=\"text\/css\" data-type=\"the7_shortcodes-inline-css\">.blog-shortcode.blog-masonry-shortcode-id-5358dd3314fd1e26bb24a44b7efc62ee.dividers-on.classic-layout-list article {\n  padding-top: 0;\n}\n.blog-shortcode.blog-masonry-shortcode-id-5358dd3314fd1e26bb24a44b7efc62ee.dividers-on.classic-layout-list article:first-of-type {\n  margin-top: 0;\n  padding-top: 0;\n}\n.blog-shortcode.blog-masonry-shortcode-id-5358dd3314fd1e26bb24a44b7efc62ee.classic-layout-list.mode-list .post-entry-content {\n  width: calc(100% - );\n}\n.blog-shortcode.blog-masonry-shortcode-id-5358dd3314fd1e26bb24a44b7efc62ee.classic-layout-list.mode-list .no-img .post-entry-content {\n  width: 100%;\n}\n.blog-shortcode.blog-masonry-shortcode-id-5358dd3314fd1e26bb24a44b7efc62ee .filter-bg-decoration .filter-categories a.act {\n  color: #fff;\n}\n.blog-shortcode.blog-masonry-shortcode-id-5358dd3314fd1e26bb24a44b7efc62ee:not(.mode-masonry) article:first-of-type,\n.blog-shortcode.blog-masonry-shortcode-id-5358dd3314fd1e26bb24a44b7efc62ee:not(.mode-masonry) article.visible.first:not(.product) {\n  margin-top: 0;\n}\n.blog-shortcode.blog-masonry-shortcode-id-5358dd3314fd1e26bb24a44b7efc62ee.dividers-on:not(.mode-masonry) article {\n  margin-top: 0;\n}\n.blog-shortcode.blog-masonry-shortcode-id-5358dd3314fd1e26bb24a44b7efc62ee.dividers-on:not(.mode-masonry) article:first-of-type,\n.blog-shortcode.blog-masonry-shortcode-id-5358dd3314fd1e26bb24a44b7efc62ee.dividers-on:not(.mode-masonry) article.visible.first:not(.product) {\n  margin-top: 0;\n  padding-top: 0;\n}\n.blog-shortcode.blog-masonry-shortcode-id-5358dd3314fd1e26bb24a44b7efc62ee .post-thumbnail-wrap {\n  padding: 0px 0px 0px 0px;\n}\n.blog-shortcode.blog-masonry-shortcode-id-5358dd3314fd1e26bb24a44b7efc62ee.enable-bg-rollover .post-thumbnail-rollover:after {\n  background: -webkit-linear-gradient();\n  background: linear-gradient();\n}\n.blog-shortcode.blog-masonry-shortcode-id-5358dd3314fd1e26bb24a44b7efc62ee .gallery-zoom-ico {\n  width: 44px;\n  height: 44px;\n  line-height: 44px;\n  border-radius: 100px;\n  margin: -22px 0 0 -22px;\n  border-width: 0px;\n  color: #ffffff;\n}\n.bottom-overlap-layout-list.blog-shortcode.blog-masonry-shortcode-id-5358dd3314fd1e26bb24a44b7efc62ee .gallery-zoom-ico {\n  margin-top: -72px;\n}\n.gradient-overlay-layout-list.blog-shortcode.blog-masonry-shortcode-id-5358dd3314fd1e26bb24a44b7efc62ee .gallery-zoom-ico,\n.content-rollover-layout-list.blog-shortcode.blog-masonry-shortcode-id-5358dd3314fd1e26bb24a44b7efc62ee .gallery-zoom-ico {\n  margin: 0 0 10px;\n}\n.content-align-center.gradient-overlay-layout-list.blog-shortcode.blog-masonry-shortcode-id-5358dd3314fd1e26bb24a44b7efc62ee .gallery-zoom-ico,\n.content-align-center.content-rollover-layout-list.blog-shortcode.blog-masonry-shortcode-id-5358dd3314fd1e26bb24a44b7efc62ee .gallery-zoom-ico {\n  margin: 0 auto 10px;\n}\n.dt-icon-bg-on.blog-shortcode.blog-masonry-shortcode-id-5358dd3314fd1e26bb24a44b7efc62ee .gallery-zoom-ico {\n  background: rgba(255,255,255,0.3);\n  box-shadow: none;\n}\n.blog-shortcode.blog-masonry-shortcode-id-5358dd3314fd1e26bb24a44b7efc62ee .gallery-zoom-ico > span,\n.blog-shortcode.blog-masonry-shortcode-id-5358dd3314fd1e26bb24a44b7efc62ee .gallery-zoom-ico:before {\n  font-size: 32px;\n  line-height: 44px;\n}\n.blog-shortcode.blog-masonry-shortcode-id-5358dd3314fd1e26bb24a44b7efc62ee .gallery-zoom-ico > span,\n.blog-shortcode.blog-masonry-shortcode-id-5358dd3314fd1e26bb24a44b7efc62ee .gallery-zoom-ico:before {\n  color: #ffffff;\n}\n.blog-shortcode.blog-masonry-shortcode-id-5358dd3314fd1e26bb24a44b7efc62ee .entry-title,\n.blog-shortcode.blog-masonry-shortcode-id-5358dd3314fd1e26bb24a44b7efc62ee.owl-carousel .entry-title {\n  margin-bottom: 5px;\n  font-weight: bold;\n}\n.blog-shortcode.blog-masonry-shortcode-id-5358dd3314fd1e26bb24a44b7efc62ee .entry-meta {\n  margin-bottom: 15px;\n}\n.blog-shortcode.blog-masonry-shortcode-id-5358dd3314fd1e26bb24a44b7efc62ee .portfolio-categories {\n  margin-bottom: 15px;\n}\n.blog-shortcode.blog-masonry-shortcode-id-5358dd3314fd1e26bb24a44b7efc62ee .entry-excerpt {\n  margin-bottom: 5px;\n}\n.blog-shortcode.blog-masonry-shortcode-id-5358dd3314fd1e26bb24a44b7efc62ee:not(.centered-layout-list) .post-entry-content {\n  padding: 25px 30px 30px 30px;\n}\n.blog-shortcode.blog-masonry-shortcode-id-5358dd3314fd1e26bb24a44b7efc62ee:not(.centered-layout-list):not(.content-bg-on):not(.mode-list) .no-img .post-entry-content {\n  padding: 0;\n}\n@media screen and (max-width: ) {\n  .blog-shortcode.blog-masonry-shortcode-id-5358dd3314fd1e26bb24a44b7efc62ee article {\n    -ms-flex-flow: column nowrap;\n    flex-flow: column nowrap;\n    margin-top: 20px;\n  }\n  .blog-shortcode.blog-masonry-shortcode-id-5358dd3314fd1e26bb24a44b7efc62ee.dividers-on article {\n    border: none;\n  }\n  .blog-shortcode.blog-masonry-shortcode-id-5358dd3314fd1e26bb24a44b7efc62ee.content-bg-on.centered-layout-list article {\n    padding: 0;\n  }\n  .blog-shortcode.blog-masonry-shortcode-id-5358dd3314fd1e26bb24a44b7efc62ee.blog-shortcode.dividers-on article,\n  .blog-shortcode.blog-masonry-shortcode-id-5358dd3314fd1e26bb24a44b7efc62ee.dividers-on.classic-layout-list article {\n    margin-top: 20px;\n    padding: 0;\n  }\n  .blog-shortcode.blog-masonry-shortcode-id-5358dd3314fd1e26bb24a44b7efc62ee.blog-shortcode.dividers-on article:first-of-type,\n  .blog-shortcode.blog-masonry-shortcode-id-5358dd3314fd1e26bb24a44b7efc62ee.dividers-on.classic-layout-list article:first-of-type {\n    padding: 0;\n  }\n  #page .blog-shortcode.blog-masonry-shortcode-id-5358dd3314fd1e26bb24a44b7efc62ee .post-thumbnail-wrap,\n  #page .blog-shortcode.blog-masonry-shortcode-id-5358dd3314fd1e26bb24a44b7efc62ee .post-entry-content {\n    width: 100%;\n    margin: 0;\n    top: 0;\n  }\n  #page .blog-shortcode.blog-masonry-shortcode-id-5358dd3314fd1e26bb24a44b7efc62ee .post-thumbnail-wrap {\n    padding: 0;\n  }\n  #page .blog-shortcode.blog-masonry-shortcode-id-5358dd3314fd1e26bb24a44b7efc62ee .post-entry-content:after {\n    display: none;\n  }\n  #page .blog-shortcode.blog-masonry-shortcode-id-5358dd3314fd1e26bb24a44b7efc62ee .project-even .post-thumbnail-wrap,\n  #page .blog-shortcode.blog-masonry-shortcode-id-5358dd3314fd1e26bb24a44b7efc62ee.centered-layout-list .post-thumbnail-wrap {\n    -ms-flex-order: 0;\n    order: 0;\n  }\n  #page .blog-shortcode.blog-masonry-shortcode-id-5358dd3314fd1e26bb24a44b7efc62ee.centered-layout-list .post-entry-title-content {\n    -ms-flex-order: 1;\n    order: 1;\n    width: 100%;\n    padding: 20px 20px 0;\n  }\n  #page .blog-shortcode.blog-masonry-shortcode-id-5358dd3314fd1e26bb24a44b7efc62ee.centered-layout-list .post-entry-content {\n    -ms-flex-order: 2;\n    order: 2;\n    padding-top: 0;\n  }\n  #page .blog-shortcode.blog-masonry-shortcode-id-5358dd3314fd1e26bb24a44b7efc62ee .fancy-categories {\n    top: 10px;\n    left: 10px;\n    bottom: auto;\n    right: auto;\n  }\n  #page .blog-shortcode.blog-masonry-shortcode-id-5358dd3314fd1e26bb24a44b7efc62ee .fancy-date a {\n    top: 10px;\n    right: 10px;\n    left: auto;\n    bottom: auto;\n  }\n  #page .blog-shortcode.blog-masonry-shortcode-id-5358dd3314fd1e26bb24a44b7efc62ee .post-entry-content {\n    padding: 20px;\n  }\n  #page .blog-shortcode.blog-masonry-shortcode-id-5358dd3314fd1e26bb24a44b7efc62ee .entry-title {\n    margin: 3px 0 5px;\n    font-size: 20px;\n    line-height: 26px;\n  }\n  #page .blog-shortcode.blog-masonry-shortcode-id-5358dd3314fd1e26bb24a44b7efc62ee .entry-meta {\n    margin: 5px 0 5px;\n  }\n  #page .blog-shortcode.blog-masonry-shortcode-id-5358dd3314fd1e26bb24a44b7efc62ee .entry-excerpt {\n    margin: 15px 0 0;\n  }\n  #page .blog-shortcode.blog-masonry-shortcode-id-5358dd3314fd1e26bb24a44b7efc62ee .post-details {\n    margin: 5px 0 10px;\n  }\n  #page .blog-shortcode.blog-masonry-shortcode-id-5358dd3314fd1e26bb24a44b7efc62ee .post-details.details-type-link {\n    margin-bottom: 2px;\n  }\n}\n.blog-shortcode.blog-masonry-shortcode-id-5358dd3314fd1e26bb24a44b7efc62ee:not(.resize-by-browser-width) .dt-css-grid {\n  grid-row-gap: 30px;\n  grid-column-gap: 30px;\n  grid-template-columns: repeat(auto-fill,minmax(,1fr));\n}\n.blog-shortcode.blog-masonry-shortcode-id-5358dd3314fd1e26bb24a44b7efc62ee:not(.resize-by-browser-width) .dt-css-grid .double-width {\n  grid-column: span 2;\n}\n.cssgridlegacy.no-cssgrid .blog-shortcode.blog-masonry-shortcode-id-5358dd3314fd1e26bb24a44b7efc62ee:not(.resize-by-browser-width) .dt-css-grid,\n.no-cssgridlegacy.no-cssgrid .blog-shortcode.blog-masonry-shortcode-id-5358dd3314fd1e26bb24a44b7efc62ee:not(.resize-by-browser-width) .dt-css-grid {\n  display: flex;\n  flex-flow: row wrap;\n  margin: -15px;\n}\n.cssgridlegacy.no-cssgrid .blog-shortcode.blog-masonry-shortcode-id-5358dd3314fd1e26bb24a44b7efc62ee:not(.resize-by-browser-width) .dt-css-grid .wf-cell,\n.no-cssgridlegacy.no-cssgrid .blog-shortcode.blog-masonry-shortcode-id-5358dd3314fd1e26bb24a44b7efc62ee:not(.resize-by-browser-width) .dt-css-grid .wf-cell {\n  flex: 1 0 ;\n  max-width: 100%;\n  padding: 15px;\n  box-sizing: border-box;\n}\n.blog-shortcode.blog-masonry-shortcode-id-5358dd3314fd1e26bb24a44b7efc62ee.resize-by-browser-width .dt-css-grid {\n  grid-template-columns: repeat(3,1fr);\n  grid-template-rows: auto;\n  grid-column-gap: 30px;\n  grid-row-gap: 30px;\n}\n.blog-shortcode.blog-masonry-shortcode-id-5358dd3314fd1e26bb24a44b7efc62ee.resize-by-browser-width .dt-css-grid .double-width {\n  grid-column: span 2;\n}\n.cssgridlegacy.no-cssgrid .blog-shortcode.blog-masonry-shortcode-id-5358dd3314fd1e26bb24a44b7efc62ee.resize-by-browser-width .dt-css-grid {\n  margin: -15px;\n}\n.cssgridlegacy.no-cssgrid .blog-shortcode.blog-masonry-shortcode-id-5358dd3314fd1e26bb24a44b7efc62ee.resize-by-browser-width .dt-css-grid .wf-cell {\n  width: 33.333333333333%;\n  padding: 15px;\n}\n.cssgridlegacy.no-cssgrid .blog-shortcode.blog-masonry-shortcode-id-5358dd3314fd1e26bb24a44b7efc62ee.resize-by-browser-width .dt-css-grid .wf-cell.double-width {\n  width: calc(33.333333333333%) * 2;\n}\n.blog-shortcode.blog-masonry-shortcode-id-5358dd3314fd1e26bb24a44b7efc62ee.resize-by-browser-width:not(.centered-layout-list):not(.content-bg-on) .dt-css-grid {\n  grid-row-gap: 0px;\n}\n@media screen and (max-width: 1199px) {\n  .blog-shortcode.blog-masonry-shortcode-id-5358dd3314fd1e26bb24a44b7efc62ee.resize-by-browser-width .dt-css-grid {\n    grid-template-columns: repeat(3,1fr);\n  }\n  .cssgridlegacy.no-cssgrid .blog-shortcode.blog-masonry-shortcode-id-5358dd3314fd1e26bb24a44b7efc62ee.resize-by-browser-width .dt-css-grid .wf-cell,\n  .no-cssgridlegacy.no-cssgrid .blog-shortcode.blog-masonry-shortcode-id-5358dd3314fd1e26bb24a44b7efc62ee.resize-by-browser-width .dt-css-grid .wf-cell {\n    width: 33.333333333333%;\n  }\n  .cssgridlegacy.no-cssgrid .blog-shortcode.blog-masonry-shortcode-id-5358dd3314fd1e26bb24a44b7efc62ee.resize-by-browser-width .dt-css-grid .wf-cell.double-width,\n  .no-cssgridlegacy.no-cssgrid .blog-shortcode.blog-masonry-shortcode-id-5358dd3314fd1e26bb24a44b7efc62ee.resize-by-browser-width .dt-css-grid .wf-cell.double-width {\n    width: calc(33.333333333333%)*2;\n  }\n}\n@media screen and (max-width: 991px) {\n  .blog-shortcode.blog-masonry-shortcode-id-5358dd3314fd1e26bb24a44b7efc62ee.resize-by-browser-width .dt-css-grid {\n    grid-template-columns: repeat(2,1fr);\n  }\n  .cssgridlegacy.no-cssgrid .blog-shortcode.blog-masonry-shortcode-id-5358dd3314fd1e26bb24a44b7efc62ee.resize-by-browser-width .dt-css-grid .wf-cell,\n  .no-cssgridlegacy.no-cssgrid .blog-shortcode.blog-masonry-shortcode-id-5358dd3314fd1e26bb24a44b7efc62ee.resize-by-browser-width .dt-css-grid .wf-cell {\n    width: 50%;\n  }\n  .cssgridlegacy.no-cssgrid .blog-shortcode.blog-masonry-shortcode-id-5358dd3314fd1e26bb24a44b7efc62ee.resize-by-browser-width .dt-css-grid .wf-cell.double-width,\n  .no-cssgridlegacy.no-cssgrid .blog-shortcode.blog-masonry-shortcode-id-5358dd3314fd1e26bb24a44b7efc62ee.resize-by-browser-width .dt-css-grid .wf-cell.double-width {\n    width: calc(50%)*2;\n  }\n}\n@media screen and (max-width: 767px) {\n  .blog-shortcode.blog-masonry-shortcode-id-5358dd3314fd1e26bb24a44b7efc62ee.resize-by-browser-width .dt-css-grid {\n    grid-template-columns: repeat(1,1fr);\n  }\n  .blog-shortcode.blog-masonry-shortcode-id-5358dd3314fd1e26bb24a44b7efc62ee.resize-by-browser-width .dt-css-grid .double-width {\n    grid-column: span 1;\n  }\n  .cssgridlegacy.no-cssgrid .blog-shortcode.blog-masonry-shortcode-id-5358dd3314fd1e26bb24a44b7efc62ee.resize-by-browser-width .dt-css-grid .wf-cell,\n  .no-cssgridlegacy.no-cssgrid .blog-shortcode.blog-masonry-shortcode-id-5358dd3314fd1e26bb24a44b7efc62ee.resize-by-browser-width .dt-css-grid .wf-cell {\n    width: 100%;\n  }\n  .cssgridlegacy.no-cssgrid .blog-shortcode.blog-masonry-shortcode-id-5358dd3314fd1e26bb24a44b7efc62ee.resize-by-browser-width .dt-css-grid .wf-cell.double-width,\n  .no-cssgridlegacy.no-cssgrid .blog-shortcode.blog-masonry-shortcode-id-5358dd3314fd1e26bb24a44b7efc62ee.resize-by-browser-width .dt-css-grid .wf-cell.double-width {\n    width: calc(100%)*2;\n  }\n}<\/style><div class=\"blog-shortcode blog-masonry-shortcode-id-5358dd3314fd1e26bb24a44b7efc62ee mode-grid classic-layout-list content-bg-on jquery-filter vertical-fancy-style scale-img dt-css-grid-wrap dt-icon-bg-off resize-by-browser-width loading-effect-fade-in description-under-image \" data-padding=\"15px\" data-cur-page=\"1\" data-post-limit=\"-1\" data-pagination-mode=\"none\" data-desktop-columns-num=\"3\" data-v-tablet-columns-num=\"2\" data-h-tablet-columns-num=\"3\" data-phone-columns-num=\"1\" data-width=\"0px\" data-columns=\"0\"><div class=\"dt-css-grid\" ><div class=\"visible wf-cell\" data-post-id=\"4989\" data-date=\"2026-02-14T12:43:18+01:00\" data-name=\"Why Exhibitors at Solutrans Choose Lyonexpo as Their Stand Builder in Lyon\"><article class=\"post project-odd visible post-4989 type-post status-publish format-standard has-post-thumbnail hentry category-solutrans category-eurexpo category-lyon category-lyonexpo category-stand-design category-trade-shows category-116 category-63 category-62 category-119 category-47 category-51\" data-name=\"Why Exhibitors at Solutrans Choose Lyonexpo as Their Stand Builder in Lyon\" data-date=\"2026-02-14T12:43:18+01:00\">\n\n<div class=\"post-thumbnail-wrap\">\n\t<div class=\"post-thumbnail\">\n\t\t\n\t\t\n\t\t<a href=\"https:\/\/www.lyonexpo.fr\/en\/2026\/02\/14\/why-exhibitors-at-solutrans-choose-lyonexpo\/\" class=\"post-thumbnail-rollover layzr-bg layzr-bg\"><img fetchpriority=\"high\" decoding=\"async\" class=\"iso-lazy-load preload-me iso-lazy-load aspect\" src=\"data:image\/svg+xml,%3Csvg%20xmlns%3D&#39;http%3A%2F%2Fwww.w3.org%2F2000%2Fsvg&#39;%20viewBox%3D&#39;0%200%20768%20512&#39;%2F%3E\" data-src=\"https:\/\/www.lyonexpo.fr\/wp-content\/uploads\/2025\/08\/LK-Solu23-R01-0-768x512.webp\" data-srcset=\"https:\/\/www.lyonexpo.fr\/wp-content\/uploads\/2025\/08\/LK-Solu23-R01-0-768x512.webp 768w, https:\/\/www.lyonexpo.fr\/wp-content\/uploads\/2025\/08\/LK-Solu23-R01-0-1152x768.webp 1152w\" loading=\"eager\" style=\"--ratio: 768 \/ 512\" sizes=\"(max-width: 768px) 100vw, 768px\" alt=\"LK-Solutrans-stand-design-R01-0\" title=\"LK-Solutrans-stand-design-R01-0\" width=\"768\" height=\"512\"  \/><\/a>\t<\/div>\n<\/div>\n\n\n<div class=\"post-entry-content\">\n\n\t<h3 class=\"entry-title\">\n\t\t<a href=\"https:\/\/www.lyonexpo.fr\/en\/2026\/02\/14\/why-exhibitors-at-solutrans-choose-lyonexpo\/\" title=\"Why Exhibitors at Solutrans Choose Lyonexpo as Their Stand Builder in Lyon\" rel=\"bookmark\">Why Exhibitors at Solutrans Choose Lyonexpo as Their Stand Builder in Lyon<\/a>\n\t<\/h3>\n\n\t<div class=\"entry-meta\"><span class=\"category-link\"><a href=\"https:\/\/www.lyonexpo.fr\/en\/solutrans\/\">Solutrans<\/a>, <a href=\"https:\/\/www.lyonexpo.fr\/en\/eurexpo\/\">EurExpo<\/a>, <a href=\"https:\/\/www.lyonexpo.fr\/en\/lyon\/\">Lyon<\/a>, <a href=\"https:\/\/www.lyonexpo.fr\/en\/lyonexpo\/\">lyonexpo<\/a>, <a href=\"https:\/\/www.lyonexpo.fr\/en\/stand-design\/\">Stand Design<\/a>, <a href=\"https:\/\/www.lyonexpo.fr\/en\/trade-shows\/\">Trade Shows<\/a><\/span><\/div>\n\t<div class=\"entry-excerpt\"><p>At Solutrans, your audience is highly specialized. A generic stand simply won\u2019t cut it. Lyonexpo focuses on creating bespoke stands tailored to your brand identity, objectives, and target audience.<\/p>\n<\/div>\n\t\n<a href=\"https:\/\/www.lyonexpo.fr\/en\/2026\/02\/14\/why-exhibitors-at-solutrans-choose-lyonexpo\/\" class=\"post-details details-type-link\" aria-label=\"Read more about Why Exhibitors at Solutrans Choose Lyonexpo as Their Stand Builder in Lyon\">Read more<i class=\"dt-icon-the7-arrow-03\" aria-hidden=\"true\"><\/i><\/a>\n\n<\/div><\/article><\/div><div class=\"visible wf-cell\" data-post-id=\"4798\" data-date=\"2026-01-16T08:39:54+01:00\" data-name=\"Last-Minute Availability to Support Exhibitors at the Salon du 2 Roues\"><article class=\"post project-odd visible post-4798 type-post status-publish format-standard has-post-thumbnail hentry category-eurexpo category-lyon category-salon-du-2-roues category-stand-design-2 category-standiste-lyon category-standiste category-63 category-62 category-79 category-117 category-78 category-80\" data-name=\"Last-Minute Availability to Support Exhibitors at the Salon du 2 Roues\" data-date=\"2026-01-16T08:39:54+01:00\">\n\n<div class=\"post-thumbnail-wrap\">\n\t<div class=\"post-thumbnail\">\n\t\t\n\t\t\n\t\t<a href=\"https:\/\/www.lyonexpo.fr\/en\/2026\/01\/16\/last-minute-availability-to-support-exhibitors-at-the-salon-du-2-roues\/\" class=\"post-thumbnail-rollover layzr-bg layzr-bg\"><img decoding=\"async\" class=\"iso-lazy-load preload-me iso-lazy-load aspect\" src=\"data:image\/svg+xml,%3Csvg%20xmlns%3D&#039;http%3A%2F%2Fwww.w3.org%2F2000%2Fsvg&#039;%20viewBox%3D&#039;0%200%20697%20465&#039;%2F%3E\" data-src=\"https:\/\/www.lyonexpo.fr\/wp-content\/uploads\/2026\/01\/S2r-697x465.png\" data-srcset=\"https:\/\/www.lyonexpo.fr\/wp-content\/uploads\/2026\/01\/S2r-697x465.png 697w\" loading=\"eager\" style=\"--ratio: 697 \/ 465\" sizes=\"(max-width: 697px) 100vw, 697px\" alt=\"\" title=\"S2r\" width=\"697\" height=\"465\"><\/a>\t<\/div>\n<\/div>\n\n\n<div class=\"post-entry-content\">\n\n\t<h3 class=\"entry-title\">\n\t\t<a href=\"https:\/\/www.lyonexpo.fr\/en\/2026\/01\/16\/last-minute-availability-to-support-exhibitors-at-the-salon-du-2-roues\/\" title=\"Last-Minute Availability to Support Exhibitors at the Salon du 2 Roues\" rel=\"bookmark\">Last-Minute Availability to Support Exhibitors at the Salon du 2 Roues<\/a>\n\t<\/h3>\n\n\t<div class=\"entry-meta\"><span class=\"category-link\"><a href=\"https:\/\/www.lyonexpo.fr\/en\/eurexpo\/\">EurExpo<\/a>, <a href=\"https:\/\/www.lyonexpo.fr\/en\/lyon\/\">Lyon<\/a>, <a href=\"https:\/\/www.lyonexpo.fr\/en\/salon-du-2-roues\/\">salon du 2 roues<\/a>, <a href=\"https:\/\/www.lyonexpo.fr\/en\/stand-design-2\/\">stand-design<\/a>, <a href=\"https:\/\/www.lyonexpo.fr\/en\/standiste-lyon\/\">Standiste lyon<\/a>, <a href=\"https:\/\/www.lyonexpo.fr\/en\/standiste\/\">standiste<\/a><\/span><\/div>\n\t<div class=\"entry-excerpt\"><p>If you are finalising your participation or facing an unexpected challenge with your stand, our teams can step in quickly to deliver a professional, turnkey solution.<\/p>\n<\/div>\n\t\n<a href=\"https:\/\/www.lyonexpo.fr\/en\/2026\/01\/16\/last-minute-availability-to-support-exhibitors-at-the-salon-du-2-roues\/\" class=\"post-details details-type-link\" aria-label=\"Read more about Last-Minute Availability to Support Exhibitors at the Salon du 2 Roues\">Read more<i class=\"dt-icon-the7-arrow-03\" aria-hidden=\"true\"><\/i><\/a>\n\n<\/div><\/article><\/div><div class=\"visible wf-cell\" data-post-id=\"4393\" data-date=\"2025-12-09T13:00:01+01:00\" data-name=\"Our Stand for Cond\u00e9 Nast Johansens at ILTM Cannes\"><article class=\"post project-odd visible post-4393 type-post status-publish format-standard has-post-thumbnail hentry category-cannes category-iltm-cannes category-stand-design category-trade-shows category-7 category-21 category-47 category-51\" data-name=\"Our Stand for Cond\u00e9 Nast Johansens at ILTM Cannes\" data-date=\"2025-12-09T13:00:01+01:00\">\n\n<div class=\"post-thumbnail-wrap\">\n\t<div class=\"post-thumbnail\">\n\t\t\n\t\t\n\t\t<a href=\"https:\/\/www.lyonexpo.fr\/en\/2025\/12\/09\/cnj-stand-iltm-cannes\/\" class=\"post-thumbnail-rollover layzr-bg layzr-bg\"><img decoding=\"async\" class=\"iso-lazy-load preload-me iso-lazy-load aspect\" src=\"data:image\/svg+xml,%3Csvg%20xmlns%3D&#39;http%3A%2F%2Fwww.w3.org%2F2000%2Fsvg&#39;%20viewBox%3D&#39;0%200%20768%20512&#39;%2F%3E\" data-src=\"https:\/\/www.lyonexpo.fr\/wp-content\/uploads\/2025\/12\/ILTM25-CNJ-1-scaled-768x512.jpg\" data-srcset=\"https:\/\/www.lyonexpo.fr\/wp-content\/uploads\/2025\/12\/ILTM25-CNJ-1-scaled-768x512.jpg 768w, https:\/\/www.lyonexpo.fr\/wp-content\/uploads\/2025\/12\/ILTM25-CNJ-1-scaled-1152x768.jpg 1152w\" loading=\"eager\" style=\"--ratio: 768 \/ 512\" sizes=\"(max-width: 768px) 100vw, 768px\" alt=\"Luxury hotel exhibition stand display\" title=\"ILTM25-CNJ-1\" width=\"768\" height=\"512\"  \/><\/a>\t<\/div>\n<\/div>\n\n\n<div class=\"post-entry-content\">\n\n\t<h3 class=\"entry-title\">\n\t\t<a href=\"https:\/\/www.lyonexpo.fr\/en\/2025\/12\/09\/cnj-stand-iltm-cannes\/\" title=\"Our Stand for Cond\u00e9 Nast Johansens at ILTM Cannes\" rel=\"bookmark\">Our Stand for Cond\u00e9 Nast Johansens at ILTM Cannes<\/a>\n\t<\/h3>\n\n\t<div class=\"entry-meta\"><span class=\"category-link\"><a href=\"https:\/\/www.lyonexpo.fr\/en\/cannes\/\">Cannes<\/a>, <a href=\"https:\/\/www.lyonexpo.fr\/en\/iltm-cannes\/\">ILTM Cannes<\/a>, <a href=\"https:\/\/www.lyonexpo.fr\/en\/stand-design\/\">Stand Design<\/a>, <a href=\"https:\/\/www.lyonexpo.fr\/en\/trade-shows\/\">Trade Shows<\/a><\/span><\/div>\n\t<div class=\"entry-excerpt\"><p>Discover how Lyon Expo designed and built a sophisticated, modern stand for Cond\u00e9 Nast Johansens at ILTM Cannes, showcasing eight luxury hotels through elegant slatted walls, custom lightboxes, and thoughtfully crafted meeting spaces<\/p>\n<\/div>\n\t\n<a href=\"https:\/\/www.lyonexpo.fr\/en\/2025\/12\/09\/cnj-stand-iltm-cannes\/\" class=\"post-details details-type-link\" aria-label=\"Read more about Our Stand for Cond\u00e9 Nast Johansens at ILTM Cannes\">Read more<i class=\"dt-icon-the7-arrow-03\" aria-hidden=\"true\"><\/i><\/a>\n\n<\/div><\/article><\/div><div class=\"visible wf-cell\" data-post-id=\"4249\" data-date=\"2025-11-19T08:57:29+01:00\" data-name=\"How We Help Exhibitors Create Exceptional Exhibition Stands in Lyon for 2026\"><article class=\"post project-odd visible post-4249 type-post status-publish format-standard has-post-thumbnail hentry category-lyon-2 category-stand-design-2 category-standiste category-stand-design category-trade-shows category-112 category-117 category-80 category-47 category-51\" data-name=\"How We Help Exhibitors Create Exceptional Exhibition Stands in Lyon for 2026\" data-date=\"2025-11-19T08:57:29+01:00\">\n\n<div class=\"post-thumbnail-wrap\">\n\t<div class=\"post-thumbnail\">\n\t\t\n\t\t\n\t\t<a href=\"https:\/\/www.lyonexpo.fr\/en\/2025\/11\/19\/how-we-help-exhibitors-create-exceptional-exhibition-stands-in-lyon-for-2026\/\" class=\"post-thumbnail-rollover layzr-bg layzr-bg\"><img decoding=\"async\" class=\"iso-lazy-load preload-me iso-lazy-load aspect\" src=\"data:image\/svg+xml,%3Csvg%20xmlns%3D&#39;http%3A%2F%2Fwww.w3.org%2F2000%2Fsvg&#39;%20viewBox%3D&#39;0%200%20768%20512&#39;%2F%3E\" data-src=\"https:\/\/www.lyonexpo.fr\/wp-content\/uploads\/2025\/11\/modular-stand-design-lyon-768x512.webp\" data-srcset=\"https:\/\/www.lyonexpo.fr\/wp-content\/uploads\/2025\/11\/modular-stand-design-lyon-768x512.webp 768w, https:\/\/www.lyonexpo.fr\/wp-content\/uploads\/2025\/11\/modular-stand-design-lyon-1152x768.webp 1152w\" loading=\"eager\" style=\"--ratio: 768 \/ 512\" sizes=\"(max-width: 768px) 100vw, 768px\" alt=\"modular stand design lyon\" title=\"modular stand design lyon\" width=\"768\" height=\"512\"  \/><\/a>\t<\/div>\n<\/div>\n\n\n<div class=\"post-entry-content\">\n\n\t<h3 class=\"entry-title\">\n\t\t<a href=\"https:\/\/www.lyonexpo.fr\/en\/2025\/11\/19\/how-we-help-exhibitors-create-exceptional-exhibition-stands-in-lyon-for-2026\/\" title=\"How We Help Exhibitors Create Exceptional Exhibition Stands in Lyon for 2026\" rel=\"bookmark\">How We Help Exhibitors Create Exceptional Exhibition Stands in Lyon for 2026<\/a>\n\t<\/h3>\n\n\t<div class=\"entry-meta\"><span class=\"category-link\"><a href=\"https:\/\/www.lyonexpo.fr\/en\/lyon-2\/\">Lyon<\/a>, <a href=\"https:\/\/www.lyonexpo.fr\/en\/stand-design-2\/\">stand-design<\/a>, <a href=\"https:\/\/www.lyonexpo.fr\/en\/standiste\/\">standiste<\/a>, <a href=\"https:\/\/www.lyonexpo.fr\/en\/stand-design\/\">Stand Design<\/a>, <a href=\"https:\/\/www.lyonexpo.fr\/en\/trade-shows\/\">Trade Shows<\/a><\/span><\/div>\n\t<div class=\"entry-excerpt\"><p>Discover how we can help exhibitors design, build, and manage high-impact exhibition stands for Lyon\u2019s major 2026 trade fairs and events.<\/p>\n<\/div>\n\t\n<a href=\"https:\/\/www.lyonexpo.fr\/en\/2025\/11\/19\/how-we-help-exhibitors-create-exceptional-exhibition-stands-in-lyon-for-2026\/\" class=\"post-details details-type-link\" aria-label=\"Read more about How We Help Exhibitors Create Exceptional Exhibition Stands in Lyon for 2026\">Read more<i class=\"dt-icon-the7-arrow-03\" aria-hidden=\"true\"><\/i><\/a>\n\n<\/div><\/article><\/div><div class=\"visible wf-cell\" data-post-id=\"4205\" data-date=\"2025-11-12T09:53:44+01:00\" data-name=\"Rent a Stand for the Salon du 2 Roues in Lyon\"><article class=\"post project-odd visible post-4205 type-post status-publish format-standard has-post-thumbnail hentry category-uncategorised category-1\" data-name=\"Rent a Stand for the Salon du 2 Roues in Lyon\" data-date=\"2025-11-12T09:53:44+01:00\">\n\n<div class=\"post-thumbnail-wrap\">\n\t<div class=\"post-thumbnail\">\n\t\t\n\t\t\n\t\t<a href=\"https:\/\/www.lyonexpo.fr\/en\/2025\/11\/12\/rent-a-stand-for-the-salon-du-2-roues-in-lyon\/\" class=\"post-thumbnail-rollover layzr-bg layzr-bg\"><img decoding=\"async\" class=\"iso-lazy-load preload-me iso-lazy-load aspect\" src=\"data:image\/svg+xml,%3Csvg%20xmlns%3D&#39;http%3A%2F%2Fwww.w3.org%2F2000%2Fsvg&#39;%20viewBox%3D&#39;0%200%20768%20512&#39;%2F%3E\" data-src=\"https:\/\/www.lyonexpo.fr\/wp-content\/uploads\/2025\/11\/stand-builder-Salon-du-2-roues-de-lyon-768x512.jpg\" data-srcset=\"https:\/\/www.lyonexpo.fr\/wp-content\/uploads\/2025\/11\/stand-builder-Salon-du-2-roues-de-lyon-768x512.jpg 768w, https:\/\/www.lyonexpo.fr\/wp-content\/uploads\/2025\/11\/stand-builder-Salon-du-2-roues-de-lyon-1152x768.jpg 1152w\" loading=\"eager\" style=\"--ratio: 768 \/ 512\" sizes=\"(max-width: 768px) 100vw, 768px\" alt=\"stand-builder-Salon-du-2-roues-de-lyon\" title=\"stand-builder-Salon-du-2-roues-de-lyon\" width=\"768\" height=\"512\"  \/><\/a>\t<\/div>\n<\/div>\n\n\n<div class=\"post-entry-content\">\n\n\t<h3 class=\"entry-title\">\n\t\t<a href=\"https:\/\/www.lyonexpo.fr\/en\/2025\/11\/12\/rent-a-stand-for-the-salon-du-2-roues-in-lyon\/\" title=\"Rent a Stand for the Salon du 2 Roues in Lyon\" rel=\"bookmark\">Rent a Stand for the Salon du 2 Roues in Lyon<\/a>\n\t<\/h3>\n\n\t<div class=\"entry-meta\"><span class=\"category-link\"><a href=\"https:\/\/www.lyonexpo.fr\/en\/uncategorised\/\">Uncategorised<\/a><\/span><\/div>\n\t<div class=\"entry-excerpt\"><p>Get ready for the Salon du 2 Roues with LyonExpo\u2019s turnkey Rent-A-Stand solution. Enjoy a fully equipped, branded, and ready-to-use exhibition stand \u2014 delivered and installed by our Lyon-based team. Rent a stand in Lyon that makes your brand stand out effortlessly.<\/p>\n<\/div>\n\t\n<a href=\"https:\/\/www.lyonexpo.fr\/en\/2025\/11\/12\/rent-a-stand-for-the-salon-du-2-roues-in-lyon\/\" class=\"post-details details-type-link\" aria-label=\"Read more about Rent a Stand for the Salon du 2 Roues in Lyon\">Read more<i class=\"dt-icon-the7-arrow-03\" aria-hidden=\"true\"><\/i><\/a>\n\n<\/div><\/article><\/div><div class=\"visible wf-cell\" data-post-id=\"4155\" data-date=\"2025-11-09T14:20:58+01:00\" data-name=\"Prepare an awesome stand for EUROBOIS 2026\"><article class=\"post project-odd visible post-4155 type-post status-publish format-standard has-post-thumbnail hentry category-eurobois category-eurexpo category-lyon category-stand-design-2 category-standiste-lyon category-120 category-63 category-62 category-117 category-78\" data-name=\"Prepare an awesome stand for EUROBOIS 2026\" data-date=\"2025-11-09T14:20:58+01:00\">\n\n<div class=\"post-thumbnail-wrap\">\n\t<div class=\"post-thumbnail\">\n\t\t\n\t\t\n\t\t<a href=\"https:\/\/www.lyonexpo.fr\/en\/2025\/11\/09\/preparez-un-stand-exceptionnel-a-eurobois-2026\/\" class=\"post-thumbnail-rollover layzr-bg layzr-bg\"><img decoding=\"async\" class=\"iso-lazy-load preload-me iso-lazy-load aspect\" src=\"data:image\/svg+xml,%3Csvg%20xmlns%3D&#39;http%3A%2F%2Fwww.w3.org%2F2000%2Fsvg&#39;%20viewBox%3D&#39;0%200%20619%20413&#39;%2F%3E\" data-src=\"https:\/\/www.lyonexpo.fr\/wp-content\/uploads\/2025\/11\/salon-eurobois.jpg\" data-srcset=\"https:\/\/www.lyonexpo.fr\/wp-content\/uploads\/2025\/11\/salon-eurobois.jpg 619w\" loading=\"eager\" style=\"--ratio: 619 \/ 413\" sizes=\"(max-width: 619px) 100vw, 619px\" alt=\"salon-eurobois\" title=\"salon-eurobois\" width=\"619\" height=\"413\"  \/><\/a>\t<\/div>\n<\/div>\n\n\n<div class=\"post-entry-content\">\n\n\t<h3 class=\"entry-title\">\n\t\t<a href=\"https:\/\/www.lyonexpo.fr\/en\/2025\/11\/09\/preparez-un-stand-exceptionnel-a-eurobois-2026\/\" title=\"Prepare an awesome stand for EUROBOIS 2026\" rel=\"bookmark\">Prepare an awesome stand for EUROBOIS 2026<\/a>\n\t<\/h3>\n\n\t<div class=\"entry-meta\"><span class=\"category-link\"><a href=\"https:\/\/www.lyonexpo.fr\/en\/eurobois\/\">EuroBois<\/a>, <a href=\"https:\/\/www.lyonexpo.fr\/en\/eurexpo\/\">EurExpo<\/a>, <a href=\"https:\/\/www.lyonexpo.fr\/en\/lyon\/\">Lyon<\/a>, <a href=\"https:\/\/www.lyonexpo.fr\/en\/stand-design-2\/\">stand-design<\/a>, <a href=\"https:\/\/www.lyonexpo.fr\/en\/standiste-lyon\/\">Standiste lyon<\/a><\/span><\/div>\n\t<div class=\"entry-excerpt\"><p>If you are planning to exhibit at the EUROBOIS 2026 trade show in Lyon, choosing a reliable local partner for the design and construction of your stand&#8230;<\/p>\n<\/div>\n\t\n<a href=\"https:\/\/www.lyonexpo.fr\/en\/2025\/11\/09\/preparez-un-stand-exceptionnel-a-eurobois-2026\/\" class=\"post-details details-type-link\" aria-label=\"Read more about Prepare an awesome stand for EUROBOIS 2026\">Read more<i class=\"dt-icon-the7-arrow-03\" aria-hidden=\"true\"><\/i><\/a>\n\n<\/div><\/article><\/div><div class=\"visible wf-cell\" data-post-id=\"4228\" data-date=\"2025-11-03T10:57:52+01:00\" data-name=\"LyonExpo Brings KCC\u2019s Imagination to Life at MAPIC 2025\"><article class=\"post project-odd visible post-4228 type-post status-publish format-standard has-post-thumbnail hentry category-leisurup category-mapic category-stand-design category-trade-shows category-uncategorised category-25 category-28 category-47 category-51 category-1\" data-name=\"LyonExpo Brings KCC\u2019s Imagination to Life at MAPIC 2025\" data-date=\"2025-11-03T10:57:52+01:00\">\n\n<div class=\"post-thumbnail-wrap\">\n\t<div class=\"post-thumbnail\">\n\t\t\n\t\t\n\t\t<a href=\"https:\/\/www.lyonexpo.fr\/en\/2025\/11\/03\/lyonexpo-brings-kccs-imagination-to-life-at-mapic-2025\/\" class=\"post-thumbnail-rollover layzr-bg layzr-bg\"><img decoding=\"async\" class=\"iso-lazy-load preload-me iso-lazy-load aspect\" src=\"data:image\/svg+xml,%3Csvg%20xmlns%3D&#39;http%3A%2F%2Fwww.w3.org%2F2000%2Fsvg&#39;%20viewBox%3D&#39;0%200%20768%20512&#39;%2F%3E\" data-src=\"https:\/\/www.lyonexpo.fr\/wp-content\/uploads\/2025\/11\/KCC-MAPIC-STAND-2025-768x512.jpeg\" data-srcset=\"https:\/\/www.lyonexpo.fr\/wp-content\/uploads\/2025\/11\/KCC-MAPIC-STAND-2025-768x512.jpeg 768w, https:\/\/www.lyonexpo.fr\/wp-content\/uploads\/2025\/11\/KCC-MAPIC-STAND-2025-1152x768.jpeg 1152w\" loading=\"eager\" style=\"--ratio: 768 \/ 512\" sizes=\"(max-width: 768px) 100vw, 768px\" alt=\"KCC-MAPIC-STAND-2025\" title=\"KCC-MAPIC-STAND-2025\" width=\"768\" height=\"512\"  \/><\/a>\t<\/div>\n<\/div>\n\n\n<div class=\"post-entry-content\">\n\n\t<h3 class=\"entry-title\">\n\t\t<a href=\"https:\/\/www.lyonexpo.fr\/en\/2025\/11\/03\/lyonexpo-brings-kccs-imagination-to-life-at-mapic-2025\/\" title=\"LyonExpo Brings KCC\u2019s Imagination to Life at MAPIC 2025\" rel=\"bookmark\">LyonExpo Brings KCC\u2019s Imagination to Life at MAPIC 2025<\/a>\n\t<\/h3>\n\n\t<div class=\"entry-meta\"><span class=\"category-link\"><a href=\"https:\/\/www.lyonexpo.fr\/en\/leisurup\/\">LeisurUp<\/a>, <a href=\"https:\/\/www.lyonexpo.fr\/en\/mapic\/\">MAPIC<\/a>, <a href=\"https:\/\/www.lyonexpo.fr\/en\/stand-design\/\">Stand Design<\/a>, <a href=\"https:\/\/www.lyonexpo.fr\/en\/trade-shows\/\">Trade Shows<\/a>, <a href=\"https:\/\/www.lyonexpo.fr\/en\/uncategorised\/\">Uncategorised<\/a><\/span><\/div>\n\t<div class=\"entry-excerpt\"><p>KCC Entertainment Design impressed visitors once again with a bold, immersive exhibition stand at MAPIC 2025.<\/p>\n<\/div>\n\t\n<a href=\"https:\/\/www.lyonexpo.fr\/en\/2025\/11\/03\/lyonexpo-brings-kccs-imagination-to-life-at-mapic-2025\/\" class=\"post-details details-type-link\" aria-label=\"Read more about LyonExpo Brings KCC\u2019s Imagination to Life at MAPIC 2025\">Read more<i class=\"dt-icon-the7-arrow-03\" aria-hidden=\"true\"><\/i><\/a>\n\n<\/div><\/article><\/div><div class=\"visible wf-cell\" data-post-id=\"4169\" data-date=\"2025-10-16T15:29:00+02:00\" data-name=\"Turnkey, Stress-Free, and Stunning: our Rent-a-Stand solution for ExpoBioGaz and Open Energies Exhibitors\"><article class=\"post project-odd visible post-4169 type-post status-publish format-standard has-post-thumbnail hentry category-expobiogaz category-lyon-2 category-open-energies category-eurexpo category-stand-design-2 category-stand-design category-trade-shows category-121 category-112 category-122 category-63 category-117 category-47 category-51\" data-name=\"Turnkey, Stress-Free, and Stunning: our Rent-a-Stand solution for ExpoBioGaz and Open Energies Exhibitors\" data-date=\"2025-10-16T15:29:00+02:00\">\n\n<div class=\"post-thumbnail-wrap\">\n\t<div class=\"post-thumbnail\">\n\t\t\n\t\t\n\t\t<a href=\"https:\/\/www.lyonexpo.fr\/en\/2025\/10\/16\/turnkey-stress-free-and-stunning-our-rent-a-stand-solution-for-expobiogaz-and-open-energies-exhibitors\/\" class=\"post-thumbnail-rollover layzr-bg layzr-bg\"><img decoding=\"async\" class=\"iso-lazy-load preload-me iso-lazy-load aspect\" src=\"data:image\/svg+xml,%3Csvg%20xmlns%3D&#39;http%3A%2F%2Fwww.w3.org%2F2000%2Fsvg&#39;%20viewBox%3D&#39;0%200%20768%20512&#39;%2F%3E\" data-src=\"https:\/\/www.lyonexpo.fr\/wp-content\/uploads\/2025\/11\/expobiogaz-open-energies-lyon-768x512.jpg\" data-srcset=\"https:\/\/www.lyonexpo.fr\/wp-content\/uploads\/2025\/11\/expobiogaz-open-energies-lyon-768x512.jpg 768w, https:\/\/www.lyonexpo.fr\/wp-content\/uploads\/2025\/11\/expobiogaz-open-energies-lyon-1152x768.jpg 1152w\" loading=\"eager\" style=\"--ratio: 768 \/ 512\" sizes=\"(max-width: 768px) 100vw, 768px\" alt=\"expobiogaz-open energies-lyon\" title=\"expobiogaz-open energies-lyon\" width=\"768\" height=\"512\"  \/><\/a>\t<\/div>\n<\/div>\n\n\n<div class=\"post-entry-content\">\n\n\t<h3 class=\"entry-title\">\n\t\t<a href=\"https:\/\/www.lyonexpo.fr\/en\/2025\/10\/16\/turnkey-stress-free-and-stunning-our-rent-a-stand-solution-for-expobiogaz-and-open-energies-exhibitors\/\" title=\"Turnkey, Stress-Free, and Stunning: our Rent-a-Stand solution for ExpoBioGaz and Open Energies Exhibitors\" rel=\"bookmark\">Turnkey, Stress-Free, and Stunning: our Rent-a-Stand solution for ExpoBioGaz and Open Energies Exhibitors<\/a>\n\t<\/h3>\n\n\t<div class=\"entry-meta\"><span class=\"category-link\"><a href=\"https:\/\/www.lyonexpo.fr\/en\/expobiogaz\/\">ExpoBioGaz<\/a>, <a href=\"https:\/\/www.lyonexpo.fr\/en\/lyon-2\/\">Lyon<\/a>, <a href=\"https:\/\/www.lyonexpo.fr\/en\/open-energies\/\">Open Energies<\/a>, <a href=\"https:\/\/www.lyonexpo.fr\/en\/eurexpo\/\">EurExpo<\/a>, <a href=\"https:\/\/www.lyonexpo.fr\/en\/stand-design-2\/\">stand-design<\/a>, <a href=\"https:\/\/www.lyonexpo.fr\/en\/stand-design\/\">Stand Design<\/a>, <a href=\"https:\/\/www.lyonexpo.fr\/en\/trade-shows\/\">Trade Shows<\/a><\/span><\/div>\n\t<div class=\"entry-excerpt\"><p>Participating as an exhibitor at the upcoming Expobiogaz 2026 &#038; Open Energies 2026  is a significant opportunity for companies in the clean\u2011energy, biogas and renewable sector and a rent\u2011a\u2011stand solution is the smart move to maximise your presence.<\/p>\n<\/div>\n\t\n<a href=\"https:\/\/www.lyonexpo.fr\/en\/2025\/10\/16\/turnkey-stress-free-and-stunning-our-rent-a-stand-solution-for-expobiogaz-and-open-energies-exhibitors\/\" class=\"post-details details-type-link\" aria-label=\"Read more about Turnkey, Stress-Free, and Stunning: our Rent-a-Stand solution for ExpoBioGaz and Open Energies Exhibitors\">Read more<i class=\"dt-icon-the7-arrow-03\" aria-hidden=\"true\"><\/i><\/a>\n\n<\/div><\/article><\/div><div class=\"visible wf-cell\" data-post-id=\"4182\" data-date=\"2025-10-09T16:43:33+02:00\" data-name=\"Custom Booth Builder for Pollutec 2025 \u2013 Advanced Welding &amp; I.Mak\"><article class=\"post project-odd visible post-4182 type-post status-publish format-standard has-post-thumbnail hentry category-pollutec category-lyon category-lyonexpo category-stand-design-2 category-stand-design category-trade-shows category-99 category-62 category-119 category-117 category-47 category-51\" data-name=\"Custom Booth Builder for Pollutec 2025 \u2013 Advanced Welding &amp; I.Mak\" data-date=\"2025-10-09T16:43:33+02:00\">\n\n<div class=\"post-thumbnail-wrap\">\n\t<div class=\"post-thumbnail\">\n\t\t\n\t\t\n\t\t<a href=\"https:\/\/www.lyonexpo.fr\/en\/2025\/10\/09\/custom-booth-builder-for-pollutec-2025-advanced-welding-i-mak\/\" class=\"post-thumbnail-rollover layzr-bg layzr-bg\"><img decoding=\"async\" class=\"iso-lazy-load preload-me iso-lazy-load aspect\" src=\"data:image\/svg+xml,%3Csvg%20xmlns%3D&#39;http%3A%2F%2Fwww.w3.org%2F2000%2Fsvg&#39;%20viewBox%3D&#39;0%200%20768%20512&#39;%2F%3E\" data-src=\"https:\/\/www.lyonexpo.fr\/wp-content\/uploads\/2025\/01\/Pollutec-lyon-standbuilder-768x512.png\" data-srcset=\"https:\/\/www.lyonexpo.fr\/wp-content\/uploads\/2025\/01\/Pollutec-lyon-standbuilder-768x512.png 768w, https:\/\/www.lyonexpo.fr\/wp-content\/uploads\/2025\/01\/Pollutec-lyon-standbuilder-944x630.png 944w\" loading=\"eager\" style=\"--ratio: 768 \/ 512\" sizes=\"(max-width: 768px) 100vw, 768px\" alt=\"Pollutec-lyon-standbuilder\" title=\"Pollutec-lyon-standbuilder\" width=\"768\" height=\"512\"  \/><\/a>\t<\/div>\n<\/div>\n\n\n<div class=\"post-entry-content\">\n\n\t<h3 class=\"entry-title\">\n\t\t<a href=\"https:\/\/www.lyonexpo.fr\/en\/2025\/10\/09\/custom-booth-builder-for-pollutec-2025-advanced-welding-i-mak\/\" title=\"Custom Booth Builder for Pollutec 2025 \u2013 Advanced Welding &amp; I.Mak\" rel=\"bookmark\">Custom Booth Builder for Pollutec 2025 \u2013 Advanced Welding &#038; I.Mak<\/a>\n\t<\/h3>\n\n\t<div class=\"entry-meta\"><span class=\"category-link\"><a href=\"https:\/\/www.lyonexpo.fr\/en\/pollutec\/\">PolluTec<\/a>, <a href=\"https:\/\/www.lyonexpo.fr\/en\/lyon\/\">Lyon<\/a>, <a href=\"https:\/\/www.lyonexpo.fr\/en\/lyonexpo\/\">lyonexpo<\/a>, <a href=\"https:\/\/www.lyonexpo.fr\/en\/stand-design-2\/\">stand-design<\/a>, <a href=\"https:\/\/www.lyonexpo.fr\/en\/stand-design\/\">Stand Design<\/a>, <a href=\"https:\/\/www.lyonexpo.fr\/en\/trade-shows\/\">Trade Shows<\/a><\/span><\/div>\n\t<div class=\"entry-excerpt\"><p>As a custom booth builder for Pollutec, LyonExpo proudly delivered two exceptional trade show stands for Pollutec 2025<\/p>\n<\/div>\n\t\n<a href=\"https:\/\/www.lyonexpo.fr\/en\/2025\/10\/09\/custom-booth-builder-for-pollutec-2025-advanced-welding-i-mak\/\" class=\"post-details details-type-link\" aria-label=\"Read more about Custom Booth Builder for Pollutec 2025 \u2013 Advanced Welding &amp; I.Mak\">Read more<i class=\"dt-icon-the7-arrow-03\" aria-hidden=\"true\"><\/i><\/a>\n\n<\/div><\/article><\/div><div class=\"visible wf-cell\" data-post-id=\"4241\" data-date=\"2025-09-29T10:17:55+02:00\" data-name=\"LyonExpo Creates DANZKA Vodka\u2019s Stand at TFWA Cannes for the Third Consecutive Year\"><article class=\"post project-odd visible post-4241 type-post status-publish format-standard has-post-thumbnail hentry category-cannes category-stand-design category-tfwa category-trade-shows category-7 category-47 category-49 category-51\" data-name=\"LyonExpo Creates DANZKA Vodka\u2019s Stand at TFWA Cannes for the Third Consecutive Year\" data-date=\"2025-09-29T10:17:55+02:00\">\n\n<div class=\"post-thumbnail-wrap\">\n\t<div class=\"post-thumbnail\">\n\t\t\n\t\t\n\t\t<a href=\"https:\/\/www.lyonexpo.fr\/en\/2025\/09\/29\/lyonexpo-creates-danzka-vodkas-stand-at-tfwa-cannes-for-the-third-consecutive-year\/\" class=\"post-thumbnail-rollover layzr-bg layzr-bg\"><img decoding=\"async\" class=\"iso-lazy-load preload-me iso-lazy-load aspect\" src=\"data:image\/svg+xml,%3Csvg%20xmlns%3D&#39;http%3A%2F%2Fwww.w3.org%2F2000%2Fsvg&#39;%20viewBox%3D&#39;0%200%20768%20512&#39;%2F%3E\" data-src=\"https:\/\/www.lyonexpo.fr\/wp-content\/uploads\/2025\/11\/Danzka-TFWA-Cannes-2025-1-768x512.webp\" data-srcset=\"https:\/\/www.lyonexpo.fr\/wp-content\/uploads\/2025\/11\/Danzka-TFWA-Cannes-2025-1-768x512.webp 768w, https:\/\/www.lyonexpo.fr\/wp-content\/uploads\/2025\/11\/Danzka-TFWA-Cannes-2025-1-1152x768.webp 1152w\" loading=\"eager\" style=\"--ratio: 768 \/ 512\" sizes=\"(max-width: 768px) 100vw, 768px\" alt=\"Danzka-TFWA-Cannes-2025\" title=\"Danzka-TFWA-Cannes-2025-1\" width=\"768\" height=\"512\"  \/><\/a>\t<\/div>\n<\/div>\n\n\n<div class=\"post-entry-content\">\n\n\t<h3 class=\"entry-title\">\n\t\t<a href=\"https:\/\/www.lyonexpo.fr\/en\/2025\/09\/29\/lyonexpo-creates-danzka-vodkas-stand-at-tfwa-cannes-for-the-third-consecutive-year\/\" title=\"LyonExpo Creates DANZKA Vodka\u2019s Stand at TFWA Cannes for the Third Consecutive Year\" rel=\"bookmark\">LyonExpo Creates DANZKA Vodka\u2019s Stand at TFWA Cannes for the Third Consecutive Year<\/a>\n\t<\/h3>\n\n\t<div class=\"entry-meta\"><span class=\"category-link\"><a href=\"https:\/\/www.lyonexpo.fr\/en\/cannes\/\">Cannes<\/a>, <a href=\"https:\/\/www.lyonexpo.fr\/en\/stand-design\/\">Stand Design<\/a>, <a href=\"https:\/\/www.lyonexpo.fr\/en\/tfwa\/\">TFWA<\/a>, <a href=\"https:\/\/www.lyonexpo.fr\/en\/trade-shows\/\">Trade Shows<\/a><\/span><\/div>\n\t<div class=\"entry-excerpt\"><p>We are proud to announce that LyonExpo has once again partnered with DANZKA Vodka to design and build their exhibition stand at the TFWA<\/p>\n<\/div>\n\t\n<a href=\"https:\/\/www.lyonexpo.fr\/en\/2025\/09\/29\/lyonexpo-creates-danzka-vodkas-stand-at-tfwa-cannes-for-the-third-consecutive-year\/\" class=\"post-details details-type-link\" aria-label=\"Read more about LyonExpo Creates DANZKA Vodka\u2019s Stand at TFWA Cannes for the Third Consecutive Year\">Read more<i class=\"dt-icon-the7-arrow-03\" aria-hidden=\"true\"><\/i><\/a>\n\n<\/div><\/article><\/div><div class=\"visible wf-cell\" data-post-id=\"3713\" data-date=\"2025-09-07T13:56:34+02:00\" data-name=\"Lyonexpo at LogiPharma 2026 in Vienna: Helping Exhibitors Stand Out Without Breaking the Bank\"><article class=\"post project-odd visible post-3713 type-post status-publish format-standard has-post-thumbnail hentry category-trade-shows category-51\" data-name=\"Lyonexpo at LogiPharma 2026 in Vienna: Helping Exhibitors Stand Out Without Breaking the Bank\" data-date=\"2025-09-07T13:56:34+02:00\">\n\n<div class=\"post-thumbnail-wrap\">\n\t<div class=\"post-thumbnail\">\n\t\t\n\t\t\n\t\t<a href=\"https:\/\/www.lyonexpo.fr\/en\/2025\/09\/07\/lyonexpo-at-logipharm-2026-in-vienna-helping-exhibitors-stand-out-without-breaking-the-bank\/\" class=\"post-thumbnail-rollover layzr-bg layzr-bg\"><img decoding=\"async\" class=\"iso-lazy-load preload-me iso-lazy-load aspect\" src=\"data:image\/svg+xml,%3Csvg%20xmlns%3D&#39;http%3A%2F%2Fwww.w3.org%2F2000%2Fsvg&#39;%20viewBox%3D&#39;0%200%20768%20512&#39;%2F%3E\" data-src=\"https:\/\/www.lyonexpo.fr\/wp-content\/uploads\/2025\/09\/Skycell-Logipharma-2025-lyon-scaled-768x512.jpg\" data-srcset=\"https:\/\/www.lyonexpo.fr\/wp-content\/uploads\/2025\/09\/Skycell-Logipharma-2025-lyon-scaled-768x512.jpg 768w, https:\/\/www.lyonexpo.fr\/wp-content\/uploads\/2025\/09\/Skycell-Logipharma-2025-lyon-scaled-1152x768.jpg 1152w\" loading=\"eager\" style=\"--ratio: 768 \/ 512\" sizes=\"(max-width: 768px) 100vw, 768px\" alt=\"Skycell-Logipharma-2025-lyon\" title=\"Skycell-Logipharma-2025-lyon\" width=\"768\" height=\"512\"  \/><\/a>\t<\/div>\n<\/div>\n\n\n<div class=\"post-entry-content\">\n\n\t<h3 class=\"entry-title\">\n\t\t<a href=\"https:\/\/www.lyonexpo.fr\/en\/2025\/09\/07\/lyonexpo-at-logipharm-2026-in-vienna-helping-exhibitors-stand-out-without-breaking-the-bank\/\" title=\"Lyonexpo at LogiPharma 2026 in Vienna: Helping Exhibitors Stand Out Without Breaking the Bank\" rel=\"bookmark\">Lyonexpo at LogiPharma 2026 in Vienna: Helping Exhibitors Stand Out Without Breaking the Bank<\/a>\n\t<\/h3>\n\n\t<div class=\"entry-meta\"><span class=\"category-link\"><a href=\"https:\/\/www.lyonexpo.fr\/en\/trade-shows\/\">Trade Shows<\/a><\/span><\/div>\n\t<div class=\"entry-excerpt\"><p>As the logistics and pharma sectors gear up for LogiPharm 2026 in Vienna, the excitement is already building\u2014and Lyonexpo is proud to be part of it! We\u2019re heading to the Austrian capital to support a long-time client, and while we\u2019re there, we\u2019re opening up opportunities for other exhibitors to benefit from our presence.<\/p>\n<\/div>\n\t\n<a href=\"https:\/\/www.lyonexpo.fr\/en\/2025\/09\/07\/lyonexpo-at-logipharm-2026-in-vienna-helping-exhibitors-stand-out-without-breaking-the-bank\/\" class=\"post-details details-type-link\" aria-label=\"Read more about Lyonexpo at LogiPharma 2026 in Vienna: Helping Exhibitors Stand Out Without Breaking the Bank\">Read more<i class=\"dt-icon-the7-arrow-03\" aria-hidden=\"true\"><\/i><\/a>\n\n<\/div><\/article><\/div><div class=\"visible wf-cell\" data-post-id=\"3914\" data-date=\"2025-08-18T15:13:23+02:00\" data-name=\"LyonExpo: Exhibition Stand Design and Build Services Across Rh\u00f4ne-Alpes\"><article class=\"post project-odd visible post-3914 type-post status-publish format-standard has-post-thumbnail hentry category-lyon category-standiste-lyon category-stand-design category-trade-shows category-62 category-78 category-47 category-51\" data-name=\"LyonExpo: Exhibition Stand Design and Build Services Across Rh\u00f4ne-Alpes\" data-date=\"2025-08-18T15:13:23+02:00\">\n\n<div class=\"post-thumbnail-wrap\">\n\t<div class=\"post-thumbnail\">\n\t\t\n\t\t\n\t\t<a href=\"https:\/\/www.lyonexpo.fr\/en\/2025\/08\/18\/lyonexpo-exhibition-stand-design-and-build-services-across-rhone-alpes\/\" class=\"post-thumbnail-rollover layzr-bg layzr-bg\"><img decoding=\"async\" class=\"iso-lazy-load preload-me iso-lazy-load aspect\" src=\"data:image\/svg+xml,%3Csvg%20xmlns%3D&#39;http%3A%2F%2Fwww.w3.org%2F2000%2Fsvg&#39;%20viewBox%3D&#39;0%200%20622%20414&#39;%2F%3E\" data-src=\"https:\/\/www.lyonexpo.fr\/wp-content\/uploads\/2025\/08\/Exhibition-Stand-Design-and-Build-Rhone-Alpes-622x414.webp\" data-srcset=\"https:\/\/www.lyonexpo.fr\/wp-content\/uploads\/2025\/08\/Exhibition-Stand-Design-and-Build-Rhone-Alpes-622x414.webp 622w, https:\/\/www.lyonexpo.fr\/wp-content\/uploads\/2025\/08\/Exhibition-Stand-Design-and-Build-Rhone-Alpes-622x415.webp 622w\" loading=\"eager\" style=\"--ratio: 622 \/ 414\" sizes=\"(max-width: 622px) 100vw, 622px\" alt=\"Exhibition Stand Design and Build Rh\u00f4ne-Alpes\" title=\"Exhibition Stand Design and Build Rh\u00f4ne-Alpes\" width=\"622\" height=\"414\"  \/><\/a>\t<\/div>\n<\/div>\n\n\n<div class=\"post-entry-content\">\n\n\t<h3 class=\"entry-title\">\n\t\t<a href=\"https:\/\/www.lyonexpo.fr\/en\/2025\/08\/18\/lyonexpo-exhibition-stand-design-and-build-services-across-rhone-alpes\/\" title=\"LyonExpo: Exhibition Stand Design and Build Services Across Rh\u00f4ne-Alpes\" rel=\"bookmark\">LyonExpo: Exhibition Stand Design and Build Services Across Rh\u00f4ne-Alpes<\/a>\n\t<\/h3>\n\n\t<div class=\"entry-meta\"><span class=\"category-link\"><a href=\"https:\/\/www.lyonexpo.fr\/en\/lyon\/\">Lyon<\/a>, <a href=\"https:\/\/www.lyonexpo.fr\/en\/standiste-lyon\/\">Standiste lyon<\/a>, <a href=\"https:\/\/www.lyonexpo.fr\/en\/stand-design\/\">Stand Design<\/a>, <a href=\"https:\/\/www.lyonexpo.fr\/en\/trade-shows\/\">Trade Shows<\/a><\/span><\/div>\n\t<div class=\"entry-excerpt\"><p>LyonExpo designs and builds custom exhibition stands in Lyon, Grenoble, Chamb\u00e9ry, Saint-\u00c9tienne, Valence, and across Rh\u00f4ne-Alpes.<\/p>\n<\/div>\n\t\n<a href=\"https:\/\/www.lyonexpo.fr\/en\/2025\/08\/18\/lyonexpo-exhibition-stand-design-and-build-services-across-rhone-alpes\/\" class=\"post-details details-type-link\" aria-label=\"Read more about LyonExpo: Exhibition Stand Design and Build Services Across Rh\u00f4ne-Alpes\">Read more<i class=\"dt-icon-the7-arrow-03\" aria-hidden=\"true\"><\/i><\/a>\n\n<\/div><\/article><\/div><div class=\"visible wf-cell\" data-post-id=\"3886\" data-date=\"2025-08-11T11:31:47+02:00\" data-name=\"Ready for SOLUTRANS in Lyon? Boost Your Impact with LyonExpo\u2019s Rent-A-Stand Solution\"><article class=\"post project-odd visible post-3886 type-post status-publish format-standard has-post-thumbnail hentry category-solutrans-2 category-solutrans category-lyon category-stand-design-2 category-trade-shows category-118 category-116 category-62 category-117 category-51\" data-name=\"Ready for SOLUTRANS in Lyon? Boost Your Impact with LyonExpo\u2019s Rent-A-Stand Solution\" data-date=\"2025-08-11T11:31:47+02:00\">\n\n<div class=\"post-thumbnail-wrap\">\n\t<div class=\"post-thumbnail\">\n\t\t\n\t\t\n\t\t<a href=\"https:\/\/www.lyonexpo.fr\/en\/2025\/08\/11\/ready-for-solutrans-2025-in-lyon-boost-your-impact-with-lyonexpos-rent-a-stand-solution\/\" class=\"post-thumbnail-rollover layzr-bg layzr-bg\"><img decoding=\"async\" class=\"iso-lazy-load preload-me iso-lazy-load aspect\" src=\"data:image\/svg+xml,%3Csvg%20xmlns%3D&#39;http%3A%2F%2Fwww.w3.org%2F2000%2Fsvg&#39;%20viewBox%3D&#39;0%200%20768%20512&#39;%2F%3E\" data-src=\"https:\/\/www.lyonexpo.fr\/wp-content\/uploads\/2025\/08\/Solutrans-2025-header-image-768x512.webp\" data-srcset=\"https:\/\/www.lyonexpo.fr\/wp-content\/uploads\/2025\/08\/Solutrans-2025-header-image-768x512.webp 768w, https:\/\/www.lyonexpo.fr\/wp-content\/uploads\/2025\/08\/Solutrans-2025-header-image-879x586.webp 879w\" loading=\"eager\" style=\"--ratio: 768 \/ 512\" sizes=\"(max-width: 768px) 100vw, 768px\" alt=\"Solutrans-exhibition stand\" title=\"Solutrans-exhibition stand\" width=\"768\" height=\"512\"  \/><\/a>\t<\/div>\n<\/div>\n\n\n<div class=\"post-entry-content\">\n\n\t<h3 class=\"entry-title\">\n\t\t<a href=\"https:\/\/www.lyonexpo.fr\/en\/2025\/08\/11\/ready-for-solutrans-2025-in-lyon-boost-your-impact-with-lyonexpos-rent-a-stand-solution\/\" title=\"Ready for SOLUTRANS in Lyon? Boost Your Impact with LyonExpo\u2019s Rent-A-Stand Solution\" rel=\"bookmark\">Ready for SOLUTRANS in Lyon? Boost Your Impact with LyonExpo\u2019s Rent-A-Stand Solution<\/a>\n\t<\/h3>\n\n\t<div class=\"entry-meta\"><span class=\"category-link\"><a href=\"https:\/\/www.lyonexpo.fr\/en\/solutrans-2\/\">Solutrans<\/a>, <a href=\"https:\/\/www.lyonexpo.fr\/en\/solutrans\/\">Solutrans<\/a>, <a href=\"https:\/\/www.lyonexpo.fr\/en\/lyon\/\">Lyon<\/a>, <a href=\"https:\/\/www.lyonexpo.fr\/en\/stand-design-2\/\">stand-design<\/a>, <a href=\"https:\/\/www.lyonexpo.fr\/en\/trade-shows\/\">Trade Shows<\/a><\/span><\/div>\n\t<div class=\"entry-excerpt\"><p>Are you planning to exhibit at SOLUTRANS 2025?\u2028Stand out from the competition with LyonExpo\u2019s Rent-A-Stand solution<\/p>\n<\/div>\n\t\n<a href=\"https:\/\/www.lyonexpo.fr\/en\/2025\/08\/11\/ready-for-solutrans-2025-in-lyon-boost-your-impact-with-lyonexpos-rent-a-stand-solution\/\" class=\"post-details details-type-link\" aria-label=\"Read more about Ready for SOLUTRANS in Lyon? Boost Your Impact with LyonExpo\u2019s Rent-A-Stand Solution\">Read more<i class=\"dt-icon-the7-arrow-03\" aria-hidden=\"true\"><\/i><\/a>\n\n<\/div><\/article><\/div><div class=\"visible wf-cell\" data-post-id=\"3858\" data-date=\"2025-07-28T13:36:42+02:00\" data-name=\"Why Lyonexpo Should Be Your Go-To Stand Builder for Pollutec 2025 in Lyon\"><article class=\"post project-odd visible post-3858 type-post status-publish format-standard has-post-thumbnail hentry category-pollutec category-lyon-2 category-standiste-lyon category-stand-design category-trade-shows category-99 category-112 category-78 category-47 category-51\" data-name=\"Why Lyonexpo Should Be Your Go-To Stand Builder for Pollutec 2025 in Lyon\" data-date=\"2025-07-28T13:36:42+02:00\">\n\n<div class=\"post-thumbnail-wrap\">\n\t<div class=\"post-thumbnail\">\n\t\t\n\t\t\n\t\t<a href=\"https:\/\/www.lyonexpo.fr\/en\/2025\/07\/28\/why-lyonexpo-should-be-your-go-to-stand-builder-for-pollutec-2025-in-lyon\/\" class=\"post-thumbnail-rollover layzr-bg layzr-bg\"><img decoding=\"async\" class=\"iso-lazy-load preload-me iso-lazy-load aspect\" src=\"data:image\/svg+xml,%3Csvg%20xmlns%3D&#39;http%3A%2F%2Fwww.w3.org%2F2000%2Fsvg&#39;%20viewBox%3D&#39;0%200%20768%20512&#39;%2F%3E\" data-src=\"https:\/\/www.lyonexpo.fr\/wp-content\/uploads\/2025\/07\/pollutec-lyon-standiste-1-768x512.webp\" data-srcset=\"https:\/\/www.lyonexpo.fr\/wp-content\/uploads\/2025\/07\/pollutec-lyon-standiste-1-768x512.webp 768w, https:\/\/www.lyonexpo.fr\/wp-content\/uploads\/2025\/07\/pollutec-lyon-standiste-1-1008x672.webp 1008w\" loading=\"eager\" style=\"--ratio: 768 \/ 512\" sizes=\"(max-width: 768px) 100vw, 768px\" alt=\"pollutec-lyon-standiste\" title=\"pollutec-lyon-standiste\" width=\"768\" height=\"512\"  \/><\/a>\t<\/div>\n<\/div>\n\n\n<div class=\"post-entry-content\">\n\n\t<h3 class=\"entry-title\">\n\t\t<a href=\"https:\/\/www.lyonexpo.fr\/en\/2025\/07\/28\/why-lyonexpo-should-be-your-go-to-stand-builder-for-pollutec-2025-in-lyon\/\" title=\"Why Lyonexpo Should Be Your Go-To Stand Builder for Pollutec 2025 in Lyon\" rel=\"bookmark\">Why Lyonexpo Should Be Your Go-To Stand Builder for Pollutec 2025 in Lyon<\/a>\n\t<\/h3>\n\n\t<div class=\"entry-meta\"><span class=\"category-link\"><a href=\"https:\/\/www.lyonexpo.fr\/en\/pollutec\/\">PolluTec<\/a>, <a href=\"https:\/\/www.lyonexpo.fr\/en\/lyon-2\/\">Lyon<\/a>, <a href=\"https:\/\/www.lyonexpo.fr\/en\/standiste-lyon\/\">Standiste lyon<\/a>, <a href=\"https:\/\/www.lyonexpo.fr\/en\/stand-design\/\">Stand Design<\/a>, <a href=\"https:\/\/www.lyonexpo.fr\/en\/trade-shows\/\">Trade Shows<\/a><\/span><\/div>\n\t<div class=\"entry-excerpt\"><p>Pollutec 2025, the leading trade show for environmental and energy solutions, returns to Lyon from October 7 to 10.<\/p>\n<\/div>\n\t\n<a href=\"https:\/\/www.lyonexpo.fr\/en\/2025\/07\/28\/why-lyonexpo-should-be-your-go-to-stand-builder-for-pollutec-2025-in-lyon\/\" class=\"post-details details-type-link\" aria-label=\"Read more about Why Lyonexpo Should Be Your Go-To Stand Builder for Pollutec 2025 in Lyon\">Read more<i class=\"dt-icon-the7-arrow-03\" aria-hidden=\"true\"><\/i><\/a>\n\n<\/div><\/article><\/div><div class=\"visible wf-cell\" data-post-id=\"3723\" data-date=\"2025-05-26T14:27:00+02:00\" data-name=\"Lyonexpo Installs the Balmain Hair Glamroom at the Marriott During the Cannes Film Festival\"><article class=\"post project-odd visible post-3723 type-post status-publish format-standard has-post-thumbnail hentry category-filmfestival-cannes category-115\" data-name=\"Lyonexpo Installs the Balmain Hair Glamroom at the Marriott During the Cannes Film Festival\" data-date=\"2025-05-26T14:27:00+02:00\">\n\n<div class=\"post-thumbnail-wrap\">\n\t<div class=\"post-thumbnail\">\n\t\t\n\t\t\n\t\t<a href=\"https:\/\/www.lyonexpo.fr\/en\/2025\/05\/26\/lyonexpo-installs-the-balmain-hair-glamroom-at-the-marriott-during-the-cannes-film-festival\/\" class=\"post-thumbnail-rollover layzr-bg layzr-bg\"><img decoding=\"async\" class=\"iso-lazy-load preload-me iso-lazy-load aspect\" src=\"data:image\/svg+xml,%3Csvg%20xmlns%3D&#39;http%3A%2F%2Fwww.w3.org%2F2000%2Fsvg&#39;%20viewBox%3D&#39;0%200%20768%20512&#39;%2F%3E\" data-src=\"https:\/\/www.lyonexpo.fr\/wp-content\/uploads\/2025\/05\/Balmain-FilmFestival-25-3-scaled-768x512.jpg\" data-srcset=\"https:\/\/www.lyonexpo.fr\/wp-content\/uploads\/2025\/05\/Balmain-FilmFestival-25-3-scaled-768x512.jpg 768w, https:\/\/www.lyonexpo.fr\/wp-content\/uploads\/2025\/05\/Balmain-FilmFestival-25-3-scaled-1152x768.jpg 1152w\" loading=\"eager\" style=\"--ratio: 768 \/ 512\" sizes=\"(max-width: 768px) 100vw, 768px\" alt=\"Balmain-FilmFestival-25-3\" title=\"Balmain-FilmFestival-25-3\" width=\"768\" height=\"512\"  \/><\/a>\t<\/div>\n<\/div>\n\n\n<div class=\"post-entry-content\">\n\n\t<h3 class=\"entry-title\">\n\t\t<a href=\"https:\/\/www.lyonexpo.fr\/en\/2025\/05\/26\/lyonexpo-installs-the-balmain-hair-glamroom-at-the-marriott-during-the-cannes-film-festival\/\" title=\"Lyonexpo Installs the Balmain Hair Glamroom at the Marriott During the Cannes Film Festival\" rel=\"bookmark\">Lyonexpo Installs the Balmain Hair Glamroom at the Marriott During the Cannes Film Festival<\/a>\n\t<\/h3>\n\n\t<div class=\"entry-meta\"><span class=\"category-link\"><a href=\"https:\/\/www.lyonexpo.fr\/en\/filmfestival-cannes\/\">FilmFestival Cannes<\/a><\/span><\/div>\n\t<div class=\"entry-excerpt\"><p>The red carpet isn\u2019t the only place where glamour shines at the Cannes Film Festival\u2014this year Lyonexpo brought a touch of Parisian elegance to the Riviera<\/p>\n<\/div>\n\t\n<a href=\"https:\/\/www.lyonexpo.fr\/en\/2025\/05\/26\/lyonexpo-installs-the-balmain-hair-glamroom-at-the-marriott-during-the-cannes-film-festival\/\" class=\"post-details details-type-link\" aria-label=\"Read more about Lyonexpo Installs the Balmain Hair Glamroom at the Marriott During the Cannes Film Festival\">Read more<i class=\"dt-icon-the7-arrow-03\" aria-hidden=\"true\"><\/i><\/a>\n\n<\/div><\/article><\/div><div class=\"visible wf-cell\" data-post-id=\"3637\" data-date=\"2025-04-11T08:55:26+02:00\" data-name=\"LyonExpo Supports System Loco at LogiPharma\"><article class=\"post project-odd visible post-3637 type-post status-publish format-standard has-post-thumbnail hentry category-trade-shows category-lyon category-51 category-62\" data-name=\"LyonExpo Supports System Loco at LogiPharma\" data-date=\"2025-04-11T08:55:26+02:00\">\n\n<div class=\"post-thumbnail-wrap\">\n\t<div class=\"post-thumbnail\">\n\t\t\n\t\t\n\t\t<a href=\"https:\/\/www.lyonexpo.fr\/en\/2025\/04\/11\/lyonexpo-supports-system-loco-at-logipharma\/\" class=\"post-thumbnail-rollover layzr-bg layzr-bg\"><img decoding=\"async\" class=\"iso-lazy-load preload-me iso-lazy-load aspect\" src=\"data:image\/svg+xml,%3Csvg%20xmlns%3D&#39;http%3A%2F%2Fwww.w3.org%2F2000%2Fsvg&#39;%20viewBox%3D&#39;0%200%20768%20512&#39;%2F%3E\" data-src=\"https:\/\/www.lyonexpo.fr\/wp-content\/uploads\/2025\/04\/system_loco-Logipharma2025-2-768x512.jpeg\" data-srcset=\"https:\/\/www.lyonexpo.fr\/wp-content\/uploads\/2025\/04\/system_loco-Logipharma2025-2-768x512.jpeg 768w, https:\/\/www.lyonexpo.fr\/wp-content\/uploads\/2025\/04\/system_loco-Logipharma2025-2-1152x768.jpeg 1152w\" loading=\"eager\" style=\"--ratio: 768 \/ 512\" sizes=\"(max-width: 768px) 100vw, 768px\" alt=\"system_loco-Logipharma2025-2\" title=\"system_loco-Logipharma2025-2\" width=\"768\" height=\"512\"  \/><\/a>\t<\/div>\n<\/div>\n\n\n<div class=\"post-entry-content\">\n\n\t<h3 class=\"entry-title\">\n\t\t<a href=\"https:\/\/www.lyonexpo.fr\/en\/2025\/04\/11\/lyonexpo-supports-system-loco-at-logipharma\/\" title=\"LyonExpo Supports System Loco at LogiPharma\" rel=\"bookmark\">LyonExpo Supports System Loco at LogiPharma<\/a>\n\t<\/h3>\n\n\t<div class=\"entry-meta\"><span class=\"category-link\"><a href=\"https:\/\/www.lyonexpo.fr\/en\/trade-shows\/\">Trade Shows<\/a>, <a href=\"https:\/\/www.lyonexpo.fr\/en\/lyon\/\">Lyon<\/a><\/span><\/div>\n\t<div class=\"entry-excerpt\"><p>LyonExpo was proud to support System Loco during this year\u2019s LogiPharma event in Lyon by providing our flexible and turnkey Rent-A-Stand solution.<\/p>\n<\/div>\n\t\n<a href=\"https:\/\/www.lyonexpo.fr\/en\/2025\/04\/11\/lyonexpo-supports-system-loco-at-logipharma\/\" class=\"post-details details-type-link\" aria-label=\"Read more about LyonExpo Supports System Loco at LogiPharma\">Read more<i class=\"dt-icon-the7-arrow-03\" aria-hidden=\"true\"><\/i><\/a>\n\n<\/div><\/article><\/div><div class=\"visible wf-cell\" data-post-id=\"3737\" data-date=\"2025-04-10T14:47:34+02:00\" data-name=\"Lyonexpo Delivers a Standout Booth for SkyCell at LogiPharma 2024 in Lyon\"><article class=\"post project-odd visible post-3737 type-post status-publish format-standard has-post-thumbnail hentry category-logipharma-2 category-lyon-2 category-trade-shows category-108 category-112 category-51\" data-name=\"Lyonexpo Delivers a Standout Booth for SkyCell at LogiPharma 2024 in Lyon\" data-date=\"2025-04-10T14:47:34+02:00\">\n\n<div class=\"post-thumbnail-wrap\">\n\t<div class=\"post-thumbnail\">\n\t\t\n\t\t\n\t\t<a href=\"https:\/\/www.lyonexpo.fr\/en\/2025\/04\/10\/lyonexpo-delivers-a-standout-booth-for-skycell-at-logipharma-2024-in-lyon\/\" class=\"post-thumbnail-rollover layzr-bg layzr-bg\"><img decoding=\"async\" class=\"iso-lazy-load preload-me iso-lazy-load aspect\" src=\"data:image\/svg+xml,%3Csvg%20xmlns%3D&#39;http%3A%2F%2Fwww.w3.org%2F2000%2Fsvg&#39;%20viewBox%3D&#39;0%200%20768%20512&#39;%2F%3E\" data-src=\"https:\/\/www.lyonexpo.fr\/wp-content\/uploads\/2025\/05\/SkyCell-Logipharma-25-3-scaled-768x512.jpg\" data-srcset=\"https:\/\/www.lyonexpo.fr\/wp-content\/uploads\/2025\/05\/SkyCell-Logipharma-25-3-scaled-768x512.jpg 768w, https:\/\/www.lyonexpo.fr\/wp-content\/uploads\/2025\/05\/SkyCell-Logipharma-25-3-scaled-1152x768.jpg 1152w\" loading=\"eager\" style=\"--ratio: 768 \/ 512\" sizes=\"(max-width: 768px) 100vw, 768px\" alt=\"SkyCell - Logipharma-25-3\" title=\"SkyCell &#8211; Logipharma-25-3\" width=\"768\" height=\"512\"  \/><\/a>\t<\/div>\n<\/div>\n\n\n<div class=\"post-entry-content\">\n\n\t<h3 class=\"entry-title\">\n\t\t<a href=\"https:\/\/www.lyonexpo.fr\/en\/2025\/04\/10\/lyonexpo-delivers-a-standout-booth-for-skycell-at-logipharma-2024-in-lyon\/\" title=\"Lyonexpo Delivers a Standout Booth for SkyCell at LogiPharma 2024 in Lyon\" rel=\"bookmark\">Lyonexpo Delivers a Standout Booth for SkyCell at LogiPharma 2024 in Lyon<\/a>\n\t<\/h3>\n\n\t<div class=\"entry-meta\"><span class=\"category-link\"><a href=\"https:\/\/www.lyonexpo.fr\/en\/logipharma-2\/\">LogiPharma<\/a>, <a href=\"https:\/\/www.lyonexpo.fr\/en\/lyon-2\/\">Lyon<\/a>, <a href=\"https:\/\/www.lyonexpo.fr\/en\/trade-shows\/\">Trade Shows<\/a><\/span><\/div>\n\t<div class=\"entry-excerpt\"><p>Lyonexpo was proud to partner with SkyCell to design and install a striking stand at LogiPharma 2025<\/p>\n<\/div>\n\t\n<a href=\"https:\/\/www.lyonexpo.fr\/en\/2025\/04\/10\/lyonexpo-delivers-a-standout-booth-for-skycell-at-logipharma-2024-in-lyon\/\" class=\"post-details details-type-link\" aria-label=\"Read more about Lyonexpo Delivers a Standout Booth for SkyCell at LogiPharma 2024 in Lyon\">Read more<i class=\"dt-icon-the7-arrow-03\" aria-hidden=\"true\"><\/i><\/a>\n\n<\/div><\/article><\/div><div class=\"visible wf-cell\" data-post-id=\"3645\" data-date=\"2025-04-09T09:01:14+02:00\" data-name=\"LyonExpo builds stand for Curfs Logistics at LogiPharma in Lyon\"><article class=\"post project-odd visible post-3645 type-post status-publish format-standard has-post-thumbnail hentry category-logipharma category-lyon category-standiste-lyon category-trade-shows category-26 category-62 category-78 category-51\" data-name=\"LyonExpo builds stand for Curfs Logistics at LogiPharma in Lyon\" data-date=\"2025-04-09T09:01:14+02:00\">\n\n<div class=\"post-thumbnail-wrap\">\n\t<div class=\"post-thumbnail\">\n\t\t\n\t\t\n\t\t<a href=\"https:\/\/www.lyonexpo.fr\/en\/2025\/04\/09\/lyonexpo-realise-le-stand-de-curfs-logistics-au-salon-logipharma-a-lyon\/\" class=\"post-thumbnail-rollover layzr-bg layzr-bg\"><img decoding=\"async\" class=\"iso-lazy-load preload-me iso-lazy-load aspect\" src=\"data:image\/svg+xml,%3Csvg%20xmlns%3D&#39;http%3A%2F%2Fwww.w3.org%2F2000%2Fsvg&#39;%20viewBox%3D&#39;0%200%20768%20512&#39;%2F%3E\" data-src=\"https:\/\/www.lyonexpo.fr\/wp-content\/uploads\/2025\/04\/Logipharma25-Curfs-1-scaled-768x512.jpg\" data-srcset=\"https:\/\/www.lyonexpo.fr\/wp-content\/uploads\/2025\/04\/Logipharma25-Curfs-1-scaled-768x512.jpg 768w, https:\/\/www.lyonexpo.fr\/wp-content\/uploads\/2025\/04\/Logipharma25-Curfs-1-scaled-1152x768.jpg 1152w\" loading=\"eager\" style=\"--ratio: 768 \/ 512\" sizes=\"(max-width: 768px) 100vw, 768px\" alt=\"Logipharma25-Curfs-1\" title=\"Logipharma25-Curfs-1\" width=\"768\" height=\"512\"  \/><\/a>\t<\/div>\n<\/div>\n\n\n<div class=\"post-entry-content\">\n\n\t<h3 class=\"entry-title\">\n\t\t<a href=\"https:\/\/www.lyonexpo.fr\/en\/2025\/04\/09\/lyonexpo-realise-le-stand-de-curfs-logistics-au-salon-logipharma-a-lyon\/\" title=\"LyonExpo builds stand for Curfs Logistics at LogiPharma in Lyon\" rel=\"bookmark\">LyonExpo builds stand for Curfs Logistics at LogiPharma in Lyon<\/a>\n\t<\/h3>\n\n\t<div class=\"entry-meta\"><span class=\"category-link\"><a href=\"https:\/\/www.lyonexpo.fr\/en\/logipharma\/\">LogiPharma<\/a>, <a href=\"https:\/\/www.lyonexpo.fr\/en\/lyon\/\">Lyon<\/a>, <a href=\"https:\/\/www.lyonexpo.fr\/en\/standiste-lyon\/\">Standiste lyon<\/a>, <a href=\"https:\/\/www.lyonexpo.fr\/en\/trade-shows\/\">Trade Shows<\/a><\/span><\/div>\n\t<div class=\"entry-excerpt\"><p>We\u2019re proud to announce that we designed and built the exhibition stand for Curfs Logistics at LogiPharma.<\/p>\n<\/div>\n\t\n<a href=\"https:\/\/www.lyonexpo.fr\/en\/2025\/04\/09\/lyonexpo-realise-le-stand-de-curfs-logistics-au-salon-logipharma-a-lyon\/\" class=\"post-details details-type-link\" aria-label=\"Read more about LyonExpo builds stand for Curfs Logistics at LogiPharma in Lyon\">Read more<i class=\"dt-icon-the7-arrow-03\" aria-hidden=\"true\"><\/i><\/a>\n\n<\/div><\/article><\/div><div class=\"visible wf-cell\" data-post-id=\"3590\" data-date=\"2025-04-04T14:12:21+02:00\" data-name=\"Enhance Your Impact at EFORT Congress Lyon 2025 with LyonExpo\u2019s Rent-A-Stand Solution\"><article class=\"post project-odd visible post-3590 type-post status-publish format-standard has-post-thumbnail hentry category-effort-congress category-lyon-2 category-111 category-112\" data-name=\"Enhance Your Impact at EFORT Congress Lyon 2025 with LyonExpo\u2019s Rent-A-Stand Solution\" data-date=\"2025-04-04T14:12:21+02:00\">\n\n<div class=\"post-thumbnail-wrap\">\n\t<div class=\"post-thumbnail\">\n\t\t\n\t\t\n\t\t<a href=\"https:\/\/www.lyonexpo.fr\/en\/2025\/04\/04\/enhance-your-impact-at-efort-congress-lyon-2025-with-lyonexpos-rent-a-stand-solution\/\" class=\"post-thumbnail-rollover layzr-bg layzr-bg\"><img decoding=\"async\" class=\"iso-lazy-load preload-me iso-lazy-load aspect\" src=\"data:image\/svg+xml,%3Csvg%20xmlns%3D&#39;http%3A%2F%2Fwww.w3.org%2F2000%2Fsvg&#39;%20viewBox%3D&#39;0%200%20676%20451&#39;%2F%3E\" data-src=\"https:\/\/www.lyonexpo.fr\/wp-content\/uploads\/2025\/04\/effort-confress-lyon-676x451.jpg\" data-srcset=\"https:\/\/www.lyonexpo.fr\/wp-content\/uploads\/2025\/04\/effort-confress-lyon-676x451.jpg 676w\" loading=\"eager\" style=\"--ratio: 676 \/ 451\" sizes=\"(max-width: 676px) 100vw, 676px\" alt=\"effort-confress-lyon\" title=\"effort-confress-lyon\" width=\"676\" height=\"451\"  \/><\/a>\t<\/div>\n<\/div>\n\n\n<div class=\"post-entry-content\">\n\n\t<h3 class=\"entry-title\">\n\t\t<a href=\"https:\/\/www.lyonexpo.fr\/en\/2025\/04\/04\/enhance-your-impact-at-efort-congress-lyon-2025-with-lyonexpos-rent-a-stand-solution\/\" title=\"Enhance Your Impact at EFORT Congress Lyon 2025 with LyonExpo\u2019s Rent-A-Stand Solution\" rel=\"bookmark\">Enhance Your Impact at EFORT Congress Lyon 2025 with LyonExpo\u2019s Rent-A-Stand Solution<\/a>\n\t<\/h3>\n\n\t<div class=\"entry-meta\"><span class=\"category-link\"><a href=\"https:\/\/www.lyonexpo.fr\/en\/effort-congress\/\">EFFORT Congress<\/a>, <a href=\"https:\/\/www.lyonexpo.fr\/en\/lyon-2\/\">Lyon<\/a><\/span><\/div>\n\t<div class=\"entry-excerpt\"><p>Effortless, Eye-Catching, and Cost-Effective Exhibition Stands for EFFORT Congress in L:yon, France<\/p>\n<\/div>\n\t\n<a href=\"https:\/\/www.lyonexpo.fr\/en\/2025\/04\/04\/enhance-your-impact-at-efort-congress-lyon-2025-with-lyonexpos-rent-a-stand-solution\/\" class=\"post-details details-type-link\" aria-label=\"Read more about Enhance Your Impact at EFORT Congress Lyon 2025 with LyonExpo\u2019s Rent-A-Stand Solution\">Read more<i class=\"dt-icon-the7-arrow-03\" aria-hidden=\"true\"><\/i><\/a>\n\n<\/div><\/article><\/div><div class=\"visible wf-cell\" data-post-id=\"3785\" data-date=\"2025-03-13T13:13:54+01:00\" data-name=\"LyonExpo Delivers Stand for I.Mak at Global Industries 2025 in Lyon\"><article class=\"post project-odd visible post-3785 type-post status-publish format-standard has-post-thumbnail hentry category-global-industrie category-lyon-2 category-trade-shows category-84 category-112 category-51\" data-name=\"LyonExpo Delivers Stand for I.Mak at Global Industries 2025 in Lyon\" data-date=\"2025-03-13T13:13:54+01:00\">\n\n<div class=\"post-thumbnail-wrap\">\n\t<div class=\"post-thumbnail\">\n\t\t\n\t\t\n\t\t<a href=\"https:\/\/www.lyonexpo.fr\/en\/2025\/03\/13\/lyonexpo-delivers-stand-for-i-mak-at-global-industries-2025-in-lyon\/\" class=\"post-thumbnail-rollover layzr-bg layzr-bg\"><img decoding=\"async\" class=\"iso-lazy-load preload-me iso-lazy-load aspect\" src=\"data:image\/svg+xml,%3Csvg%20xmlns%3D&#39;http%3A%2F%2Fwww.w3.org%2F2000%2Fsvg&#39;%20viewBox%3D&#39;0%200%20768%20512&#39;%2F%3E\" data-src=\"https:\/\/www.lyonexpo.fr\/wp-content\/uploads\/2025\/05\/iIMak-Golbal-Industries-2025-3-scaled-768x512.webp\" data-srcset=\"https:\/\/www.lyonexpo.fr\/wp-content\/uploads\/2025\/05\/iIMak-Golbal-Industries-2025-3-scaled-768x512.webp 768w, https:\/\/www.lyonexpo.fr\/wp-content\/uploads\/2025\/05\/iIMak-Golbal-Industries-2025-3-scaled-1152x768.webp 1152w\" loading=\"eager\" style=\"--ratio: 768 \/ 512\" sizes=\"(max-width: 768px) 100vw, 768px\" alt=\"iIMak-Golbal Industries 2025-3\" title=\"iIMak-Golbal Industries 2025-3\" width=\"768\" height=\"512\"  \/><\/a>\t<\/div>\n<\/div>\n\n\n<div class=\"post-entry-content\">\n\n\t<h3 class=\"entry-title\">\n\t\t<a href=\"https:\/\/www.lyonexpo.fr\/en\/2025\/03\/13\/lyonexpo-delivers-stand-for-i-mak-at-global-industries-2025-in-lyon\/\" title=\"LyonExpo Delivers Stand for I.Mak at Global Industries 2025 in Lyon\" rel=\"bookmark\">LyonExpo Delivers Stand for I.Mak at Global Industries 2025 in Lyon<\/a>\n\t<\/h3>\n\n\t<div class=\"entry-meta\"><span class=\"category-link\"><a href=\"https:\/\/www.lyonexpo.fr\/en\/global-industrie\/\">Global Industrie<\/a>, <a href=\"https:\/\/www.lyonexpo.fr\/en\/lyon-2\/\">Lyon<\/a>, <a href=\"https:\/\/www.lyonexpo.fr\/en\/trade-shows\/\">Trade Shows<\/a><\/span><\/div>\n\t<div class=\"entry-excerpt\"><p>LyonExpo is proud to have partnered with I.Mak for their presence at Global Industries 2025, held in Lyon, France.<\/p>\n<\/div>\n\t\n<a href=\"https:\/\/www.lyonexpo.fr\/en\/2025\/03\/13\/lyonexpo-delivers-stand-for-i-mak-at-global-industries-2025-in-lyon\/\" class=\"post-details details-type-link\" aria-label=\"Read more about LyonExpo Delivers Stand for I.Mak at Global Industries 2025 in Lyon\">Read more<i class=\"dt-icon-the7-arrow-03\" aria-hidden=\"true\"><\/i><\/a>\n\n<\/div><\/article><\/div><div class=\"visible wf-cell\" data-post-id=\"3499\" data-date=\"2025-02-10T09:36:36+01:00\" data-name=\"Rent-A-Stand for Air Cargo Europe 2025 in Munich\"><article class=\"post project-odd visible post-3499 type-post status-publish format-standard has-post-thumbnail hentry category-air-cargo-europe category-munich category-standiste category-trade-shows category-109 category-110 category-80 category-51\" data-name=\"Rent-A-Stand for Air Cargo Europe 2025 in Munich\" data-date=\"2025-02-10T09:36:36+01:00\">\n\n<div class=\"post-thumbnail-wrap\">\n\t<div class=\"post-thumbnail\">\n\t\t\n\t\t\n\t\t<a href=\"https:\/\/www.lyonexpo.fr\/en\/2025\/02\/10\/rent-a-stand-for-air-cargo-europe-2025-in-munich\/\" class=\"post-thumbnail-rollover layzr-bg layzr-bg\"><img decoding=\"async\" class=\"iso-lazy-load preload-me iso-lazy-load aspect\" src=\"data:image\/svg+xml,%3Csvg%20xmlns%3D&#39;http%3A%2F%2Fwww.w3.org%2F2000%2Fsvg&#39;%20viewBox%3D&#39;0%200%20675%20450&#39;%2F%3E\" data-src=\"https:\/\/www.lyonexpo.fr\/wp-content\/uploads\/2025\/02\/air-cargo-europe-botth-builder-675x450.jpg\" data-srcset=\"https:\/\/www.lyonexpo.fr\/wp-content\/uploads\/2025\/02\/air-cargo-europe-botth-builder-675x450.jpg 675w, https:\/\/www.lyonexpo.fr\/wp-content\/uploads\/2025\/02\/air-cargo-europe-botth-builder-675x449.jpg 675w\" loading=\"eager\" style=\"--ratio: 675 \/ 450\" sizes=\"(max-width: 675px) 100vw, 675px\" alt=\"air-cargo-europe-booth builder\" title=\"air-cargo-europe-booth builder\" width=\"675\" height=\"450\"  \/><\/a>\t<\/div>\n<\/div>\n\n\n<div class=\"post-entry-content\">\n\n\t<h3 class=\"entry-title\">\n\t\t<a href=\"https:\/\/www.lyonexpo.fr\/en\/2025\/02\/10\/rent-a-stand-for-air-cargo-europe-2025-in-munich\/\" title=\"Rent-A-Stand for Air Cargo Europe 2025 in Munich\" rel=\"bookmark\">Rent-A-Stand for Air Cargo Europe 2025 in Munich<\/a>\n\t<\/h3>\n\n\t<div class=\"entry-meta\"><span class=\"category-link\"><a href=\"https:\/\/www.lyonexpo.fr\/en\/air-cargo-europe\/\">Air Cargo Europe<\/a>, <a href=\"https:\/\/www.lyonexpo.fr\/en\/munich\/\">Munich<\/a>, <a href=\"https:\/\/www.lyonexpo.fr\/en\/standiste\/\">standiste<\/a>, <a href=\"https:\/\/www.lyonexpo.fr\/en\/trade-shows\/\">Trade Shows<\/a><\/span><\/div>\n\t<div class=\"entry-excerpt\"><p>We are now bringing our cost-effective Rent-A-Stand service to Munich to support our clients at Air Cargo Europe 2025.<\/p>\n<\/div>\n\t\n<a href=\"https:\/\/www.lyonexpo.fr\/en\/2025\/02\/10\/rent-a-stand-for-air-cargo-europe-2025-in-munich\/\" class=\"post-details details-type-link\" aria-label=\"Read more about Rent-A-Stand for Air Cargo Europe 2025 in Munich\">Read more<i class=\"dt-icon-the7-arrow-03\" aria-hidden=\"true\"><\/i><\/a>\n\n<\/div><\/article><\/div><div class=\"visible wf-cell\" data-post-id=\"3476\" data-date=\"2025-02-04T10:26:21+01:00\" data-name=\"Maximize Your Impact at LogiPharma Lyon with our Rent-A-Stand Solution\"><article class=\"post project-odd visible post-3476 type-post status-publish format-standard has-post-thumbnail hentry category-logipharma-2 category-108\" data-name=\"Maximize Your Impact at LogiPharma Lyon with our Rent-A-Stand Solution\" data-date=\"2025-02-04T10:26:21+01:00\">\n\n<div class=\"post-thumbnail-wrap\">\n\t<div class=\"post-thumbnail\">\n\t\t\n\t\t\n\t\t<a href=\"https:\/\/www.lyonexpo.fr\/en\/2025\/02\/04\/maximize-your-impact-at-logipharma-lyon-with-our-rent-a-stand-solution\/\" class=\"post-thumbnail-rollover layzr-bg layzr-bg\"><img decoding=\"async\" class=\"iso-lazy-load preload-me iso-lazy-load aspect\" src=\"data:image\/svg+xml,%3Csvg%20xmlns%3D&#39;http%3A%2F%2Fwww.w3.org%2F2000%2Fsvg&#39;%20viewBox%3D&#39;0%200%20768%20512&#39;%2F%3E\" data-src=\"https:\/\/www.lyonexpo.fr\/wp-content\/uploads\/2025\/02\/logipharma-conference-768x512.jpg\" data-srcset=\"https:\/\/www.lyonexpo.fr\/wp-content\/uploads\/2025\/02\/logipharma-conference-768x512.jpg 768w, https:\/\/www.lyonexpo.fr\/wp-content\/uploads\/2025\/02\/logipharma-conference-800x533.jpg 800w\" loading=\"eager\" style=\"--ratio: 768 \/ 512\" sizes=\"(max-width: 768px) 100vw, 768px\" alt=\"logipharma-conference-standbuilder\" title=\"logipharma-conference-standbuilder\" width=\"768\" height=\"512\"  \/><\/a>\t<\/div>\n<\/div>\n\n\n<div class=\"post-entry-content\">\n\n\t<h3 class=\"entry-title\">\n\t\t<a href=\"https:\/\/www.lyonexpo.fr\/en\/2025\/02\/04\/maximize-your-impact-at-logipharma-lyon-with-our-rent-a-stand-solution\/\" title=\"Maximize Your Impact at LogiPharma Lyon with our Rent-A-Stand Solution\" rel=\"bookmark\">Maximize Your Impact at LogiPharma Lyon with our Rent-A-Stand Solution<\/a>\n\t<\/h3>\n\n\t<div class=\"entry-meta\"><span class=\"category-link\"><a href=\"https:\/\/www.lyonexpo.fr\/en\/logipharma-2\/\">LogiPharma<\/a><\/span><\/div>\n\t<div class=\"entry-excerpt\"><p>Maximize Your Impact at LogiPharma Lyon with LyonExpo\u2019s Rent-A-Stand Solution<\/p>\n<\/div>\n\t\n<a href=\"https:\/\/www.lyonexpo.fr\/en\/2025\/02\/04\/maximize-your-impact-at-logipharma-lyon-with-our-rent-a-stand-solution\/\" class=\"post-details details-type-link\" aria-label=\"Read more about Maximize Your Impact at LogiPharma Lyon with our Rent-A-Stand Solution\">Read more<i class=\"dt-icon-the7-arrow-03\" aria-hidden=\"true\"><\/i><\/a>\n\n<\/div><\/article><\/div><div class=\"visible wf-cell\" data-post-id=\"3797\" data-date=\"2025-01-30T13:55:38+01:00\" data-name=\"LyonExpo Proud to Support Estar Medical at IMCAS 2025 in Paris\"><article class=\"post project-odd visible post-3797 type-post status-publish format-standard has-post-thumbnail hentry category-imcas category-paris-portes-de-versailles category-standiste category-trade-shows category-22 category-90 category-80 category-51\" data-name=\"LyonExpo Proud to Support Estar Medical at IMCAS 2025 in Paris\" data-date=\"2025-01-30T13:55:38+01:00\">\n\n<div class=\"post-thumbnail-wrap\">\n\t<div class=\"post-thumbnail\">\n\t\t\n\t\t\n\t\t<a href=\"https:\/\/www.lyonexpo.fr\/en\/2025\/01\/30\/lyonexpo-proud-to-support-estar-medical-at-imcas-2025-in-paris\/\" class=\"post-thumbnail-rollover layzr-bg layzr-bg\"><img decoding=\"async\" class=\"iso-lazy-load preload-me iso-lazy-load aspect\" src=\"data:image\/svg+xml,%3Csvg%20xmlns%3D&#39;http%3A%2F%2Fwww.w3.org%2F2000%2Fsvg&#39;%20viewBox%3D&#39;0%200%20768%20512&#39;%2F%3E\" data-src=\"https:\/\/www.lyonexpo.fr\/wp-content\/uploads\/2025\/05\/ESTAR-IMCAS-Paris-2025-2-scaled-768x512.webp\" data-srcset=\"https:\/\/www.lyonexpo.fr\/wp-content\/uploads\/2025\/05\/ESTAR-IMCAS-Paris-2025-2-scaled-768x512.webp 768w, https:\/\/www.lyonexpo.fr\/wp-content\/uploads\/2025\/05\/ESTAR-IMCAS-Paris-2025-2-scaled-1152x768.webp 1152w\" loading=\"eager\" style=\"--ratio: 768 \/ 512\" sizes=\"(max-width: 768px) 100vw, 768px\" alt=\"ESTAR-IMCAS Paris 2025-2\" title=\"ESTAR-IMCAS Paris 2025-2\" width=\"768\" height=\"512\"  \/><\/a>\t<\/div>\n<\/div>\n\n\n<div class=\"post-entry-content\">\n\n\t<h3 class=\"entry-title\">\n\t\t<a href=\"https:\/\/www.lyonexpo.fr\/en\/2025\/01\/30\/lyonexpo-proud-to-support-estar-medical-at-imcas-2025-in-paris\/\" title=\"LyonExpo Proud to Support Estar Medical at IMCAS 2025 in Paris\" rel=\"bookmark\">LyonExpo Proud to Support Estar Medical at IMCAS 2025 in Paris<\/a>\n\t<\/h3>\n\n\t<div class=\"entry-meta\"><span class=\"category-link\"><a href=\"https:\/\/www.lyonexpo.fr\/en\/imcas\/\">imcas<\/a>, <a href=\"https:\/\/www.lyonexpo.fr\/en\/paris-portes-de-versailles\/\">Paris portes de Versailles<\/a>, <a href=\"https:\/\/www.lyonexpo.fr\/en\/standiste\/\">standiste<\/a>, <a href=\"https:\/\/www.lyonexpo.fr\/en\/trade-shows\/\">Trade Shows<\/a><\/span><\/div>\n\t<div class=\"entry-excerpt\"><p>LyonExpo was once again delighted to support our longtime client, Estar Medical, at this year\u2019s IMCAS 2025 in Paris<\/p>\n<\/div>\n\t\n<a href=\"https:\/\/www.lyonexpo.fr\/en\/2025\/01\/30\/lyonexpo-proud-to-support-estar-medical-at-imcas-2025-in-paris\/\" class=\"post-details details-type-link\" aria-label=\"Read more about LyonExpo Proud to Support Estar Medical at IMCAS 2025 in Paris\">Read more<i class=\"dt-icon-the7-arrow-03\" aria-hidden=\"true\"><\/i><\/a>\n\n<\/div><\/article><\/div><div class=\"visible wf-cell\" data-post-id=\"3763\" data-date=\"2025-01-24T11:27:47+01:00\" data-name=\"LyonExpo Brings Italian Coffee Culture to Life at SIRHA 2025 with Caf\u00e9 Cagliari\"><article class=\"post project-odd visible post-3763 type-post status-publish format-standard has-post-thumbnail hentry category-sirha-2 category-clients category-trade-shows category-86 category-12 category-51\" data-name=\"LyonExpo Brings Italian Coffee Culture to Life at SIRHA 2025 with Caf\u00e9 Cagliari\" data-date=\"2025-01-24T11:27:47+01:00\">\n\n<div class=\"post-thumbnail-wrap\">\n\t<div class=\"post-thumbnail\">\n\t\t\n\t\t\n\t\t<a href=\"https:\/\/www.lyonexpo.fr\/en\/2025\/01\/24\/lyonexpo-brings-italian-coffee-culture-to-life-at-sirha-2025-with-cafe-cagliari\/\" class=\"post-thumbnail-rollover layzr-bg layzr-bg\"><img decoding=\"async\" class=\"iso-lazy-load preload-me iso-lazy-load aspect\" src=\"data:image\/svg+xml,%3Csvg%20xmlns%3D&#39;http%3A%2F%2Fwww.w3.org%2F2000%2Fsvg&#39;%20viewBox%3D&#39;0%200%20768%20512&#39;%2F%3E\" data-src=\"https:\/\/www.lyonexpo.fr\/wp-content\/uploads\/2025\/05\/Cagliari-Sirha-25-4-scaled-768x512.jpg\" data-srcset=\"https:\/\/www.lyonexpo.fr\/wp-content\/uploads\/2025\/05\/Cagliari-Sirha-25-4-scaled-768x512.jpg 768w, https:\/\/www.lyonexpo.fr\/wp-content\/uploads\/2025\/05\/Cagliari-Sirha-25-4-scaled-1152x768.jpg 1152w\" loading=\"eager\" style=\"--ratio: 768 \/ 512\" sizes=\"(max-width: 768px) 100vw, 768px\" alt=\"Cagliari - Sirha -25-4\" title=\"Cagliari &#8211; Sirha -25-4\" width=\"768\" height=\"512\"  \/><\/a>\t<\/div>\n<\/div>\n\n\n<div class=\"post-entry-content\">\n\n\t<h3 class=\"entry-title\">\n\t\t<a href=\"https:\/\/www.lyonexpo.fr\/en\/2025\/01\/24\/lyonexpo-brings-italian-coffee-culture-to-life-at-sirha-2025-with-cafe-cagliari\/\" title=\"LyonExpo Brings Italian Coffee Culture to Life at SIRHA 2025 with Caf\u00e9 Cagliari\" rel=\"bookmark\">LyonExpo Brings Italian Coffee Culture to Life at SIRHA 2025 with Caf\u00e9 Cagliari<\/a>\n\t<\/h3>\n\n\t<div class=\"entry-meta\"><span class=\"category-link\"><a href=\"https:\/\/www.lyonexpo.fr\/en\/sirha-2\/\">Sirha<\/a>, <a href=\"https:\/\/www.lyonexpo.fr\/en\/clients\/\">Clients<\/a>, <a href=\"https:\/\/www.lyonexpo.fr\/en\/trade-shows\/\">Trade Shows<\/a><\/span><\/div>\n\t<div class=\"entry-excerpt\"><p>LyonExpo is proud to have partnered with the iconic Italian coffee brand Caf\u00e9 Cagliari for the 2025 edition of SIRHA<\/p>\n<\/div>\n\t\n<a href=\"https:\/\/www.lyonexpo.fr\/en\/2025\/01\/24\/lyonexpo-brings-italian-coffee-culture-to-life-at-sirha-2025-with-cafe-cagliari\/\" class=\"post-details details-type-link\" aria-label=\"Read more about LyonExpo Brings Italian Coffee Culture to Life at SIRHA 2025 with Caf\u00e9 Cagliari\">Read more<i class=\"dt-icon-the7-arrow-03\" aria-hidden=\"true\"><\/i><\/a>\n\n<\/div><\/article><\/div><div class=\"visible wf-cell\" data-post-id=\"3384\" data-date=\"2025-01-20T09:44:21+01:00\" data-name=\"7 reasons why \u00a0LyonExpo Should Be Your Standbuilder at Pollutec in Lyon\"><article class=\"post project-odd visible post-3384 type-post status-publish format-standard has-post-thumbnail hentry category-pollutec category-lyon category-standiste-lyon category-99 category-62 category-78\" data-name=\"7 reasons why \u00a0LyonExpo Should Be Your Standbuilder at Pollutec in Lyon\" data-date=\"2025-01-20T09:44:21+01:00\">\n\n<div class=\"post-thumbnail-wrap\">\n\t<div class=\"post-thumbnail\">\n\t\t\n\t\t\n\t\t<a href=\"https:\/\/www.lyonexpo.fr\/en\/2025\/01\/20\/7-reasons-why-lyonexpo-should-be-your-standbuilder-at-pollutec-in-lyon\/\" class=\"post-thumbnail-rollover layzr-bg layzr-bg\"><img decoding=\"async\" class=\"iso-lazy-load preload-me iso-lazy-load aspect\" src=\"data:image\/svg+xml,%3Csvg%20xmlns%3D&#39;http%3A%2F%2Fwww.w3.org%2F2000%2Fsvg&#39;%20viewBox%3D&#39;0%200%20768%20512&#39;%2F%3E\" data-src=\"https:\/\/www.lyonexpo.fr\/wp-content\/uploads\/2025\/01\/Pollutec-lyon-standbuilder-768x512.png\" data-srcset=\"https:\/\/www.lyonexpo.fr\/wp-content\/uploads\/2025\/01\/Pollutec-lyon-standbuilder-768x512.png 768w, https:\/\/www.lyonexpo.fr\/wp-content\/uploads\/2025\/01\/Pollutec-lyon-standbuilder-944x630.png 944w\" loading=\"eager\" style=\"--ratio: 768 \/ 512\" sizes=\"(max-width: 768px) 100vw, 768px\" alt=\"Pollutec-lyon-standbuilder\" title=\"Pollutec-lyon-standbuilder\" width=\"768\" height=\"512\"  \/><\/a>\t<\/div>\n<\/div>\n\n\n<div class=\"post-entry-content\">\n\n\t<h3 class=\"entry-title\">\n\t\t<a href=\"https:\/\/www.lyonexpo.fr\/en\/2025\/01\/20\/7-reasons-why-lyonexpo-should-be-your-standbuilder-at-pollutec-in-lyon\/\" title=\"7 reasons why \u00a0LyonExpo Should Be Your Standbuilder at Pollutec in Lyon\" rel=\"bookmark\">7 reasons why \u00a0LyonExpo Should Be Your Standbuilder at Pollutec in Lyon<\/a>\n\t<\/h3>\n\n\t<div class=\"entry-meta\"><span class=\"category-link\"><a href=\"https:\/\/www.lyonexpo.fr\/en\/pollutec\/\">PolluTec<\/a>, <a href=\"https:\/\/www.lyonexpo.fr\/en\/lyon\/\">Lyon<\/a>, <a href=\"https:\/\/www.lyonexpo.fr\/en\/standiste-lyon\/\">Standiste lyon<\/a><\/span><\/div>\n\t<div class=\"entry-excerpt\"><p>Lyonexpo specializes in creating eco-friendly exhibition stands, using recyclable materials, energy-efficient lighting, and reusable designs to reduce waste.<\/p>\n<\/div>\n\t\n<a href=\"https:\/\/www.lyonexpo.fr\/en\/2025\/01\/20\/7-reasons-why-lyonexpo-should-be-your-standbuilder-at-pollutec-in-lyon\/\" class=\"post-details details-type-link\" aria-label=\"Read more about 7 reasons why \u00a0LyonExpo Should Be Your Standbuilder at Pollutec in Lyon\">Read more<i class=\"dt-icon-the7-arrow-03\" aria-hidden=\"true\"><\/i><\/a>\n\n<\/div><\/article><\/div><div class=\"visible wf-cell\" data-post-id=\"3769\" data-date=\"2024-12-05T14:19:21+01:00\" data-name=\"LyonExpo Creates Elegant Stand for Cond\u00e9 Nast Johansens at ILTM Cannes\"><article class=\"post project-odd visible post-3769 type-post status-publish format-standard has-post-thumbnail hentry category-iltm-cannes category-clients category-trade-shows category-21 category-12 category-51\" data-name=\"LyonExpo Creates Elegant Stand for Cond\u00e9 Nast Johansens at ILTM Cannes\" data-date=\"2024-12-05T14:19:21+01:00\">\n\n<div class=\"post-thumbnail-wrap\">\n\t<div class=\"post-thumbnail\">\n\t\t\n\t\t\n\t\t<a href=\"https:\/\/www.lyonexpo.fr\/en\/2024\/12\/05\/lyonexpo-creates-elegant-stand-for-conde-nast-johansens-at-iltm-cannes-2024\/\" class=\"post-thumbnail-rollover layzr-bg layzr-bg\"><img decoding=\"async\" class=\"iso-lazy-load preload-me iso-lazy-load aspect\" src=\"data:image\/svg+xml,%3Csvg%20xmlns%3D&#39;http%3A%2F%2Fwww.w3.org%2F2000%2Fsvg&#39;%20viewBox%3D&#39;0%200%20768%20512&#39;%2F%3E\" data-src=\"https:\/\/www.lyonexpo.fr\/wp-content\/uploads\/2025\/05\/CNJ-ILTM24-2-scaled-768x512.webp\" data-srcset=\"https:\/\/www.lyonexpo.fr\/wp-content\/uploads\/2025\/05\/CNJ-ILTM24-2-scaled-768x512.webp 768w, https:\/\/www.lyonexpo.fr\/wp-content\/uploads\/2025\/05\/CNJ-ILTM24-2-scaled-1152x768.webp 1152w\" loading=\"eager\" style=\"--ratio: 768 \/ 512\" sizes=\"(max-width: 768px) 100vw, 768px\" alt=\"CNJ - ILTM-2\" title=\"CNJ &#8211; ILTM-2\" width=\"768\" height=\"512\"  \/><\/a>\t<\/div>\n<\/div>\n\n\n<div class=\"post-entry-content\">\n\n\t<h3 class=\"entry-title\">\n\t\t<a href=\"https:\/\/www.lyonexpo.fr\/en\/2024\/12\/05\/lyonexpo-creates-elegant-stand-for-conde-nast-johansens-at-iltm-cannes-2024\/\" title=\"LyonExpo Creates Elegant Stand for Cond\u00e9 Nast Johansens at ILTM Cannes\" rel=\"bookmark\">LyonExpo Creates Elegant Stand for Cond\u00e9 Nast Johansens at ILTM Cannes<\/a>\n\t<\/h3>\n\n\t<div class=\"entry-meta\"><span class=\"category-link\"><a href=\"https:\/\/www.lyonexpo.fr\/en\/iltm-cannes\/\">ILTM Cannes<\/a>, <a href=\"https:\/\/www.lyonexpo.fr\/en\/clients\/\">Clients<\/a>, <a href=\"https:\/\/www.lyonexpo.fr\/en\/trade-shows\/\">Trade Shows<\/a><\/span><\/div>\n\t<div class=\"entry-excerpt\"><p>At this year\u2019s ILTM Cannes, LyonExpo had the pleasure of once again bringing premium design and flawless execution to the world stage.<\/p>\n<\/div>\n\t\n<a href=\"https:\/\/www.lyonexpo.fr\/en\/2024\/12\/05\/lyonexpo-creates-elegant-stand-for-conde-nast-johansens-at-iltm-cannes-2024\/\" class=\"post-details details-type-link\" aria-label=\"Read more about LyonExpo Creates Elegant Stand for Cond\u00e9 Nast Johansens at ILTM Cannes\">Read more<i class=\"dt-icon-the7-arrow-03\" aria-hidden=\"true\"><\/i><\/a>\n\n<\/div><\/article><\/div><div class=\"visible wf-cell\" data-post-id=\"3304\" data-date=\"2024-12-03T14:59:02+01:00\" data-name=\"Creating a Memorable Presence for KCC at MAPIC\"><article class=\"post project-odd visible post-3304 type-post status-publish format-standard has-post-thumbnail hentry category-mapic-2 category-cannes category-clients category-107 category-7 category-12\" data-name=\"Creating a Memorable Presence for KCC at MAPIC\" data-date=\"2024-12-03T14:59:02+01:00\">\n\n<div class=\"post-thumbnail-wrap\">\n\t<div class=\"post-thumbnail\">\n\t\t\n\t\t\n\t\t<a href=\"https:\/\/www.lyonexpo.fr\/en\/2024\/12\/03\/creating-an-engaging-presence-for-kcc-at-mapic-2024\/\" class=\"post-thumbnail-rollover layzr-bg layzr-bg\"><img decoding=\"async\" class=\"iso-lazy-load preload-me iso-lazy-load aspect\" src=\"data:image\/svg+xml,%3Csvg%20xmlns%3D&#39;http%3A%2F%2Fwww.w3.org%2F2000%2Fsvg&#39;%20viewBox%3D&#39;0%200%20768%20512&#39;%2F%3E\" data-src=\"https:\/\/www.lyonexpo.fr\/wp-content\/uploads\/2024\/12\/IMG_0731-scaled-768x512.jpg\" data-srcset=\"https:\/\/www.lyonexpo.fr\/wp-content\/uploads\/2024\/12\/IMG_0731-scaled-768x512.jpg 768w, https:\/\/www.lyonexpo.fr\/wp-content\/uploads\/2024\/12\/IMG_0731-scaled-1152x768.jpg 1152w\" loading=\"eager\" style=\"--ratio: 768 \/ 512\" sizes=\"(max-width: 768px) 100vw, 768px\" alt=\"KCC MAPIC Standbuilder\" title=\"KCC MAPIC Standbuilder\" width=\"768\" height=\"512\"  \/><\/a>\t<\/div>\n<\/div>\n\n\n<div class=\"post-entry-content\">\n\n\t<h3 class=\"entry-title\">\n\t\t<a href=\"https:\/\/www.lyonexpo.fr\/en\/2024\/12\/03\/creating-an-engaging-presence-for-kcc-at-mapic-2024\/\" title=\"Creating a Memorable Presence for KCC at MAPIC\" rel=\"bookmark\">Creating a Memorable Presence for KCC at MAPIC<\/a>\n\t<\/h3>\n\n\t<div class=\"entry-meta\"><span class=\"category-link\"><a href=\"https:\/\/www.lyonexpo.fr\/en\/mapic-2\/\">MAPIC<\/a>, <a href=\"https:\/\/www.lyonexpo.fr\/en\/cannes\/\">Cannes<\/a>, <a href=\"https:\/\/www.lyonexpo.fr\/en\/clients\/\">Clients<\/a><\/span><\/div>\n\t<div class=\"entry-excerpt\"><p>When KCC, one of our long-time clients, asked us to design their stand for MAPIC 2024 in Cannes, we were eager to create something that would truly stand out.<\/p>\n<\/div>\n\t\n<a href=\"https:\/\/www.lyonexpo.fr\/en\/2024\/12\/03\/creating-an-engaging-presence-for-kcc-at-mapic-2024\/\" class=\"post-details details-type-link\" aria-label=\"Read more about Creating a Memorable Presence for KCC at MAPIC\">Read more<i class=\"dt-icon-the7-arrow-03\" aria-hidden=\"true\"><\/i><\/a>\n\n<\/div><\/article><\/div><div class=\"visible wf-cell\" data-post-id=\"3284\" data-date=\"2024-11-21T09:45:37+01:00\" data-name=\"A Stunning Stand for Flovil at Piscine Global\"><article class=\"post project-odd visible post-3284 type-post status-publish format-standard has-post-thumbnail hentry category-piscine-global category-eurexpo category-lyon category-106 category-63 category-62\" data-name=\"A Stunning Stand for Flovil at Piscine Global\" data-date=\"2024-11-21T09:45:37+01:00\">\n\n<div class=\"post-thumbnail-wrap\">\n\t<div class=\"post-thumbnail\">\n\t\t\n\t\t\n\t\t<a href=\"https:\/\/www.lyonexpo.fr\/en\/2024\/11\/21\/a-stunning-stand-for-flovil-at-piscine-global\/\" class=\"post-thumbnail-rollover layzr-bg layzr-bg\"><img decoding=\"async\" class=\"iso-lazy-load preload-me iso-lazy-load aspect\" src=\"data:image\/svg+xml,%3Csvg%20xmlns%3D&#39;http%3A%2F%2Fwww.w3.org%2F2000%2Fsvg&#39;%20viewBox%3D&#39;0%200%20768%20512&#39;%2F%3E\" data-src=\"https:\/\/www.lyonexpo.fr\/wp-content\/uploads\/2024\/11\/Cristalis-PG2024-1-scaled-768x512.jpg\" data-srcset=\"https:\/\/www.lyonexpo.fr\/wp-content\/uploads\/2024\/11\/Cristalis-PG2024-1-scaled-768x512.jpg 768w, https:\/\/www.lyonexpo.fr\/wp-content\/uploads\/2024\/11\/Cristalis-PG2024-1-scaled-1152x768.jpg 1152w\" loading=\"eager\" style=\"--ratio: 768 \/ 512\" sizes=\"(max-width: 768px) 100vw, 768px\" alt=\"Stand at Piscine Global\" title=\"Stand at Piscine Global\" width=\"768\" height=\"512\"  \/><\/a>\t<\/div>\n<\/div>\n\n\n<div class=\"post-entry-content\">\n\n\t<h3 class=\"entry-title\">\n\t\t<a href=\"https:\/\/www.lyonexpo.fr\/en\/2024\/11\/21\/a-stunning-stand-for-flovil-at-piscine-global\/\" title=\"A Stunning Stand for Flovil at Piscine Global\" rel=\"bookmark\">A Stunning Stand for Flovil at Piscine Global<\/a>\n\t<\/h3>\n\n\t<div class=\"entry-meta\"><span class=\"category-link\"><a href=\"https:\/\/www.lyonexpo.fr\/en\/piscine-global\/\">Piscine Global<\/a>, <a href=\"https:\/\/www.lyonexpo.fr\/en\/eurexpo\/\">EurExpo<\/a>, <a href=\"https:\/\/www.lyonexpo.fr\/en\/lyon\/\">Lyon<\/a><\/span><\/div>\n\t<div class=\"entry-excerpt\"><p>We were thrilled to collaborate with Flovil, a leading name in pool solutions, to create their stand at the Piscine Global exhibition.<\/p>\n<\/div>\n\t\n<a href=\"https:\/\/www.lyonexpo.fr\/en\/2024\/11\/21\/a-stunning-stand-for-flovil-at-piscine-global\/\" class=\"post-details details-type-link\" aria-label=\"Read more about A Stunning Stand for Flovil at Piscine Global\">Read more<i class=\"dt-icon-the7-arrow-03\" aria-hidden=\"true\"><\/i><\/a>\n\n<\/div><\/article><\/div><div class=\"visible wf-cell\" data-post-id=\"3896\" data-date=\"2024-06-18T09:11:29+02:00\" data-name=\"From Small to Large: LyonExpo Builds the Perfect Stand for Solutrans\"><article class=\"post project-odd visible post-3896 type-post status-publish format-standard has-post-thumbnail hentry category-solutrans category-eurexpo category-lyon category-stand-design-2 category-standiste-lyon category-116 category-63 category-62 category-117 category-78\" data-name=\"From Small to Large: LyonExpo Builds the Perfect Stand for Solutrans\" data-date=\"2024-06-18T09:11:29+02:00\">\n\n<div class=\"post-thumbnail-wrap\">\n\t<div class=\"post-thumbnail\">\n\t\t\n\t\t\n\t\t<a href=\"https:\/\/www.lyonexpo.fr\/en\/2024\/06\/18\/from-small-to-large-lyonexpo-builds-the-perfect-stand-for-solutrans\/\" class=\"post-thumbnail-rollover layzr-bg layzr-bg\"><img fetchpriority=\"high\" decoding=\"async\" class=\"iso-lazy-load preload-me iso-lazy-load aspect\" src=\"data:image\/svg+xml,%3Csvg%20xmlns%3D&#39;http%3A%2F%2Fwww.w3.org%2F2000%2Fsvg&#39;%20viewBox%3D&#39;0%200%20768%20512&#39;%2F%3E\" data-src=\"https:\/\/www.lyonexpo.fr\/wp-content\/uploads\/2025\/08\/LK-Solu23-R01-0-768x512.webp\" data-srcset=\"https:\/\/www.lyonexpo.fr\/wp-content\/uploads\/2025\/08\/LK-Solu23-R01-0-768x512.webp 768w, https:\/\/www.lyonexpo.fr\/wp-content\/uploads\/2025\/08\/LK-Solu23-R01-0-1152x768.webp 1152w\" loading=\"eager\" style=\"--ratio: 768 \/ 512\" sizes=\"(max-width: 768px) 100vw, 768px\" alt=\"LK-Solutrans-stand-design-R01-0\" title=\"LK-Solutrans-stand-design-R01-0\" width=\"768\" height=\"512\"  \/><\/a>\t<\/div>\n<\/div>\n\n\n<div class=\"post-entry-content\">\n\n\t<h3 class=\"entry-title\">\n\t\t<a href=\"https:\/\/www.lyonexpo.fr\/en\/2024\/06\/18\/from-small-to-large-lyonexpo-builds-the-perfect-stand-for-solutrans\/\" title=\"From Small to Large: LyonExpo Builds the Perfect Stand for Solutrans\" rel=\"bookmark\">From Small to Large: LyonExpo Builds the Perfect Stand for Solutrans<\/a>\n\t<\/h3>\n\n\t<div class=\"entry-meta\"><span class=\"category-link\"><a href=\"https:\/\/www.lyonexpo.fr\/en\/solutrans\/\">Solutrans<\/a>, <a href=\"https:\/\/www.lyonexpo.fr\/en\/eurexpo\/\">EurExpo<\/a>, <a href=\"https:\/\/www.lyonexpo.fr\/en\/lyon\/\">Lyon<\/a>, <a href=\"https:\/\/www.lyonexpo.fr\/en\/stand-design-2\/\">stand-design<\/a>, <a href=\"https:\/\/www.lyonexpo.fr\/en\/standiste-lyon\/\">Standiste lyon<\/a><\/span><\/div>\n\t<div class=\"entry-excerpt\"><p>Whether you need a smart 12 m\u00b2 stand or a show-stopping 75 m\u00b2 island build on Soluitrans, We deliver high-impact exhibition stands tailored to your brand.<\/p>\n<\/div>\n\t\n<a href=\"https:\/\/www.lyonexpo.fr\/en\/2024\/06\/18\/from-small-to-large-lyonexpo-builds-the-perfect-stand-for-solutrans\/\" class=\"post-details details-type-link\" aria-label=\"Read more about From Small to Large: LyonExpo Builds the Perfect Stand for Solutrans\">Read more<i class=\"dt-icon-the7-arrow-03\" aria-hidden=\"true\"><\/i><\/a>\n\n<\/div><\/article><\/div><div class=\"visible wf-cell\" data-post-id=\"3344\" data-date=\"2024-06-06T12:39:29+02:00\" data-name=\"Successful Stand Projects at FIP 2024\"><article class=\"post project-odd visible post-3344 type-post status-publish format-standard has-post-thumbnail hentry category-fip-solution-plastique category-eurexpo category-lyon category-standiste-lyon category-standiste category-clients category-91 category-63 category-62 category-78 category-80 category-12\" data-name=\"Successful Stand Projects at FIP 2024\" data-date=\"2024-06-06T12:39:29+02:00\">\n\n<div class=\"post-thumbnail-wrap\">\n\t<div class=\"post-thumbnail\">\n\t\t\n\t\t\n\t\t<a href=\"https:\/\/www.lyonexpo.fr\/en\/2024\/06\/06\/successful-stand-projects-at-fip-2024-in-lyon\/\" class=\"post-thumbnail-rollover layzr-bg layzr-bg\"><img decoding=\"async\" class=\"iso-lazy-load preload-me iso-lazy-load aspect\" src=\"data:image\/svg+xml,%3Csvg%20xmlns%3D&#39;http%3A%2F%2Fwww.w3.org%2F2000%2Fsvg&#39;%20viewBox%3D&#39;0%200%20768%20512&#39;%2F%3E\" data-src=\"https:\/\/www.lyonexpo.fr\/wp-content\/uploads\/2024\/12\/FIP2024-Geshang-scaled-768x512.jpg\" data-srcset=\"https:\/\/www.lyonexpo.fr\/wp-content\/uploads\/2024\/12\/FIP2024-Geshang-scaled-768x512.jpg 768w, https:\/\/www.lyonexpo.fr\/wp-content\/uploads\/2024\/12\/FIP2024-Geshang-scaled-1152x768.jpg 1152w\" loading=\"eager\" style=\"--ratio: 768 \/ 512\" sizes=\"(max-width: 768px) 100vw, 768px\" alt=\"FIP2024-Geshang\" title=\"FIP2024-Geshang\" width=\"768\" height=\"512\"  \/><\/a>\t<\/div>\n<\/div>\n\n\n<div class=\"post-entry-content\">\n\n\t<h3 class=\"entry-title\">\n\t\t<a href=\"https:\/\/www.lyonexpo.fr\/en\/2024\/06\/06\/successful-stand-projects-at-fip-2024-in-lyon\/\" title=\"Successful Stand Projects at FIP 2024\" rel=\"bookmark\">Successful Stand Projects at FIP 2024<\/a>\n\t<\/h3>\n\n\t<div class=\"entry-meta\"><span class=\"category-link\"><a href=\"https:\/\/www.lyonexpo.fr\/en\/fip-solution-plastique\/\">FIP Solution Plastique<\/a>, <a href=\"https:\/\/www.lyonexpo.fr\/en\/eurexpo\/\">EurExpo<\/a>, <a href=\"https:\/\/www.lyonexpo.fr\/en\/lyon\/\">Lyon<\/a>, <a href=\"https:\/\/www.lyonexpo.fr\/en\/standiste-lyon\/\">Standiste lyon<\/a>, <a href=\"https:\/\/www.lyonexpo.fr\/en\/standiste\/\">standiste<\/a>, <a href=\"https:\/\/www.lyonexpo.fr\/en\/clients\/\">Clients<\/a><\/span><\/div>\n\t<div class=\"entry-excerpt\"><p>At FIP 2024 in Lyon, we had the privilege of showcasing our expertise in exhibition stand design and construction<\/p>\n<\/div>\n\t\n<a href=\"https:\/\/www.lyonexpo.fr\/en\/2024\/06\/06\/successful-stand-projects-at-fip-2024-in-lyon\/\" class=\"post-details details-type-link\" aria-label=\"Read more about Successful Stand Projects at FIP 2024\">Read more<i class=\"dt-icon-the7-arrow-03\" aria-hidden=\"true\"><\/i><\/a>\n\n<\/div><\/article><\/div><div class=\"visible wf-cell\" data-post-id=\"3189\" data-date=\"2024-05-22T09:44:32+02:00\" data-name=\"Maximize Your Impact at EquipHotel Paris\"><article class=\"post project-odd visible post-3189 type-post status-publish format-standard has-post-thumbnail hentry category-equiphotel category-paris-portes-de-versailles category-paris category-stand-design category-trade-shows category-uncategorised category-103 category-90 category-42 category-47 category-51 category-1\" data-name=\"Maximize Your Impact at EquipHotel Paris\" data-date=\"2024-05-22T09:44:32+02:00\">\n\n<div class=\"post-thumbnail-wrap\">\n\t<div class=\"post-thumbnail\">\n\t\t\n\t\t\n\t\t<a href=\"https:\/\/www.lyonexpo.fr\/en\/2024\/05\/22\/maximize-your-impact-at-equiphotel-paris-with-lyonexpo\/\" class=\"post-thumbnail-rollover layzr-bg layzr-bg\"><img decoding=\"async\" class=\"iso-lazy-load preload-me iso-lazy-load aspect\" src=\"data:image\/svg+xml,%3Csvg%20xmlns%3D&#39;http%3A%2F%2Fwww.w3.org%2F2000%2Fsvg&#39;%20viewBox%3D&#39;0%200%20768%20512&#39;%2F%3E\" data-src=\"https:\/\/www.lyonexpo.fr\/wp-content\/uploads\/2024\/05\/equiphotel-paris-2024-768x512.jpg\" data-srcset=\"https:\/\/www.lyonexpo.fr\/wp-content\/uploads\/2024\/05\/equiphotel-paris-2024-768x512.jpg 768w, https:\/\/www.lyonexpo.fr\/wp-content\/uploads\/2024\/05\/equiphotel-paris-2024-1080x720.jpg 1080w\" loading=\"eager\" style=\"--ratio: 768 \/ 512\" sizes=\"(max-width: 768px) 100vw, 768px\" alt=\"Equiphotel stand builder Paris local\" title=\"Equiphotel stand builder Paris local\" width=\"768\" height=\"512\"  \/><\/a>\t<\/div>\n<\/div>\n\n\n<div class=\"post-entry-content\">\n\n\t<h3 class=\"entry-title\">\n\t\t<a href=\"https:\/\/www.lyonexpo.fr\/en\/2024\/05\/22\/maximize-your-impact-at-equiphotel-paris-with-lyonexpo\/\" title=\"Maximize Your Impact at EquipHotel Paris\" rel=\"bookmark\">Maximize Your Impact at EquipHotel Paris<\/a>\n\t<\/h3>\n\n\t<div class=\"entry-meta\"><span class=\"category-link\"><a href=\"https:\/\/www.lyonexpo.fr\/en\/equiphotel\/\">EquipHotel<\/a>, <a href=\"https:\/\/www.lyonexpo.fr\/en\/paris-portes-de-versailles\/\">Paris portes de Versailles<\/a>, <a href=\"https:\/\/www.lyonexpo.fr\/en\/paris\/\">paris<\/a>, <a href=\"https:\/\/www.lyonexpo.fr\/en\/stand-design\/\">Stand Design<\/a>, <a href=\"https:\/\/www.lyonexpo.fr\/en\/trade-shows\/\">Trade Shows<\/a>, <a href=\"https:\/\/www.lyonexpo.fr\/en\/uncategorised\/\">Uncategorised<\/a><\/span><\/div>\n\t<div class=\"entry-excerpt\"><p>EquipHotel Paris is the premier event for hospitality professionals, attracting over 95,000 industry leaders from 144 countries.<\/p>\n<\/div>\n\t\n<a href=\"https:\/\/www.lyonexpo.fr\/en\/2024\/05\/22\/maximize-your-impact-at-equiphotel-paris-with-lyonexpo\/\" class=\"post-details details-type-link\" aria-label=\"Read more about Maximize Your Impact at EquipHotel Paris\">Read more<i class=\"dt-icon-the7-arrow-03\" aria-hidden=\"true\"><\/i><\/a>\n\n<\/div><\/article><\/div><div class=\"visible wf-cell\" data-post-id=\"3264\" data-date=\"2024-02-23T09:23:54+01:00\" data-name=\"Stand for PMJ at Salon 2 Roues Lyon\"><article class=\"post project-odd visible post-3264 type-post status-publish format-standard has-post-thumbnail hentry category-eurexpo category-s2r-salon-2-roues category-63 category-104\" data-name=\"Stand for PMJ at Salon 2 Roues Lyon\" data-date=\"2024-02-23T09:23:54+01:00\">\n\n<div class=\"post-thumbnail-wrap\">\n\t<div class=\"post-thumbnail\">\n\t\t\n\t\t\n\t\t<a href=\"https:\/\/www.lyonexpo.fr\/en\/2024\/02\/23\/stand-for-pmj-at-salon-2-roues-lyon\/\" class=\"post-thumbnail-rollover layzr-bg layzr-bg\"><img decoding=\"async\" class=\"iso-lazy-load preload-me iso-lazy-load aspect\" src=\"data:image\/svg+xml,%3Csvg%20xmlns%3D&#39;http%3A%2F%2Fwww.w3.org%2F2000%2Fsvg&#39;%20viewBox%3D&#39;0%200%20768%20512&#39;%2F%3E\" data-src=\"https:\/\/www.lyonexpo.fr\/wp-content\/uploads\/2024\/11\/IMG_3744-scaled-768x512.jpeg\" data-srcset=\"https:\/\/www.lyonexpo.fr\/wp-content\/uploads\/2024\/11\/IMG_3744-scaled-768x512.jpeg 768w, https:\/\/www.lyonexpo.fr\/wp-content\/uploads\/2024\/11\/IMG_3744-scaled-1152x768.jpeg 1152w\" loading=\"eager\" style=\"--ratio: 768 \/ 512\" sizes=\"(max-width: 768px) 100vw, 768px\" alt=\"Standiste Salon 2 Roues Lyon\" title=\"Standiste Salon 2 Roues Lyon\" width=\"768\" height=\"512\"  \/><\/a>\t<\/div>\n<\/div>\n\n\n<div class=\"post-entry-content\">\n\n\t<h3 class=\"entry-title\">\n\t\t<a href=\"https:\/\/www.lyonexpo.fr\/en\/2024\/02\/23\/stand-for-pmj-at-salon-2-roues-lyon\/\" title=\"Stand for PMJ at Salon 2 Roues Lyon\" rel=\"bookmark\">Stand for PMJ at Salon 2 Roues Lyon<\/a>\n\t<\/h3>\n\n\t<div class=\"entry-meta\"><span class=\"category-link\"><a href=\"https:\/\/www.lyonexpo.fr\/en\/eurexpo\/\">EurExpo<\/a>, <a href=\"https:\/\/www.lyonexpo.fr\/en\/s2r-salon-2-roues\/\">S2R Salon 2 Roues<\/a><\/span><\/div>\n\t<div class=\"entry-excerpt\"><p>We were thrilled to partner with the Italian motorcycle gear company, PMJ, to build a stunning exhibition stand for the prestigious Salon du 2 Roues in Lyon<\/p>\n<\/div>\n\t\n<a href=\"https:\/\/www.lyonexpo.fr\/en\/2024\/02\/23\/stand-for-pmj-at-salon-2-roues-lyon\/\" class=\"post-details details-type-link\" aria-label=\"Read more about Stand for PMJ at Salon 2 Roues Lyon\">Read more<i class=\"dt-icon-the7-arrow-03\" aria-hidden=\"true\"><\/i><\/a>\n\n<\/div><\/article><\/div><div class=\"visible wf-cell\" data-post-id=\"3069\" data-date=\"2024-01-16T10:56:32+01:00\" data-name=\"3D PRINT Lyon - L&#039;\u00e9v\u00e9nement r\u00e9f\u00e9rent de la fabrication additive en France\"><article class=\"post project-odd visible post-3069 type-post status-publish format-standard has-post-thumbnail hentry category-uncategorised category-3d-print category-eurexpo category-lyon category-1 category-83 category-63 category-62\" data-name=\"3D PRINT Lyon &#8211; L&#8217;\u00e9v\u00e9nement r\u00e9f\u00e9rent de la fabrication additive en France\" data-date=\"2024-01-16T10:56:32+01:00\">\n\n<div class=\"post-thumbnail-wrap\">\n\t<div class=\"post-thumbnail\">\n\t\t\n\t\t\n\t\t<a href=\"https:\/\/www.lyonexpo.fr\/en\/2024\/01\/16\/3069\/\" class=\"post-thumbnail-rollover layzr-bg layzr-bg\"><img decoding=\"async\" class=\"iso-lazy-load preload-me iso-lazy-load aspect\" src=\"data:image\/svg+xml,%3Csvg%20xmlns%3D&#39;http%3A%2F%2Fwww.w3.org%2F2000%2Fsvg&#39;%20viewBox%3D&#39;0%200%20414%20276&#39;%2F%3E\" data-src=\"https:\/\/www.lyonexpo.fr\/wp-content\/uploads\/2024\/01\/3D-print-2024-414x276.jpg\" data-srcset=\"https:\/\/www.lyonexpo.fr\/wp-content\/uploads\/2024\/01\/3D-print-2024-414x276.jpg 414w\" loading=\"eager\" style=\"--ratio: 414 \/ 276\" sizes=\"(max-width: 414px) 100vw, 414px\" alt=\"3D Print Lyon\" title=\"3D Print Lyon\" width=\"414\" height=\"276\"  \/><\/a>\t<\/div>\n<\/div>\n\n\n<div class=\"post-entry-content\">\n\n\t<h3 class=\"entry-title\">\n\t\t<a href=\"https:\/\/www.lyonexpo.fr\/en\/2024\/01\/16\/3069\/\" title=\"3D PRINT Lyon &#8211; L&#8217;\u00e9v\u00e9nement r\u00e9f\u00e9rent de la fabrication additive en France\" rel=\"bookmark\">3D PRINT Lyon &#8211; L&#8217;\u00e9v\u00e9nement r\u00e9f\u00e9rent de la fabrication additive en France<\/a>\n\t<\/h3>\n\n\t<div class=\"entry-meta\"><span class=\"category-link\"><a href=\"https:\/\/www.lyonexpo.fr\/en\/uncategorised\/\">Uncategorised<\/a>, <a href=\"https:\/\/www.lyonexpo.fr\/en\/3d-print\/\">3D Print<\/a>, <a href=\"https:\/\/www.lyonexpo.fr\/en\/eurexpo\/\">EurExpo<\/a>, <a href=\"https:\/\/www.lyonexpo.fr\/en\/lyon\/\">Lyon<\/a><\/span><\/div>\n\t<div class=\"entry-excerpt\"><p>[vc_row][vc_column][vc_single_image image=&#8221;3071&#8243; img_size=&#8221;full&#8221; alignment=&#8221;center&#8221;][vc_empty_space][\/vc_column][\/vc_row][vc_row][vc_column][vc_column_text] L&#8217;\u00e9v\u00e9nement r\u00e9f\u00e9rent de la fabrication additive en France 4.5.6 juin 2024 Eurexpo, Lyon, FRANCE. [\/vc_column_text][vc_empty_space][\/vc_column][\/vc_row][vc_row][vc_column width=&#8221;1\/2&#8243;][vc_column_text]Pendant trois jours, plongez au c\u0153ur d&#8217;une v\u00e9ritable p\u00e9pini\u00e8re d&#8217;innovations. 3D PRINT Lyon vous ouvre les portes des derni\u00e8res avanc\u00e9es et solutions en mati\u00e8re de fabrication additive. Explorez une multitude de machines en action et assistez&hellip;<\/p>\n<\/div>\n\t\n<a href=\"https:\/\/www.lyonexpo.fr\/en\/2024\/01\/16\/3069\/\" class=\"post-details details-type-link\" aria-label=\"Read more about 3D PRINT Lyon &#8211; L&#8217;\u00e9v\u00e9nement r\u00e9f\u00e9rent de la fabrication additive en France\">Read more<i class=\"dt-icon-the7-arrow-03\" aria-hidden=\"true\"><\/i><\/a>\n\n<\/div><\/article><\/div><div class=\"visible wf-cell\" data-post-id=\"2694\" data-date=\"2023-12-26T09:00:23+01:00\" data-name=\"FIP Solution Plastique - The meeting of the plastics business\"><article class=\"post project-odd visible post-2694 type-post status-publish format-standard has-post-thumbnail hentry category-fip-solution-plastique category-eurexpo category-standiste-lyon category-91 category-63 category-78\" data-name=\"FIP Solution Plastique &#8211; The meeting of the plastics business\" data-date=\"2023-12-26T09:00:23+01:00\">\n\n<div class=\"post-thumbnail-wrap\">\n\t<div class=\"post-thumbnail\">\n\t\t\n\t\t\n\t\t<a href=\"https:\/\/www.lyonexpo.fr\/en\/2023\/12\/26\/fip-solution-plastique-la-reunion-des-acteurs-de-la-plasturgie\/\" class=\"post-thumbnail-rollover layzr-bg layzr-bg\"><img decoding=\"async\" class=\"iso-lazy-load preload-me iso-lazy-load aspect\" src=\"data:image\/svg+xml,%3Csvg%20xmlns%3D&#39;http%3A%2F%2Fwww.w3.org%2F2000%2Fsvg&#39;%20viewBox%3D&#39;0%200%20550%20366&#39;%2F%3E\" data-src=\"https:\/\/www.lyonexpo.fr\/wp-content\/uploads\/2022\/12\/FIP.jpg\" data-srcset=\"https:\/\/www.lyonexpo.fr\/wp-content\/uploads\/2022\/12\/FIP.jpg 550w\" loading=\"eager\" style=\"--ratio: 550 \/ 366\" sizes=\"(max-width: 550px) 100vw, 550px\" alt=\"FIP standiste\" title=\"FIP standiste\" width=\"550\" height=\"366\"  \/><\/a>\t<\/div>\n<\/div>\n\n\n<div class=\"post-entry-content\">\n\n\t<h3 class=\"entry-title\">\n\t\t<a href=\"https:\/\/www.lyonexpo.fr\/en\/2023\/12\/26\/fip-solution-plastique-la-reunion-des-acteurs-de-la-plasturgie\/\" title=\"FIP Solution Plastique &#8211; The meeting of the plastics business\" rel=\"bookmark\">FIP Solution Plastique &#8211; The meeting of the plastics business<\/a>\n\t<\/h3>\n\n\t<div class=\"entry-meta\"><span class=\"category-link\"><a href=\"https:\/\/www.lyonexpo.fr\/en\/fip-solution-plastique\/\">FIP Solution Plastique<\/a>, <a href=\"https:\/\/www.lyonexpo.fr\/en\/eurexpo\/\">EurExpo<\/a>, <a href=\"https:\/\/www.lyonexpo.fr\/en\/standiste-lyon\/\">Standiste lyon<\/a><\/span><\/div>\n\t<div class=\"entry-excerpt\"><p>[vc_row][vc_column][vc_single_image image=&#8221;2695&#8243; img_size=&#8221;full&#8221; alignment=&#8221;center&#8221;][vc_empty_space][\/vc_column][\/vc_row][vc_row][vc_column][vc_column_text] FIP Solution Plastique &#8211; The meeting of the plastics business From 11 to 14 June 2024 &#8211; Eurexpo Lyon [\/vc_column_text][vc_empty_space][\/vc_column][\/vc_row][vc_row][vc_column width=&#8221;1\/2&#8243;][vc_column_text]One of the most prestigious events to be hosted in the plastics business is FIP Solution Plastique. Four days will pass before the event ends. From plastics to solutions, everything will&hellip;<\/p>\n<\/div>\n\t\n<a href=\"https:\/\/www.lyonexpo.fr\/en\/2023\/12\/26\/fip-solution-plastique-la-reunion-des-acteurs-de-la-plasturgie\/\" class=\"post-details details-type-link\" aria-label=\"Read more about FIP Solution Plastique &#8211; The meeting of the plastics business\">Read more<i class=\"dt-icon-the7-arrow-03\" aria-hidden=\"true\"><\/i><\/a>\n\n<\/div><\/article><\/div><div class=\"visible wf-cell\" data-post-id=\"3017\" data-date=\"2023-11-24T09:17:01+01:00\" data-name=\"Handica Lyon - ALL SOLUTIONS FOR A BETTER LIFE\"><article class=\"post project-odd visible post-3017 type-post status-publish format-standard has-post-thumbnail hentry category-handica category-standiste-lyon category-102 category-78\" data-name=\"Handica Lyon &#8211; ALL SOLUTIONS FOR A BETTER LIFE\" data-date=\"2023-11-24T09:17:01+01:00\">\n\n<div class=\"post-thumbnail-wrap\">\n\t<div class=\"post-thumbnail\">\n\t\t\n\t\t\n\t\t<a href=\"https:\/\/www.lyonexpo.fr\/en\/2023\/11\/24\/handica-lyon-toutes-les-solutions-pour-mieux-vivre\/\" class=\"post-thumbnail-rollover layzr-bg layzr-bg\"><img decoding=\"async\" class=\"iso-lazy-load preload-me iso-lazy-load aspect\" src=\"data:image\/svg+xml,%3Csvg%20xmlns%3D&#39;http%3A%2F%2Fwww.w3.org%2F2000%2Fsvg&#39;%20viewBox%3D&#39;0%200%20768%20512&#39;%2F%3E\" data-src=\"https:\/\/www.lyonexpo.fr\/wp-content\/uploads\/2023\/11\/Salon_Cahier_Special_Le_Progres_Handica_2022-768x512.jpg\" data-srcset=\"https:\/\/www.lyonexpo.fr\/wp-content\/uploads\/2023\/11\/Salon_Cahier_Special_Le_Progres_Handica_2022-768x512.jpg 768w, https:\/\/www.lyonexpo.fr\/wp-content\/uploads\/2023\/11\/Salon_Cahier_Special_Le_Progres_Handica_2022-1152x768.jpg 1152w\" loading=\"eager\" style=\"--ratio: 768 \/ 512\" sizes=\"(max-width: 768px) 100vw, 768px\" alt=\"Standiste handica Lyon\" title=\"Standiste handica Lyon\" width=\"768\" height=\"512\"  \/><\/a>\t<\/div>\n<\/div>\n\n\n<div class=\"post-entry-content\">\n\n\t<h3 class=\"entry-title\">\n\t\t<a href=\"https:\/\/www.lyonexpo.fr\/en\/2023\/11\/24\/handica-lyon-toutes-les-solutions-pour-mieux-vivre\/\" title=\"Handica Lyon &#8211; ALL SOLUTIONS FOR A BETTER LIFE\" rel=\"bookmark\">Handica Lyon &#8211; ALL SOLUTIONS FOR A BETTER LIFE<\/a>\n\t<\/h3>\n\n\t<div class=\"entry-meta\"><span class=\"category-link\"><a href=\"https:\/\/www.lyonexpo.fr\/en\/handica\/\">Handica<\/a>, <a href=\"https:\/\/www.lyonexpo.fr\/en\/standiste-lyon\/\">Standiste lyon<\/a><\/span><\/div>\n\t<div class=\"entry-excerpt\"><p>Ce qui est int\u00e9ressant pour le visiteur, c\u2019est qu\u2019Handica est le grand rendez-vous Handicap, Grand-Age et Maintien \u00e0 Domicile. Vous venez pour rencontrer des gens, passer bon moment et en un seul endroit, vous trouvez tout.<\/p>\n<\/div>\n\t\n<a href=\"https:\/\/www.lyonexpo.fr\/en\/2023\/11\/24\/handica-lyon-toutes-les-solutions-pour-mieux-vivre\/\" class=\"post-details details-type-link\" aria-label=\"Read more about Handica Lyon &#8211; ALL SOLUTIONS FOR A BETTER LIFE\">Read more<i class=\"dt-icon-the7-arrow-03\" aria-hidden=\"true\"><\/i><\/a>\n\n<\/div><\/article><\/div><div class=\"visible wf-cell\" data-post-id=\"3019\" data-date=\"2023-09-26T10:27:34+02:00\" data-name=\"TheMonaco Yacht Show\"><article class=\"post project-odd visible post-3019 type-post status-publish format-standard has-post-thumbnail hentry category-monaco-yacht-show category-monaco category-stand-design category-38 category-37 category-47\" data-name=\"TheMonaco Yacht Show\" data-date=\"2023-09-26T10:27:34+02:00\">\n\n<div class=\"post-thumbnail-wrap\">\n\t<div class=\"post-thumbnail\">\n\t\t\n\t\t\n\t\t<a href=\"https:\/\/www.lyonexpo.fr\/en\/2023\/09\/26\/themonaco-yacht-show\/\" class=\"post-thumbnail-rollover layzr-bg layzr-bg\"><img decoding=\"async\" class=\"iso-lazy-load preload-me iso-lazy-load aspect\" src=\"data:image\/svg+xml,%3Csvg%20xmlns%3D&#39;http%3A%2F%2Fwww.w3.org%2F2000%2Fsvg&#39;%20viewBox%3D&#39;0%200%20768%20512&#39;%2F%3E\" data-src=\"https:\/\/www.lyonexpo.fr\/wp-content\/uploads\/2023\/11\/logo-mys-768x512.webp\" data-srcset=\"https:\/\/www.lyonexpo.fr\/wp-content\/uploads\/2023\/11\/logo-mys-768x512.webp 768w, https:\/\/www.lyonexpo.fr\/wp-content\/uploads\/2023\/11\/logo-mys-944x630.webp 944w\" loading=\"eager\" style=\"--ratio: 768 \/ 512\" sizes=\"(max-width: 768px) 100vw, 768px\" alt=\"Monaco Yacht Show Logo\" title=\"Monaco Yacht Show Logo\" width=\"768\" height=\"512\"  \/><\/a>\t<\/div>\n<\/div>\n\n\n<div class=\"post-entry-content\">\n\n\t<h3 class=\"entry-title\">\n\t\t<a href=\"https:\/\/www.lyonexpo.fr\/en\/2023\/09\/26\/themonaco-yacht-show\/\" title=\"TheMonaco Yacht Show\" rel=\"bookmark\">TheMonaco Yacht Show<\/a>\n\t<\/h3>\n\n\t<div class=\"entry-meta\"><span class=\"category-link\"><a href=\"https:\/\/www.lyonexpo.fr\/en\/monaco-yacht-show\/\">Monaco Yacht Show<\/a>, <a href=\"https:\/\/www.lyonexpo.fr\/en\/monaco\/\">Monaco<\/a>, <a href=\"https:\/\/www.lyonexpo.fr\/en\/stand-design\/\">Stand Design<\/a><\/span><\/div>\n\t<div class=\"entry-excerpt\"><p>[vc_row][vc_column][vc_single_image image=&#8221;3020&#8243; img_size=&#8221;full&#8221; alignment=&#8221;center&#8221;][vc_empty_space][\/vc_column][\/vc_row][vc_row][vc_column][vc_column_text] Le Monaco Yacht Show : L&#8217;\u00e9v\u00e9nement d&#8217;exception de superyachts, plongez dans un univers de grandeur et d&#8217;\u00e9l\u00e9gance. \ud83d\udccd Port Hercule, Monaco [\/vc_column_text][vc_empty_space][\/vc_column][\/vc_row][vc_row][vc_column width=&#8221;1\/2&#8243;][vc_single_image image=&#8221;3023&#8243; img_size=&#8221;full&#8221;][\/vc_column][vc_column width=&#8221;1\/2&#8243;][vc_single_image image=&#8221;3024&#8243; img_size=&#8221;full&#8221;][\/vc_column][\/vc_row][vc_row][vc_column][vc_column_text]Le stand de Superyacht Tenders and Toys, occupant fi\u00e8rement 32 m\u00e8tres carr\u00e9s, est une vitrine de l&#8217;excellence dans le monde des yachts. Avec un&hellip;<\/p>\n<\/div>\n\t\n<a href=\"https:\/\/www.lyonexpo.fr\/en\/2023\/09\/26\/themonaco-yacht-show\/\" class=\"post-details details-type-link\" aria-label=\"Read more about TheMonaco Yacht Show\">Read more<i class=\"dt-icon-the7-arrow-03\" aria-hidden=\"true\"><\/i><\/a>\n\n<\/div><\/article><\/div><div class=\"visible wf-cell\" data-post-id=\"2934\" data-date=\"2023-07-07T09:15:38+02:00\" data-name=\"Elevate Your Airspace World Exhibition in Geneva with LyonExpo\"><article class=\"post project-odd visible post-2934 type-post status-publish format-standard has-post-thumbnail hentry category-airspace-world category-geneva category-standiste category-trade-shows category-100 category-101 category-80 category-51\" data-name=\"Elevate Your Airspace World Exhibition in Geneva with LyonExpo\" data-date=\"2023-07-07T09:15:38+02:00\">\n\n<div class=\"post-thumbnail-wrap\">\n\t<div class=\"post-thumbnail\">\n\t\t\n\t\t\n\t\t<a href=\"https:\/\/www.lyonexpo.fr\/en\/2023\/07\/07\/elevate-your-airspace-world-exhibition-in-geneva-with-lyonexpo\/\" class=\"post-thumbnail-rollover layzr-bg layzr-bg\"><img decoding=\"async\" class=\"iso-lazy-load preload-me iso-lazy-load aspect\" src=\"data:image\/svg+xml,%3Csvg%20xmlns%3D&#39;http%3A%2F%2Fwww.w3.org%2F2000%2Fsvg&#39;%20viewBox%3D&#39;0%200%20768%20512&#39;%2F%3E\" data-src=\"https:\/\/www.lyonexpo.fr\/wp-content\/uploads\/2023\/07\/Airsapce-world-stand-builder-768x512.jpg\" data-srcset=\"https:\/\/www.lyonexpo.fr\/wp-content\/uploads\/2023\/07\/Airsapce-world-stand-builder-768x512.jpg 768w, https:\/\/www.lyonexpo.fr\/wp-content\/uploads\/2023\/07\/Airsapce-world-stand-builder-1152x768.jpg 1152w\" loading=\"eager\" style=\"--ratio: 768 \/ 512\" sizes=\"(max-width: 768px) 100vw, 768px\" alt=\"Stand builder Geneva\" title=\"Stand builder Geneva\" width=\"768\" height=\"512\"  \/><\/a>\t<\/div>\n<\/div>\n\n\n<div class=\"post-entry-content\">\n\n\t<h3 class=\"entry-title\">\n\t\t<a href=\"https:\/\/www.lyonexpo.fr\/en\/2023\/07\/07\/elevate-your-airspace-world-exhibition-in-geneva-with-lyonexpo\/\" title=\"Elevate Your Airspace World Exhibition in Geneva with LyonExpo\" rel=\"bookmark\">Elevate Your Airspace World Exhibition in Geneva with LyonExpo<\/a>\n\t<\/h3>\n\n\t<div class=\"entry-meta\"><span class=\"category-link\"><a href=\"https:\/\/www.lyonexpo.fr\/en\/airspace-world\/\">Airspace world<\/a>, <a href=\"https:\/\/www.lyonexpo.fr\/en\/geneva\/\">Geneva<\/a>, <a href=\"https:\/\/www.lyonexpo.fr\/en\/standiste\/\">standiste<\/a>, <a href=\"https:\/\/www.lyonexpo.fr\/en\/trade-shows\/\">Trade Shows<\/a><\/span><\/div>\n\t<div class=\"entry-excerpt\"><p>When it comes to exhibiting at Airspace World Exhibition in Geneva, choosing the right stand builder is crucial for making a lasting impact.<\/p>\n<\/div>\n\t\n<a href=\"https:\/\/www.lyonexpo.fr\/en\/2023\/07\/07\/elevate-your-airspace-world-exhibition-in-geneva-with-lyonexpo\/\" class=\"post-details details-type-link\" aria-label=\"Read more about Elevate Your Airspace World Exhibition in Geneva with LyonExpo\">Read more<i class=\"dt-icon-the7-arrow-03\" aria-hidden=\"true\"><\/i><\/a>\n\n<\/div><\/article><\/div><div class=\"visible wf-cell\" data-post-id=\"2716\" data-date=\"2023-05-15T09:00:00+02:00\" data-name=\"ESSKA Specialty Days - The exhibition for Sports Traumatology, Knee Surgery and Arthroscopy\"><article class=\"post project-odd visible post-2716 type-post status-publish format-standard has-post-thumbnail hentry category-esska-specialty-days category-standiste-lyon category-standiste category-97 category-78 category-80\" data-name=\"ESSKA Specialty Days &#8211; The exhibition for Sports Traumatology, Knee Surgery and Arthroscopy\" data-date=\"2023-05-15T09:00:00+02:00\">\n\n<div class=\"post-thumbnail-wrap\">\n\t<div class=\"post-thumbnail\">\n\t\t\n\t\t\n\t\t<a href=\"https:\/\/www.lyonexpo.fr\/en\/2023\/05\/15\/esska-specialty-days-le-salon-traumatologie-du-sport-de-chirurgie-du-genou-et-darthroscopie\/\" class=\"post-thumbnail-rollover layzr-bg layzr-bg\"><img decoding=\"async\" class=\"iso-lazy-load preload-me iso-lazy-load aspect\" src=\"data:image\/svg+xml,%3Csvg%20xmlns%3D&#39;http%3A%2F%2Fwww.w3.org%2F2000%2Fsvg&#39;%20viewBox%3D&#39;0%200%20538%20359&#39;%2F%3E\" data-src=\"https:\/\/www.lyonexpo.fr\/wp-content\/uploads\/2022\/12\/ESSKA-538x359.png\" data-srcset=\"https:\/\/www.lyonexpo.fr\/wp-content\/uploads\/2022\/12\/ESSKA-538x359.png 538w\" loading=\"eager\" style=\"--ratio: 538 \/ 359\" sizes=\"(max-width: 538px) 100vw, 538px\" alt=\"ESSKA Standiste\" title=\"ESSKA Standiste\" width=\"538\" height=\"359\"  \/><\/a>\t<\/div>\n<\/div>\n\n\n<div class=\"post-entry-content\">\n\n\t<h3 class=\"entry-title\">\n\t\t<a href=\"https:\/\/www.lyonexpo.fr\/en\/2023\/05\/15\/esska-specialty-days-le-salon-traumatologie-du-sport-de-chirurgie-du-genou-et-darthroscopie\/\" title=\"ESSKA Specialty Days &#8211; The exhibition for Sports Traumatology, Knee Surgery and Arthroscopy\" rel=\"bookmark\">ESSKA Specialty Days &#8211; The exhibition for Sports Traumatology, Knee Surgery and Arthroscopy<\/a>\n\t<\/h3>\n\n\t<div class=\"entry-meta\"><span class=\"category-link\"><a href=\"https:\/\/www.lyonexpo.fr\/en\/esska-specialty-days\/\">ESSKA Specialty Days<\/a>, <a href=\"https:\/\/www.lyonexpo.fr\/en\/standiste-lyon\/\">Standiste lyon<\/a>, <a href=\"https:\/\/www.lyonexpo.fr\/en\/standiste\/\">standiste<\/a><\/span><\/div>\n\t<div class=\"entry-excerpt\"><p>ESSKA brings together orthopedic surgeons, clinicians, and scientists from across Europe, as well as their various societies.<\/p>\n<\/div>\n\t\n<a href=\"https:\/\/www.lyonexpo.fr\/en\/2023\/05\/15\/esska-specialty-days-le-salon-traumatologie-du-sport-de-chirurgie-du-genou-et-darthroscopie\/\" class=\"post-details details-type-link\" aria-label=\"Read more about ESSKA Specialty Days &#8211; The exhibition for Sports Traumatology, Knee Surgery and Arthroscopy\">Read more<i class=\"dt-icon-the7-arrow-03\" aria-hidden=\"true\"><\/i><\/a>\n\n<\/div><\/article><\/div><div class=\"visible wf-cell\" data-post-id=\"2854\" data-date=\"2023-04-28T10:56:55+02:00\" data-name=\"Solscope - International exhibition for the geotechnical, drilling and foundations sectors\"><article class=\"post project-odd visible post-2854 type-post status-publish format-standard has-post-thumbnail hentry category-uncategorised category-1\" data-name=\"Solscope &#8211; International exhibition for the geotechnical, drilling and foundations sectors\" data-date=\"2023-04-28T10:56:55+02:00\">\n\n<div class=\"post-thumbnail-wrap\">\n\t<div class=\"post-thumbnail\">\n\t\t\n\t\t\n\t\t<a href=\"https:\/\/www.lyonexpo.fr\/en\/2023\/04\/28\/solscope-marque-internationale-de-la-geotechnique-du-forage-et-des-fondations\/\" class=\"post-thumbnail-rollover layzr-bg layzr-bg\"><img decoding=\"async\" class=\"iso-lazy-load preload-me iso-lazy-load aspect\" src=\"data:image\/svg+xml,%3Csvg%20xmlns%3D&#39;http%3A%2F%2Fwww.w3.org%2F2000%2Fsvg&#39;%20viewBox%3D&#39;0%200%20768%20512&#39;%2F%3E\" data-src=\"https:\/\/www.lyonexpo.fr\/wp-content\/uploads\/2023\/04\/SOLSCOPE-Salon2023-Affiche_A4-BD-scaled-768x512.jpg\" data-srcset=\"https:\/\/www.lyonexpo.fr\/wp-content\/uploads\/2023\/04\/SOLSCOPE-Salon2023-Affiche_A4-BD-scaled-768x512.jpg 768w, https:\/\/www.lyonexpo.fr\/wp-content\/uploads\/2023\/04\/SOLSCOPE-Salon2023-Affiche_A4-BD-scaled-1152x768.jpg 1152w\" loading=\"eager\" style=\"--ratio: 768 \/ 512\" sizes=\"(max-width: 768px) 100vw, 768px\" alt=\"SOLSCOPE stand builder\" title=\"SOLSCOPE  stand builder\" width=\"768\" height=\"512\"  \/><\/a>\t<\/div>\n<\/div>\n\n\n<div class=\"post-entry-content\">\n\n\t<h3 class=\"entry-title\">\n\t\t<a href=\"https:\/\/www.lyonexpo.fr\/en\/2023\/04\/28\/solscope-marque-internationale-de-la-geotechnique-du-forage-et-des-fondations\/\" title=\"Solscope &#8211; International exhibition for the geotechnical, drilling and foundations sectors\" rel=\"bookmark\">Solscope &#8211; International exhibition for the geotechnical, drilling and foundations sectors<\/a>\n\t<\/h3>\n\n\t<div class=\"entry-meta\"><span class=\"category-link\"><a href=\"https:\/\/www.lyonexpo.fr\/en\/uncategorised\/\">Uncategorised<\/a><\/span><\/div>\n\t<div class=\"entry-excerpt\"><p>[vc_row][vc_column][vc_single_image image=&#8221;2856&#8243; img_size=&#8221;full&#8221; alignment=&#8221;center&#8221;][vc_empty_space][\/vc_column][\/vc_row][vc_row][vc_column][vc_column_text] The reference exhibition for geotechnics, drilling and foundations in France 14 &#8211; 15 June &#8211; Lyon [\/vc_column_text][vc_empty_space][\/vc_column][\/vc_row][vc_row][vc_column width=&#8221;1\/2&#8243;][vc_column_text]Solscope is an international exhibition for the geotechnical, drilling and special foundations sectors. Created in 1992, it takes place every 2 years, in odd-numbered years, in a different city.[\/vc_column_text][\/vc_column][vc_column width=&#8221;1\/2&#8243;][vc_column_text]Solscope is organized around conferences,&hellip;<\/p>\n<\/div>\n\t\n<a href=\"https:\/\/www.lyonexpo.fr\/en\/2023\/04\/28\/solscope-marque-internationale-de-la-geotechnique-du-forage-et-des-fondations\/\" class=\"post-details details-type-link\" aria-label=\"Read more about Solscope &#8211; International exhibition for the geotechnical, drilling and foundations sectors\">Read more<i class=\"dt-icon-the7-arrow-03\" aria-hidden=\"true\"><\/i><\/a>\n\n<\/div><\/article><\/div><div class=\"visible wf-cell\" data-post-id=\"2710\" data-date=\"2023-04-15T09:00:22+02:00\" data-name=\"NAT EXPO Paris - The international organic goods exposition\"><article class=\"post project-odd visible post-2710 type-post status-publish format-standard has-post-thumbnail hentry category-nat-expo category-parc-des-expositions category-paris-nord category-standiste-lyon category-standiste category-96 category-94 category-95 category-78 category-80\" data-name=\"NAT EXPO Paris &#8211; The international organic goods exposition\" data-date=\"2023-04-15T09:00:22+02:00\">\n\n<div class=\"post-thumbnail-wrap\">\n\t<div class=\"post-thumbnail\">\n\t\t\n\t\t\n\t\t<a href=\"https:\/\/www.lyonexpo.fr\/en\/2023\/04\/15\/nat-expo-paris-le-salon-international-du-bio\/\" class=\"post-thumbnail-rollover layzr-bg layzr-bg\"><img decoding=\"async\" class=\"iso-lazy-load preload-me iso-lazy-load aspect\" src=\"data:image\/svg+xml,%3Csvg%20xmlns%3D&#39;http%3A%2F%2Fwww.w3.org%2F2000%2Fsvg&#39;%20viewBox%3D&#39;0%200%20768%20512&#39;%2F%3E\" data-src=\"https:\/\/www.lyonexpo.fr\/wp-content\/uploads\/2022\/12\/Natexpo-768x512.jpg\" data-srcset=\"https:\/\/www.lyonexpo.fr\/wp-content\/uploads\/2022\/12\/Natexpo-768x512.jpg 768w, https:\/\/www.lyonexpo.fr\/wp-content\/uploads\/2022\/12\/Natexpo-1024x682.jpg 1024w\" loading=\"eager\" style=\"--ratio: 768 \/ 512\" sizes=\"(max-width: 768px) 100vw, 768px\" alt=\"NAT expo standiste\" title=\"NAT expo standiste\" width=\"768\" height=\"512\"  \/><\/a>\t<\/div>\n<\/div>\n\n\n<div class=\"post-entry-content\">\n\n\t<h3 class=\"entry-title\">\n\t\t<a href=\"https:\/\/www.lyonexpo.fr\/en\/2023\/04\/15\/nat-expo-paris-le-salon-international-du-bio\/\" title=\"NAT EXPO Paris &#8211; The international organic goods exposition\" rel=\"bookmark\">NAT EXPO Paris &#8211; The international organic goods exposition<\/a>\n\t<\/h3>\n\n\t<div class=\"entry-meta\"><span class=\"category-link\"><a href=\"https:\/\/www.lyonexpo.fr\/en\/nat-expo\/\">NAT expo<\/a>, <a href=\"https:\/\/www.lyonexpo.fr\/en\/parc-des-expositions\/\">Parc des expositions<\/a>, <a href=\"https:\/\/www.lyonexpo.fr\/en\/paris-nord\/\">Paris Nord<\/a>, <a href=\"https:\/\/www.lyonexpo.fr\/en\/standiste-lyon\/\">Standiste lyon<\/a>, <a href=\"https:\/\/www.lyonexpo.fr\/en\/standiste\/\">standiste<\/a><\/span><\/div>\n\t<div class=\"entry-excerpt\"><p>[vc_row][vc_column][vc_single_image image=&#8221;2711&#8243; img_size=&#8221;full&#8221; alignment=&#8221;center&#8221;][vc_empty_space][\/vc_column][\/vc_row][vc_row][vc_column][vc_column_text] NAT EXPO Paris &#8211; The international organic goods exposition From 22 to 24 October 2023 &#8211; Parc des Expositions Paris Nord [\/vc_column_text][vc_empty_space][\/vc_column][\/vc_row][vc_row][vc_column width=&#8221;1\/2&#8243;][vc_column_text]The international organic goods exposition, Natexpo, which is put on by and with the cooperation of the whole industry, is the event that will shape the organic of the&hellip;<\/p>\n<\/div>\n\t\n<a href=\"https:\/\/www.lyonexpo.fr\/en\/2023\/04\/15\/nat-expo-paris-le-salon-international-du-bio\/\" class=\"post-details details-type-link\" aria-label=\"Read more about NAT EXPO Paris &#8211; The international organic goods exposition\">Read more<i class=\"dt-icon-the7-arrow-03\" aria-hidden=\"true\"><\/i><\/a>\n\n<\/div><\/article><\/div><div class=\"visible wf-cell\" data-post-id=\"2804\" data-date=\"2023-04-07T08:53:56+02:00\" data-name=\"PolluTec, the Environment &amp; Energy Trade Show\"><article class=\"post project-odd visible post-2804 type-post status-publish format-standard has-post-thumbnail hentry category-pollutec category-eurexpo category-lyon category-standiste-lyon category-trade-shows category-99 category-63 category-62 category-78 category-51\" data-name=\"PolluTec, the Environment &amp; Energy Trade Show\" data-date=\"2023-04-07T08:53:56+02:00\">\n\n<div class=\"post-thumbnail-wrap\">\n\t<div class=\"post-thumbnail\">\n\t\t\n\t\t\n\t\t<a href=\"https:\/\/www.lyonexpo.fr\/en\/2023\/04\/07\/pollutec-the-environment-energy-trade-show\/\" class=\"post-thumbnail-rollover layzr-bg layzr-bg\"><img decoding=\"async\" class=\"iso-lazy-load preload-me iso-lazy-load aspect\" src=\"data:image\/svg+xml,%3Csvg%20xmlns%3D&#39;http%3A%2F%2Fwww.w3.org%2F2000%2Fsvg&#39;%20viewBox%3D&#39;0%200%20631%20421&#39;%2F%3E\" data-src=\"https:\/\/www.lyonexpo.fr\/wp-content\/uploads\/2023\/04\/POLLUTEC_23-feat-631x421.jpg\" data-srcset=\"https:\/\/www.lyonexpo.fr\/wp-content\/uploads\/2023\/04\/POLLUTEC_23-feat-631x421.jpg 631w\" loading=\"eager\" style=\"--ratio: 631 \/ 421\" sizes=\"(max-width: 631px) 100vw, 631px\" alt=\"POLLUTEC standiste\" title=\"POLLUTEC standiste\" width=\"631\" height=\"421\"  \/><\/a>\t<\/div>\n<\/div>\n\n\n<div class=\"post-entry-content\">\n\n\t<h3 class=\"entry-title\">\n\t\t<a href=\"https:\/\/www.lyonexpo.fr\/en\/2023\/04\/07\/pollutec-the-environment-energy-trade-show\/\" title=\"PolluTec, the Environment &amp; Energy Trade Show\" rel=\"bookmark\">PolluTec, the Environment &#038; Energy Trade Show<\/a>\n\t<\/h3>\n\n\t<div class=\"entry-meta\"><span class=\"category-link\"><a href=\"https:\/\/www.lyonexpo.fr\/en\/pollutec\/\">PolluTec<\/a>, <a href=\"https:\/\/www.lyonexpo.fr\/en\/eurexpo\/\">EurExpo<\/a>, <a href=\"https:\/\/www.lyonexpo.fr\/en\/lyon\/\">Lyon<\/a>, <a href=\"https:\/\/www.lyonexpo.fr\/en\/standiste-lyon\/\">Standiste lyon<\/a>, <a href=\"https:\/\/www.lyonexpo.fr\/en\/trade-shows\/\">Trade Shows<\/a><\/span><\/div>\n\t<div class=\"entry-excerpt\"><p>For 45 years, Pollutec has been a showcase of innovative solutions and good practices for the environmental sphere.<\/p>\n<\/div>\n\t\n<a href=\"https:\/\/www.lyonexpo.fr\/en\/2023\/04\/07\/pollutec-the-environment-energy-trade-show\/\" class=\"post-details details-type-link\" aria-label=\"Read more about PolluTec, the Environment &amp; Energy Trade Show\">Read more<i class=\"dt-icon-the7-arrow-03\" aria-hidden=\"true\"><\/i><\/a>\n\n<\/div><\/article><\/div><div class=\"visible wf-cell\" data-post-id=\"2895\" data-date=\"2023-03-15T13:39:03+01:00\" data-name=\"Stand for Moving  Dot \/ 42 Solution on Airspace world 2023\"><article class=\"post project-odd visible post-2895 type-post status-publish format-standard has-post-thumbnail hentry category-airspace-world category-geneva category-stand-design category-trade-shows category-100 category-101 category-47 category-51\" data-name=\"Stand for Moving  Dot \/ 42 Solution on Airspace world 2023\" data-date=\"2023-03-15T13:39:03+01:00\">\n\n<div class=\"post-thumbnail-wrap\">\n\t<div class=\"post-thumbnail\">\n\t\t\n\t\t\n\t\t<a href=\"https:\/\/www.lyonexpo.fr\/en\/2023\/03\/15\/airspace-world-2023\/\" class=\"post-thumbnail-rollover layzr-bg layzr-bg\"><img decoding=\"async\" class=\"iso-lazy-load preload-me iso-lazy-load aspect\" src=\"data:image\/svg+xml,%3Csvg%20xmlns%3D&#39;http%3A%2F%2Fwww.w3.org%2F2000%2Fsvg&#39;%20viewBox%3D&#39;0%200%20768%20512&#39;%2F%3E\" data-src=\"https:\/\/www.lyonexpo.fr\/wp-content\/uploads\/2023\/03\/ASW23_42S-MD-2-768x512.jpeg\" data-srcset=\"https:\/\/www.lyonexpo.fr\/wp-content\/uploads\/2023\/03\/ASW23_42S-MD-2-768x512.jpeg 768w, https:\/\/www.lyonexpo.fr\/wp-content\/uploads\/2023\/03\/ASW23_42S-MD-2-1152x768.jpeg 1152w\" loading=\"eager\" style=\"--ratio: 768 \/ 512\" sizes=\"(max-width: 768px) 100vw, 768px\" alt=\"Standbuilder Airspace world\" title=\"Standbuilder Airspace world\" width=\"768\" height=\"512\"  \/><\/a>\t<\/div>\n<\/div>\n\n\n<div class=\"post-entry-content\">\n\n\t<h3 class=\"entry-title\">\n\t\t<a href=\"https:\/\/www.lyonexpo.fr\/en\/2023\/03\/15\/airspace-world-2023\/\" title=\"Stand for Moving  Dot \/ 42 Solution on Airspace world 2023\" rel=\"bookmark\">Stand for Moving  Dot \/ 42 Solution on Airspace world 2023<\/a>\n\t<\/h3>\n\n\t<div class=\"entry-meta\"><span class=\"category-link\"><a href=\"https:\/\/www.lyonexpo.fr\/en\/airspace-world\/\">Airspace world<\/a>, <a href=\"https:\/\/www.lyonexpo.fr\/en\/geneva\/\">Geneva<\/a>, <a href=\"https:\/\/www.lyonexpo.fr\/en\/stand-design\/\">Stand Design<\/a>, <a href=\"https:\/\/www.lyonexpo.fr\/en\/trade-shows\/\">Trade Shows<\/a><\/span><\/div>\n\t<div class=\"entry-excerpt\"><p>LyonExpo build a 35m2 stand on Airspace World 2023 for the co-exhibiting companies Moving Dot and 42 Solutions<\/p>\n<\/div>\n\t\n<a href=\"https:\/\/www.lyonexpo.fr\/en\/2023\/03\/15\/airspace-world-2023\/\" class=\"post-details details-type-link\" aria-label=\"Read more about Stand for Moving  Dot \/ 42 Solution on Airspace world 2023\">Read more<i class=\"dt-icon-the7-arrow-03\" aria-hidden=\"true\"><\/i><\/a>\n\n<\/div><\/article><\/div><div class=\"visible wf-cell\" data-post-id=\"2705\" data-date=\"2023-03-13T09:00:25+01:00\" data-name=\"SILMO - The reference in the optical and eyewear industry\"><article class=\"post project-odd visible post-2705 type-post status-publish format-standard has-post-thumbnail hentry category-silmo category-parc-des-expositions category-paris-nord category-standiste-lyon category-standiste category-paris category-93 category-94 category-95 category-78 category-80 category-42\" data-name=\"SILMO &#8211; The reference in the optical and eyewear industry\" data-date=\"2023-03-13T09:00:25+01:00\">\n\n<div class=\"post-thumbnail-wrap\">\n\t<div class=\"post-thumbnail\">\n\t\t\n\t\t\n\t\t<a href=\"https:\/\/www.lyonexpo.fr\/en\/2023\/03\/13\/silmo-la-reference-de-loptique-de-la-lunetterie\/\" class=\"post-thumbnail-rollover layzr-bg layzr-bg\"><img decoding=\"async\" class=\"iso-lazy-load preload-me iso-lazy-load aspect\" src=\"data:image\/svg+xml,%3Csvg%20xmlns%3D&#39;http%3A%2F%2Fwww.w3.org%2F2000%2Fsvg&#39;%20viewBox%3D&#39;0%200%20675%20450&#39;%2F%3E\" data-src=\"https:\/\/www.lyonexpo.fr\/wp-content\/uploads\/2022\/12\/SILMO-675x450.jpg\" data-srcset=\"https:\/\/www.lyonexpo.fr\/wp-content\/uploads\/2022\/12\/SILMO-675x450.jpg 675w, https:\/\/www.lyonexpo.fr\/wp-content\/uploads\/2022\/12\/SILMO-675x449.jpg 675w\" loading=\"eager\" style=\"--ratio: 675 \/ 450\" sizes=\"(max-width: 675px) 100vw, 675px\" alt=\"SILMO standiste\" title=\"SILMO standiste\" width=\"675\" height=\"450\"  \/><\/a>\t<\/div>\n<\/div>\n\n\n<div class=\"post-entry-content\">\n\n\t<h3 class=\"entry-title\">\n\t\t<a href=\"https:\/\/www.lyonexpo.fr\/en\/2023\/03\/13\/silmo-la-reference-de-loptique-de-la-lunetterie\/\" title=\"SILMO &#8211; The reference in the optical and eyewear industry\" rel=\"bookmark\">SILMO &#8211; The reference in the optical and eyewear industry<\/a>\n\t<\/h3>\n\n\t<div class=\"entry-meta\"><span class=\"category-link\"><a href=\"https:\/\/www.lyonexpo.fr\/en\/silmo\/\">SILMO<\/a>, <a href=\"https:\/\/www.lyonexpo.fr\/en\/parc-des-expositions\/\">Parc des expositions<\/a>, <a href=\"https:\/\/www.lyonexpo.fr\/en\/paris-nord\/\">Paris Nord<\/a>, <a href=\"https:\/\/www.lyonexpo.fr\/en\/standiste-lyon\/\">Standiste lyon<\/a>, <a href=\"https:\/\/www.lyonexpo.fr\/en\/standiste\/\">standiste<\/a>, <a href=\"https:\/\/www.lyonexpo.fr\/en\/paris\/\">paris<\/a><\/span><\/div>\n\t<div class=\"entry-excerpt\"><p>[vc_row][vc_column][vc_single_image image=&#8221;2706&#8243; img_size=&#8221;full&#8221; alignment=&#8221;center&#8221;][vc_empty_space][\/vc_column][\/vc_row][vc_row][vc_column][vc_column_text] SILMO &#8211; The reference in the optical and eyewear industry From 29 September to 2 October &#8211; Parc des Expositions Paris Nord [\/vc_column_text][vc_empty_space][\/vc_column][\/vc_row][vc_row][vc_column width=&#8221;1\/2&#8243;][vc_column_text]A true benchmark with an international aura, SILMO invites professionals to explore the future of the industry throughout the year by launching a broad, creative, and agile offer:&hellip;<\/p>\n<\/div>\n\t\n<a href=\"https:\/\/www.lyonexpo.fr\/en\/2023\/03\/13\/silmo-la-reference-de-loptique-de-la-lunetterie\/\" class=\"post-details details-type-link\" aria-label=\"Read more about SILMO &#8211; The reference in the optical and eyewear industry\">Read more<i class=\"dt-icon-the7-arrow-03\" aria-hidden=\"true\"><\/i><\/a>\n\n<\/div><\/article><\/div><div class=\"visible wf-cell\" data-post-id=\"2700\" data-date=\"2023-02-15T09:00:02+01:00\" data-name=\"SIEC Paris - The unavoidable event of commercial real estate and retail\"><article class=\"post project-odd visible post-2700 type-post status-publish format-standard has-post-thumbnail hentry category-siec category-paris-portes-de-versailles category-standiste-lyon category-standiste category-paris category-92 category-90 category-78 category-80 category-42\" data-name=\"SIEC Paris &#8211; The unavoidable event of commercial real estate and retail\" data-date=\"2023-02-15T09:00:02+01:00\">\n\n<div class=\"post-thumbnail-wrap\">\n\t<div class=\"post-thumbnail\">\n\t\t\n\t\t\n\t\t<a href=\"https:\/\/www.lyonexpo.fr\/en\/2023\/02\/15\/siec-paris-lincontournable-de-limmobilier-commercial-et-du-retail\/\" class=\"post-thumbnail-rollover layzr-bg layzr-bg\"><img decoding=\"async\" class=\"iso-lazy-load preload-me iso-lazy-load aspect\" src=\"data:image\/svg+xml,%3Csvg%20xmlns%3D&#39;http%3A%2F%2Fwww.w3.org%2F2000%2Fsvg&#39;%20viewBox%3D&#39;0%200%20630%20419&#39;%2F%3E\" data-src=\"https:\/\/www.lyonexpo.fr\/wp-content\/uploads\/2022\/12\/SIEC-630x419.png\" data-srcset=\"https:\/\/www.lyonexpo.fr\/wp-content\/uploads\/2022\/12\/SIEC-630x419.png 630w, https:\/\/www.lyonexpo.fr\/wp-content\/uploads\/2022\/12\/SIEC-630x420.png 630w\" loading=\"eager\" style=\"--ratio: 630 \/ 419\" sizes=\"(max-width: 630px) 100vw, 630px\" alt=\"SIEC standiste\" title=\"SIEC standiste\" width=\"630\" height=\"419\"  \/><\/a>\t<\/div>\n<\/div>\n\n\n<div class=\"post-entry-content\">\n\n\t<h3 class=\"entry-title\">\n\t\t<a href=\"https:\/\/www.lyonexpo.fr\/en\/2023\/02\/15\/siec-paris-lincontournable-de-limmobilier-commercial-et-du-retail\/\" title=\"SIEC Paris &#8211; The unavoidable event of commercial real estate and retail\" rel=\"bookmark\">SIEC Paris &#8211; The unavoidable event of commercial real estate and retail<\/a>\n\t<\/h3>\n\n\t<div class=\"entry-meta\"><span class=\"category-link\"><a href=\"https:\/\/www.lyonexpo.fr\/en\/siec\/\">SIEC<\/a>, <a href=\"https:\/\/www.lyonexpo.fr\/en\/paris-portes-de-versailles\/\">Paris portes de Versailles<\/a>, <a href=\"https:\/\/www.lyonexpo.fr\/en\/standiste-lyon\/\">Standiste lyon<\/a>, <a href=\"https:\/\/www.lyonexpo.fr\/en\/standiste\/\">standiste<\/a>, <a href=\"https:\/\/www.lyonexpo.fr\/en\/paris\/\">paris<\/a><\/span><\/div>\n\t<div class=\"entry-excerpt\"><p>[vc_row][vc_column][vc_single_image image=&#8221;2701&#8243; img_size=&#8221;full&#8221; alignment=&#8221;center&#8221;][vc_empty_space][\/vc_column][\/vc_row][vc_row][vc_column][vc_column_text] SIEC Paris &#8211; The unavoidable event of commercial real estate and retail From 19 to 20 September 2023 &#8211; Paris Expo Portes de Versailles [\/vc_column_text][vc_empty_space][\/vc_column][\/vc_row][vc_row][vc_column width=&#8221;1\/2&#8243;][vc_column_text]Leaders in commercial real estate and retail from throughout Europe gather at SIEC! All French players anticipate and recognize it as a commercial event. An annual&hellip;<\/p>\n<\/div>\n\t\n<a href=\"https:\/\/www.lyonexpo.fr\/en\/2023\/02\/15\/siec-paris-lincontournable-de-limmobilier-commercial-et-du-retail\/\" class=\"post-details details-type-link\" aria-label=\"Read more about SIEC Paris &#8211; The unavoidable event of commercial real estate and retail\">Read more<i class=\"dt-icon-the7-arrow-03\" aria-hidden=\"true\"><\/i><\/a>\n\n<\/div><\/article><\/div><div class=\"visible wf-cell\" data-post-id=\"2759\" data-date=\"2023-02-13T08:22:30+01:00\" data-name=\"SHOP! Le Salon\"><article class=\"post project-odd visible post-2759 type-post status-publish format-standard has-post-thumbnail hentry category-shop category-parc-des-expositions category-paris-portes-de-versailles category-trade-shows category-98 category-94 category-90 category-51\" data-name=\"SHOP! Le Salon\" data-date=\"2023-02-13T08:22:30+01:00\">\n\n<div class=\"post-thumbnail-wrap\">\n\t<div class=\"post-thumbnail\">\n\t\t\n\t\t\n\t\t<a href=\"https:\/\/www.lyonexpo.fr\/en\/2023\/02\/13\/shop-le-salon\/\" class=\"post-thumbnail-rollover layzr-bg layzr-bg\"><img decoding=\"async\" class=\"iso-lazy-load preload-me iso-lazy-load aspect\" src=\"data:image\/svg+xml,%3Csvg%20xmlns%3D&#39;http%3A%2F%2Fwww.w3.org%2F2000%2Fsvg&#39;%20viewBox%3D&#39;0%200%20768%20512&#39;%2F%3E\" data-src=\"https:\/\/www.lyonexpo.fr\/wp-content\/uploads\/2023\/02\/Shop-Le-Salon-FI-768x512.png\" data-srcset=\"https:\/\/www.lyonexpo.fr\/wp-content\/uploads\/2023\/02\/Shop-Le-Salon-FI-768x512.png 768w\" loading=\"eager\" style=\"--ratio: 768 \/ 512\" sizes=\"(max-width: 768px) 100vw, 768px\" alt=\"standiste SHOP!\" title=\"standiste SHOP!\" width=\"768\" height=\"512\"  \/><\/a>\t<\/div>\n<\/div>\n\n\n<div class=\"post-entry-content\">\n\n\t<h3 class=\"entry-title\">\n\t\t<a href=\"https:\/\/www.lyonexpo.fr\/en\/2023\/02\/13\/shop-le-salon\/\" title=\"SHOP! Le Salon\" rel=\"bookmark\">SHOP! Le Salon<\/a>\n\t<\/h3>\n\n\t<div class=\"entry-meta\"><span class=\"category-link\"><a href=\"https:\/\/www.lyonexpo.fr\/en\/shop\/\">Shop!<\/a>, <a href=\"https:\/\/www.lyonexpo.fr\/en\/parc-des-expositions\/\">Parc des expositions<\/a>, <a href=\"https:\/\/www.lyonexpo.fr\/en\/paris-portes-de-versailles\/\">Paris portes de Versailles<\/a>, <a href=\"https:\/\/www.lyonexpo.fr\/en\/trade-shows\/\">Trade Shows<\/a><\/span><\/div>\n\t<div class=\"entry-excerpt\"><p>[vc_row][vc_column][vc_single_image image=&#8221;2760&#8243; img_size=&#8221;full&#8221; alignment=&#8221;center&#8221;][vc_empty_space][\/vc_column][\/vc_row][vc_row][vc_column][vc_column_text] Shop! Le Salon 4-6 April &#8211; Porte de Versailles, Paris [\/vc_column_text][vc_empty_space][\/vc_column][\/vc_row][vc_row][vc_column width=&#8221;1\/2&#8243;][vc_column_text]Once upon a time, there was a small business owner who lived in Paris, France. They were passionate about their business and wanted to showcase their products to a wider audience. They came across a trade show called &#8220;SHOP! Le&hellip;<\/p>\n<\/div>\n\t\n<a href=\"https:\/\/www.lyonexpo.fr\/en\/2023\/02\/13\/shop-le-salon\/\" class=\"post-details details-type-link\" aria-label=\"Read more about SHOP! Le Salon\">Read more<i class=\"dt-icon-the7-arrow-03\" aria-hidden=\"true\"><\/i><\/a>\n\n<\/div><\/article><\/div><div class=\"visible wf-cell\" data-post-id=\"2688\" data-date=\"2023-01-06T09:00:36+01:00\" data-name=\"3D Print - The gathering of the 3D printing industry\"><article class=\"post project-odd visible post-2688 type-post status-publish format-standard has-post-thumbnail hentry category-3d-print category-eurexpo category-lyon category-83 category-63 category-62\" data-name=\"3D Print &#8211; The gathering of the 3D printing industry\" data-date=\"2023-01-06T09:00:36+01:00\">\n\n<div class=\"post-thumbnail-wrap\">\n\t<div class=\"post-thumbnail\">\n\t\t\n\t\t\n\t\t<a href=\"https:\/\/www.lyonexpo.fr\/en\/2023\/01\/06\/3d-print-lincontournable-de-limpression-3d\/\" class=\"post-thumbnail-rollover layzr-bg layzr-bg\"><img decoding=\"async\" class=\"iso-lazy-load preload-me iso-lazy-load aspect\" src=\"data:image\/svg+xml,%3Csvg%20xmlns%3D&#39;http%3A%2F%2Fwww.w3.org%2F2000%2Fsvg&#39;%20viewBox%3D&#39;0%200%20453%20302&#39;%2F%3E\" data-src=\"https:\/\/www.lyonexpo.fr\/wp-content\/uploads\/2022\/12\/3d-print-2023-453x302.jpg\" data-srcset=\"https:\/\/www.lyonexpo.fr\/wp-content\/uploads\/2022\/12\/3d-print-2023-453x302.jpg 453w\" loading=\"eager\" style=\"--ratio: 453 \/ 302\" sizes=\"(max-width: 453px) 100vw, 453px\" alt=\"3D Print standiste\" title=\"3D Print standiste\" width=\"453\" height=\"302\"  \/><\/a>\t<\/div>\n<\/div>\n\n\n<div class=\"post-entry-content\">\n\n\t<h3 class=\"entry-title\">\n\t\t<a href=\"https:\/\/www.lyonexpo.fr\/en\/2023\/01\/06\/3d-print-lincontournable-de-limpression-3d\/\" title=\"3D Print &#8211; The gathering of the 3D printing industry\" rel=\"bookmark\">3D Print &#8211; The gathering of the 3D printing industry<\/a>\n\t<\/h3>\n\n\t<div class=\"entry-meta\"><span class=\"category-link\"><a href=\"https:\/\/www.lyonexpo.fr\/en\/3d-print\/\">3D Print<\/a>, <a href=\"https:\/\/www.lyonexpo.fr\/en\/eurexpo\/\">EurExpo<\/a>, <a href=\"https:\/\/www.lyonexpo.fr\/en\/lyon\/\">Lyon<\/a><\/span><\/div>\n\t<div class=\"entry-excerpt\"><p>[vc_row][vc_column][vc_single_image image=&#8221;2689&#8243; img_size=&#8221;full&#8221; alignment=&#8221;center&#8221;][vc_empty_space][\/vc_column][\/vc_row][vc_row][vc_column][vc_column_text] 3D Print &#8211; The gathering of the 3D printing industry From 6 to 8 June 2023 &#8211; Eurexpo Lyon [\/vc_column_text][vc_empty_space][\/vc_column][\/vc_row][vc_row][vc_column width=&#8221;1\/2&#8243;][vc_column_text]3D Print delivers a global and international vision through a schedule of conferences focusing on the industry&#8217;s most pressing issues and technical workshops bringing together experts: renowned keynotes, numerous sessions led&hellip;<\/p>\n<\/div>\n\t\n<a href=\"https:\/\/www.lyonexpo.fr\/en\/2023\/01\/06\/3d-print-lincontournable-de-limpression-3d\/\" class=\"post-details details-type-link\" aria-label=\"Read more about 3D Print &#8211; The gathering of the 3D printing industry\">Read more<i class=\"dt-icon-the7-arrow-03\" aria-hidden=\"true\"><\/i><\/a>\n\n<\/div><\/article><\/div><div class=\"visible wf-cell\" data-post-id=\"2667\" data-date=\"2022-10-22T17:39:07+02:00\" data-name=\"Franchise Expo Paris - The exhibition for every entrepreneur\"><article class=\"post project-odd visible post-2667 type-post status-publish format-standard has-post-thumbnail hentry category-franchise-expo-paris category-paris-portes-de-versailles category-standiste-lyon category-89 category-90 category-78\" data-name=\"Franchise Expo Paris &#8211; The exhibition for every entrepreneur\" data-date=\"2022-10-22T17:39:07+02:00\">\n\n<div class=\"post-thumbnail-wrap\">\n\t<div class=\"post-thumbnail\">\n\t\t\n\t\t\n\t\t<a href=\"https:\/\/www.lyonexpo.fr\/en\/2022\/10\/22\/franchise-expo-paris-la-rencontre-des-entrepreneurs-de-toutes-horizons\/\" class=\"post-thumbnail-rollover layzr-bg layzr-bg\"><img decoding=\"async\" class=\"iso-lazy-load preload-me iso-lazy-load aspect\" src=\"data:image\/svg+xml,%3Csvg%20xmlns%3D&#39;http%3A%2F%2Fwww.w3.org%2F2000%2Fsvg&#39;%20viewBox%3D&#39;0%200%20768%20512&#39;%2F%3E\" data-src=\"https:\/\/www.lyonexpo.fr\/wp-content\/uploads\/2022\/11\/Franchise-Expo-Paris-768x512.png\" data-srcset=\"https:\/\/www.lyonexpo.fr\/wp-content\/uploads\/2022\/11\/Franchise-Expo-Paris-768x512.png 768w, https:\/\/www.lyonexpo.fr\/wp-content\/uploads\/2022\/11\/Franchise-Expo-Paris-1152x768.png 1152w\" loading=\"eager\" style=\"--ratio: 768 \/ 512\" sizes=\"(max-width: 768px) 100vw, 768px\" alt=\"Franchise Expo Standiste\" title=\"Franchise Expo Standiste\" width=\"768\" height=\"512\"  \/><\/a>\t<\/div>\n<\/div>\n\n\n<div class=\"post-entry-content\">\n\n\t<h3 class=\"entry-title\">\n\t\t<a href=\"https:\/\/www.lyonexpo.fr\/en\/2022\/10\/22\/franchise-expo-paris-la-rencontre-des-entrepreneurs-de-toutes-horizons\/\" title=\"Franchise Expo Paris &#8211; The exhibition for every entrepreneur\" rel=\"bookmark\">Franchise Expo Paris &#8211; The exhibition for every entrepreneur<\/a>\n\t<\/h3>\n\n\t<div class=\"entry-meta\"><span class=\"category-link\"><a href=\"https:\/\/www.lyonexpo.fr\/en\/franchise-expo-paris\/\">Franchise Expo Paris<\/a>, <a href=\"https:\/\/www.lyonexpo.fr\/en\/paris-portes-de-versailles\/\">Paris portes de Versailles<\/a>, <a href=\"https:\/\/www.lyonexpo.fr\/en\/standiste-lyon\/\">Standiste lyon<\/a><\/span><\/div>\n\t<div class=\"entry-excerpt\"><p>[vc_row][vc_column][vc_single_image image=&#8221;2668&#8243; img_size=&#8221;full&#8221; alignment=&#8221;center&#8221;][vc_empty_space][\/vc_column][\/vc_row][vc_row][vc_column][vc_column_text] Franchise Expo Paris &#8211; The exhibition for every entrepreneur From 19 to 22 March &#8211; Paris, Portes de Versailles [\/vc_column_text][vc_empty_space][\/vc_column][\/vc_row][vc_row][vc_column width=&#8221;1\/2&#8243;][vc_column_text]Franchise Expo Paris will experience a revival this year compared to previous editions. Indeed, after the management of the show was taken over by Infopro Digital, the objective is to become&hellip;<\/p>\n<\/div>\n\t\n<a href=\"https:\/\/www.lyonexpo.fr\/en\/2022\/10\/22\/franchise-expo-paris-la-rencontre-des-entrepreneurs-de-toutes-horizons\/\" class=\"post-details details-type-link\" aria-label=\"Read more about Franchise Expo Paris &#8211; The exhibition for every entrepreneur\">Read more<i class=\"dt-icon-the7-arrow-03\" aria-hidden=\"true\"><\/i><\/a>\n\n<\/div><\/article><\/div><div class=\"visible wf-cell\" data-post-id=\"2655\" data-date=\"2022-10-11T17:18:24+02:00\" data-name=\"Primev\u00e8re - The exhibition for sustainability\"><article class=\"post project-odd visible post-2655 type-post status-publish format-standard has-post-thumbnail hentry category-primevere category-eurexpo category-lyon category-standiste-lyon category-88 category-63 category-62 category-78\" data-name=\"Primev\u00e8re &#8211; The exhibition for sustainability\" data-date=\"2022-10-11T17:18:24+02:00\">\n\n<div class=\"post-thumbnail-wrap\">\n\t<div class=\"post-thumbnail\">\n\t\t\n\t\t\n\t\t<a href=\"https:\/\/www.lyonexpo.fr\/en\/2022\/10\/11\/primevere-le-salon-de-lecologie\/\" class=\"post-thumbnail-rollover layzr-bg layzr-bg\"><img decoding=\"async\" class=\"iso-lazy-load preload-me iso-lazy-load aspect\" src=\"data:image\/svg+xml,%3Csvg%20xmlns%3D&#39;http%3A%2F%2Fwww.w3.org%2F2000%2Fsvg&#39;%20viewBox%3D&#39;0%200%20526%20351&#39;%2F%3E\" data-src=\"https:\/\/www.lyonexpo.fr\/wp-content\/uploads\/2022\/11\/Primevere-526x351.png\" data-srcset=\"https:\/\/www.lyonexpo.fr\/wp-content\/uploads\/2022\/11\/Primevere-526x351.png 526w, https:\/\/www.lyonexpo.fr\/wp-content\/uploads\/2022\/11\/Primevere-526x350.png 526w\" loading=\"eager\" style=\"--ratio: 526 \/ 351\" sizes=\"(max-width: 526px) 100vw, 526px\" alt=\"Primev\u00e8re standiste\" title=\"Primev\u00e8re standiste\" width=\"526\" height=\"351\"  \/><\/a>\t<\/div>\n<\/div>\n\n\n<div class=\"post-entry-content\">\n\n\t<h3 class=\"entry-title\">\n\t\t<a href=\"https:\/\/www.lyonexpo.fr\/en\/2022\/10\/11\/primevere-le-salon-de-lecologie\/\" title=\"Primev\u00e8re &#8211; The exhibition for sustainability\" rel=\"bookmark\">Primev\u00e8re &#8211; The exhibition for sustainability<\/a>\n\t<\/h3>\n\n\t<div class=\"entry-meta\"><span class=\"category-link\"><a href=\"https:\/\/www.lyonexpo.fr\/en\/primevere\/\">Primev\u00e8re<\/a>, <a href=\"https:\/\/www.lyonexpo.fr\/en\/eurexpo\/\">EurExpo<\/a>, <a href=\"https:\/\/www.lyonexpo.fr\/en\/lyon\/\">Lyon<\/a>, <a href=\"https:\/\/www.lyonexpo.fr\/en\/standiste-lyon\/\">Standiste lyon<\/a><\/span><\/div>\n\t<div class=\"entry-excerpt\"><p>[vc_row][vc_column][vc_single_image image=&#8221;2656&#8243; img_size=&#8221;full&#8221; alignment=&#8221;center&#8221;][vc_empty_space][\/vc_column][\/vc_row][vc_row][vc_column][vc_column_text] Primev\u00e8re &#8211; The exhibition for sustainability From 17 to 19 February &#8211; Eurexpo Lyon [\/vc_column_text][vc_empty_space][\/vc_column][\/vc_row][vc_row][vc_column width=&#8221;1\/2&#8243;][vc_column_text]In a world where sustainability takes an increasingly important place in the various aspects of professional development and where it is of paramount importance to know how to adapt and develop with this new concept in&hellip;<\/p>\n<\/div>\n\t\n<a href=\"https:\/\/www.lyonexpo.fr\/en\/2022\/10\/11\/primevere-le-salon-de-lecologie\/\" class=\"post-details details-type-link\" aria-label=\"Read more about Primev\u00e8re &#8211; The exhibition for sustainability\">Read more<i class=\"dt-icon-the7-arrow-03\" aria-hidden=\"true\"><\/i><\/a>\n\n<\/div><\/article><\/div><div class=\"visible wf-cell\" data-post-id=\"2661\" data-date=\"2022-10-10T17:29:08+02:00\" data-name=\"Global Industrie Connect - The meeting point for all industry\"><article class=\"post project-odd visible post-2661 type-post status-publish format-standard has-post-thumbnail hentry category-global-industrie category-eurexpo category-lyon category-standiste-lyon category-84 category-63 category-62 category-78\" data-name=\"Global Industrie Connect &#8211; The meeting point for all industry\" data-date=\"2022-10-10T17:29:08+02:00\">\n\n<div class=\"post-thumbnail-wrap\">\n\t<div class=\"post-thumbnail\">\n\t\t\n\t\t\n\t\t<a href=\"https:\/\/www.lyonexpo.fr\/en\/2022\/10\/10\/global-industrie-connect-le-point-de-rencontre-de-toute-lindustrie\/\" class=\"post-thumbnail-rollover layzr-bg layzr-bg\"><img decoding=\"async\" class=\"iso-lazy-load preload-me iso-lazy-load aspect\" src=\"data:image\/svg+xml,%3Csvg%20xmlns%3D&#39;http%3A%2F%2Fwww.w3.org%2F2000%2Fsvg&#39;%20viewBox%3D&#39;0%200%20768%20512&#39;%2F%3E\" data-src=\"https:\/\/www.lyonexpo.fr\/wp-content\/uploads\/2022\/11\/Global-Industrie-768x512.jpg\" data-srcset=\"https:\/\/www.lyonexpo.fr\/wp-content\/uploads\/2022\/11\/Global-Industrie-768x512.jpg 768w, https:\/\/www.lyonexpo.fr\/wp-content\/uploads\/2022\/11\/Global-Industrie-1152x768.jpg 1152w\" loading=\"eager\" style=\"--ratio: 768 \/ 512\" sizes=\"(max-width: 768px) 100vw, 768px\" alt=\"Global Industrie standiste\" title=\"Global Industrie standiste\" width=\"768\" height=\"512\"  \/><\/a>\t<\/div>\n<\/div>\n\n\n<div class=\"post-entry-content\">\n\n\t<h3 class=\"entry-title\">\n\t\t<a href=\"https:\/\/www.lyonexpo.fr\/en\/2022\/10\/10\/global-industrie-connect-le-point-de-rencontre-de-toute-lindustrie\/\" title=\"Global Industrie Connect &#8211; The meeting point for all industry\" rel=\"bookmark\">Global Industrie Connect &#8211; The meeting point for all industry<\/a>\n\t<\/h3>\n\n\t<div class=\"entry-meta\"><span class=\"category-link\"><a href=\"https:\/\/www.lyonexpo.fr\/en\/global-industrie\/\">Global Industrie<\/a>, <a href=\"https:\/\/www.lyonexpo.fr\/en\/eurexpo\/\">EurExpo<\/a>, <a href=\"https:\/\/www.lyonexpo.fr\/en\/lyon\/\">Lyon<\/a>, <a href=\"https:\/\/www.lyonexpo.fr\/en\/standiste-lyon\/\">Standiste lyon<\/a><\/span><\/div>\n\t<div class=\"entry-excerpt\"><p>[vc_row][vc_column][vc_single_image image=&#8221;2662&#8243; img_size=&#8221;full&#8221; alignment=&#8221;center&#8221;][vc_empty_space][\/vc_column][\/vc_row][vc_row][vc_column][vc_column_text] Global Industrie Connect &#8211; The meeting point for all industry From 7 to 10 March &#8211; Eurexpo Lyon [\/vc_column_text][vc_empty_space][\/vc_column][\/vc_row][vc_row][vc_column width=&#8221;1\/2&#8243;][vc_column_text]This year, Global Industrie returns to Lyon for its fifth edition. Having established itself as one of the very first exhibitions entirely devoted to industry, Global Industrie is positioned both on the&hellip;<\/p>\n<\/div>\n\t\n<a href=\"https:\/\/www.lyonexpo.fr\/en\/2022\/10\/10\/global-industrie-connect-le-point-de-rencontre-de-toute-lindustrie\/\" class=\"post-details details-type-link\" aria-label=\"Read more about Global Industrie Connect &#8211; The meeting point for all industry\">Read more<i class=\"dt-icon-the7-arrow-03\" aria-hidden=\"true\"><\/i><\/a>\n\n<\/div><\/article><\/div><div class=\"visible wf-cell\" data-post-id=\"2645\" data-date=\"2022-09-01T20:35:27+02:00\" data-name=\"C!Print - The unmissable in the visual communication and graphics industry!\"><article class=\"post project-odd visible post-2645 type-post status-publish format-standard has-post-thumbnail hentry category-cprint category-lyon category-standiste-lyon category-76 category-62 category-78\" data-name=\"C!Print &#8211; The unmissable in the visual communication and graphics industry!\" data-date=\"2022-09-01T20:35:27+02:00\">\n\n<div class=\"post-thumbnail-wrap\">\n\t<div class=\"post-thumbnail\">\n\t\t\n\t\t\n\t\t<a href=\"https:\/\/www.lyonexpo.fr\/en\/2022\/09\/01\/cprint-lincontournable-de-communication-visuelle-et-des-industries-graphiques\/\" class=\"post-thumbnail-rollover layzr-bg layzr-bg\"><img decoding=\"async\" class=\"iso-lazy-load preload-me iso-lazy-load aspect\" src=\"data:image\/svg+xml,%3Csvg%20xmlns%3D&#39;http%3A%2F%2Fwww.w3.org%2F2000%2Fsvg&#39;%20viewBox%3D&#39;0%200%20600%20400&#39;%2F%3E\" data-src=\"https:\/\/www.lyonexpo.fr\/wp-content\/uploads\/2022\/11\/CPrint.jpg\" data-srcset=\"https:\/\/www.lyonexpo.fr\/wp-content\/uploads\/2022\/11\/CPrint.jpg 600w\" loading=\"eager\" style=\"--ratio: 600 \/ 400\" sizes=\"(max-width: 600px) 100vw, 600px\" alt=\"C!Print stand builder\" title=\"C!Print stand builder\" width=\"600\" height=\"400\"  \/><\/a>\t<\/div>\n<\/div>\n\n\n<div class=\"post-entry-content\">\n\n\t<h3 class=\"entry-title\">\n\t\t<a href=\"https:\/\/www.lyonexpo.fr\/en\/2022\/09\/01\/cprint-lincontournable-de-communication-visuelle-et-des-industries-graphiques\/\" title=\"C!Print &#8211; The unmissable in the visual communication and graphics industry!\" rel=\"bookmark\">C!Print &#8211; The unmissable in the visual communication and graphics industry!<\/a>\n\t<\/h3>\n\n\t<div class=\"entry-meta\"><span class=\"category-link\"><a href=\"https:\/\/www.lyonexpo.fr\/en\/cprint\/\">C!PRINT<\/a>, <a href=\"https:\/\/www.lyonexpo.fr\/en\/lyon\/\">Lyon<\/a>, <a href=\"https:\/\/www.lyonexpo.fr\/en\/standiste-lyon\/\">Standiste lyon<\/a><\/span><\/div>\n\t<div class=\"entry-excerpt\"><p>[vc_row][vc_column][vc_single_image image=&#8221;2646&#8243; img_size=&#8221;full&#8221; alignment=&#8221;center&#8221;][vc_empty_space][\/vc_column][\/vc_row][vc_row][vc_column][vc_column_text] The unmissable in the visual communication and graphics industry! From 31 January to 2 February &#8211; Eurexpo Lyon [\/vc_column_text][vc_empty_space][\/vc_column][\/vc_row][vc_row][vc_column width=&#8221;1\/2&#8243;][vc_column_text]The C!Print trade show, which is regarded as the premier occasion in the visual communication and graphic sectors, brings together a community of professionals looking for motivation and innovative solutions. C!Print is&hellip;<\/p>\n<\/div>\n\t\n<a href=\"https:\/\/www.lyonexpo.fr\/en\/2022\/09\/01\/cprint-lincontournable-de-communication-visuelle-et-des-industries-graphiques\/\" class=\"post-details details-type-link\" aria-label=\"Read more about C!Print &#8211; The unmissable in the visual communication and graphics industry!\">Read more<i class=\"dt-icon-the7-arrow-03\" aria-hidden=\"true\"><\/i><\/a>\n\n<\/div><\/article><\/div><div class=\"visible wf-cell\" data-post-id=\"2639\" data-date=\"2022-08-31T18:44:27+02:00\" data-name=\"CTCO Lyon - The exhibition for communication thru object and textile!\"><article class=\"post project-odd visible post-2639 type-post status-publish format-standard has-post-thumbnail hentry category-ctco category-lyon category-standiste-lyon category-87 category-62 category-78\" data-name=\"CTCO Lyon &#8211; The exhibition for communication thru object and textile!\" data-date=\"2022-08-31T18:44:27+02:00\">\n\n<div class=\"post-thumbnail-wrap\">\n\t<div class=\"post-thumbnail\">\n\t\t\n\t\t\n\t\t<a href=\"https:\/\/www.lyonexpo.fr\/en\/2022\/08\/31\/ctco-lyon-le-salon-de-la-communication-par-objet-et-le-textile\/\" class=\"post-thumbnail-rollover layzr-bg layzr-bg\"><img decoding=\"async\" class=\"iso-lazy-load preload-me iso-lazy-load aspect\" src=\"data:image\/svg+xml,%3Csvg%20xmlns%3D&#39;http%3A%2F%2Fwww.w3.org%2F2000%2Fsvg&#39;%20viewBox%3D&#39;0%200%20768%20512&#39;%2F%3E\" data-src=\"https:\/\/www.lyonexpo.fr\/wp-content\/uploads\/2022\/11\/CTCO-768x512.jpg\" data-srcset=\"https:\/\/www.lyonexpo.fr\/wp-content\/uploads\/2022\/11\/CTCO-768x512.jpg 768w, https:\/\/www.lyonexpo.fr\/wp-content\/uploads\/2022\/11\/CTCO.jpg 1024w\" loading=\"eager\" style=\"--ratio: 768 \/ 512\" sizes=\"(max-width: 768px) 100vw, 768px\" alt=\"CTCO standiste\" title=\"CTCO standiste\" width=\"768\" height=\"512\"  \/><\/a>\t<\/div>\n<\/div>\n\n\n<div class=\"post-entry-content\">\n\n\t<h3 class=\"entry-title\">\n\t\t<a href=\"https:\/\/www.lyonexpo.fr\/en\/2022\/08\/31\/ctco-lyon-le-salon-de-la-communication-par-objet-et-le-textile\/\" title=\"CTCO Lyon &#8211; The exhibition for communication thru object and textile!\" rel=\"bookmark\">CTCO Lyon &#8211; The exhibition for communication thru object and textile!<\/a>\n\t<\/h3>\n\n\t<div class=\"entry-meta\"><span class=\"category-link\"><a href=\"https:\/\/www.lyonexpo.fr\/en\/ctco\/\">CTCO<\/a>, <a href=\"https:\/\/www.lyonexpo.fr\/en\/lyon\/\">Lyon<\/a>, <a href=\"https:\/\/www.lyonexpo.fr\/en\/standiste-lyon\/\">Standiste lyon<\/a><\/span><\/div>\n\t<div class=\"entry-excerpt\"><p>[vc_row][vc_column][vc_single_image image=&#8221;2640&#8243; img_size=&#8221;full&#8221; alignment=&#8221;center&#8221;][vc_empty_space][\/vc_column][\/vc_row][vc_row][vc_column][vc_column_text] The exhibition for communication thru object and textile! From 31 January to 2 February &#8211; Eurexpo Lyon [\/vc_column_text][vc_empty_space][\/vc_column][\/vc_row][vc_row][vc_column width=&#8221;1\/2&#8243;][vc_column_text]With its innovative concept and its rich programming, CTCO is the reference exhibition in the sector of gifts and garments. Organized over three days, from the 31st of January to the 2nd of&hellip;<\/p>\n<\/div>\n\t\n<a href=\"https:\/\/www.lyonexpo.fr\/en\/2022\/08\/31\/ctco-lyon-le-salon-de-la-communication-par-objet-et-le-textile\/\" class=\"post-details details-type-link\" aria-label=\"Read more about CTCO Lyon &#8211; The exhibition for communication thru object and textile!\">Read more<i class=\"dt-icon-the7-arrow-03\" aria-hidden=\"true\"><\/i><\/a>\n\n<\/div><\/article><\/div><div class=\"visible wf-cell\" data-post-id=\"2632\" data-date=\"2022-08-19T18:34:03+02:00\" data-name=\"Sirha Lyon - The meeting of the catering, hotel, and food sector!\"><article class=\"post project-odd visible post-2632 type-post status-publish format-standard has-post-thumbnail hentry category-sirha-2 category-lyon category-standiste-lyon category-86 category-62 category-78\" data-name=\"Sirha Lyon &#8211; The meeting of the catering, hotel, and food sector!\" data-date=\"2022-08-19T18:34:03+02:00\">\n\n<div class=\"post-thumbnail-wrap\">\n\t<div class=\"post-thumbnail\">\n\t\t\n\t\t\n\t\t<a href=\"https:\/\/www.lyonexpo.fr\/en\/2022\/08\/19\/sirha-lyon\/\" class=\"post-thumbnail-rollover layzr-bg layzr-bg\"><img decoding=\"async\" class=\"iso-lazy-load preload-me iso-lazy-load aspect\" src=\"data:image\/svg+xml,%3Csvg%20xmlns%3D&#39;http%3A%2F%2Fwww.w3.org%2F2000%2Fsvg&#39;%20viewBox%3D&#39;0%200%20768%20512&#39;%2F%3E\" data-src=\"https:\/\/www.lyonexpo.fr\/wp-content\/uploads\/2022\/11\/Sirha-768x512.jpg\" data-srcset=\"https:\/\/www.lyonexpo.fr\/wp-content\/uploads\/2022\/11\/Sirha-768x512.jpg 768w, https:\/\/www.lyonexpo.fr\/wp-content\/uploads\/2022\/11\/Sirha-1152x768.jpg 1152w\" loading=\"eager\" style=\"--ratio: 768 \/ 512\" sizes=\"(max-width: 768px) 100vw, 768px\" alt=\"Sirha Lyon standiste\" title=\"Sirha Lyon standiste\" width=\"768\" height=\"512\"  \/><\/a>\t<\/div>\n<\/div>\n\n\n<div class=\"post-entry-content\">\n\n\t<h3 class=\"entry-title\">\n\t\t<a href=\"https:\/\/www.lyonexpo.fr\/en\/2022\/08\/19\/sirha-lyon\/\" title=\"Sirha Lyon &#8211; The meeting of the catering, hotel, and food sector!\" rel=\"bookmark\">Sirha Lyon &#8211; The meeting of the catering, hotel, and food sector!<\/a>\n\t<\/h3>\n\n\t<div class=\"entry-meta\"><span class=\"category-link\"><a href=\"https:\/\/www.lyonexpo.fr\/en\/sirha-2\/\">Sirha<\/a>, <a href=\"https:\/\/www.lyonexpo.fr\/en\/lyon\/\">Lyon<\/a>, <a href=\"https:\/\/www.lyonexpo.fr\/en\/standiste-lyon\/\">Standiste lyon<\/a><\/span><\/div>\n\t<div class=\"entry-excerpt\"><p>[vc_row][vc_column][vc_single_image image=&#8221;2618&#8243; img_size=&#8221;full&#8221; alignment=&#8221;center&#8221;][vc_empty_space][\/vc_column][\/vc_row][vc_row][vc_column][vc_column_text] The meeting of the catering, hotel, and food sector! From 19 to 23 January &#8211; Eurexpo Lyon [\/vc_column_text][vc_empty_space][\/vc_column][\/vc_row][vc_row][vc_column width=&#8221;1\/2&#8243;][vc_column_text]Bringing together more than 4,000 players from the catering and food industry, Sirha Lyon is back to celebrate its 40th anniversary during its 21st edition from 19 to 23 January 2023. Bringing together&hellip;<\/p>\n<\/div>\n\t\n<a href=\"https:\/\/www.lyonexpo.fr\/en\/2022\/08\/19\/sirha-lyon\/\" class=\"post-details details-type-link\" aria-label=\"Read more about Sirha Lyon &#8211; The meeting of the catering, hotel, and food sector!\">Read more<i class=\"dt-icon-the7-arrow-03\" aria-hidden=\"true\"><\/i><\/a>\n\n<\/div><\/article><\/div><div class=\"visible wf-cell\" data-post-id=\"2450\" data-date=\"2022-02-03T12:34:25+01:00\" data-name=\"PISCINE GLOBAL EUROPE - The leading swimming pool and wellness event\"><article class=\"post project-odd visible post-2450 type-post status-publish format-standard has-post-thumbnail hentry category-piscine-global-europe category-standiste-lyon category-standiste category-trade-shows category-77 category-78 category-80 category-51\" data-name=\"PISCINE GLOBAL EUROPE &#8211; The leading swimming pool and wellness event\" data-date=\"2022-02-03T12:34:25+01:00\">\n\n<div class=\"post-thumbnail-wrap\">\n\t<div class=\"post-thumbnail\">\n\t\t\n\t\t\n\t\t<a href=\"https:\/\/www.lyonexpo.fr\/en\/2022\/02\/03\/piscine-global-europe-les-evenements-de-reference-de-la-piscine-et-du-bien-etre\/\" class=\"post-thumbnail-rollover layzr-bg layzr-bg\"><img decoding=\"async\" class=\"iso-lazy-load preload-me iso-lazy-load aspect\" src=\"data:image\/svg+xml,%3Csvg%20xmlns%3D&#39;http%3A%2F%2Fwww.w3.org%2F2000%2Fsvg&#39;%20viewBox%3D&#39;0%200%20768%20512&#39;%2F%3E\" data-src=\"https:\/\/www.lyonexpo.fr\/wp-content\/uploads\/2022\/02\/2000x1000-shutterstock_3137638762028129-768x512.jpg\" data-srcset=\"https:\/\/www.lyonexpo.fr\/wp-content\/uploads\/2022\/02\/2000x1000-shutterstock_3137638762028129-768x512.jpg 768w, https:\/\/www.lyonexpo.fr\/wp-content\/uploads\/2022\/02\/2000x1000-shutterstock_3137638762028129-1152x768.jpg 1152w\" loading=\"eager\" style=\"--ratio: 768 \/ 512\" sizes=\"(max-width: 768px) 100vw, 768px\" alt=\"piscine global lyon stand builder\" title=\"piscine global lyon stand builder\" width=\"768\" height=\"512\"  \/><\/a>\t<\/div>\n<\/div>\n\n\n<div class=\"post-entry-content\">\n\n\t<h3 class=\"entry-title\">\n\t\t<a href=\"https:\/\/www.lyonexpo.fr\/en\/2022\/02\/03\/piscine-global-europe-les-evenements-de-reference-de-la-piscine-et-du-bien-etre\/\" title=\"PISCINE GLOBAL EUROPE &#8211; The leading swimming pool and wellness event\" rel=\"bookmark\">PISCINE GLOBAL EUROPE &#8211; The leading swimming pool and wellness event<\/a>\n\t<\/h3>\n\n\t<div class=\"entry-meta\"><span class=\"category-link\"><a href=\"https:\/\/www.lyonexpo.fr\/en\/piscine-global-europe\/\">Piscine Global Europe<\/a>, <a href=\"https:\/\/www.lyonexpo.fr\/en\/standiste-lyon\/\">Standiste lyon<\/a>, <a href=\"https:\/\/www.lyonexpo.fr\/en\/standiste\/\">standiste<\/a>, <a href=\"https:\/\/www.lyonexpo.fr\/en\/trade-shows\/\">Trade Shows<\/a><\/span><\/div>\n\t<div class=\"entry-excerpt\"><p>With more than 40 years of expertise, Piscine Global Europe is THE reference event for professionals in the swimming pool and wellness market<\/p>\n<\/div>\n\t\n<a href=\"https:\/\/www.lyonexpo.fr\/en\/2022\/02\/03\/piscine-global-europe-les-evenements-de-reference-de-la-piscine-et-du-bien-etre\/\" class=\"post-details details-type-link\" aria-label=\"Read more about PISCINE GLOBAL EUROPE &#8211; The leading swimming pool and wellness event\">Read more<i class=\"dt-icon-the7-arrow-03\" aria-hidden=\"true\"><\/i><\/a>\n\n<\/div><\/article><\/div><div class=\"visible wf-cell\" data-post-id=\"2432\" data-date=\"2022-01-19T10:16:32+01:00\" data-name=\"3D Print Lyon - THE gathering of the additive manufacturing community\"><article class=\"post project-odd visible post-2432 type-post status-publish format-standard has-post-thumbnail hentry category-3d-print category-eurexpo category-lyon category-standiste-lyon category-83 category-63 category-62 category-78\" data-name=\"3D Print Lyon &#8211; THE gathering of the additive manufacturing community\" data-date=\"2022-01-19T10:16:32+01:00\">\n\n<div class=\"post-thumbnail-wrap\">\n\t<div class=\"post-thumbnail\">\n\t\t\n\t\t\n\t\t<a href=\"https:\/\/www.lyonexpo.fr\/en\/2022\/01\/19\/3d-print-lyon-the-gathering-of-the-additive-manufacturing-community\/\" class=\"post-thumbnail-rollover layzr-bg layzr-bg\"><img decoding=\"async\" class=\"iso-lazy-load preload-me iso-lazy-load aspect\" src=\"data:image\/svg+xml,%3Csvg%20xmlns%3D&#39;http%3A%2F%2Fwww.w3.org%2F2000%2Fsvg&#39;%20viewBox%3D&#39;0%200%20768%20512&#39;%2F%3E\" data-src=\"https:\/\/www.lyonexpo.fr\/wp-content\/uploads\/2022\/01\/3Dprint19_Ambiance_172-768x512.jpg\" data-srcset=\"https:\/\/www.lyonexpo.fr\/wp-content\/uploads\/2022\/01\/3Dprint19_Ambiance_172-768x512.jpg 768w, https:\/\/www.lyonexpo.fr\/wp-content\/uploads\/2022\/01\/3Dprint19_Ambiance_172-1152x768.jpg 1152w\" loading=\"eager\" style=\"--ratio: 768 \/ 512\" sizes=\"(max-width: 768px) 100vw, 768px\" alt=\"3D print 2022 Lyon custom stand\" title=\"3D print 2022 Lyon custom stand\" width=\"768\" height=\"512\"  \/><\/a>\t<\/div>\n<\/div>\n\n\n<div class=\"post-entry-content\">\n\n\t<h3 class=\"entry-title\">\n\t\t<a href=\"https:\/\/www.lyonexpo.fr\/en\/2022\/01\/19\/3d-print-lyon-the-gathering-of-the-additive-manufacturing-community\/\" title=\"3D Print Lyon &#8211; THE gathering of the additive manufacturing community\" rel=\"bookmark\">3D Print Lyon &#8211; THE gathering of the additive manufacturing community<\/a>\n\t<\/h3>\n\n\t<div class=\"entry-meta\"><span class=\"category-link\"><a href=\"https:\/\/www.lyonexpo.fr\/en\/3d-print\/\">3D Print<\/a>, <a href=\"https:\/\/www.lyonexpo.fr\/en\/eurexpo\/\">EurExpo<\/a>, <a href=\"https:\/\/www.lyonexpo.fr\/en\/lyon\/\">Lyon<\/a>, <a href=\"https:\/\/www.lyonexpo.fr\/en\/standiste-lyon\/\">Standiste lyon<\/a><\/span><\/div>\n\t<div class=\"entry-excerpt\"><p>The whole industry gathers during 3 days to present their latest innovations and industrial solutions in additive manufacturing.<\/p>\n<\/div>\n\t\n<a href=\"https:\/\/www.lyonexpo.fr\/en\/2022\/01\/19\/3d-print-lyon-the-gathering-of-the-additive-manufacturing-community\/\" class=\"post-details details-type-link\" aria-label=\"Read more about 3D Print Lyon &#8211; THE gathering of the additive manufacturing community\">Read more<i class=\"dt-icon-the7-arrow-03\" aria-hidden=\"true\"><\/i><\/a>\n\n<\/div><\/article><\/div><div class=\"visible wf-cell\" data-post-id=\"2370\" data-date=\"2021-11-12T12:45:20+01:00\" data-name=\"BEPOSITIVE - The French energy transition exhibition\"><article class=\"post project-odd visible post-2370 type-post status-publish format-standard has-post-thumbnail hentry category-bepositive category-eurexpo category-lyon category-uncategorised category-82 category-63 category-62 category-1\" data-name=\"BEPOSITIVE &#8211; The French energy transition exhibition\" data-date=\"2021-11-12T12:45:20+01:00\">\n\n<div class=\"post-thumbnail-wrap\">\n\t<div class=\"post-thumbnail\">\n\t\t\n\t\t\n\t\t<a href=\"https:\/\/www.lyonexpo.fr\/en\/2021\/11\/12\/bepositive-le-salon-de-la-transition-energetique\/\" class=\"post-thumbnail-rollover layzr-bg layzr-bg\"><img decoding=\"async\" class=\"iso-lazy-load preload-me iso-lazy-load aspect\" src=\"data:image\/svg+xml,%3Csvg%20xmlns%3D&#39;http%3A%2F%2Fwww.w3.org%2F2000%2Fsvg&#39;%20viewBox%3D&#39;0%200%20768%20512&#39;%2F%3E\" data-src=\"https:\/\/www.lyonexpo.fr\/wp-content\/uploads\/2021\/11\/BEPOSITIVE_salon-Lyon-scaled-768x512.jpg\" data-srcset=\"https:\/\/www.lyonexpo.fr\/wp-content\/uploads\/2021\/11\/BEPOSITIVE_salon-Lyon-scaled-768x512.jpg 768w, https:\/\/www.lyonexpo.fr\/wp-content\/uploads\/2021\/11\/BEPOSITIVE_salon-Lyon-scaled-1152x768.jpg 1152w\" loading=\"eager\" style=\"--ratio: 768 \/ 512\" sizes=\"(max-width: 768px) 100vw, 768px\" alt=\"BEPOSITIVE standiste Lyon\" title=\"BEPOSITIVE standiste Lyon\" width=\"768\" height=\"512\"  \/><\/a>\t<\/div>\n<\/div>\n\n\n<div class=\"post-entry-content\">\n\n\t<h3 class=\"entry-title\">\n\t\t<a href=\"https:\/\/www.lyonexpo.fr\/en\/2021\/11\/12\/bepositive-le-salon-de-la-transition-energetique\/\" title=\"BEPOSITIVE &#8211; The French energy transition exhibition\" rel=\"bookmark\">BEPOSITIVE &#8211; The French energy transition exhibition<\/a>\n\t<\/h3>\n\n\t<div class=\"entry-meta\"><span class=\"category-link\"><a href=\"https:\/\/www.lyonexpo.fr\/en\/bepositive\/\">BePOSITIVE<\/a>, <a href=\"https:\/\/www.lyonexpo.fr\/en\/eurexpo\/\">EurExpo<\/a>, <a href=\"https:\/\/www.lyonexpo.fr\/en\/lyon\/\">Lyon<\/a>, <a href=\"https:\/\/www.lyonexpo.fr\/en\/uncategorised\/\">Uncategorised<\/a><\/span><\/div>\n\t<div class=\"entry-excerpt\"><p>As the unifying event in the energy and sustainable building sector, BePOSITIVE is organised around 4 exhibition sectors&#8230;<\/p>\n<\/div>\n\t\n<a href=\"https:\/\/www.lyonexpo.fr\/en\/2021\/11\/12\/bepositive-le-salon-de-la-transition-energetique\/\" class=\"post-details details-type-link\" aria-label=\"Read more about BEPOSITIVE &#8211; The French energy transition exhibition\">Read more<i class=\"dt-icon-the7-arrow-03\" aria-hidden=\"true\"><\/i><\/a>\n\n<\/div><\/article><\/div><div class=\"visible wf-cell\" data-post-id=\"2219\" data-date=\"2020-10-08T15:21:59+02:00\" data-name=\"Sport Achat Lyon\"><article class=\"post project-odd visible post-2219 type-post status-publish format-standard has-post-thumbnail hentry category-sport-achat category-eurexpo category-lyon category-81 category-63 category-62\" data-name=\"Sport Achat Lyon\" data-date=\"2020-10-08T15:21:59+02:00\">\n\n<div class=\"post-thumbnail-wrap\">\n\t<div class=\"post-thumbnail\">\n\t\t\n\t\t\n\t\t<a href=\"https:\/\/www.lyonexpo.fr\/en\/2020\/10\/08\/sport-achat-lyon\/\" class=\"post-thumbnail-rollover layzr-bg layzr-bg\"><img decoding=\"async\" class=\"iso-lazy-load preload-me iso-lazy-load aspect\" src=\"data:image\/svg+xml,%3Csvg%20xmlns%3D&#39;http%3A%2F%2Fwww.w3.org%2F2000%2Fsvg&#39;%20viewBox%3D&#39;0%200%20768%20512&#39;%2F%3E\" data-src=\"https:\/\/www.lyonexpo.fr\/wp-content\/uploads\/2020\/10\/SPORT_ACHAT_2019_Image-768x512.jpg\" data-srcset=\"https:\/\/www.lyonexpo.fr\/wp-content\/uploads\/2020\/10\/SPORT_ACHAT_2019_Image-768x512.jpg 768w, https:\/\/www.lyonexpo.fr\/wp-content\/uploads\/2020\/10\/SPORT_ACHAT_2019_Image-1152x768.jpg 1152w\" loading=\"eager\" style=\"--ratio: 768 \/ 512\" sizes=\"(max-width: 768px) 100vw, 768px\" alt=\"SPORT_ACHAT_2019\" title=\"SPORT_ACHAT_2019_Image\" width=\"768\" height=\"512\"  \/><\/a>\t<\/div>\n<\/div>\n\n\n<div class=\"post-entry-content\">\n\n\t<h3 class=\"entry-title\">\n\t\t<a href=\"https:\/\/www.lyonexpo.fr\/en\/2020\/10\/08\/sport-achat-lyon\/\" title=\"Sport Achat Lyon\" rel=\"bookmark\">Sport Achat Lyon<\/a>\n\t<\/h3>\n\n\t<div class=\"entry-meta\"><span class=\"category-link\"><a href=\"https:\/\/www.lyonexpo.fr\/en\/sport-achat\/\">Sport Achat<\/a>, <a href=\"https:\/\/www.lyonexpo.fr\/en\/eurexpo\/\">EurExpo<\/a>, <a href=\"https:\/\/www.lyonexpo.fr\/en\/lyon\/\">Lyon<\/a><\/span><\/div>\n\t<div class=\"entry-excerpt\"><p>Sport-Achat is a workspace and a place dedicated to discovering, selecting products and taking orders.<\/p>\n<\/div>\n\t\n<a href=\"https:\/\/www.lyonexpo.fr\/en\/2020\/10\/08\/sport-achat-lyon\/\" class=\"post-details details-type-link\" aria-label=\"Read more about Sport Achat Lyon\">Read more<i class=\"dt-icon-the7-arrow-03\" aria-hidden=\"true\"><\/i><\/a>\n\n<\/div><\/article><\/div><div class=\"visible wf-cell\" data-post-id=\"2210\" data-date=\"2020-10-01T08:56:58+02:00\" data-name=\"Salon du 2 Roues de Lyon\"><article class=\"post project-odd visible post-2210 type-post status-publish format-standard has-post-thumbnail hentry category-salon-du-2-roues category-eurexpo category-lyon category-standiste category-79 category-63 category-62 category-80\" data-name=\"Salon du 2 Roues de Lyon\" data-date=\"2020-10-01T08:56:58+02:00\">\n\n<div class=\"post-thumbnail-wrap\">\n\t<div class=\"post-thumbnail\">\n\t\t\n\t\t\n\t\t<a href=\"https:\/\/www.lyonexpo.fr\/en\/2020\/10\/01\/salon-du-2-roues\/\" class=\"post-thumbnail-rollover layzr-bg layzr-bg\"><img decoding=\"async\" class=\"iso-lazy-load preload-me iso-lazy-load aspect\" src=\"data:image\/svg+xml,%3Csvg%20xmlns%3D&#39;http%3A%2F%2Fwww.w3.org%2F2000%2Fsvg&#39;%20viewBox%3D&#39;0%200%20768%20512&#39;%2F%3E\" data-src=\"https:\/\/www.lyonexpo.fr\/wp-content\/uploads\/2020\/10\/salon-du-2-roues-lyon-768x512.jpg\" data-srcset=\"https:\/\/www.lyonexpo.fr\/wp-content\/uploads\/2020\/10\/salon-du-2-roues-lyon-768x512.jpg 768w, https:\/\/www.lyonexpo.fr\/wp-content\/uploads\/2020\/10\/salon-du-2-roues-lyon-1152x768.jpg 1152w\" loading=\"eager\" style=\"--ratio: 768 \/ 512\" sizes=\"(max-width: 768px) 100vw, 768px\" alt=\"standiste salon du 2 roues lyon\" title=\"salon du 2 roues lyon\" width=\"768\" height=\"512\"  \/><\/a>\t<\/div>\n<\/div>\n\n\n<div class=\"post-entry-content\">\n\n\t<h3 class=\"entry-title\">\n\t\t<a href=\"https:\/\/www.lyonexpo.fr\/en\/2020\/10\/01\/salon-du-2-roues\/\" title=\"Salon du 2 Roues de Lyon\" rel=\"bookmark\">Salon du 2 Roues de Lyon<\/a>\n\t<\/h3>\n\n\t<div class=\"entry-meta\"><span class=\"category-link\"><a href=\"https:\/\/www.lyonexpo.fr\/en\/salon-du-2-roues\/\">salon du 2 roues<\/a>, <a href=\"https:\/\/www.lyonexpo.fr\/en\/eurexpo\/\">EurExpo<\/a>, <a href=\"https:\/\/www.lyonexpo.fr\/en\/lyon\/\">Lyon<\/a>, <a href=\"https:\/\/www.lyonexpo.fr\/en\/standiste\/\">standiste<\/a><\/span><\/div>\n\t<div class=\"entry-excerpt\"><p>Le salon du 2 roues de lyon is the rendezvous for all motorcycle, quad and scooter enthusiasts, \u2026<\/p>\n<\/div>\n\t\n<a href=\"https:\/\/www.lyonexpo.fr\/en\/2020\/10\/01\/salon-du-2-roues\/\" class=\"post-details details-type-link\" aria-label=\"Read more about Salon du 2 Roues de Lyon\">Read more<i class=\"dt-icon-the7-arrow-03\" aria-hidden=\"true\"><\/i><\/a>\n\n<\/div><\/article><\/div><div class=\"visible wf-cell\" data-post-id=\"2175\" data-date=\"2020-09-24T08:58:06+02:00\" data-name=\"Piscine Global Europe\"><article class=\"post project-odd visible post-2175 type-post status-publish format-standard has-post-thumbnail hentry category-piscine-global-europe category-lyon category-standiste-lyon category-77 category-62 category-78\" data-name=\"Piscine Global Europe\" data-date=\"2020-09-24T08:58:06+02:00\">\n\n<div class=\"post-thumbnail-wrap\">\n\t<div class=\"post-thumbnail\">\n\t\t\n\t\t\n\t\t<a href=\"https:\/\/www.lyonexpo.fr\/en\/2020\/09\/24\/piscine-global-europe\/\" class=\"post-thumbnail-rollover layzr-bg layzr-bg\"><img decoding=\"async\" class=\"iso-lazy-load preload-me iso-lazy-load aspect\" src=\"data:image\/svg+xml,%3Csvg%20xmlns%3D&#39;http%3A%2F%2Fwww.w3.org%2F2000%2Fsvg&#39;%20viewBox%3D&#39;0%200%20768%20512&#39;%2F%3E\" data-src=\"https:\/\/www.lyonexpo.fr\/wp-content\/uploads\/2020\/10\/Piscine-Global-Europe-image-768x512.png\" data-srcset=\"https:\/\/www.lyonexpo.fr\/wp-content\/uploads\/2020\/10\/Piscine-Global-Europe-image-768x512.png 768w, https:\/\/www.lyonexpo.fr\/wp-content\/uploads\/2020\/10\/Piscine-Global-Europe-image-1152x768.png 1152w\" loading=\"eager\" style=\"--ratio: 768 \/ 512\" sizes=\"(max-width: 768px) 100vw, 768px\" alt=\"Standiste Piscine Global Europe image\" title=\"Standiste Piscine Global Europe image\" width=\"768\" height=\"512\"  \/><\/a>\t<\/div>\n<\/div>\n\n\n<div class=\"post-entry-content\">\n\n\t<h3 class=\"entry-title\">\n\t\t<a href=\"https:\/\/www.lyonexpo.fr\/en\/2020\/09\/24\/piscine-global-europe\/\" title=\"Piscine Global Europe\" rel=\"bookmark\">Piscine Global Europe<\/a>\n\t<\/h3>\n\n\t<div class=\"entry-meta\"><span class=\"category-link\"><a href=\"https:\/\/www.lyonexpo.fr\/en\/piscine-global-europe\/\">Piscine Global Europe<\/a>, <a href=\"https:\/\/www.lyonexpo.fr\/en\/lyon\/\">Lyon<\/a>, <a href=\"https:\/\/www.lyonexpo.fr\/en\/standiste-lyon\/\">Standiste lyon<\/a><\/span><\/div>\n\t<div class=\"entry-excerpt\"><p>The Piscine Global Europe trade fair is considered THE meeting point for the swimming pool and wellness industry thanks to its unique positioning<\/p>\n<\/div>\n\t\n<a href=\"https:\/\/www.lyonexpo.fr\/en\/2020\/09\/24\/piscine-global-europe\/\" class=\"post-details details-type-link\" aria-label=\"Read more about Piscine Global Europe\">Read more<i class=\"dt-icon-the7-arrow-03\" aria-hidden=\"true\"><\/i><\/a>\n\n<\/div><\/article><\/div><div class=\"visible wf-cell\" data-post-id=\"2155\" data-date=\"2020-09-17T09:23:26+02:00\" data-name=\"C!PRINT\"><article class=\"post project-odd visible post-2155 type-post status-publish format-standard has-post-thumbnail hentry category-cprint category-eurexpo category-lyon category-76 category-63 category-62\" data-name=\"C!PRINT\" data-date=\"2020-09-17T09:23:26+02:00\">\n\n<div class=\"post-thumbnail-wrap\">\n\t<div class=\"post-thumbnail\">\n\t\t\n\t\t\n\t\t<a href=\"https:\/\/www.lyonexpo.fr\/en\/2020\/09\/17\/cprint\/\" class=\"post-thumbnail-rollover layzr-bg layzr-bg\"><img decoding=\"async\" class=\"iso-lazy-load preload-me iso-lazy-load aspect\" src=\"data:image\/svg+xml,%3Csvg%20xmlns%3D&#39;http%3A%2F%2Fwww.w3.org%2F2000%2Fsvg&#39;%20viewBox%3D&#39;0%200%20768%20512&#39;%2F%3E\" data-src=\"https:\/\/www.lyonexpo.fr\/wp-content\/uploads\/2020\/10\/cprint-lyon-scaled-768x512.jpg\" data-srcset=\"https:\/\/www.lyonexpo.fr\/wp-content\/uploads\/2020\/10\/cprint-lyon-scaled-768x512.jpg 768w, https:\/\/www.lyonexpo.fr\/wp-content\/uploads\/2020\/10\/cprint-lyon-scaled-1152x768.jpg 1152w\" loading=\"eager\" style=\"--ratio: 768 \/ 512\" sizes=\"(max-width: 768px) 100vw, 768px\" alt=\"Standiste c!print-lyon\" title=\"Standiste c!print-lyon\" width=\"768\" height=\"512\"  \/><\/a>\t<\/div>\n<\/div>\n\n\n<div class=\"post-entry-content\">\n\n\t<h3 class=\"entry-title\">\n\t\t<a href=\"https:\/\/www.lyonexpo.fr\/en\/2020\/09\/17\/cprint\/\" title=\"C!PRINT\" rel=\"bookmark\">C!PRINT<\/a>\n\t<\/h3>\n\n\t<div class=\"entry-meta\"><span class=\"category-link\"><a href=\"https:\/\/www.lyonexpo.fr\/en\/cprint\/\">C!PRINT<\/a>, <a href=\"https:\/\/www.lyonexpo.fr\/en\/eurexpo\/\">EurExpo<\/a>, <a href=\"https:\/\/www.lyonexpo.fr\/en\/lyon\/\">Lyon<\/a><\/span><\/div>\n\t<div class=\"entry-excerpt\"><p>C!Print offers technical solutions and applications for professionals in graphic arts and visual communication.<\/p>\n<\/div>\n\t\n<a href=\"https:\/\/www.lyonexpo.fr\/en\/2020\/09\/17\/cprint\/\" class=\"post-details details-type-link\" aria-label=\"Read more about C!PRINT\">Read more<i class=\"dt-icon-the7-arrow-03\" aria-hidden=\"true\"><\/i><\/a>\n\n<\/div><\/article><\/div><div class=\"visible wf-cell\" data-post-id=\"2144\" data-date=\"2020-09-13T10:15:12+02:00\" data-name=\"SIFA\"><article class=\"post project-odd visible post-2144 type-post status-publish format-standard has-post-thumbnail hentry category-sifa category-centre-de-congres-de-lyon category-lyon category-75 category-65 category-62\" data-name=\"SIFA\" data-date=\"2020-09-13T10:15:12+02:00\">\n\n<div class=\"post-thumbnail-wrap\">\n\t<div class=\"post-thumbnail\">\n\t\t\n\t\t\n\t\t<a href=\"https:\/\/www.lyonexpo.fr\/en\/2020\/09\/13\/sifa-2\/\" class=\"post-thumbnail-rollover layzr-bg layzr-bg\"><img decoding=\"async\" class=\"iso-lazy-load preload-me iso-lazy-load aspect\" src=\"data:image\/svg+xml,%3Csvg%20xmlns%3D&#39;http%3A%2F%2Fwww.w3.org%2F2000%2Fsvg&#39;%20viewBox%3D&#39;0%200%20463%20309&#39;%2F%3E\" data-src=\"https:\/\/www.lyonexpo.fr\/wp-content\/uploads\/2020\/09\/sifa-lyon-463x309.png\" data-srcset=\"https:\/\/www.lyonexpo.fr\/wp-content\/uploads\/2020\/09\/sifa-lyon-463x309.png 463w\" loading=\"eager\" style=\"--ratio: 463 \/ 309\" sizes=\"(max-width: 463px) 100vw, 463px\" alt=\"Standiste sifa-lyon\" title=\"sifa-lyon\" width=\"463\" height=\"309\"  \/><\/a>\t<\/div>\n<\/div>\n\n\n<div class=\"post-entry-content\">\n\n\t<h3 class=\"entry-title\">\n\t\t<a href=\"https:\/\/www.lyonexpo.fr\/en\/2020\/09\/13\/sifa-2\/\" title=\"SIFA\" rel=\"bookmark\">SIFA<\/a>\n\t<\/h3>\n\n\t<div class=\"entry-meta\"><span class=\"category-link\"><a href=\"https:\/\/www.lyonexpo.fr\/en\/sifa\/\">SIFA<\/a>, <a href=\"https:\/\/www.lyonexpo.fr\/en\/centre-de-congres-de-lyon\/\">Centre de Congr\u00e8s de Lyon<\/a>, <a href=\"https:\/\/www.lyonexpo.fr\/en\/lyon\/\">Lyon<\/a><\/span><\/div>\n\t<div class=\"entry-excerpt\"><p>The Sifa is THE event dedicated to all refrigeration players : manufacturers, installers, final users, expertise, OEM<\/p>\n<\/div>\n\t\n<a href=\"https:\/\/www.lyonexpo.fr\/en\/2020\/09\/13\/sifa-2\/\" class=\"post-details details-type-link\" aria-label=\"Read more about SIFA\">Read more<i class=\"dt-icon-the7-arrow-03\" aria-hidden=\"true\"><\/i><\/a>\n\n<\/div><\/article><\/div><div class=\"visible wf-cell\" data-post-id=\"2133\" data-date=\"2020-09-11T07:44:26+02:00\" data-name=\"Beaut\u00e9 S\u00e9lection\"><article class=\"post project-odd visible post-2133 type-post status-publish format-standard has-post-thumbnail hentry category-beaute-selection category-eurexpo category-lyon category-74 category-63 category-62\" data-name=\"Beaut\u00e9 S\u00e9lection\" data-date=\"2020-09-11T07:44:26+02:00\">\n\n<div class=\"post-thumbnail-wrap\">\n\t<div class=\"post-thumbnail\">\n\t\t\n\t\t\n\t\t<a href=\"https:\/\/www.lyonexpo.fr\/en\/2020\/09\/11\/beaute-selection\/\" class=\"post-thumbnail-rollover layzr-bg layzr-bg\"><img decoding=\"async\" class=\"iso-lazy-load preload-me iso-lazy-load aspect\" src=\"data:image\/svg+xml,%3Csvg%20xmlns%3D&#39;http%3A%2F%2Fwww.w3.org%2F2000%2Fsvg&#39;%20viewBox%3D&#39;0%200%20768%20512&#39;%2F%3E\" data-src=\"https:\/\/www.lyonexpo.fr\/wp-content\/uploads\/2020\/09\/beaute-selection-lyon-2020-768x512.png\" data-srcset=\"https:\/\/www.lyonexpo.fr\/wp-content\/uploads\/2020\/09\/beaute-selection-lyon-2020-768x512.png 768w, https:\/\/www.lyonexpo.fr\/wp-content\/uploads\/2020\/09\/beaute-selection-lyon-2020-914x610.png 914w\" loading=\"eager\" style=\"--ratio: 768 \/ 512\" sizes=\"(max-width: 768px) 100vw, 768px\" alt=\"Standiste beaute-selection-lyon\" title=\"beaute-selection-lyon-2020\" width=\"768\" height=\"512\"  \/><\/a>\t<\/div>\n<\/div>\n\n\n<div class=\"post-entry-content\">\n\n\t<h3 class=\"entry-title\">\n\t\t<a href=\"https:\/\/www.lyonexpo.fr\/en\/2020\/09\/11\/beaute-selection\/\" title=\"Beaut\u00e9 S\u00e9lection\" rel=\"bookmark\">Beaut\u00e9 S\u00e9lection<\/a>\n\t<\/h3>\n\n\t<div class=\"entry-meta\"><span class=\"category-link\"><a href=\"https:\/\/www.lyonexpo.fr\/en\/beaute-selection\/\">Beaut\u00e9 S\u00e9lection<\/a>, <a href=\"https:\/\/www.lyonexpo.fr\/en\/eurexpo\/\">EurExpo<\/a>, <a href=\"https:\/\/www.lyonexpo.fr\/en\/lyon\/\">Lyon<\/a><\/span><\/div>\n\t<div class=\"entry-excerpt\"><p>The new take on hairstyling and makeup on the main stage of Beaut\u00e9 S\u00e9lection Lyon.<\/p>\n<\/div>\n\t\n<a href=\"https:\/\/www.lyonexpo.fr\/en\/2020\/09\/11\/beaute-selection\/\" class=\"post-details details-type-link\" aria-label=\"Read more about Beaut\u00e9 S\u00e9lection\">Read more<i class=\"dt-icon-the7-arrow-03\" aria-hidden=\"true\"><\/i><\/a>\n\n<\/div><\/article><\/div><div class=\"visible wf-cell\" data-post-id=\"2130\" data-date=\"2020-09-10T20:17:24+02:00\" data-name=\"Zen &amp; Bio Lyon\"><article class=\"post project-odd visible post-2130 type-post status-publish format-standard has-post-thumbnail hentry category-zen-bio-lyon category-eurexpo category-lyon category-73 category-63 category-62\" data-name=\"Zen &amp; Bio Lyon\" data-date=\"2020-09-10T20:17:24+02:00\">\n\n<div class=\"post-thumbnail-wrap\">\n\t<div class=\"post-thumbnail\">\n\t\t\n\t\t\n\t\t<a href=\"https:\/\/www.lyonexpo.fr\/en\/2020\/09\/10\/zen-bio-lyon\/\" class=\"post-thumbnail-rollover layzr-bg layzr-bg\"><img decoding=\"async\" class=\"iso-lazy-load preload-me iso-lazy-load aspect\" src=\"data:image\/svg+xml,%3Csvg%20xmlns%3D&#39;http%3A%2F%2Fwww.w3.org%2F2000%2Fsvg&#39;%20viewBox%3D&#39;0%200%20750%20500&#39;%2F%3E\" data-src=\"https:\/\/www.lyonexpo.fr\/wp-content\/uploads\/2020\/09\/zen-et-bio-750x500.jpg\" data-srcset=\"https:\/\/www.lyonexpo.fr\/wp-content\/uploads\/2020\/09\/zen-et-bio-750x500.jpg 750w\" loading=\"eager\" style=\"--ratio: 750 \/ 500\" sizes=\"(max-width: 750px) 100vw, 750px\" alt=\"Standiste zen et bio Lyon\" title=\"zen-et-bio\" width=\"750\" height=\"500\"  \/><\/a>\t<\/div>\n<\/div>\n\n\n<div class=\"post-entry-content\">\n\n\t<h3 class=\"entry-title\">\n\t\t<a href=\"https:\/\/www.lyonexpo.fr\/en\/2020\/09\/10\/zen-bio-lyon\/\" title=\"Zen &amp; Bio Lyon\" rel=\"bookmark\">Zen &#038; Bio Lyon<\/a>\n\t<\/h3>\n\n\t<div class=\"entry-meta\"><span class=\"category-link\"><a href=\"https:\/\/www.lyonexpo.fr\/en\/zen-bio-lyon\/\">Zen & Bio Lyon<\/a>, <a href=\"https:\/\/www.lyonexpo.fr\/en\/eurexpo\/\">EurExpo<\/a>, <a href=\"https:\/\/www.lyonexpo.fr\/en\/lyon\/\">Lyon<\/a><\/span><\/div>\n\t<div class=\"entry-excerpt\"><p>Zen &#038; Bio Lyon, entre ateliers pratiques et conf\u00e9rences d\u2019experts : un salon plac\u00e9 sous le signe de l\u2019\u00e9change<\/p>\n<\/div>\n\t\n<a href=\"https:\/\/www.lyonexpo.fr\/en\/2020\/09\/10\/zen-bio-lyon\/\" class=\"post-details details-type-link\" aria-label=\"Read more about Zen &amp; Bio Lyon\">Read more<i class=\"dt-icon-the7-arrow-03\" aria-hidden=\"true\"><\/i><\/a>\n\n<\/div><\/article><\/div><div class=\"visible wf-cell\" data-post-id=\"2121\" data-date=\"2020-09-08T18:10:42+02:00\" data-name=\"Funexpo\"><article class=\"post project-odd visible post-2121 type-post status-publish format-standard has-post-thumbnail hentry category-funexpo category-eurexpo category-lyon category-71 category-63 category-62\" data-name=\"Funexpo\" data-date=\"2020-09-08T18:10:42+02:00\">\n\n<div class=\"post-thumbnail-wrap\">\n\t<div class=\"post-thumbnail\">\n\t\t\n\t\t\n\t\t<a href=\"https:\/\/www.lyonexpo.fr\/en\/2020\/09\/08\/funexpo\/\" class=\"post-thumbnail-rollover layzr-bg layzr-bg\"><img decoding=\"async\" class=\"iso-lazy-load preload-me iso-lazy-load aspect\" src=\"data:image\/svg+xml,%3Csvg%20xmlns%3D&#39;http%3A%2F%2Fwww.w3.org%2F2000%2Fsvg&#39;%20viewBox%3D&#39;0%200%20768%20512&#39;%2F%3E\" data-src=\"https:\/\/www.lyonexpo.fr\/wp-content\/uploads\/2020\/09\/funexpo-lyon-1900x1270-1-768x512.jpg\" data-srcset=\"https:\/\/www.lyonexpo.fr\/wp-content\/uploads\/2020\/09\/funexpo-lyon-1900x1270-1-768x512.jpg 768w, https:\/\/www.lyonexpo.fr\/wp-content\/uploads\/2020\/09\/funexpo-lyon-1900x1270-1-1152x768.jpg 1152w\" loading=\"eager\" style=\"--ratio: 768 \/ 512\" sizes=\"(max-width: 768px) 100vw, 768px\" alt=\"Standiste funexpo-lyon\" title=\"funexpo-lyon-1900&#215;1270\" width=\"768\" height=\"512\"  \/><\/a>\t<\/div>\n<\/div>\n\n\n<div class=\"post-entry-content\">\n\n\t<h3 class=\"entry-title\">\n\t\t<a href=\"https:\/\/www.lyonexpo.fr\/en\/2020\/09\/08\/funexpo\/\" title=\"Funexpo\" rel=\"bookmark\">Funexpo<\/a>\n\t<\/h3>\n\n\t<div class=\"entry-meta\"><span class=\"category-link\"><a href=\"https:\/\/www.lyonexpo.fr\/en\/funexpo\/\">Funexpo<\/a>, <a href=\"https:\/\/www.lyonexpo.fr\/en\/eurexpo\/\">EurExpo<\/a>, <a href=\"https:\/\/www.lyonexpo.fr\/en\/lyon\/\">Lyon<\/a><\/span><\/div>\n\t<div class=\"entry-excerpt\"><p>Tous les fournisseurs du secteur du fun\u00e9raire se retrouvent tous les 2 ans lors du salon Funexpo<\/p>\n<\/div>\n\t\n<a href=\"https:\/\/www.lyonexpo.fr\/en\/2020\/09\/08\/funexpo\/\" class=\"post-details details-type-link\" aria-label=\"Read more about Funexpo\">Read more<i class=\"dt-icon-the7-arrow-03\" aria-hidden=\"true\"><\/i><\/a>\n\n<\/div><\/article><\/div><div class=\"visible wf-cell\" data-post-id=\"2112\" data-date=\"2020-09-07T17:13:49+02:00\" data-name=\"TRANSPORT INTERNATIONAL PHARMA SEMINAIRE\"><article class=\"post project-odd visible post-2112 type-post status-publish format-standard has-post-thumbnail hentry category-transport-international-pharma-seminaire category-centre-de-congres-de-lyon category-lyon category-70 category-65 category-62\" data-name=\"TRANSPORT INTERNATIONAL PHARMA SEMINAIRE\" data-date=\"2020-09-07T17:13:49+02:00\">\n\n<div class=\"post-thumbnail-wrap\">\n\t<div class=\"post-thumbnail\">\n\t\t\n\t\t\n\t\t<a href=\"https:\/\/www.lyonexpo.fr\/en\/2020\/09\/07\/transport-international-pharma-seminaire\/\" class=\"post-thumbnail-rollover layzr-bg layzr-bg\"><img decoding=\"async\" class=\"iso-lazy-load preload-me iso-lazy-load aspect\" src=\"data:image\/svg+xml,%3Csvg%20xmlns%3D&#39;http%3A%2F%2Fwww.w3.org%2F2000%2Fsvg&#39;%20viewBox%3D&#39;0%200%20768%20512&#39;%2F%3E\" data-src=\"https:\/\/www.lyonexpo.fr\/wp-content\/uploads\/2020\/09\/tips2020-lyon-768x512.jpg\" data-srcset=\"https:\/\/www.lyonexpo.fr\/wp-content\/uploads\/2020\/09\/tips2020-lyon-768x512.jpg 768w, https:\/\/www.lyonexpo.fr\/wp-content\/uploads\/2020\/09\/tips2020-lyon-1125x750.jpg 1125w\" loading=\"eager\" style=\"--ratio: 768 \/ 512\" sizes=\"(max-width: 768px) 100vw, 768px\" alt=\"TIPS TRANSPORT INTERNATIONAL PHARMA SEMINAIRE\" title=\"tips2020-lyon\" width=\"768\" height=\"512\"  \/><\/a>\t<\/div>\n<\/div>\n\n\n<div class=\"post-entry-content\">\n\n\t<h3 class=\"entry-title\">\n\t\t<a href=\"https:\/\/www.lyonexpo.fr\/en\/2020\/09\/07\/transport-international-pharma-seminaire\/\" title=\"TRANSPORT INTERNATIONAL PHARMA SEMINAIRE\" rel=\"bookmark\">TRANSPORT INTERNATIONAL PHARMA SEMINAIRE<\/a>\n\t<\/h3>\n\n\t<div class=\"entry-meta\"><span class=\"category-link\"><a href=\"https:\/\/www.lyonexpo.fr\/en\/transport-international-pharma-seminaire\/\">TRANSPORT INTERNATIONAL PHARMA SEMINAIRE<\/a>, <a href=\"https:\/\/www.lyonexpo.fr\/en\/centre-de-congres-de-lyon\/\">Centre de Congr\u00e8s de Lyon<\/a>, <a href=\"https:\/\/www.lyonexpo.fr\/en\/lyon\/\">Lyon<\/a><\/span><\/div>\n\t<div class=\"entry-excerpt\"><p>The TIPS conference is the annual meeting of experts in PHARMACEUTICAL SUPPLY CHAIN<\/p>\n<\/div>\n\t\n<a href=\"https:\/\/www.lyonexpo.fr\/en\/2020\/09\/07\/transport-international-pharma-seminaire\/\" class=\"post-details details-type-link\" aria-label=\"Read more about TRANSPORT INTERNATIONAL PHARMA SEMINAIRE\">Read more<i class=\"dt-icon-the7-arrow-03\" aria-hidden=\"true\"><\/i><\/a>\n\n<\/div><\/article><\/div><div class=\"visible wf-cell\" data-post-id=\"2104\" data-date=\"2020-09-05T16:52:09+02:00\" data-name=\"Petit 1\"><article class=\"post project-odd visible post-2104 type-post status-publish format-standard has-post-thumbnail hentry category-petit-1 category-eurexpo category-lyon category-69 category-63 category-62\" data-name=\"Petit 1\" data-date=\"2020-09-05T16:52:09+02:00\">\n\n<div class=\"post-thumbnail-wrap\">\n\t<div class=\"post-thumbnail\">\n\t\t\n\t\t\n\t\t<a href=\"https:\/\/www.lyonexpo.fr\/en\/2020\/09\/05\/petit-1\/\" class=\"post-thumbnail-rollover layzr-bg layzr-bg\"><img decoding=\"async\" class=\"iso-lazy-load preload-me iso-lazy-load aspect\" src=\"data:image\/svg+xml,%3Csvg%20xmlns%3D&#39;http%3A%2F%2Fwww.w3.org%2F2000%2Fsvg&#39;%20viewBox%3D&#39;0%200%20522%20348&#39;%2F%3E\" data-src=\"https:\/\/www.lyonexpo.fr\/wp-content\/uploads\/2020\/09\/Petit-1-522x348.jpg\" data-srcset=\"https:\/\/www.lyonexpo.fr\/wp-content\/uploads\/2020\/09\/Petit-1-522x348.jpg 522w\" loading=\"eager\" style=\"--ratio: 522 \/ 348\" sizes=\"(max-width: 522px) 100vw, 522px\" alt=\"Standiste Salon Petit 1 lyon\" title=\"Petit 1\" width=\"522\" height=\"348\"  \/><\/a>\t<\/div>\n<\/div>\n\n\n<div class=\"post-entry-content\">\n\n\t<h3 class=\"entry-title\">\n\t\t<a href=\"https:\/\/www.lyonexpo.fr\/en\/2020\/09\/05\/petit-1\/\" title=\"Petit 1\" rel=\"bookmark\">Petit 1<\/a>\n\t<\/h3>\n\n\t<div class=\"entry-meta\"><span class=\"category-link\"><a href=\"https:\/\/www.lyonexpo.fr\/en\/petit-1\/\">Petit 1<\/a>, <a href=\"https:\/\/www.lyonexpo.fr\/en\/eurexpo\/\">EurExpo<\/a>, <a href=\"https:\/\/www.lyonexpo.fr\/en\/lyon\/\">Lyon<\/a><\/span><\/div>\n\t<div class=\"entry-excerpt\"><p>Congr\u00e8s professionnel des personnels de structures d\u2019accueil de la petite enfance.<\/p>\n<\/div>\n\t\n<a href=\"https:\/\/www.lyonexpo.fr\/en\/2020\/09\/05\/petit-1\/\" class=\"post-details details-type-link\" aria-label=\"Read more about Petit 1\">Read more<i class=\"dt-icon-the7-arrow-03\" aria-hidden=\"true\"><\/i><\/a>\n\n<\/div><\/article><\/div><div class=\"visible wf-cell\" data-post-id=\"2097\" data-date=\"2020-09-04T16:15:20+02:00\" data-name=\"Epoqu\u2019Auto International\"><article class=\"post project-odd visible post-2097 type-post status-publish format-standard has-post-thumbnail hentry category-epoquauto-international category-eurexpo category-lyon category-68 category-63 category-62\" data-name=\"Epoqu\u2019Auto International\" data-date=\"2020-09-04T16:15:20+02:00\">\n\n<div class=\"post-thumbnail-wrap\">\n\t<div class=\"post-thumbnail\">\n\t\t\n\t\t\n\t\t<a href=\"https:\/\/www.lyonexpo.fr\/en\/2020\/09\/04\/epoquauto-international\/\" class=\"post-thumbnail-rollover layzr-bg layzr-bg\"><img decoding=\"async\" class=\"iso-lazy-load preload-me iso-lazy-load aspect\" src=\"data:image\/svg+xml,%3Csvg%20xmlns%3D&#39;http%3A%2F%2Fwww.w3.org%2F2000%2Fsvg&#39;%20viewBox%3D&#39;0%200%20525%20350&#39;%2F%3E\" data-src=\"https:\/\/www.lyonexpo.fr\/wp-content\/uploads\/2020\/09\/salon_epoquauto_international-2020-525x350.jpg\" data-srcset=\"https:\/\/www.lyonexpo.fr\/wp-content\/uploads\/2020\/09\/salon_epoquauto_international-2020-525x350.jpg 525w\" loading=\"eager\" style=\"--ratio: 525 \/ 350\" sizes=\"(max-width: 525px) 100vw, 525px\" alt=\"Standiste salon_epoquauto_international\" title=\"salon_epoquauto_international-2020\" width=\"525\" height=\"350\"  \/><\/a>\t<\/div>\n<\/div>\n\n\n<div class=\"post-entry-content\">\n\n\t<h3 class=\"entry-title\">\n\t\t<a href=\"https:\/\/www.lyonexpo.fr\/en\/2020\/09\/04\/epoquauto-international\/\" title=\"Epoqu\u2019Auto International\" rel=\"bookmark\">Epoqu\u2019Auto International<\/a>\n\t<\/h3>\n\n\t<div class=\"entry-meta\"><span class=\"category-link\"><a href=\"https:\/\/www.lyonexpo.fr\/en\/epoquauto-international\/\">Epoqu\u2019Auto International<\/a>, <a href=\"https:\/\/www.lyonexpo.fr\/en\/eurexpo\/\">EurExpo<\/a>, <a href=\"https:\/\/www.lyonexpo.fr\/en\/lyon\/\">Lyon<\/a><\/span><\/div>\n\t<div class=\"entry-excerpt\"><p>The Epoqu&#8217;Auto show has been organized since 1979 by members of the Club des Amateurs d&#8217;Automobiles Anciennes,<\/p>\n<\/div>\n\t\n<a href=\"https:\/\/www.lyonexpo.fr\/en\/2020\/09\/04\/epoquauto-international\/\" class=\"post-details details-type-link\" aria-label=\"Read more about Epoqu\u2019Auto International\">Read more<i class=\"dt-icon-the7-arrow-03\" aria-hidden=\"true\"><\/i><\/a>\n\n<\/div><\/article><\/div><div class=\"visible wf-cell\" data-post-id=\"2086\" data-date=\"2020-09-02T15:36:40+02:00\" data-name=\"10\u00c8MES JOURN\u00c9ES NATIONALES DE G\u00c9OTECHNIQUE ET DE G\u00c9OLOGIE DE L\u2019ING\u00c9NIEUR\"><article class=\"post project-odd visible post-2086 type-post status-publish format-standard has-post-thumbnail hentry category-jngg-lyon category-centre-de-congres-de-lyon category-lyon category-66 category-65 category-62\" data-name=\"10\u00c8MES JOURN\u00c9ES NATIONALES DE G\u00c9OTECHNIQUE ET DE G\u00c9OLOGIE DE L\u2019ING\u00c9NIEUR\" data-date=\"2020-09-02T15:36:40+02:00\">\n\n<div class=\"post-thumbnail-wrap\">\n\t<div class=\"post-thumbnail\">\n\t\t\n\t\t\n\t\t<a href=\"https:\/\/www.lyonexpo.fr\/en\/2020\/09\/02\/10emes-journees-nationales-de-geotechnique-et-de-geologie-de-lingenieur\/\" class=\"post-thumbnail-rollover layzr-bg layzr-bg\"><img decoding=\"async\" class=\"iso-lazy-load preload-me iso-lazy-load aspect\" src=\"data:image\/svg+xml,%3Csvg%20xmlns%3D&#39;http%3A%2F%2Fwww.w3.org%2F2000%2Fsvg&#39;%20viewBox%3D&#39;0%200%20768%20512&#39;%2F%3E\" data-src=\"https:\/\/www.lyonexpo.fr\/wp-content\/uploads\/2020\/09\/JOURNEES-NATIONALES-DE-GEOTECHNIQUE-ET-DE-GEOLOGIE-768x512.jpg\" data-srcset=\"https:\/\/www.lyonexpo.fr\/wp-content\/uploads\/2020\/09\/JOURNEES-NATIONALES-DE-GEOTECHNIQUE-ET-DE-GEOLOGIE-768x512.jpg 768w, https:\/\/www.lyonexpo.fr\/wp-content\/uploads\/2020\/09\/JOURNEES-NATIONALES-DE-GEOTECHNIQUE-ET-DE-GEOLOGIE-1152x768.jpg 1152w\" loading=\"eager\" style=\"--ratio: 768 \/ 512\" sizes=\"(max-width: 768px) 100vw, 768px\" alt=\"Standiste eurexpo lyon\" title=\"JOURN\u00c9ES NATIONALES DE G\u00c9OTECHNIQUE ET DE G\u00c9OLOGIE\" width=\"768\" height=\"512\"  \/><\/a>\t<\/div>\n<\/div>\n\n\n<div class=\"post-entry-content\">\n\n\t<h3 class=\"entry-title\">\n\t\t<a href=\"https:\/\/www.lyonexpo.fr\/en\/2020\/09\/02\/10emes-journees-nationales-de-geotechnique-et-de-geologie-de-lingenieur\/\" title=\"10\u00c8MES JOURN\u00c9ES NATIONALES DE G\u00c9OTECHNIQUE ET DE G\u00c9OLOGIE DE L\u2019ING\u00c9NIEUR\" rel=\"bookmark\">10\u00c8MES JOURN\u00c9ES NATIONALES DE G\u00c9OTECHNIQUE ET DE G\u00c9OLOGIE DE L\u2019ING\u00c9NIEUR<\/a>\n\t<\/h3>\n\n\t<div class=\"entry-meta\"><span class=\"category-link\"><a href=\"https:\/\/www.lyonexpo.fr\/en\/jngg-lyon\/\">JNGG LYON<\/a>, <a href=\"https:\/\/www.lyonexpo.fr\/en\/centre-de-congres-de-lyon\/\">Centre de Congr\u00e8s de Lyon<\/a>, <a href=\"https:\/\/www.lyonexpo.fr\/en\/lyon\/\">Lyon<\/a><\/span><\/div>\n\t<div class=\"entry-excerpt\"><p>Ces journ\u00e9es ont pour objectif d&#8217;\u00e9changer autour de plus de 150 communications orales et d&#8217;accueillir trois conf\u00e9rences pl\u00e9ni\u00e8res sur invitation des trois comit\u00e9s.<\/p>\n<\/div>\n\t\n<a href=\"https:\/\/www.lyonexpo.fr\/en\/2020\/09\/02\/10emes-journees-nationales-de-geotechnique-et-de-geologie-de-lingenieur\/\" class=\"post-details details-type-link\" aria-label=\"Read more about 10\u00c8MES JOURN\u00c9ES NATIONALES DE G\u00c9OTECHNIQUE ET DE G\u00c9OLOGIE DE L\u2019ING\u00c9NIEUR\">Read more<i class=\"dt-icon-the7-arrow-03\" aria-hidden=\"true\"><\/i><\/a>\n\n<\/div><\/article><\/div><div class=\"visible wf-cell\" data-post-id=\"2075\" data-date=\"2020-08-29T15:24:56+02:00\" data-name=\"LES JOURN\u00c9ES DE LA CONSTRUCTION CAPEB\"><article class=\"post project-odd visible post-2075 type-post status-publish format-standard has-post-thumbnail hentry category-journees-professionnelles-de-la-construction category-centre-de-congres-de-lyon category-lyon category-64 category-65 category-62\" data-name=\"LES JOURN\u00c9ES DE LA CONSTRUCTION CAPEB\" data-date=\"2020-08-29T15:24:56+02:00\">\n\n<div class=\"post-thumbnail-wrap\">\n\t<div class=\"post-thumbnail\">\n\t\t\n\t\t\n\t\t<a href=\"https:\/\/www.lyonexpo.fr\/en\/2020\/08\/29\/les-journees-de-la-construction-capeb\/\" class=\"post-thumbnail-rollover layzr-bg layzr-bg\"><img decoding=\"async\" class=\"iso-lazy-load preload-me iso-lazy-load aspect\" src=\"data:image\/svg+xml,%3Csvg%20xmlns%3D&#39;http%3A%2F%2Fwww.w3.org%2F2000%2Fsvg&#39;%20viewBox%3D&#39;0%200%20499%20333&#39;%2F%3E\" data-src=\"https:\/\/www.lyonexpo.fr\/wp-content\/uploads\/2020\/09\/LES-JOURNEES-DE-LA-CONSTRUCTION.jpg\" data-srcset=\"https:\/\/www.lyonexpo.fr\/wp-content\/uploads\/2020\/09\/LES-JOURNEES-DE-LA-CONSTRUCTION.jpg 499w\" loading=\"eager\" style=\"--ratio: 499 \/ 333\" sizes=\"(max-width: 499px) 100vw, 499px\" alt=\"Standiste\" title=\"LES JOURN\u00c9ES DE LA CONSTRUCTION\" width=\"499\" height=\"333\"  \/><\/a>\t<\/div>\n<\/div>\n\n\n<div class=\"post-entry-content\">\n\n\t<h3 class=\"entry-title\">\n\t\t<a href=\"https:\/\/www.lyonexpo.fr\/en\/2020\/08\/29\/les-journees-de-la-construction-capeb\/\" title=\"LES JOURN\u00c9ES DE LA CONSTRUCTION CAPEB\" rel=\"bookmark\">LES JOURN\u00c9ES DE LA CONSTRUCTION CAPEB<\/a>\n\t<\/h3>\n\n\t<div class=\"entry-meta\"><span class=\"category-link\"><a href=\"https:\/\/www.lyonexpo.fr\/en\/journees-professionnelles-de-la-construction\/\">Journ\u00e9es Professionnelles de la Construction<\/a>, <a href=\"https:\/\/www.lyonexpo.fr\/en\/centre-de-congres-de-lyon\/\">Centre de Congr\u00e8s de Lyon<\/a>, <a href=\"https:\/\/www.lyonexpo.fr\/en\/lyon\/\">Lyon<\/a><\/span><\/div>\n\t<div class=\"entry-excerpt\"><p>Cet \u00e9v\u00e9nement majeur rassemble et mobilise la profession pour la projeter vers l\u2019avenir. Ouvert aux artisans et \u00e0 tous les professionnels du b\u00e2timent.<\/p>\n<\/div>\n\t\n<a href=\"https:\/\/www.lyonexpo.fr\/en\/2020\/08\/29\/les-journees-de-la-construction-capeb\/\" class=\"post-details details-type-link\" aria-label=\"Read more about LES JOURN\u00c9ES DE LA CONSTRUCTION CAPEB\">Read more<i class=\"dt-icon-the7-arrow-03\" aria-hidden=\"true\"><\/i><\/a>\n\n<\/div><\/article><\/div><div class=\"visible wf-cell\" data-post-id=\"2063\" data-date=\"2020-08-28T15:01:46+02:00\" data-name=\"SALON EQUITA LYON\"><article class=\"post project-odd visible post-2063 type-post status-publish format-standard has-post-thumbnail hentry category-equita-lyon category-eurexpo category-lyon category-61 category-63 category-62\" data-name=\"SALON EQUITA LYON\" data-date=\"2020-08-28T15:01:46+02:00\">\n\n<div class=\"post-thumbnail-wrap\">\n\t<div class=\"post-thumbnail\">\n\t\t\n\t\t\n\t\t<a href=\"https:\/\/www.lyonexpo.fr\/en\/2020\/08\/28\/salon-equita-lyon\/\" class=\"post-thumbnail-rollover layzr-bg layzr-bg\"><img decoding=\"async\" class=\"iso-lazy-load preload-me iso-lazy-load aspect\" src=\"data:image\/svg+xml,%3Csvg%20xmlns%3D&#39;http%3A%2F%2Fwww.w3.org%2F2000%2Fsvg&#39;%20viewBox%3D&#39;0%200%20534%20356&#39;%2F%3E\" data-src=\"https:\/\/www.lyonexpo.fr\/wp-content\/uploads\/2020\/09\/SALON-EQUITA-LYON-banner-534x356.jpg\" data-srcset=\"https:\/\/www.lyonexpo.fr\/wp-content\/uploads\/2020\/09\/SALON-EQUITA-LYON-banner-534x356.jpg 534w\" loading=\"eager\" style=\"--ratio: 534 \/ 356\" sizes=\"(max-width: 534px) 100vw, 534px\" alt=\"SALON EQUITA LYON\" title=\"SALON EQUITA LYON-banner\" width=\"534\" height=\"356\"  \/><\/a>\t<\/div>\n<\/div>\n\n\n<div class=\"post-entry-content\">\n\n\t<h3 class=\"entry-title\">\n\t\t<a href=\"https:\/\/www.lyonexpo.fr\/en\/2020\/08\/28\/salon-equita-lyon\/\" title=\"SALON EQUITA LYON\" rel=\"bookmark\">SALON EQUITA LYON<\/a>\n\t<\/h3>\n\n\t<div class=\"entry-meta\"><span class=\"category-link\"><a href=\"https:\/\/www.lyonexpo.fr\/en\/equita-lyon\/\">Equita Lyon<\/a>, <a href=\"https:\/\/www.lyonexpo.fr\/en\/eurexpo\/\">EurExpo<\/a>, <a href=\"https:\/\/www.lyonexpo.fr\/en\/lyon\/\">Lyon<\/a><\/span><\/div>\n\t<div class=\"entry-excerpt\"><p>An event built around high-level sport, a show dedicated to horses and an unprecedented equestrian artistic creation.<\/p>\n<\/div>\n\t\n<a href=\"https:\/\/www.lyonexpo.fr\/en\/2020\/08\/28\/salon-equita-lyon\/\" class=\"post-details details-type-link\" aria-label=\"Read more about SALON EQUITA LYON\">Read more<i class=\"dt-icon-the7-arrow-03\" aria-hidden=\"true\"><\/i><\/a>\n\n<\/div><\/article><\/div><div class=\"visible wf-cell\" data-post-id=\"1873\" data-date=\"2020-08-24T11:02:30+02:00\" data-name=\"LeisurUp - Cannes 2020\"><article class=\"post project-odd visible post-1873 type-post status-publish format-standard has-post-thumbnail hentry category-3 category-cannes category-leisurup category-mapic category-trade-shows category-7 category-25 category-28 category-51\" data-name=\"LeisurUp &#8211; Cannes 2020\" data-date=\"2020-08-24T11:02:30+02:00\">\n\n<div class=\"post-thumbnail-wrap\">\n\t<div class=\"post-thumbnail\">\n\t\t\n\t\t\n\t\t<a href=\"https:\/\/www.lyonexpo.fr\/en\/2020\/08\/24\/leisurup-cannes-2020\/\" class=\"post-thumbnail-rollover layzr-bg layzr-bg\"><img decoding=\"async\" class=\"iso-lazy-load preload-me iso-lazy-load aspect\" src=\"data:image\/svg+xml,%3Csvg%20xmlns%3D&#39;http%3A%2F%2Fwww.w3.org%2F2000%2Fsvg&#39;%20viewBox%3D&#39;0%200%20375%20250&#39;%2F%3E\" data-src=\"https:\/\/www.lyonexpo.fr\/wp-content\/uploads\/2020\/08\/LeisurUp-intro-375x250.jpg\" data-srcset=\"https:\/\/www.lyonexpo.fr\/wp-content\/uploads\/2020\/08\/LeisurUp-intro-375x250.jpg 375w\" loading=\"eager\" style=\"--ratio: 375 \/ 250\" sizes=\"(max-width: 375px) 100vw, 375px\" alt=\"LeisurUp\" title=\"LeisurUp-intro\" width=\"375\" height=\"250\"  \/><\/a>\t<\/div>\n<\/div>\n\n\n<div class=\"post-entry-content\">\n\n\t<h3 class=\"entry-title\">\n\t\t<a href=\"https:\/\/www.lyonexpo.fr\/en\/2020\/08\/24\/leisurup-cannes-2020\/\" title=\"LeisurUp &#8211; Cannes 2020\" rel=\"bookmark\">LeisurUp &#8211; Cannes 2020<\/a>\n\t<\/h3>\n\n\t<div class=\"entry-meta\"><span class=\"category-link\"><a href=\"https:\/\/www.lyonexpo.fr\/en\/2020\/\">2020<\/a>, <a href=\"https:\/\/www.lyonexpo.fr\/en\/cannes\/\">Cannes<\/a>, <a href=\"https:\/\/www.lyonexpo.fr\/en\/leisurup\/\">LeisurUp<\/a>, <a href=\"https:\/\/www.lyonexpo.fr\/en\/mapic\/\">MAPIC<\/a>, <a href=\"https:\/\/www.lyonexpo.fr\/en\/trade-shows\/\">Trade Shows<\/a><\/span><\/div>\n\t<div class=\"entry-excerpt\"><p>LeisurUp is the new international event for leisure professionals. LeisurUp answers the need to incorporate experiences.<\/p>\n<\/div>\n\t\n<a href=\"https:\/\/www.lyonexpo.fr\/en\/2020\/08\/24\/leisurup-cannes-2020\/\" class=\"post-details details-type-link\" aria-label=\"Read more about LeisurUp &#8211; Cannes 2020\">Read more<i class=\"dt-icon-the7-arrow-03\" aria-hidden=\"true\"><\/i><\/a>\n\n<\/div><\/article><\/div><div class=\"visible wf-cell\" data-post-id=\"1860\" data-date=\"2020-07-01T16:13:07+02:00\" data-name=\"Sportel - Monaco 2020\"><article class=\"post project-odd visible post-1860 type-post status-publish format-standard has-post-thumbnail hentry category-monaco category-sportel category-stand-design category-trade-shows category-37 category-46 category-47 category-51\" data-name=\"Sportel &#8211; Monaco 2020\" data-date=\"2020-07-01T16:13:07+02:00\">\n\n<div class=\"post-thumbnail-wrap\">\n\t<div class=\"post-thumbnail\">\n\t\t\n\t\t\n\t\t<a href=\"https:\/\/www.lyonexpo.fr\/en\/2020\/07\/01\/sportel-monaco-2020\/\" class=\"post-thumbnail-rollover layzr-bg layzr-bg\"><img decoding=\"async\" class=\"iso-lazy-load preload-me iso-lazy-load aspect\" src=\"data:image\/svg+xml,%3Csvg%20xmlns%3D&#39;http%3A%2F%2Fwww.w3.org%2F2000%2Fsvg&#39;%20viewBox%3D&#39;0%200%20768%20512&#39;%2F%3E\" data-src=\"https:\/\/www.lyonexpo.fr\/wp-content\/uploads\/2020\/07\/Sportel-Monaco-FI-768x512.jpg\" data-srcset=\"https:\/\/www.lyonexpo.fr\/wp-content\/uploads\/2020\/07\/Sportel-Monaco-FI-768x512.jpg 768w, https:\/\/www.lyonexpo.fr\/wp-content\/uploads\/2020\/07\/Sportel-Monaco-FI-1152x768.jpg 1152w\" loading=\"eager\" style=\"--ratio: 768 \/ 512\" sizes=\"(max-width: 768px) 100vw, 768px\" alt=\"Stand builder Sportel Monaco\" title=\"Sportel Monaco FI\" width=\"768\" height=\"512\"  \/><\/a>\t<\/div>\n<\/div>\n\n\n<div class=\"post-entry-content\">\n\n\t<h3 class=\"entry-title\">\n\t\t<a href=\"https:\/\/www.lyonexpo.fr\/en\/2020\/07\/01\/sportel-monaco-2020\/\" title=\"Sportel &#8211; Monaco 2020\" rel=\"bookmark\">Sportel &#8211; Monaco 2020<\/a>\n\t<\/h3>\n\n\t<div class=\"entry-meta\"><span class=\"category-link\"><a href=\"https:\/\/www.lyonexpo.fr\/en\/monaco\/\">Monaco<\/a>, <a href=\"https:\/\/www.lyonexpo.fr\/en\/sportel\/\">Sportel<\/a>, <a href=\"https:\/\/www.lyonexpo.fr\/en\/stand-design\/\">Stand Design<\/a>, <a href=\"https:\/\/www.lyonexpo.fr\/en\/trade-shows\/\">Trade Shows<\/a><\/span><\/div>\n\t<div class=\"entry-excerpt\"><p>Sportel Monaco is the world\u2019s leading Sports Content Media Rights and Technology Convention and will be held from 26-28 October 2020 <\/p>\n<\/div>\n\t\n<a href=\"https:\/\/www.lyonexpo.fr\/en\/2020\/07\/01\/sportel-monaco-2020\/\" class=\"post-details details-type-link\" aria-label=\"Read more about Sportel &#8211; Monaco 2020\">Read more<i class=\"dt-icon-the7-arrow-03\" aria-hidden=\"true\"><\/i><\/a>\n\n<\/div><\/article><\/div><div class=\"visible wf-cell\" data-post-id=\"1852\" data-date=\"2020-06-26T15:37:47+02:00\" data-name=\"Cannes Yachting Festival 2020\"><article class=\"post project-odd visible post-1852 type-post status-publish format-standard has-post-thumbnail hentry category-3 category-cannes category-cannes-yachting-festival category-stand-design category-trade-shows category-7 category-10 category-47 category-51\" data-name=\"Cannes Yachting Festival 2020\" data-date=\"2020-06-26T15:37:47+02:00\">\n\n<div class=\"post-thumbnail-wrap\">\n\t<div class=\"post-thumbnail\">\n\t\t\n\t\t\n\t\t<a href=\"https:\/\/www.lyonexpo.fr\/en\/2020\/06\/26\/cannes-yachting-festival-2020\/\" class=\"post-thumbnail-rollover layzr-bg layzr-bg\"><img decoding=\"async\" class=\"iso-lazy-load preload-me iso-lazy-load aspect\" src=\"data:image\/svg+xml,%3Csvg%20xmlns%3D&#39;http%3A%2F%2Fwww.w3.org%2F2000%2Fsvg&#39;%20viewBox%3D&#39;0%200%20768%20512&#39;%2F%3E\" data-src=\"https:\/\/www.lyonexpo.fr\/wp-content\/uploads\/2020\/06\/Cannes-Yachting-Festival-FI-768x512.jpg\" data-srcset=\"https:\/\/www.lyonexpo.fr\/wp-content\/uploads\/2020\/06\/Cannes-Yachting-Festival-FI-768x512.jpg 768w, https:\/\/www.lyonexpo.fr\/wp-content\/uploads\/2020\/06\/Cannes-Yachting-Festival-FI-1152x768.jpg 1152w\" loading=\"eager\" style=\"--ratio: 768 \/ 512\" sizes=\"(max-width: 768px) 100vw, 768px\" alt=\"Cannes Yachting Festival\" title=\"Cannes Yachting Festival FI\" width=\"768\" height=\"512\"  \/><\/a>\t<\/div>\n<\/div>\n\n\n<div class=\"post-entry-content\">\n\n\t<h3 class=\"entry-title\">\n\t\t<a href=\"https:\/\/www.lyonexpo.fr\/en\/2020\/06\/26\/cannes-yachting-festival-2020\/\" title=\"Cannes Yachting Festival 2020\" rel=\"bookmark\">Cannes Yachting Festival 2020<\/a>\n\t<\/h3>\n\n\t<div class=\"entry-meta\"><span class=\"category-link\"><a href=\"https:\/\/www.lyonexpo.fr\/en\/2020\/\">2020<\/a>, <a href=\"https:\/\/www.lyonexpo.fr\/en\/cannes\/\">Cannes<\/a>, <a href=\"https:\/\/www.lyonexpo.fr\/en\/cannes-yachting-festival\/\">Cannes Yachting Festival<\/a>, <a href=\"https:\/\/www.lyonexpo.fr\/en\/stand-design\/\">Stand Design<\/a>, <a href=\"https:\/\/www.lyonexpo.fr\/en\/trade-shows\/\">Trade Shows<\/a><\/span><\/div>\n\t<div class=\"entry-excerpt\"><p>The Cannes Yachting Festival is Europe\u2019s leading in-water boating event in elegant, luxurious surroundings in the sparkling bay of Cannes.<\/p>\n<\/div>\n\t\n<a href=\"https:\/\/www.lyonexpo.fr\/en\/2020\/06\/26\/cannes-yachting-festival-2020\/\" class=\"post-details details-type-link\" aria-label=\"Read more about Cannes Yachting Festival 2020\">Read more<i class=\"dt-icon-the7-arrow-03\" aria-hidden=\"true\"><\/i><\/a>\n\n<\/div><\/article><\/div><div class=\"visible wf-cell\" data-post-id=\"1841\" data-date=\"2020-06-24T13:40:20+02:00\" data-name=\"LogiPharma - Nice 2020\"><article class=\"post project-odd visible post-1841 type-post status-publish format-standard has-post-thumbnail hentry category-3 category-logipharma category-nice category-trade-shows category-26 category-40 category-51\" data-name=\"LogiPharma &#8211; Nice 2020\" data-date=\"2020-06-24T13:40:20+02:00\">\n\n<div class=\"post-thumbnail-wrap\">\n\t<div class=\"post-thumbnail\">\n\t\t\n\t\t\n\t\t<a href=\"https:\/\/www.lyonexpo.fr\/en\/2020\/06\/24\/logipharma-nice-2020\/\" class=\"post-thumbnail-rollover layzr-bg layzr-bg\"><img decoding=\"async\" class=\"iso-lazy-load preload-me iso-lazy-load aspect\" src=\"data:image\/svg+xml,%3Csvg%20xmlns%3D&#39;http%3A%2F%2Fwww.w3.org%2F2000%2Fsvg&#39;%20viewBox%3D&#39;0%200%20768%20512&#39;%2F%3E\" data-src=\"https:\/\/www.lyonexpo.fr\/wp-content\/uploads\/2020\/06\/logipharma-nice-2020-FI-768x512.png\" data-srcset=\"https:\/\/www.lyonexpo.fr\/wp-content\/uploads\/2020\/06\/logipharma-nice-2020-FI-768x512.png 768w, https:\/\/www.lyonexpo.fr\/wp-content\/uploads\/2020\/06\/logipharma-nice-2020-FI-792x528.png 792w\" loading=\"eager\" style=\"--ratio: 768 \/ 512\" sizes=\"(max-width: 768px) 100vw, 768px\" alt=\"logipharma\" title=\"logipharma standiste\" width=\"768\" height=\"512\"  \/><\/a>\t<\/div>\n<\/div>\n\n\n<div class=\"post-entry-content\">\n\n\t<h3 class=\"entry-title\">\n\t\t<a href=\"https:\/\/www.lyonexpo.fr\/en\/2020\/06\/24\/logipharma-nice-2020\/\" title=\"LogiPharma &#8211; Nice 2020\" rel=\"bookmark\">LogiPharma &#8211; Nice 2020<\/a>\n\t<\/h3>\n\n\t<div class=\"entry-meta\"><span class=\"category-link\"><a href=\"https:\/\/www.lyonexpo.fr\/en\/2020\/\">2020<\/a>, <a href=\"https:\/\/www.lyonexpo.fr\/en\/logipharma\/\">LogiPharma<\/a>, <a href=\"https:\/\/www.lyonexpo.fr\/en\/nice\/\">Nice<\/a>, <a href=\"https:\/\/www.lyonexpo.fr\/en\/trade-shows\/\">Trade Shows<\/a><\/span><\/div>\n\t<div class=\"entry-excerpt\"><p>LogiPharma is the longest-running supply chain event celebrating its 20th anniversary yea and now it\u2019s time to open the doors at the new LogiPharma location in Nice.<\/p>\n<\/div>\n\t\n<a href=\"https:\/\/www.lyonexpo.fr\/en\/2020\/06\/24\/logipharma-nice-2020\/\" class=\"post-details details-type-link\" aria-label=\"Read more about LogiPharma &#8211; Nice 2020\">Read more<i class=\"dt-icon-the7-arrow-03\" aria-hidden=\"true\"><\/i><\/a>\n\n<\/div><\/article><\/div><div class=\"visible wf-cell\" data-post-id=\"1831\" data-date=\"2020-06-22T14:34:48+02:00\" data-name=\"Showtime starts after the summer!\"><article class=\"post project-odd visible post-1831 type-post status-publish format-standard has-post-thumbnail hentry category-3 category-cannes category-monaco category-nice category-stand-design category-trade-shows category-7 category-37 category-40 category-47 category-51\" data-name=\"Showtime starts after the summer!\" data-date=\"2020-06-22T14:34:48+02:00\">\n\n<div class=\"post-thumbnail-wrap\">\n\t<div class=\"post-thumbnail\">\n\t\t\n\t\t\n\t\t<a href=\"https:\/\/www.lyonexpo.fr\/en\/2020\/06\/22\/showtime-starts-after-the-summer\/\" class=\"post-thumbnail-rollover layzr-bg layzr-bg\"><img decoding=\"async\" class=\"iso-lazy-load preload-me iso-lazy-load aspect\" src=\"data:image\/svg+xml,%3Csvg%20xmlns%3D&#39;http%3A%2F%2Fwww.w3.org%2F2000%2Fsvg&#39;%20viewBox%3D&#39;0%200%20768%20512&#39;%2F%3E\" data-src=\"https:\/\/www.lyonexpo.fr\/wp-content\/uploads\/2020\/06\/showtime-768x512.jpg\" data-srcset=\"https:\/\/www.lyonexpo.fr\/wp-content\/uploads\/2020\/06\/showtime-768x512.jpg 768w, https:\/\/www.lyonexpo.fr\/wp-content\/uploads\/2020\/06\/showtime-1152x768.jpg 1152w\" loading=\"eager\" style=\"--ratio: 768 \/ 512\" sizes=\"(max-width: 768px) 100vw, 768px\" alt=\"showtime\" title=\"showtime\" width=\"768\" height=\"512\"  \/><\/a>\t<\/div>\n<\/div>\n\n\n<div class=\"post-entry-content\">\n\n\t<h3 class=\"entry-title\">\n\t\t<a href=\"https:\/\/www.lyonexpo.fr\/en\/2020\/06\/22\/showtime-starts-after-the-summer\/\" title=\"Showtime starts after the summer!\" rel=\"bookmark\">Showtime starts after the summer!<\/a>\n\t<\/h3>\n\n\t<div class=\"entry-meta\"><span class=\"category-link\"><a href=\"https:\/\/www.lyonexpo.fr\/en\/2020\/\">2020<\/a>, <a href=\"https:\/\/www.lyonexpo.fr\/en\/cannes\/\">Cannes<\/a>, <a href=\"https:\/\/www.lyonexpo.fr\/en\/monaco\/\">Monaco<\/a>, <a href=\"https:\/\/www.lyonexpo.fr\/en\/nice\/\">Nice<\/a>, <a href=\"https:\/\/www.lyonexpo.fr\/en\/stand-design\/\">Stand Design<\/a>, <a href=\"https:\/\/www.lyonexpo.fr\/en\/trade-shows\/\">Trade Shows<\/a><\/span><\/div>\n\t<div class=\"entry-excerpt\"><p>Large events are allowed in France again from the 1st of September 2020 this is the calendar for the last 4 months of the year.<\/p>\n<\/div>\n\t\n<a href=\"https:\/\/www.lyonexpo.fr\/en\/2020\/06\/22\/showtime-starts-after-the-summer\/\" class=\"post-details details-type-link\" aria-label=\"Read more about Showtime starts after the summer!\">Read more<i class=\"dt-icon-the7-arrow-03\" aria-hidden=\"true\"><\/i><\/a>\n\n<\/div><\/article><\/div><div class=\"visible wf-cell\" data-post-id=\"1748\" data-date=\"2020-03-24T11:39:05+01:00\" data-name=\"Book now, cancel without penalty!\"><article class=\"post project-odd visible post-1748 type-post status-publish format-standard has-post-thumbnail hentry category-3 category-covid-19 category-stand-design category-trade-shows category-14 category-47 category-51\" data-name=\"Book now, cancel without penalty!\" data-date=\"2020-03-24T11:39:05+01:00\">\n\n<div class=\"post-thumbnail-wrap\">\n\t<div class=\"post-thumbnail\">\n\t\t\n\t\t\n\t\t<a href=\"https:\/\/www.lyonexpo.fr\/en\/2020\/03\/24\/reservez-maintenant-annulez-sans-penalite\/\" class=\"post-thumbnail-rollover layzr-bg layzr-bg\"><img decoding=\"async\" class=\"iso-lazy-load preload-me iso-lazy-load aspect\" src=\"data:image\/svg+xml,%3Csvg%20xmlns%3D&#39;http%3A%2F%2Fwww.w3.org%2F2000%2Fsvg&#39;%20viewBox%3D&#39;0%200%20768%20512&#39;%2F%3E\" data-src=\"https:\/\/www.lyonexpo.fr\/wp-content\/uploads\/2020\/03\/book_now-pay_later-768x512.jpg\" data-srcset=\"https:\/\/www.lyonexpo.fr\/wp-content\/uploads\/2020\/03\/book_now-pay_later-768x512.jpg 768w, https:\/\/www.lyonexpo.fr\/wp-content\/uploads\/2020\/03\/book_now-pay_later.jpg 850w\" loading=\"eager\" style=\"--ratio: 768 \/ 512\" sizes=\"(max-width: 768px) 100vw, 768px\" alt=\"book_now-pay_later\" title=\"Background_cover\" width=\"768\" height=\"512\"  \/><\/a>\t<\/div>\n<\/div>\n\n\n<div class=\"post-entry-content\">\n\n\t<h3 class=\"entry-title\">\n\t\t<a href=\"https:\/\/www.lyonexpo.fr\/en\/2020\/03\/24\/reservez-maintenant-annulez-sans-penalite\/\" title=\"Book now, cancel without penalty!\" rel=\"bookmark\">Book now, cancel without penalty!<\/a>\n\t<\/h3>\n\n\t<div class=\"entry-meta\"><span class=\"category-link\"><a href=\"https:\/\/www.lyonexpo.fr\/en\/2020\/\">2020<\/a>, <a href=\"https:\/\/www.lyonexpo.fr\/en\/covid-19\/\">covid-19<\/a>, <a href=\"https:\/\/www.lyonexpo.fr\/en\/stand-design\/\">Stand Design<\/a>, <a href=\"https:\/\/www.lyonexpo.fr\/en\/trade-shows\/\">Trade Shows<\/a><\/span><\/div>\n\t<div class=\"entry-excerpt\"><p>With our Book now, Pay later initative you can book your stand now for any future event and cancel freely up to 4 weeks before the event!<\/p>\n<\/div>\n\t\n<a href=\"https:\/\/www.lyonexpo.fr\/en\/2020\/03\/24\/reservez-maintenant-annulez-sans-penalite\/\" class=\"post-details details-type-link\" aria-label=\"Read more about Book now, cancel without penalty!\">Read more<i class=\"dt-icon-the7-arrow-03\" aria-hidden=\"true\"><\/i><\/a>\n\n<\/div><\/article><\/div><div class=\"visible wf-cell\" data-post-id=\"1708\" data-date=\"2020-02-24T14:41:53+01:00\" data-name=\"Luxe Pack Monaco 2020\"><article class=\"post project-odd visible post-1708 type-post status-publish format-standard has-post-thumbnail hentry category-3 category-monaco category-stand-design category-trade-shows category-37 category-47 category-51\" data-name=\"Luxe Pack Monaco 2020\" data-date=\"2020-02-24T14:41:53+01:00\">\n\n<div class=\"post-thumbnail-wrap\">\n\t<div class=\"post-thumbnail\">\n\t\t\n\t\t\n\t\t<a href=\"https:\/\/www.lyonexpo.fr\/en\/2020\/02\/24\/luxe-pack-monaco-2020\/\" class=\"post-thumbnail-rollover layzr-bg layzr-bg\"><img decoding=\"async\" class=\"iso-lazy-load preload-me iso-lazy-load aspect\" src=\"data:image\/svg+xml,%3Csvg%20xmlns%3D&#39;http%3A%2F%2Fwww.w3.org%2F2000%2Fsvg&#39;%20viewBox%3D&#39;0%200%20768%20512&#39;%2F%3E\" data-src=\"https:\/\/www.lyonexpo.fr\/wp-content\/uploads\/2020\/02\/luxepack-Monaco-2020-768x512.png\" data-srcset=\"https:\/\/www.lyonexpo.fr\/wp-content\/uploads\/2020\/02\/luxepack-Monaco-2020-768x512.png 768w, https:\/\/www.lyonexpo.fr\/wp-content\/uploads\/2020\/02\/luxepack-Monaco-2020-858x572.png 858w\" loading=\"eager\" style=\"--ratio: 768 \/ 512\" sizes=\"(max-width: 768px) 100vw, 768px\" alt=\"luxepack\" title=\"luxepack Monaco 2020\" width=\"768\" height=\"512\"  \/><\/a>\t<\/div>\n<\/div>\n\n\n<div class=\"post-entry-content\">\n\n\t<h3 class=\"entry-title\">\n\t\t<a href=\"https:\/\/www.lyonexpo.fr\/en\/2020\/02\/24\/luxe-pack-monaco-2020\/\" title=\"Luxe Pack Monaco 2020\" rel=\"bookmark\">Luxe Pack Monaco 2020<\/a>\n\t<\/h3>\n\n\t<div class=\"entry-meta\"><span class=\"category-link\"><a href=\"https:\/\/www.lyonexpo.fr\/en\/2020\/\">2020<\/a>, <a href=\"https:\/\/www.lyonexpo.fr\/en\/monaco\/\">Monaco<\/a>, <a href=\"https:\/\/www.lyonexpo.fr\/en\/stand-design\/\">Stand Design<\/a>, <a href=\"https:\/\/www.lyonexpo.fr\/en\/trade-shows\/\">Trade Shows<\/a><\/span><\/div>\n\t<div class=\"entry-excerpt\"><p>Luxe Pack brings together the best producers of packaging and packaging materials from all over the world under one roof.<\/p>\n<\/div>\n\t\n<a href=\"https:\/\/www.lyonexpo.fr\/en\/2020\/02\/24\/luxe-pack-monaco-2020\/\" class=\"post-details details-type-link\" aria-label=\"Read more about Luxe Pack Monaco 2020\">Read more<i class=\"dt-icon-the7-arrow-03\" aria-hidden=\"true\"><\/i><\/a>\n\n<\/div><\/article><\/div><div class=\"visible wf-cell\" data-post-id=\"1698\" data-date=\"2020-02-19T10:08:55+01:00\" data-name=\"TFWA World Exhibition &amp; Conference\"><article class=\"post project-odd visible post-1698 type-post status-publish format-standard has-post-thumbnail hentry category-3 category-cannes category-stand-design category-tax-free-world category-tfwa category-trade-shows category-7 category-47 category-48 category-49 category-51\" data-name=\"TFWA World Exhibition &amp; Conference\" data-date=\"2020-02-19T10:08:55+01:00\">\n\n<div class=\"post-thumbnail-wrap\">\n\t<div class=\"post-thumbnail\">\n\t\t\n\t\t\n\t\t<a href=\"https:\/\/www.lyonexpo.fr\/en\/2020\/02\/19\/tfwa-world-exhibition-conference-2020\/\" class=\"post-thumbnail-rollover layzr-bg layzr-bg\"><img decoding=\"async\" class=\"iso-lazy-load preload-me iso-lazy-load aspect\" src=\"data:image\/svg+xml,%3Csvg%20xmlns%3D&#39;http%3A%2F%2Fwww.w3.org%2F2000%2Fsvg&#39;%20viewBox%3D&#39;0%200%20768%20512&#39;%2F%3E\" data-src=\"https:\/\/www.lyonexpo.fr\/wp-content\/uploads\/2020\/02\/TFWA-world-cannes-2020-768x512.jpg\" data-srcset=\"https:\/\/www.lyonexpo.fr\/wp-content\/uploads\/2020\/02\/TFWA-world-cannes-2020-768x512.jpg 768w\" loading=\"eager\" style=\"--ratio: 768 \/ 512\" sizes=\"(max-width: 768px) 100vw, 768px\" alt=\"TFWA world cannes 2020\" title=\"TFWA world cannes 2020\" width=\"768\" height=\"512\"  \/><\/a>\t<\/div>\n<\/div>\n\n\n<div class=\"post-entry-content\">\n\n\t<h3 class=\"entry-title\">\n\t\t<a href=\"https:\/\/www.lyonexpo.fr\/en\/2020\/02\/19\/tfwa-world-exhibition-conference-2020\/\" title=\"TFWA World Exhibition &amp; Conference\" rel=\"bookmark\">TFWA World Exhibition &#038; Conference<\/a>\n\t<\/h3>\n\n\t<div class=\"entry-meta\"><span class=\"category-link\"><a href=\"https:\/\/www.lyonexpo.fr\/en\/2020\/\">2020<\/a>, <a href=\"https:\/\/www.lyonexpo.fr\/en\/cannes\/\">Cannes<\/a>, <a href=\"https:\/\/www.lyonexpo.fr\/en\/stand-design\/\">Stand Design<\/a>, <a href=\"https:\/\/www.lyonexpo.fr\/en\/tax-free-world\/\">Tax Free World<\/a>, <a href=\"https:\/\/www.lyonexpo.fr\/en\/tfwa\/\">TFWA<\/a>, <a href=\"https:\/\/www.lyonexpo.fr\/en\/trade-shows\/\">Trade Shows<\/a><\/span><\/div>\n\t<div class=\"entry-excerpt\"><p>If you are exhibiting at TFWA and are you looking for a custom stand solution to stand out from the crowd, talk to your local stand builder in Cannes<\/p>\n<\/div>\n\t\n<a href=\"https:\/\/www.lyonexpo.fr\/en\/2020\/02\/19\/tfwa-world-exhibition-conference-2020\/\" class=\"post-details details-type-link\" aria-label=\"Read more about TFWA World Exhibition &amp; Conference\">Read more<i class=\"dt-icon-the7-arrow-03\" aria-hidden=\"true\"><\/i><\/a>\n\n<\/div><\/article><\/div><div class=\"visible wf-cell\" data-post-id=\"1656\" data-date=\"2020-02-11T12:36:07+01:00\" data-name=\"ESSKA Congress, Milan Italy\"><article class=\"post project-odd visible post-1656 type-post status-publish format-standard has-post-thumbnail hentry category-esska category-milan category-stand-design category-trade-shows category-16 category-32 category-47 category-51\" data-name=\"ESSKA Congress, Milan Italy\" data-date=\"2020-02-11T12:36:07+01:00\">\n\n<div class=\"post-thumbnail-wrap\">\n\t<div class=\"post-thumbnail\">\n\t\t\n\t\t\n\t\t<a href=\"https:\/\/www.lyonexpo.fr\/en\/2020\/02\/11\/esska-congress-milan-italy\/\" class=\"post-thumbnail-rollover layzr-bg layzr-bg\"><img decoding=\"async\" class=\"iso-lazy-load preload-me iso-lazy-load aspect\" src=\"data:image\/svg+xml,%3Csvg%20xmlns%3D&#39;http%3A%2F%2Fwww.w3.org%2F2000%2Fsvg&#39;%20viewBox%3D&#39;0%200%20768%20512&#39;%2F%3E\" data-src=\"https:\/\/www.lyonexpo.fr\/wp-content\/uploads\/2020\/02\/ESSKA-scaled-1-768x512.jpg\" data-srcset=\"https:\/\/www.lyonexpo.fr\/wp-content\/uploads\/2020\/02\/ESSKA-scaled-1-768x512.jpg 768w, https:\/\/www.lyonexpo.fr\/wp-content\/uploads\/2020\/02\/ESSKA-scaled-1-1152x768.jpg 1152w\" loading=\"eager\" style=\"--ratio: 768 \/ 512\" sizes=\"(max-width: 768px) 100vw, 768px\" alt=\"ESSKA Congress Milan Debate\" title=\"ESSKA\" width=\"768\" height=\"512\"  \/><\/a>\t<\/div>\n<\/div>\n\n\n<div class=\"post-entry-content\">\n\n\t<h3 class=\"entry-title\">\n\t\t<a href=\"https:\/\/www.lyonexpo.fr\/en\/2020\/02\/11\/esska-congress-milan-italy\/\" title=\"ESSKA Congress, Milan Italy\" rel=\"bookmark\">ESSKA Congress, Milan Italy<\/a>\n\t<\/h3>\n\n\t<div class=\"entry-meta\"><span class=\"category-link\"><a href=\"https:\/\/www.lyonexpo.fr\/en\/esska\/\">ESSKA<\/a>, <a href=\"https:\/\/www.lyonexpo.fr\/en\/milan\/\">Milan<\/a>, <a href=\"https:\/\/www.lyonexpo.fr\/en\/stand-design\/\">Stand Design<\/a>, <a href=\"https:\/\/www.lyonexpo.fr\/en\/trade-shows\/\">Trade Shows<\/a><\/span><\/div>\n\t<div class=\"entry-excerpt\"><p>CannesExpo will be building on the nest ESSKA Congress in Milan which is held from the 6th untill the 9th of MAY 2020. <\/p>\n<\/div>\n\t\n<a href=\"https:\/\/www.lyonexpo.fr\/en\/2020\/02\/11\/esska-congress-milan-italy\/\" class=\"post-details details-type-link\" aria-label=\"Read more about ESSKA Congress, Milan Italy\">Read more<i class=\"dt-icon-the7-arrow-03\" aria-hidden=\"true\"><\/i><\/a>\n\n<\/div><\/article><\/div><div class=\"visible wf-cell\" data-post-id=\"1648\" data-date=\"2020-02-04T10:14:39+01:00\" data-name=\"Exhibiting at VAPEXPO 2020 in Nice?\"><article class=\"post project-odd visible post-1648 type-post status-publish format-standard has-post-thumbnail hentry category-trade-shows category-nice category-stand-design category-vapexpo category-51 category-40 category-47 category-52\" data-name=\"Exhibiting at VAPEXPO 2020 in Nice?\" data-date=\"2020-02-04T10:14:39+01:00\">\n\n<div class=\"post-thumbnail-wrap\">\n\t<div class=\"post-thumbnail\">\n\t\t\n\t\t\n\t\t<a href=\"https:\/\/www.lyonexpo.fr\/en\/2020\/02\/04\/exhibiting-at-vapexpo-2020-in-nice\/\" class=\"post-thumbnail-rollover layzr-bg layzr-bg\"><img decoding=\"async\" class=\"iso-lazy-load preload-me iso-lazy-load aspect\" src=\"data:image\/svg+xml,%3Csvg%20xmlns%3D&#39;http%3A%2F%2Fwww.w3.org%2F2000%2Fsvg&#39;%20viewBox%3D&#39;0%200%20768%20512&#39;%2F%3E\" data-src=\"https:\/\/www.lyonexpo.fr\/wp-content\/uploads\/2020\/02\/Accueil_41-1024x648-1-768x512.jpg\" data-srcset=\"https:\/\/www.lyonexpo.fr\/wp-content\/uploads\/2020\/02\/Accueil_41-1024x648-1-768x512.jpg 768w, https:\/\/www.lyonexpo.fr\/wp-content\/uploads\/2020\/02\/Accueil_41-1024x648-1-972x648.jpg 972w\" loading=\"eager\" style=\"--ratio: 768 \/ 512\" sizes=\"(max-width: 768px) 100vw, 768px\" alt=\"vapexpo\" title=\"Accueil_41-1024&#215;648\" width=\"768\" height=\"512\"  \/><\/a>\t<\/div>\n<\/div>\n\n\n<div class=\"post-entry-content\">\n\n\t<h3 class=\"entry-title\">\n\t\t<a href=\"https:\/\/www.lyonexpo.fr\/en\/2020\/02\/04\/exhibiting-at-vapexpo-2020-in-nice\/\" title=\"Exhibiting at VAPEXPO 2020 in Nice?\" rel=\"bookmark\">Exhibiting at VAPEXPO 2020 in Nice?<\/a>\n\t<\/h3>\n\n\t<div class=\"entry-meta\"><span class=\"category-link\"><a href=\"https:\/\/www.lyonexpo.fr\/en\/trade-shows\/\">Trade Shows<\/a>, <a href=\"https:\/\/www.lyonexpo.fr\/en\/nice\/\">Nice<\/a>, <a href=\"https:\/\/www.lyonexpo.fr\/en\/stand-design\/\">Stand Design<\/a>, <a href=\"https:\/\/www.lyonexpo.fr\/en\/vapexpo\/\">VAPEXPO<\/a><\/span><\/div>\n\t<div class=\"entry-excerpt\"><p>Since its first edition in March 2014 in Bordeaux, Vapexpo has continued to grow.\u00a0The entire team has put all their energy into organizing these shows for you!<\/p>\n<\/div>\n\t\n<a href=\"https:\/\/www.lyonexpo.fr\/en\/2020\/02\/04\/exhibiting-at-vapexpo-2020-in-nice\/\" class=\"post-details details-type-link\" aria-label=\"Read more about Exhibiting at VAPEXPO 2020 in Nice?\">Read more<i class=\"dt-icon-the7-arrow-03\" aria-hidden=\"true\"><\/i><\/a>\n\n<\/div><\/article><\/div><div class=\"visible wf-cell\" data-post-id=\"1641\" data-date=\"2020-02-03T10:33:18+01:00\" data-name=\"3x3 Stand at  IMCAS World Congress\"><article class=\"post project-odd visible post-1641 type-post status-publish format-standard has-post-thumbnail hentry category-imcas category-paris category-stand-design category-22 category-42 category-47\" data-name=\"3&#215;3 Stand at  IMCAS World Congress\" data-date=\"2020-02-03T10:33:18+01:00\">\n\n<div class=\"post-thumbnail-wrap\">\n\t<div class=\"post-thumbnail\">\n\t\t\n\t\t\n\t\t<a href=\"https:\/\/www.lyonexpo.fr\/en\/2020\/02\/03\/3x3-stand-at-imcas-world-congress-paris\/\" class=\"post-thumbnail-rollover layzr-bg layzr-bg\"><img decoding=\"async\" class=\"iso-lazy-load preload-me iso-lazy-load aspect\" src=\"data:image\/svg+xml,%3Csvg%20xmlns%3D&#39;http%3A%2F%2Fwww.w3.org%2F2000%2Fsvg&#39;%20viewBox%3D&#39;0%200%20640%20426&#39;%2F%3E\" data-src=\"https:\/\/www.lyonexpo.fr\/wp-content\/uploads\/2020\/02\/imcass-2020-paris-stand-3x3-1-640x426.jpg\" data-srcset=\"https:\/\/www.lyonexpo.fr\/wp-content\/uploads\/2020\/02\/imcass-2020-paris-stand-3x3-1-640x426.jpg 640w\" loading=\"eager\" style=\"--ratio: 640 \/ 426\" sizes=\"(max-width: 640px) 100vw, 640px\" alt=\"imcass\" title=\"imcass-2020-paris-stand-3&#215;3\" width=\"640\" height=\"426\"  \/><\/a>\t<\/div>\n<\/div>\n\n\n<div class=\"post-entry-content\">\n\n\t<h3 class=\"entry-title\">\n\t\t<a href=\"https:\/\/www.lyonexpo.fr\/en\/2020\/02\/03\/3x3-stand-at-imcas-world-congress-paris\/\" title=\"3&#215;3 Stand at  IMCAS World Congress\" rel=\"bookmark\">3&#215;3 Stand at  IMCAS World Congress<\/a>\n\t<\/h3>\n\n\t<div class=\"entry-meta\"><span class=\"category-link\"><a href=\"https:\/\/www.lyonexpo.fr\/en\/imcas\/\">imcas<\/a>, <a href=\"https:\/\/www.lyonexpo.fr\/en\/paris\/\">paris<\/a>, <a href=\"https:\/\/www.lyonexpo.fr\/en\/stand-design\/\">Stand Design<\/a><\/span><\/div>\n\t<div class=\"entry-excerpt\"><p>This year at the\u00a0IMCAS World Congress in Paris we have built a 9sqm stand for Estar Medical with a total of 5 lightboxes to grab attention<\/p>\n<\/div>\n\t\n<a href=\"https:\/\/www.lyonexpo.fr\/en\/2020\/02\/03\/3x3-stand-at-imcas-world-congress-paris\/\" class=\"post-details details-type-link\" aria-label=\"Read more about 3&#215;3 Stand at  IMCAS World Congress\">Read more<i class=\"dt-icon-the7-arrow-03\" aria-hidden=\"true\"><\/i><\/a>\n\n<\/div><\/article><\/div><div class=\"visible wf-cell\" data-post-id=\"1396\" data-date=\"2019-11-28T14:39:13+01:00\" data-name=\"Exhibiting at MIPIM 2020 in Cannes?\"><article class=\"post project-odd visible post-1396 type-post status-publish format-standard has-post-thumbnail hentry category-cannes category-mipim category-stand-design category-trade-shows category-7 category-34 category-47 category-51\" data-name=\"Exhibiting at MIPIM 2020 in Cannes?\" data-date=\"2019-11-28T14:39:13+01:00\">\n\n<div class=\"post-thumbnail-wrap\">\n\t<div class=\"post-thumbnail\">\n\t\t\n\t\t\n\t\t<a href=\"https:\/\/www.lyonexpo.fr\/en\/2019\/11\/28\/exhibiting-at-mipim-2020-in-cannes\/\" class=\"post-thumbnail-rollover layzr-bg layzr-bg\"><img decoding=\"async\" class=\"iso-lazy-load preload-me iso-lazy-load aspect\" src=\"data:image\/svg+xml,%3Csvg%20xmlns%3D&#39;http%3A%2F%2Fwww.w3.org%2F2000%2Fsvg&#39;%20viewBox%3D&#39;0%200%20768%20512&#39;%2F%3E\" data-src=\"https:\/\/www.lyonexpo.fr\/wp-content\/uploads\/2019\/11\/mipim-2020-cannes-exhibition-768x512.jpg\" data-srcset=\"https:\/\/www.lyonexpo.fr\/wp-content\/uploads\/2019\/11\/mipim-2020-cannes-exhibition-768x512.jpg 768w, https:\/\/www.lyonexpo.fr\/wp-content\/uploads\/2019\/11\/mipim-2020-cannes-exhibition-798x532.jpg 798w\" loading=\"eager\" style=\"--ratio: 768 \/ 512\" sizes=\"(max-width: 768px) 100vw, 768px\" alt=\"mipim\" title=\"mipim-2020-cannes-exhibition\" width=\"768\" height=\"512\"  \/><\/a>\t<\/div>\n<\/div>\n\n\n<div class=\"post-entry-content\">\n\n\t<h3 class=\"entry-title\">\n\t\t<a href=\"https:\/\/www.lyonexpo.fr\/en\/2019\/11\/28\/exhibiting-at-mipim-2020-in-cannes\/\" title=\"Exhibiting at MIPIM 2020 in Cannes?\" rel=\"bookmark\">Exhibiting at MIPIM 2020 in Cannes?<\/a>\n\t<\/h3>\n\n\t<div class=\"entry-meta\"><span class=\"category-link\"><a href=\"https:\/\/www.lyonexpo.fr\/en\/cannes\/\">Cannes<\/a>, <a href=\"https:\/\/www.lyonexpo.fr\/en\/mipim\/\">MIPIM<\/a>, <a href=\"https:\/\/www.lyonexpo.fr\/en\/stand-design\/\">Stand Design<\/a>, <a href=\"https:\/\/www.lyonexpo.fr\/en\/trade-shows\/\">Trade Shows<\/a><\/span><\/div>\n\t<div class=\"entry-excerpt\"><p>Looking for a local stand builder for the 31th edition of the world\u2019s leading property market, MIPIM in CANNES, FRANCE.<\/p>\n<\/div>\n\t\n<a href=\"https:\/\/www.lyonexpo.fr\/en\/2019\/11\/28\/exhibiting-at-mipim-2020-in-cannes\/\" class=\"post-details details-type-link\" aria-label=\"Read more about Exhibiting at MIPIM 2020 in Cannes?\">Read more<i class=\"dt-icon-the7-arrow-03\" aria-hidden=\"true\"><\/i><\/a>\n\n<\/div><\/article><\/div><div class=\"visible wf-cell\" data-post-id=\"1387\" data-date=\"2019-11-24T09:41:33+01:00\" data-name=\"Reach reached out for Chefs World Summit\"><article class=\"post project-odd visible post-1387 type-post status-publish format-standard has-post-thumbnail hentry category-stand-design category-chefs-world-summit category-clients category-monaco category-trade-shows category-47 category-11 category-12 category-37 category-51\" data-name=\"Reach reached out for Chefs World Summit\" data-date=\"2019-11-24T09:41:33+01:00\">\n\n<div class=\"post-thumbnail-wrap\">\n\t<div class=\"post-thumbnail\">\n\t\t\n\t\t\n\t\t<a href=\"https:\/\/www.lyonexpo.fr\/en\/2019\/11\/24\/reach-reached-out-for-chefs-world-summit\/\" class=\"post-thumbnail-rollover layzr-bg layzr-bg\"><img decoding=\"async\" class=\"iso-lazy-load preload-me iso-lazy-load aspect\" src=\"data:image\/svg+xml,%3Csvg%20xmlns%3D&#39;http%3A%2F%2Fwww.w3.org%2F2000%2Fsvg&#39;%20viewBox%3D&#39;0%200%20768%20512&#39;%2F%3E\" data-src=\"https:\/\/www.lyonexpo.fr\/wp-content\/uploads\/2019\/11\/Reach-CWS2019-1-768x512.jpg\" data-srcset=\"https:\/\/www.lyonexpo.fr\/wp-content\/uploads\/2019\/11\/Reach-CWS2019-1-768x512.jpg 768w, https:\/\/www.lyonexpo.fr\/wp-content\/uploads\/2019\/11\/Reach-CWS2019-1-800x533.jpg 800w\" loading=\"eager\" style=\"--ratio: 768 \/ 512\" sizes=\"(max-width: 768px) 100vw, 768px\" alt=\"Reach Food Service\" title=\"Reach CWS2019-1\" width=\"768\" height=\"512\"  \/><\/a>\t<\/div>\n<\/div>\n\n\n<div class=\"post-entry-content\">\n\n\t<h3 class=\"entry-title\">\n\t\t<a href=\"https:\/\/www.lyonexpo.fr\/en\/2019\/11\/24\/reach-reached-out-for-chefs-world-summit\/\" title=\"Reach reached out for Chefs World Summit\" rel=\"bookmark\">Reach reached out for Chefs World Summit<\/a>\n\t<\/h3>\n\n\t<div class=\"entry-meta\"><span class=\"category-link\"><a href=\"https:\/\/www.lyonexpo.fr\/en\/stand-design\/\">Stand Design<\/a>, <a href=\"https:\/\/www.lyonexpo.fr\/en\/chefs-world-summit\/\">Chefs World Summit<\/a>, <a href=\"https:\/\/www.lyonexpo.fr\/en\/clients\/\">Clients<\/a>, <a href=\"https:\/\/www.lyonexpo.fr\/en\/monaco\/\">Monaco<\/a>, <a href=\"https:\/\/www.lyonexpo.fr\/en\/trade-shows\/\">Trade Shows<\/a><\/span><\/div>\n\t<div class=\"entry-excerpt\"><p>Short before the start of the Chefs World Summit in Monaco, Reach Food Service contacted us to\u00a0assist\u00a0with a 18sqm and 9sqm stand.<\/p>\n<\/div>\n\t\n<a href=\"https:\/\/www.lyonexpo.fr\/en\/2019\/11\/24\/reach-reached-out-for-chefs-world-summit\/\" class=\"post-details details-type-link\" aria-label=\"Read more about Reach reached out for Chefs World Summit\">Read more<i class=\"dt-icon-the7-arrow-03\" aria-hidden=\"true\"><\/i><\/a>\n\n<\/div><\/article><\/div><div class=\"visible wf-cell\" data-post-id=\"1377\" data-date=\"2019-11-13T09:16:07+01:00\" data-name=\"KCC 24sqm stand at MAPIC\"><article class=\"post project-odd visible post-1377 type-post status-publish format-standard has-post-thumbnail hentry category-cannes category-mapic category-stand-design category-trade-shows category-7 category-28 category-47 category-51\" data-name=\"KCC 24sqm stand at MAPIC\" data-date=\"2019-11-13T09:16:07+01:00\">\n\n<div class=\"post-thumbnail-wrap\">\n\t<div class=\"post-thumbnail\">\n\t\t\n\t\t\n\t\t<a href=\"https:\/\/www.lyonexpo.fr\/en\/2019\/11\/13\/kcc-24sqm-stand-at-mapic\/\" class=\"post-thumbnail-rollover layzr-bg layzr-bg\"><img decoding=\"async\" class=\"iso-lazy-load preload-me iso-lazy-load aspect\" src=\"data:image\/svg+xml,%3Csvg%20xmlns%3D&#39;http%3A%2F%2Fwww.w3.org%2F2000%2Fsvg&#39;%20viewBox%3D&#39;0%200%20768%20512&#39;%2F%3E\" data-src=\"https:\/\/www.lyonexpo.fr\/wp-content\/uploads\/2019\/11\/KCC-MAPIC2019-2-768x512.jpg\" data-srcset=\"https:\/\/www.lyonexpo.fr\/wp-content\/uploads\/2019\/11\/KCC-MAPIC2019-2-768x512.jpg 768w, https:\/\/www.lyonexpo.fr\/wp-content\/uploads\/2019\/11\/KCC-MAPIC2019-2-800x533.jpg 800w\" loading=\"eager\" style=\"--ratio: 768 \/ 512\" sizes=\"(max-width: 768px) 100vw, 768px\" alt=\"KCC-MAPIC\" title=\"KCC-MAPIC2019-2\" width=\"768\" height=\"512\"  \/><\/a>\t<\/div>\n<\/div>\n\n\n<div class=\"post-entry-content\">\n\n\t<h3 class=\"entry-title\">\n\t\t<a href=\"https:\/\/www.lyonexpo.fr\/en\/2019\/11\/13\/kcc-24sqm-stand-at-mapic\/\" title=\"KCC 24sqm stand at MAPIC\" rel=\"bookmark\">KCC 24sqm stand at MAPIC<\/a>\n\t<\/h3>\n\n\t<div class=\"entry-meta\"><span class=\"category-link\"><a href=\"https:\/\/www.lyonexpo.fr\/en\/cannes\/\">Cannes<\/a>, <a href=\"https:\/\/www.lyonexpo.fr\/en\/mapic\/\">MAPIC<\/a>, <a href=\"https:\/\/www.lyonexpo.fr\/en\/stand-design\/\">Stand Design<\/a>, <a href=\"https:\/\/www.lyonexpo.fr\/en\/trade-shows\/\">Trade Shows<\/a><\/span><\/div>\n\t<div class=\"entry-excerpt\"><p>This year at MAPIC in Cannes we have built a 24sqm stand for KCC.\u00a0Eye-catcher on this stand was a 5m large custom lightbox.<\/p>\n<\/div>\n\t\n<a href=\"https:\/\/www.lyonexpo.fr\/en\/2019\/11\/13\/kcc-24sqm-stand-at-mapic\/\" class=\"post-details details-type-link\" aria-label=\"Read more about KCC 24sqm stand at MAPIC\">Read more<i class=\"dt-icon-the7-arrow-03\" aria-hidden=\"true\"><\/i><\/a>\n\n<\/div><\/article><\/div><div class=\"visible wf-cell\" data-post-id=\"1380\" data-date=\"2019-11-08T09:26:22+01:00\" data-name=\"MCA Live - 14sqm corner Stand for JM BioTech\"><article class=\"post project-odd visible post-1380 type-post status-publish format-standard has-post-thumbnail hentry category-clients category-mca-live category-monaco category-stand-design category-trade-shows category-12 category-30 category-37 category-47 category-51\" data-name=\"MCA Live &#8211; 14sqm corner Stand for JM BioTech\" data-date=\"2019-11-08T09:26:22+01:00\">\n\n<div class=\"post-thumbnail-wrap\">\n\t<div class=\"post-thumbnail\">\n\t\t\n\t\t\n\t\t<a href=\"https:\/\/www.lyonexpo.fr\/en\/2019\/11\/08\/mca-live-14sqm-stand-for-jm-biotech\/\" class=\"post-thumbnail-rollover layzr-bg layzr-bg\"><img decoding=\"async\" class=\"iso-lazy-load preload-me iso-lazy-load aspect\" src=\"data:image\/svg+xml,%3Csvg%20xmlns%3D&#39;http%3A%2F%2Fwww.w3.org%2F2000%2Fsvg&#39;%20viewBox%3D&#39;0%200%20768%20512&#39;%2F%3E\" data-src=\"https:\/\/www.lyonexpo.fr\/wp-content\/uploads\/2019\/11\/JM-Biotech2019-1-768x512.jpg\" data-srcset=\"https:\/\/www.lyonexpo.fr\/wp-content\/uploads\/2019\/11\/JM-Biotech2019-1-768x512.jpg 768w, https:\/\/www.lyonexpo.fr\/wp-content\/uploads\/2019\/11\/JM-Biotech2019-1-800x533.jpg 800w\" loading=\"eager\" style=\"--ratio: 768 \/ 512\" sizes=\"(max-width: 768px) 100vw, 768px\" alt=\"MCA Live\" title=\"JM Biotech2019-1\" width=\"768\" height=\"512\"  \/><\/a>\t<\/div>\n<\/div>\n\n\n<div class=\"post-entry-content\">\n\n\t<h3 class=\"entry-title\">\n\t\t<a href=\"https:\/\/www.lyonexpo.fr\/en\/2019\/11\/08\/mca-live-14sqm-stand-for-jm-biotech\/\" title=\"MCA Live &#8211; 14sqm corner Stand for JM BioTech\" rel=\"bookmark\">MCA Live &#8211; 14sqm corner Stand for JM BioTech<\/a>\n\t<\/h3>\n\n\t<div class=\"entry-meta\"><span class=\"category-link\"><a href=\"https:\/\/www.lyonexpo.fr\/en\/clients\/\">Clients<\/a>, <a href=\"https:\/\/www.lyonexpo.fr\/en\/mca-live\/\">MCA Live<\/a>, <a href=\"https:\/\/www.lyonexpo.fr\/en\/monaco\/\">Monaco<\/a>, <a href=\"https:\/\/www.lyonexpo.fr\/en\/stand-design\/\">Stand Design<\/a>, <a href=\"https:\/\/www.lyonexpo.fr\/en\/trade-shows\/\">Trade Shows<\/a><\/span><\/div>\n\t<div class=\"entry-excerpt\"><p>At MCA Live in Monaco we have built a bit of an odd 24sqm corner stand with and angled edge for JM BioTech.<\/p>\n<\/div>\n\t\n<a href=\"https:\/\/www.lyonexpo.fr\/en\/2019\/11\/08\/mca-live-14sqm-stand-for-jm-biotech\/\" class=\"post-details details-type-link\" aria-label=\"Read more about MCA Live &#8211; 14sqm corner Stand for JM BioTech\">Read more<i class=\"dt-icon-the7-arrow-03\" aria-hidden=\"true\"><\/i><\/a>\n\n<\/div><\/article><\/div><div class=\"visible wf-cell\" data-post-id=\"1367\" data-date=\"2019-10-14T09:15:55+02:00\" data-name=\"76sqm Stand for SEPC at MIPCOM\"><article class=\"post project-odd visible post-1367 type-post status-publish format-standard has-post-thumbnail hentry category-cannes category-clients category-mipcom category-stand-design category-trade-shows category-7 category-12 category-33 category-47 category-51\" data-name=\"76sqm Stand for SEPC at MIPCOM\" data-date=\"2019-10-14T09:15:55+02:00\">\n\n<div class=\"post-thumbnail-wrap\">\n\t<div class=\"post-thumbnail\">\n\t\t\n\t\t\n\t\t<a href=\"https:\/\/www.lyonexpo.fr\/en\/2019\/10\/14\/76sqm-stand-for-sepc-at-mipcom\/\" class=\"post-thumbnail-rollover layzr-bg layzr-bg\"><img decoding=\"async\" class=\"iso-lazy-load preload-me iso-lazy-load aspect\" src=\"data:image\/svg+xml,%3Csvg%20xmlns%3D&#39;http%3A%2F%2Fwww.w3.org%2F2000%2Fsvg&#39;%20viewBox%3D&#39;0%200%20768%20512&#39;%2F%3E\" data-src=\"https:\/\/www.lyonexpo.fr\/wp-content\/uploads\/2019\/10\/mipcom2019-2-scaled-1-768x512.jpg\" data-srcset=\"https:\/\/www.lyonexpo.fr\/wp-content\/uploads\/2019\/10\/mipcom2019-2-scaled-1-768x512.jpg 768w, https:\/\/www.lyonexpo.fr\/wp-content\/uploads\/2019\/10\/mipcom2019-2-scaled-1-1152x768.jpg 1152w\" loading=\"eager\" style=\"--ratio: 768 \/ 512\" sizes=\"(max-width: 768px) 100vw, 768px\" alt=\"MIPCOM\" title=\"SEPC mipcom 2019-4\" width=\"768\" height=\"512\"  \/><\/a>\t<\/div>\n<\/div>\n\n\n<div class=\"post-entry-content\">\n\n\t<h3 class=\"entry-title\">\n\t\t<a href=\"https:\/\/www.lyonexpo.fr\/en\/2019\/10\/14\/76sqm-stand-for-sepc-at-mipcom\/\" title=\"76sqm Stand for SEPC at MIPCOM\" rel=\"bookmark\">76sqm Stand for SEPC at MIPCOM<\/a>\n\t<\/h3>\n\n\t<div class=\"entry-meta\"><span class=\"category-link\"><a href=\"https:\/\/www.lyonexpo.fr\/en\/cannes\/\">Cannes<\/a>, <a href=\"https:\/\/www.lyonexpo.fr\/en\/clients\/\">Clients<\/a>, <a href=\"https:\/\/www.lyonexpo.fr\/en\/mipcom\/\">MIPCOM<\/a>, <a href=\"https:\/\/www.lyonexpo.fr\/en\/stand-design\/\">Stand Design<\/a>, <a href=\"https:\/\/www.lyonexpo.fr\/en\/trade-shows\/\">Trade Shows<\/a><\/span><\/div>\n\t<div class=\"entry-excerpt\"><p>For the SEPC (INDIA) we built the 76\u00a0sqm INDIA Pavillion at MIPCOM in Cannes, 3 x 9sqm shell booths and a 49sqm main stand.<\/p>\n<\/div>\n\t\n<a href=\"https:\/\/www.lyonexpo.fr\/en\/2019\/10\/14\/76sqm-stand-for-sepc-at-mipcom\/\" class=\"post-details details-type-link\" aria-label=\"Read more about 76sqm Stand for SEPC at MIPCOM\">Read more<i class=\"dt-icon-the7-arrow-03\" aria-hidden=\"true\"><\/i><\/a>\n\n<\/div><\/article><\/div><div class=\"visible wf-cell\" data-post-id=\"1363\" data-date=\"2019-10-14T08:21:13+02:00\" data-name=\"DocuBay &amp; EPIC TV at MIPCOM\"><article class=\"post project-odd visible post-1363 type-post status-publish format-standard has-post-thumbnail hentry category-cannes category-clients category-mipcom category-stand-design category-trade-shows category-7 category-12 category-33 category-47 category-51\" data-name=\"DocuBay &amp; EPIC TV at MIPCOM\" data-date=\"2019-10-14T08:21:13+02:00\">\n\n<div class=\"post-thumbnail-wrap\">\n\t<div class=\"post-thumbnail\">\n\t\t\n\t\t\n\t\t<a href=\"https:\/\/www.lyonexpo.fr\/en\/2019\/10\/14\/docubay-epic-tv-at-mipcom\/\" class=\"post-thumbnail-rollover layzr-bg layzr-bg\"><img decoding=\"async\" class=\"iso-lazy-load preload-me iso-lazy-load aspect\" src=\"data:image\/svg+xml,%3Csvg%20xmlns%3D&#39;http%3A%2F%2Fwww.w3.org%2F2000%2Fsvg&#39;%20viewBox%3D&#39;0%200%20768%20512&#39;%2F%3E\" data-src=\"https:\/\/www.lyonexpo.fr\/wp-content\/uploads\/2019\/10\/mipcom2019-8-scaled-1-768x512.jpg\" data-srcset=\"https:\/\/www.lyonexpo.fr\/wp-content\/uploads\/2019\/10\/mipcom2019-8-scaled-1-768x512.jpg 768w, https:\/\/www.lyonexpo.fr\/wp-content\/uploads\/2019\/10\/mipcom2019-8-scaled-1-1152x768.jpg 1152w\" loading=\"eager\" style=\"--ratio: 768 \/ 512\" sizes=\"(max-width: 768px) 100vw, 768px\" alt=\"MIPCOM\" title=\"DocuBay &amp; EPIC TV at MIPCOM 1\" width=\"768\" height=\"512\"  \/><\/a>\t<\/div>\n<\/div>\n\n\n<div class=\"post-entry-content\">\n\n\t<h3 class=\"entry-title\">\n\t\t<a href=\"https:\/\/www.lyonexpo.fr\/en\/2019\/10\/14\/docubay-epic-tv-at-mipcom\/\" title=\"DocuBay &amp; EPIC TV at MIPCOM\" rel=\"bookmark\">DocuBay &#038; EPIC TV at MIPCOM<\/a>\n\t<\/h3>\n\n\t<div class=\"entry-meta\"><span class=\"category-link\"><a href=\"https:\/\/www.lyonexpo.fr\/en\/cannes\/\">Cannes<\/a>, <a href=\"https:\/\/www.lyonexpo.fr\/en\/clients\/\">Clients<\/a>, <a href=\"https:\/\/www.lyonexpo.fr\/en\/mipcom\/\">MIPCOM<\/a>, <a href=\"https:\/\/www.lyonexpo.fr\/en\/stand-design\/\">Stand Design<\/a>, <a href=\"https:\/\/www.lyonexpo.fr\/en\/trade-shows\/\">Trade Shows<\/a><\/span><\/div>\n\t<div class=\"entry-excerpt\"><p>After building a 18sqm stand for DocuBay\/EPIC TV at MIPTV we where asked to built the same stand at MIPCOM in Cannes.<\/p>\n<\/div>\n\t\n<a href=\"https:\/\/www.lyonexpo.fr\/en\/2019\/10\/14\/docubay-epic-tv-at-mipcom\/\" class=\"post-details details-type-link\" aria-label=\"Read more about DocuBay &amp; EPIC TV at MIPCOM\">Read more<i class=\"dt-icon-the7-arrow-03\" aria-hidden=\"true\"><\/i><\/a>\n\n<\/div><\/article><\/div><div class=\"visible wf-cell\" data-post-id=\"1353\" data-date=\"2019-10-14T08:02:54+02:00\" data-name=\"ESC India exhibiting at MIPCOM\"><article class=\"post project-odd visible post-1353 type-post status-publish format-standard has-post-thumbnail hentry category-cannes category-trade-shows category-7 category-51\" data-name=\"ESC India exhibiting at MIPCOM\" data-date=\"2019-10-14T08:02:54+02:00\">\n\n<div class=\"post-thumbnail-wrap\">\n\t<div class=\"post-thumbnail\">\n\t\t\n\t\t\n\t\t<a href=\"https:\/\/www.lyonexpo.fr\/en\/2019\/10\/14\/esc-india-exhibiting-at-mipcom-cannes\/\" class=\"post-thumbnail-rollover layzr-bg layzr-bg\"><img decoding=\"async\" class=\"iso-lazy-load preload-me iso-lazy-load aspect\" src=\"data:image\/svg+xml,%3Csvg%20xmlns%3D&#39;http%3A%2F%2Fwww.w3.org%2F2000%2Fsvg&#39;%20viewBox%3D&#39;0%200%20768%20512&#39;%2F%3E\" data-src=\"https:\/\/www.lyonexpo.fr\/wp-content\/uploads\/2019\/10\/mipcom2019-9-scaled-1-768x512.jpg\" data-srcset=\"https:\/\/www.lyonexpo.fr\/wp-content\/uploads\/2019\/10\/mipcom2019-9-scaled-1-768x512.jpg 768w, https:\/\/www.lyonexpo.fr\/wp-content\/uploads\/2019\/10\/mipcom2019-9-scaled-1-1152x768.jpg 1152w\" loading=\"eager\" style=\"--ratio: 768 \/ 512\" sizes=\"(max-width: 768px) 100vw, 768px\" alt=\"MIPCOM\" title=\"ESC India MIPCOM Cannes 3\" width=\"768\" height=\"512\"  \/><\/a>\t<\/div>\n<\/div>\n\n\n<div class=\"post-entry-content\">\n\n\t<h3 class=\"entry-title\">\n\t\t<a href=\"https:\/\/www.lyonexpo.fr\/en\/2019\/10\/14\/esc-india-exhibiting-at-mipcom-cannes\/\" title=\"ESC India exhibiting at MIPCOM\" rel=\"bookmark\">ESC India exhibiting at MIPCOM<\/a>\n\t<\/h3>\n\n\t<div class=\"entry-meta\"><span class=\"category-link\"><a href=\"https:\/\/www.lyonexpo.fr\/en\/cannes\/\">Cannes<\/a>, <a href=\"https:\/\/www.lyonexpo.fr\/en\/trade-shows\/\">Trade Shows<\/a><\/span><\/div>\n\t<div class=\"entry-excerpt\"><p>The Electronics &#038; Computer Software Export Promotion Council of India was exhibiting at Mipcom Cannes this year on a space wrapped around a corner.<\/p>\n<\/div>\n\t\n<a href=\"https:\/\/www.lyonexpo.fr\/en\/2019\/10\/14\/esc-india-exhibiting-at-mipcom-cannes\/\" class=\"post-details details-type-link\" aria-label=\"Read more about ESC India exhibiting at MIPCOM\">Read more<i class=\"dt-icon-the7-arrow-03\" aria-hidden=\"true\"><\/i><\/a>\n\n<\/div><\/article><\/div><div class=\"visible wf-cell\" data-post-id=\"1302\" data-date=\"2019-08-22T10:27:09+02:00\" data-name=\"Trustech 2019 in Cannes\"><article class=\"post project-odd visible post-1302 type-post status-publish format-standard has-post-thumbnail hentry category-cannes-lions category-trade-shows category-9 category-51\" data-name=\"Trustech 2019 in Cannes\" data-date=\"2019-08-22T10:27:09+02:00\">\n\n<div class=\"post-thumbnail-wrap\">\n\t<div class=\"post-thumbnail\">\n\t\t\n\t\t\n\t\t<a href=\"https:\/\/www.lyonexpo.fr\/en\/2019\/08\/22\/trustech-2019-in-cannes\/\" class=\"post-thumbnail-rollover layzr-bg layzr-bg\"><img decoding=\"async\" class=\"iso-lazy-load preload-me iso-lazy-load aspect\" src=\"data:image\/svg+xml,%3Csvg%20xmlns%3D&#39;http%3A%2F%2Fwww.w3.org%2F2000%2Fsvg&#39;%20viewBox%3D&#39;0%200%20636%20424&#39;%2F%3E\" data-src=\"https:\/\/www.lyonexpo.fr\/wp-content\/uploads\/2019\/08\/Trustech-cannes-exhibition-stand-636x424.jpg\" data-srcset=\"https:\/\/www.lyonexpo.fr\/wp-content\/uploads\/2019\/08\/Trustech-cannes-exhibition-stand-636x424.jpg 636w\" loading=\"eager\" style=\"--ratio: 636 \/ 424\" sizes=\"(max-width: 636px) 100vw, 636px\" alt=\"Trustech\" title=\"Trustech cannes exhibition stand\" width=\"636\" height=\"424\"  \/><\/a>\t<\/div>\n<\/div>\n\n\n<div class=\"post-entry-content\">\n\n\t<h3 class=\"entry-title\">\n\t\t<a href=\"https:\/\/www.lyonexpo.fr\/en\/2019\/08\/22\/trustech-2019-in-cannes\/\" title=\"Trustech 2019 in Cannes\" rel=\"bookmark\">Trustech 2019 in Cannes<\/a>\n\t<\/h3>\n\n\t<div class=\"entry-meta\"><span class=\"category-link\"><a href=\"https:\/\/www.lyonexpo.fr\/en\/cannes-lions\/\">Cannes Lions<\/a>, <a href=\"https:\/\/www.lyonexpo.fr\/en\/trade-shows\/\">Trade Shows<\/a><\/span><\/div>\n\t<div class=\"entry-excerpt\"><p>TRUSTECH is the perfect venue to get the latest from international experts and profit from their experience with digital security topics.<\/p>\n<\/div>\n\t\n<a href=\"https:\/\/www.lyonexpo.fr\/en\/2019\/08\/22\/trustech-2019-in-cannes\/\" class=\"post-details details-type-link\" aria-label=\"Read more about Trustech 2019 in Cannes\">Read more<i class=\"dt-icon-the7-arrow-03\" aria-hidden=\"true\"><\/i><\/a>\n\n<\/div><\/article><\/div><div class=\"visible wf-cell\" data-post-id=\"1308\" data-date=\"2019-04-12T13:15:16+02:00\" data-name=\"SOMNO Medics at Sleep and Breathing Marseille\"><article class=\"post project-odd visible post-1308 type-post status-publish format-standard has-post-thumbnail hentry category-clients category-sleep-and-breathing category-stand-design category-trade-shows category-12 category-45 category-47 category-51\" data-name=\"SOMNO Medics at Sleep and Breathing Marseille\" data-date=\"2019-04-12T13:15:16+02:00\">\n\n<div class=\"post-thumbnail-wrap\">\n\t<div class=\"post-thumbnail\">\n\t\t\n\t\t\n\t\t<a href=\"https:\/\/www.lyonexpo.fr\/en\/2019\/04\/12\/somno-medics-at-sleep-and-breathing-marseille\/\" class=\"post-thumbnail-rollover layzr-bg layzr-bg\"><img decoding=\"async\" class=\"iso-lazy-load preload-me iso-lazy-load aspect\" src=\"data:image\/svg+xml,%3Csvg%20xmlns%3D&#39;http%3A%2F%2Fwww.w3.org%2F2000%2Fsvg&#39;%20viewBox%3D&#39;0%200%20768%20512&#39;%2F%3E\" data-src=\"https:\/\/www.lyonexpo.fr\/wp-content\/uploads\/2019\/04\/stand-SomnoMedics-scaled-1-768x512.jpg\" data-srcset=\"https:\/\/www.lyonexpo.fr\/wp-content\/uploads\/2019\/04\/stand-SomnoMedics-scaled-1-768x512.jpg 768w, https:\/\/www.lyonexpo.fr\/wp-content\/uploads\/2019\/04\/stand-SomnoMedics-scaled-1-1152x768.jpg 1152w\" loading=\"eager\" style=\"--ratio: 768 \/ 512\" sizes=\"(max-width: 768px) 100vw, 768px\" alt=\"stand SomnoMedics\" title=\"stand SomnoMedics\" width=\"768\" height=\"512\"  \/><\/a>\t<\/div>\n<\/div>\n\n\n<div class=\"post-entry-content\">\n\n\t<h3 class=\"entry-title\">\n\t\t<a href=\"https:\/\/www.lyonexpo.fr\/en\/2019\/04\/12\/somno-medics-at-sleep-and-breathing-marseille\/\" title=\"SOMNO Medics at Sleep and Breathing Marseille\" rel=\"bookmark\">SOMNO Medics at Sleep and Breathing Marseille<\/a>\n\t<\/h3>\n\n\t<div class=\"entry-meta\"><span class=\"category-link\"><a href=\"https:\/\/www.lyonexpo.fr\/en\/clients\/\">Clients<\/a>, <a href=\"https:\/\/www.lyonexpo.fr\/en\/sleep-and-breathing\/\">Sleep and Breathing<\/a>, <a href=\"https:\/\/www.lyonexpo.fr\/en\/stand-design\/\">Stand Design<\/a>, <a href=\"https:\/\/www.lyonexpo.fr\/en\/trade-shows\/\">Trade Shows<\/a><\/span><\/div>\n\t<div class=\"entry-excerpt\"><p>This year at Sleep and Breathing we have built a 12sqm stand for SOMNO Medics with a large storage and a big lightbox.<\/p>\n<\/div>\n\t\n<a href=\"https:\/\/www.lyonexpo.fr\/en\/2019\/04\/12\/somno-medics-at-sleep-and-breathing-marseille\/\" class=\"post-details details-type-link\" aria-label=\"Read more about SOMNO Medics at Sleep and Breathing Marseille\">Read more<i class=\"dt-icon-the7-arrow-03\" aria-hidden=\"true\"><\/i><\/a>\n\n<\/div><\/article><\/div><div class=\"visible wf-cell\" data-post-id=\"1162\" data-date=\"2019-03-27T09:12:45+01:00\" data-name=\"MIPCOM - 14-17 OCTOBER\"><article class=\"post project-odd visible post-1162 type-post status-publish format-standard has-post-thumbnail hentry category-cannes category-mipcom category-trade-shows category-7 category-33 category-51\" data-name=\"MIPCOM &#8211; 14-17 OCTOBER\" data-date=\"2019-03-27T09:12:45+01:00\">\n\n<div class=\"post-thumbnail-wrap\">\n\t<div class=\"post-thumbnail\">\n\t\t\n\t\t\n\t\t<a href=\"https:\/\/www.lyonexpo.fr\/en\/2019\/03\/27\/mipcom-the-worlds-entertainment-content-market\/\" class=\"post-thumbnail-rollover layzr-bg layzr-bg\"><img decoding=\"async\" class=\"iso-lazy-load preload-me iso-lazy-load aspect\" src=\"data:image\/svg+xml,%3Csvg%20xmlns%3D&#039;http%3A%2F%2Fwww.w3.org%2F2000%2Fsvg&#039;%20viewBox%3D&#039;0%200%20448%20299&#039;%2F%3E\" data-src=\"https:\/\/www.lyonexpo.fr\/wp-content\/uploads\/2019\/02\/mipcom-448x299.jpg\" data-srcset=\"https:\/\/www.lyonexpo.fr\/wp-content\/uploads\/2019\/02\/mipcom-448x299.jpg 448w\" loading=\"eager\" style=\"--ratio: 448 \/ 299\" sizes=\"(max-width: 448px) 100vw, 448px\" alt=\"\" title=\"mipcom\" width=\"448\" height=\"299\"><\/a>\t<\/div>\n<\/div>\n\n\n<div class=\"post-entry-content\">\n\n\t<h3 class=\"entry-title\">\n\t\t<a href=\"https:\/\/www.lyonexpo.fr\/en\/2019\/03\/27\/mipcom-the-worlds-entertainment-content-market\/\" title=\"MIPCOM &#8211; 14-17 OCTOBER\" rel=\"bookmark\">MIPCOM &#8211; 14-17 OCTOBER<\/a>\n\t<\/h3>\n\n\t<div class=\"entry-meta\"><span class=\"category-link\"><a href=\"https:\/\/www.lyonexpo.fr\/en\/cannes\/\">Cannes<\/a>, <a href=\"https:\/\/www.lyonexpo.fr\/en\/mipcom\/\">MIPCOM<\/a>, <a href=\"https:\/\/www.lyonexpo.fr\/en\/trade-shows\/\">Trade Shows<\/a><\/span><\/div>\n\t<div class=\"entry-excerpt\"><p>If you are exhibiting at MIPCOM and are you looking for a custom stand solution to stand out from the crowd, talk to your local stand builder in Cannes<\/p>\n<\/div>\n\t\n<a href=\"https:\/\/www.lyonexpo.fr\/en\/2019\/03\/27\/mipcom-the-worlds-entertainment-content-market\/\" class=\"post-details details-type-link\" aria-label=\"Read more about MIPCOM &#8211; 14-17 OCTOBER\">Read more<i class=\"dt-icon-the7-arrow-03\" aria-hidden=\"true\"><\/i><\/a>\n\n<\/div><\/article><\/div><div class=\"visible wf-cell\" data-post-id=\"1157\" data-date=\"2019-03-20T10:29:47+01:00\" data-name=\"LUXE PACK MONACO\"><article class=\"post project-odd visible post-1157 type-post status-publish format-standard has-post-thumbnail hentry category-luxepack category-monaco category-stand-design category-trade-shows category-27 category-37 category-47 category-51\" data-name=\"LUXE PACK MONACO\" data-date=\"2019-03-20T10:29:47+01:00\">\n\n<div class=\"post-thumbnail-wrap\">\n\t<div class=\"post-thumbnail\">\n\t\t\n\t\t\n\t\t<a href=\"https:\/\/www.lyonexpo.fr\/en\/2019\/03\/20\/luxe-pack-monaco\/\" class=\"post-thumbnail-rollover layzr-bg layzr-bg\"><img decoding=\"async\" class=\"iso-lazy-load preload-me iso-lazy-load aspect\" src=\"data:image\/svg+xml,%3Csvg%20xmlns%3D&#039;http%3A%2F%2Fwww.w3.org%2F2000%2Fsvg&#039;%20viewBox%3D&#039;0%200%20442%20295&#039;%2F%3E\" data-src=\"https:\/\/www.lyonexpo.fr\/wp-content\/uploads\/2019\/02\/luxepack-442x295.jpg\" data-srcset=\"https:\/\/www.lyonexpo.fr\/wp-content\/uploads\/2019\/02\/luxepack-442x295.jpg 442w\" loading=\"eager\" style=\"--ratio: 442 \/ 295\" sizes=\"(max-width: 442px) 100vw, 442px\" alt=\"\" title=\"luxepack\" width=\"442\" height=\"295\"><\/a>\t<\/div>\n<\/div>\n\n\n<div class=\"post-entry-content\">\n\n\t<h3 class=\"entry-title\">\n\t\t<a href=\"https:\/\/www.lyonexpo.fr\/en\/2019\/03\/20\/luxe-pack-monaco\/\" title=\"LUXE PACK MONACO\" rel=\"bookmark\">LUXE PACK MONACO<\/a>\n\t<\/h3>\n\n\t<div class=\"entry-meta\"><span class=\"category-link\"><a href=\"https:\/\/www.lyonexpo.fr\/en\/luxepack\/\">Luxepack<\/a>, <a href=\"https:\/\/www.lyonexpo.fr\/en\/monaco\/\">Monaco<\/a>, <a href=\"https:\/\/www.lyonexpo.fr\/en\/stand-design\/\">Stand Design<\/a>, <a href=\"https:\/\/www.lyonexpo.fr\/en\/trade-shows\/\">Trade Shows<\/a><\/span><\/div>\n\t<div class=\"entry-excerpt\"><p>If you are exhibiting at LuxePack and are you looking for a custom stand solution to stand out from the crowd, talk to your local stand builder in Monaco<\/p>\n<\/div>\n\t\n<a href=\"https:\/\/www.lyonexpo.fr\/en\/2019\/03\/20\/luxe-pack-monaco\/\" class=\"post-details details-type-link\" aria-label=\"Read more about LUXE PACK MONACO\">Read more<i class=\"dt-icon-the7-arrow-03\" aria-hidden=\"true\"><\/i><\/a>\n\n<\/div><\/article><\/div><div class=\"visible wf-cell\" data-post-id=\"1150\" data-date=\"2019-03-07T08:19:54+01:00\" data-name=\"Tax Free World Association - TFWA\"><article class=\"post project-odd visible post-1150 type-post status-publish format-standard has-post-thumbnail hentry category-cannes category-tfwa category-trade-shows category-7 category-49 category-51\" data-name=\"Tax Free World Association &#8211; TFWA\" data-date=\"2019-03-07T08:19:54+01:00\">\n\n<div class=\"post-thumbnail-wrap\">\n\t<div class=\"post-thumbnail\">\n\t\t\n\t\t\n\t\t<a href=\"https:\/\/www.lyonexpo.fr\/en\/2019\/03\/07\/tax-free-world-association-30-sept-4-oct-2019\/\" class=\"post-thumbnail-rollover layzr-bg layzr-bg\"><img decoding=\"async\" class=\"iso-lazy-load preload-me iso-lazy-load aspect\" src=\"data:image\/svg+xml,%3Csvg%20xmlns%3D&#039;http%3A%2F%2Fwww.w3.org%2F2000%2Fsvg&#039;%20viewBox%3D&#039;0%200%20594%20395&#039;%2F%3E\" data-src=\"https:\/\/www.lyonexpo.fr\/wp-content\/uploads\/2019\/02\/taxfree-world-TFWA-594x395.jpg\" data-srcset=\"https:\/\/www.lyonexpo.fr\/wp-content\/uploads\/2019\/02\/taxfree-world-TFWA-594x395.jpg 594w, https:\/\/www.lyonexpo.fr\/wp-content\/uploads\/2019\/02\/taxfree-world-TFWA-594x396.jpg 594w\" loading=\"eager\" style=\"--ratio: 594 \/ 395\" sizes=\"(max-width: 594px) 100vw, 594px\" alt=\"\" title=\"taxfree world &#8211; TFWA\" width=\"594\" height=\"395\"><\/a>\t<\/div>\n<\/div>\n\n\n<div class=\"post-entry-content\">\n\n\t<h3 class=\"entry-title\">\n\t\t<a href=\"https:\/\/www.lyonexpo.fr\/en\/2019\/03\/07\/tax-free-world-association-30-sept-4-oct-2019\/\" title=\"Tax Free World Association &#8211; TFWA\" rel=\"bookmark\">Tax Free World Association &#8211; TFWA<\/a>\n\t<\/h3>\n\n\t<div class=\"entry-meta\"><span class=\"category-link\"><a href=\"https:\/\/www.lyonexpo.fr\/en\/cannes\/\">Cannes<\/a>, <a href=\"https:\/\/www.lyonexpo.fr\/en\/tfwa\/\">TFWA<\/a>, <a href=\"https:\/\/www.lyonexpo.fr\/en\/trade-shows\/\">Trade Shows<\/a><\/span><\/div>\n\t<div class=\"entry-excerpt\"><p>If you are exhibiting at TFWA and are you looking for a custom stand solution to stand out from the crowd, talk to your local stand builder in Cannes<\/p>\n<\/div>\n\t\n<a href=\"https:\/\/www.lyonexpo.fr\/en\/2019\/03\/07\/tax-free-world-association-30-sept-4-oct-2019\/\" class=\"post-details details-type-link\" aria-label=\"Read more about Tax Free World Association &#8211; TFWA\">Read more<i class=\"dt-icon-the7-arrow-03\" aria-hidden=\"true\"><\/i><\/a>\n\n<\/div><\/article><\/div><div class=\"visible wf-cell\" data-post-id=\"1245\" data-date=\"2019-02-24T11:50:44+01:00\" data-name=\"Oceans 2019 Marseille\"><article class=\"post project-odd visible post-1245 type-post status-publish format-standard has-post-thumbnail hentry category-marseille category-oceans category-trade-shows category-29 category-41 category-51\" data-name=\"Oceans 2019 Marseille\" data-date=\"2019-02-24T11:50:44+01:00\">\n\n<div class=\"post-thumbnail-wrap\">\n\t<div class=\"post-thumbnail\">\n\t\t\n\t\t\n\t\t<a href=\"https:\/\/www.lyonexpo.fr\/en\/2019\/02\/24\/oceans-2019-marseille\/\" class=\"post-thumbnail-rollover layzr-bg layzr-bg\"><img decoding=\"async\" class=\"iso-lazy-load preload-me iso-lazy-load aspect\" src=\"data:image\/svg+xml,%3Csvg%20xmlns%3D&#39;http%3A%2F%2Fwww.w3.org%2F2000%2Fsvg&#39;%20viewBox%3D&#39;0%200%20768%20512&#39;%2F%3E\" data-src=\"https:\/\/www.lyonexpo.fr\/wp-content\/uploads\/2019\/02\/oceans-2019-marseille-back-768x512.jpg\" data-srcset=\"https:\/\/www.lyonexpo.fr\/wp-content\/uploads\/2019\/02\/oceans-2019-marseille-back-768x512.jpg 768w, https:\/\/www.lyonexpo.fr\/wp-content\/uploads\/2019\/02\/oceans-2019-marseille-back-1152x768.jpg 1152w\" loading=\"eager\" style=\"--ratio: 768 \/ 512\" sizes=\"(max-width: 768px) 100vw, 768px\" alt=\"oceans 2019 marseille\" title=\"oceans 2019 marseille back\" width=\"768\" height=\"512\"  \/><\/a>\t<\/div>\n<\/div>\n\n\n<div class=\"post-entry-content\">\n\n\t<h3 class=\"entry-title\">\n\t\t<a href=\"https:\/\/www.lyonexpo.fr\/en\/2019\/02\/24\/oceans-2019-marseille\/\" title=\"Oceans 2019 Marseille\" rel=\"bookmark\">Oceans 2019 Marseille<\/a>\n\t<\/h3>\n\n\t<div class=\"entry-meta\"><span class=\"category-link\"><a href=\"https:\/\/www.lyonexpo.fr\/en\/marseille\/\">Marseille<\/a>, <a href=\"https:\/\/www.lyonexpo.fr\/en\/oceans\/\">Oceans<\/a>, <a href=\"https:\/\/www.lyonexpo.fr\/en\/trade-shows\/\">Trade Shows<\/a><\/span><\/div>\n\t<div class=\"entry-excerpt\"><p>If you are exhibiting at Oceans 2019 and are you looking for a custom stand solution to stand out from the crowd, talk to your local stand builder in Marseille.<\/p>\n<\/div>\n\t\n<a href=\"https:\/\/www.lyonexpo.fr\/en\/2019\/02\/24\/oceans-2019-marseille\/\" class=\"post-details details-type-link\" aria-label=\"Read more about Oceans 2019 Marseille\">Read more<i class=\"dt-icon-the7-arrow-03\" aria-hidden=\"true\"><\/i><\/a>\n\n<\/div><\/article><\/div><div class=\"visible wf-cell\" data-post-id=\"1200\" data-date=\"2019-02-21T09:02:58+01:00\" data-name=\"Sleep and Breathing - 11-13 April, 2019 - Marseille\"><article class=\"post project-odd visible post-1200 type-post status-publish format-standard has-post-thumbnail hentry category-marseille category-sleep-and-breathing category-stand-design category-trade-shows category-29 category-45 category-47 category-51\" data-name=\"Sleep and Breathing &#8211; 11-13 April, 2019 &#8211; Marseille\" data-date=\"2019-02-21T09:02:58+01:00\">\n\n<div class=\"post-thumbnail-wrap\">\n\t<div class=\"post-thumbnail\">\n\t\t\n\t\t\n\t\t<a href=\"https:\/\/www.lyonexpo.fr\/en\/2019\/02\/21\/sleep-and-breathing-11-13-april-2019-marseille\/\" class=\"post-thumbnail-rollover layzr-bg layzr-bg\"><img decoding=\"async\" class=\"iso-lazy-load preload-me iso-lazy-load aspect\" src=\"data:image\/svg+xml,%3Csvg%20xmlns%3D&#039;http%3A%2F%2Fwww.w3.org%2F2000%2Fsvg&#039;%20viewBox%3D&#039;0%200%20768%20512&#039;%2F%3E\" data-src=\"https:\/\/www.lyonexpo.fr\/wp-content\/uploads\/2019\/02\/SOMNO-SB-R3-1-768x512.jpg\" data-srcset=\"https:\/\/www.lyonexpo.fr\/wp-content\/uploads\/2019\/02\/SOMNO-SB-R3-1-768x512.jpg 768w, https:\/\/www.lyonexpo.fr\/wp-content\/uploads\/2019\/02\/SOMNO-SB-R3-1-1152x768.jpg 1152w\" loading=\"eager\" style=\"--ratio: 768 \/ 512\" sizes=\"(max-width: 768px) 100vw, 768px\" alt=\"\" title=\"SOMNO-SB-R3-1\" width=\"768\" height=\"512\"><\/a>\t<\/div>\n<\/div>\n\n\n<div class=\"post-entry-content\">\n\n\t<h3 class=\"entry-title\">\n\t\t<a href=\"https:\/\/www.lyonexpo.fr\/en\/2019\/02\/21\/sleep-and-breathing-11-13-april-2019-marseille\/\" title=\"Sleep and Breathing &#8211; 11-13 April, 2019 &#8211; Marseille\" rel=\"bookmark\">Sleep and Breathing &#8211; 11-13 April, 2019 &#8211; Marseille<\/a>\n\t<\/h3>\n\n\t<div class=\"entry-meta\"><span class=\"category-link\"><a href=\"https:\/\/www.lyonexpo.fr\/en\/marseille\/\">Marseille<\/a>, <a href=\"https:\/\/www.lyonexpo.fr\/en\/sleep-and-breathing\/\">Sleep and Breathing<\/a>, <a href=\"https:\/\/www.lyonexpo.fr\/en\/stand-design\/\">Stand Design<\/a>, <a href=\"https:\/\/www.lyonexpo.fr\/en\/trade-shows\/\">Trade Shows<\/a><\/span><\/div>\n\t<div class=\"entry-excerpt\"><p>This year at Sleep and Breathing, Marseille on 11-13 April, we will be building a 12sqm stand for SOMNO Medics.<\/p>\n<\/div>\n\t\n<a href=\"https:\/\/www.lyonexpo.fr\/en\/2019\/02\/21\/sleep-and-breathing-11-13-april-2019-marseille\/\" class=\"post-details details-type-link\" aria-label=\"Read more about Sleep and Breathing &#8211; 11-13 April, 2019 &#8211; Marseille\">Read more<i class=\"dt-icon-the7-arrow-03\" aria-hidden=\"true\"><\/i><\/a>\n\n<\/div><\/article><\/div><div class=\"visible wf-cell\" data-post-id=\"1167\" data-date=\"2019-02-07T08:55:51+01:00\" data-name=\"C1D AT MIPIM\"><article class=\"post project-odd visible post-1167 type-post status-publish format-standard has-post-thumbnail hentry category-cannes category-mipim category-stand-design category-trade-shows category-7 category-34 category-47 category-51\" data-name=\"C1D AT MIPIM\" data-date=\"2019-02-07T08:55:51+01:00\">\n\n<div class=\"post-thumbnail-wrap\">\n\t<div class=\"post-thumbnail\">\n\t\t\n\t\t\n\t\t<a href=\"https:\/\/www.lyonexpo.fr\/en\/2019\/02\/07\/c1d-at-mipim\/\" class=\"post-thumbnail-rollover layzr-bg layzr-bg\"><img decoding=\"async\" class=\"iso-lazy-load preload-me iso-lazy-load aspect\" src=\"data:image\/svg+xml,%3Csvg%20xmlns%3D&#039;http%3A%2F%2Fwww.w3.org%2F2000%2Fsvg&#039;%20viewBox%3D&#039;0%200%20768%20512&#039;%2F%3E\" data-src=\"https:\/\/www.lyonexpo.fr\/wp-content\/uploads\/2019\/02\/C1D-MIPIM-1-768x512.jpg\" data-srcset=\"https:\/\/www.lyonexpo.fr\/wp-content\/uploads\/2019\/02\/C1D-MIPIM-1-768x512.jpg 768w, https:\/\/www.lyonexpo.fr\/wp-content\/uploads\/2019\/02\/C1D-MIPIM-1-974x649.jpg 974w\" loading=\"eager\" style=\"--ratio: 768 \/ 512\" sizes=\"(max-width: 768px) 100vw, 768px\" alt=\"\" title=\"C1D-MIPIM-1\" width=\"768\" height=\"512\"><\/a>\t<\/div>\n<\/div>\n\n\n<div class=\"post-entry-content\">\n\n\t<h3 class=\"entry-title\">\n\t\t<a href=\"https:\/\/www.lyonexpo.fr\/en\/2019\/02\/07\/c1d-at-mipim\/\" title=\"C1D AT MIPIM\" rel=\"bookmark\">C1D AT MIPIM<\/a>\n\t<\/h3>\n\n\t<div class=\"entry-meta\"><span class=\"category-link\"><a href=\"https:\/\/www.lyonexpo.fr\/en\/cannes\/\">Cannes<\/a>, <a href=\"https:\/\/www.lyonexpo.fr\/en\/mipim\/\">MIPIM<\/a>, <a href=\"https:\/\/www.lyonexpo.fr\/en\/stand-design\/\">Stand Design<\/a>, <a href=\"https:\/\/www.lyonexpo.fr\/en\/trade-shows\/\">Trade Shows<\/a><\/span><\/div>\n\t<div class=\"entry-excerpt\"><p>This year at MIPIM we will be building a 60sqm stand for C1D including a 26sqm model table showcasing their latest project<\/p>\n<\/div>\n\t\n<a href=\"https:\/\/www.lyonexpo.fr\/en\/2019\/02\/07\/c1d-at-mipim\/\" class=\"post-details details-type-link\" aria-label=\"Read more about C1D AT MIPIM\">Read more<i class=\"dt-icon-the7-arrow-03\" aria-hidden=\"true\"><\/i><\/a>\n\n<\/div><\/article><\/div><div class=\"visible wf-cell\" data-post-id=\"1138\" data-date=\"2019-01-30T16:25:43+01:00\" data-name=\"IT &amp; IT SECURITY MEETINGS - 19-21 March Cannes\"><article class=\"post project-odd visible post-1138 type-post status-publish format-standard has-post-thumbnail hentry category-cannes category-it-it-security-meetings category-stand-design category-trade-shows category-7 category-23 category-47 category-51\" data-name=\"IT &amp; IT SECURITY MEETINGS &#8211; 19-21 March Cannes\" data-date=\"2019-01-30T16:25:43+01:00\">\n\n<div class=\"post-thumbnail-wrap\">\n\t<div class=\"post-thumbnail\">\n\t\t\n\t\t\n\t\t<a href=\"https:\/\/www.lyonexpo.fr\/en\/2019\/01\/30\/it-it-security-meetings-19-21-march-cannes\/\" class=\"post-thumbnail-rollover layzr-bg layzr-bg\"><img decoding=\"async\" class=\"iso-lazy-load preload-me iso-lazy-load aspect\" src=\"data:image\/svg+xml,%3Csvg%20xmlns%3D&#039;http%3A%2F%2Fwww.w3.org%2F2000%2Fsvg&#039;%20viewBox%3D&#039;0%200%20562%20375&#039;%2F%3E\" data-src=\"https:\/\/www.lyonexpo.fr\/wp-content\/uploads\/2019\/01\/cyber-security-be-header-629x375-1-562x375.jpg\" data-srcset=\"https:\/\/www.lyonexpo.fr\/wp-content\/uploads\/2019\/01\/cyber-security-be-header-629x375-1-562x375.jpg 562w\" loading=\"eager\" style=\"--ratio: 562 \/ 375\" sizes=\"(max-width: 562px) 100vw, 562px\" alt=\"\" title=\"cyber-security-be-header-629&#215;375\" width=\"562\" height=\"375\"><\/a>\t<\/div>\n<\/div>\n\n\n<div class=\"post-entry-content\">\n\n\t<h3 class=\"entry-title\">\n\t\t<a href=\"https:\/\/www.lyonexpo.fr\/en\/2019\/01\/30\/it-it-security-meetings-19-21-march-cannes\/\" title=\"IT &amp; IT SECURITY MEETINGS &#8211; 19-21 March Cannes\" rel=\"bookmark\">IT &#038; IT SECURITY MEETINGS &#8211; 19-21 March Cannes<\/a>\n\t<\/h3>\n\n\t<div class=\"entry-meta\"><span class=\"category-link\"><a href=\"https:\/\/www.lyonexpo.fr\/en\/cannes\/\">Cannes<\/a>, <a href=\"https:\/\/www.lyonexpo.fr\/en\/it-it-security-meetings\/\">IT &amp; IT SECURITY MEETINGS<\/a>, <a href=\"https:\/\/www.lyonexpo.fr\/en\/stand-design\/\">Stand Design<\/a>, <a href=\"https:\/\/www.lyonexpo.fr\/en\/trade-shows\/\">Trade Shows<\/a><\/span><\/div>\n\t<div class=\"entry-excerpt\"><p>IT &#038; IT SECURITY MEETINGS is a business trade show dedicated to IT &#038; IT Security professionals\u00a0with the aim to promote \u00abface to face\u00bb between Top Decision-makers and Exhibitors<\/p>\n<\/div>\n\t\n<a href=\"https:\/\/www.lyonexpo.fr\/en\/2019\/01\/30\/it-it-security-meetings-19-21-march-cannes\/\" class=\"post-details details-type-link\" aria-label=\"Read more about IT &amp; IT SECURITY MEETINGS &#8211; 19-21 March Cannes\">Read more<i class=\"dt-icon-the7-arrow-03\" aria-hidden=\"true\"><\/i><\/a>\n\n<\/div><\/article><\/div><div class=\"visible wf-cell\" data-post-id=\"1132\" data-date=\"2019-01-28T08:15:27+01:00\" data-name=\"Cannes Lions  - 17 to 21 June\"><article class=\"post project-odd visible post-1132 type-post status-publish format-standard has-post-thumbnail hentry category-cannes category-cannes-lions category-stand-design category-trade-shows category-7 category-9 category-47 category-51\" data-name=\"Cannes Lions  &#8211; 17 to 21 June\" data-date=\"2019-01-28T08:15:27+01:00\">\n\n<div class=\"post-thumbnail-wrap\">\n\t<div class=\"post-thumbnail\">\n\t\t\n\t\t\n\t\t<a href=\"https:\/\/www.lyonexpo.fr\/en\/2019\/01\/28\/cannes-lions-17-to-21-june\/\" class=\"post-thumbnail-rollover layzr-bg layzr-bg\"><img decoding=\"async\" class=\"iso-lazy-load preload-me iso-lazy-load aspect\" src=\"data:image\/svg+xml,%3Csvg%20xmlns%3D&#039;http%3A%2F%2Fwww.w3.org%2F2000%2Fsvg&#039;%20viewBox%3D&#039;0%200%20480%20320&#039;%2F%3E\" data-src=\"https:\/\/www.lyonexpo.fr\/wp-content\/uploads\/2019\/01\/cannes-lions--480x320.jpeg\" data-srcset=\"https:\/\/www.lyonexpo.fr\/wp-content\/uploads\/2019\/01\/cannes-lions--480x320.jpeg 480w\" loading=\"eager\" style=\"--ratio: 480 \/ 320\" sizes=\"(max-width: 480px) 100vw, 480px\" alt=\"\" title=\"cannes lions\" width=\"480\" height=\"320\"><\/a>\t<\/div>\n<\/div>\n\n\n<div class=\"post-entry-content\">\n\n\t<h3 class=\"entry-title\">\n\t\t<a href=\"https:\/\/www.lyonexpo.fr\/en\/2019\/01\/28\/cannes-lions-17-to-21-june\/\" title=\"Cannes Lions  &#8211; 17 to 21 June\" rel=\"bookmark\">Cannes Lions  &#8211; 17 to 21 June<\/a>\n\t<\/h3>\n\n\t<div class=\"entry-meta\"><span class=\"category-link\"><a href=\"https:\/\/www.lyonexpo.fr\/en\/cannes\/\">Cannes<\/a>, <a href=\"https:\/\/www.lyonexpo.fr\/en\/cannes-lions\/\">Cannes Lions<\/a>, <a href=\"https:\/\/www.lyonexpo.fr\/en\/stand-design\/\">Stand Design<\/a>, <a href=\"https:\/\/www.lyonexpo.fr\/en\/trade-shows\/\">Trade Shows<\/a><\/span><\/div>\n\t<div class=\"entry-excerpt\"><p>If you are exhibiting at Cannes Lions and are you looking for a custom stand solution to stand out from the crowd, talk to your local stand builder in Cannes<\/p>\n<\/div>\n\t\n<a href=\"https:\/\/www.lyonexpo.fr\/en\/2019\/01\/28\/cannes-lions-17-to-21-june\/\" class=\"post-details details-type-link\" aria-label=\"Read more about Cannes Lions  &#8211; 17 to 21 June\">Read more<i class=\"dt-icon-the7-arrow-03\" aria-hidden=\"true\"><\/i><\/a>\n\n<\/div><\/article><\/div><div class=\"visible wf-cell\" data-post-id=\"1102\" data-date=\"2019-01-25T08:50:00+01:00\" data-name=\"Exhibition Furniture with a twist\"><article class=\"post project-odd visible post-1102 type-post status-publish format-standard has-post-thumbnail hentry category-furniture category-stand-design category-trade-shows category-18 category-47 category-51\" data-name=\"Exhibition Furniture with a twist\" data-date=\"2019-01-25T08:50:00+01:00\">\n\n<div class=\"post-thumbnail-wrap\">\n\t<div class=\"post-thumbnail\">\n\t\t\n\t\t\n\t\t<a href=\"https:\/\/www.lyonexpo.fr\/en\/2019\/01\/25\/exhibition-furniture-with-a-twist\/\" class=\"post-thumbnail-rollover layzr-bg layzr-bg\"><img decoding=\"async\" class=\"iso-lazy-load preload-me iso-lazy-load aspect\" src=\"data:image\/svg+xml,%3Csvg%20xmlns%3D&#039;http%3A%2F%2Fwww.w3.org%2F2000%2Fsvg&#039;%20viewBox%3D&#039;0%200%20585%20390&#039;%2F%3E\" data-src=\"https:\/\/www.lyonexpo.fr\/wp-content\/uploads\/2019\/01\/121435994050fur3-585x390.jpg\" data-srcset=\"https:\/\/www.lyonexpo.fr\/wp-content\/uploads\/2019\/01\/121435994050fur3-585x390.jpg 585w\" loading=\"eager\" style=\"--ratio: 585 \/ 390\" sizes=\"(max-width: 585px) 100vw, 585px\" alt=\"\" title=\"121435994050fur3\" width=\"585\" height=\"390\"><\/a>\t<\/div>\n<\/div>\n\n\n<div class=\"post-entry-content\">\n\n\t<h3 class=\"entry-title\">\n\t\t<a href=\"https:\/\/www.lyonexpo.fr\/en\/2019\/01\/25\/exhibition-furniture-with-a-twist\/\" title=\"Exhibition Furniture with a twist\" rel=\"bookmark\">Exhibition Furniture with a twist<\/a>\n\t<\/h3>\n\n\t<div class=\"entry-meta\"><span class=\"category-link\"><a href=\"https:\/\/www.lyonexpo.fr\/en\/furniture\/\">Furniture<\/a>, <a href=\"https:\/\/www.lyonexpo.fr\/en\/stand-design\/\">Stand Design<\/a>, <a href=\"https:\/\/www.lyonexpo.fr\/en\/trade-shows\/\">Trade Shows<\/a><\/span><\/div>\n\t<div class=\"entry-excerpt\"><p>In general exhibitors stick to basic and practical furniture, but its easy to stand out form your neighbours without losing the practical side of things!<\/p>\n<\/div>\n\t\n<a href=\"https:\/\/www.lyonexpo.fr\/en\/2019\/01\/25\/exhibition-furniture-with-a-twist\/\" class=\"post-details details-type-link\" aria-label=\"Read more about Exhibition Furniture with a twist\">Read more<i class=\"dt-icon-the7-arrow-03\" aria-hidden=\"true\"><\/i><\/a>\n\n<\/div><\/article><\/div><div class=\"visible wf-cell\" data-post-id=\"1097\" data-date=\"2019-01-22T13:22:56+01:00\" data-name=\"MIDIM 4-7 June 2019 Cannes\"><article class=\"post project-odd visible post-1097 type-post status-publish format-standard has-post-thumbnail hentry category-cannes category-midim category-trade-shows category-7 category-31 category-51\" data-name=\"MIDIM 4-7 June 2019 Cannes\" data-date=\"2019-01-22T13:22:56+01:00\">\n\n<div class=\"post-thumbnail-wrap\">\n\t<div class=\"post-thumbnail\">\n\t\t\n\t\t\n\t\t<a href=\"https:\/\/www.lyonexpo.fr\/en\/2019\/01\/22\/midim-4-7-june-2019-cannes\/\" class=\"post-thumbnail-rollover layzr-bg layzr-bg\"><img decoding=\"async\" class=\"iso-lazy-load preload-me iso-lazy-load aspect\" src=\"data:image\/svg+xml,%3Csvg%20xmlns%3D&#39;http%3A%2F%2Fwww.w3.org%2F2000%2Fsvg&#39;%20viewBox%3D&#39;0%200%20442%20295&#39;%2F%3E\" data-src=\"https:\/\/www.lyonexpo.fr\/wp-content\/uploads\/2019\/01\/midim-442x295.jpg\" data-srcset=\"https:\/\/www.lyonexpo.fr\/wp-content\/uploads\/2019\/01\/midim-442x295.jpg 442w\" loading=\"eager\" style=\"--ratio: 442 \/ 295\" sizes=\"(max-width: 442px) 100vw, 442px\" alt=\"midim Cannes\" title=\"midim Cannes\" width=\"442\" height=\"295\"  \/><\/a>\t<\/div>\n<\/div>\n\n\n<div class=\"post-entry-content\">\n\n\t<h3 class=\"entry-title\">\n\t\t<a href=\"https:\/\/www.lyonexpo.fr\/en\/2019\/01\/22\/midim-4-7-june-2019-cannes\/\" title=\"MIDIM 4-7 June 2019 Cannes\" rel=\"bookmark\">MIDIM 4-7 June 2019 Cannes<\/a>\n\t<\/h3>\n\n\t<div class=\"entry-meta\"><span class=\"category-link\"><a href=\"https:\/\/www.lyonexpo.fr\/en\/cannes\/\">Cannes<\/a>, <a href=\"https:\/\/www.lyonexpo.fr\/en\/midim\/\">MIDIM<\/a>, <a href=\"https:\/\/www.lyonexpo.fr\/en\/trade-shows\/\">Trade Shows<\/a><\/span><\/div>\n\t<div class=\"entry-excerpt\"><p>If you are exhibiting at MIDIM and are you looking for an affordable custom stand solution to stand out from the crowd, contact us!<\/p>\n<\/div>\n\t\n<a href=\"https:\/\/www.lyonexpo.fr\/en\/2019\/01\/22\/midim-4-7-june-2019-cannes\/\" class=\"post-details details-type-link\" aria-label=\"Read more about MIDIM 4-7 June 2019 Cannes\">Read more<i class=\"dt-icon-the7-arrow-03\" aria-hidden=\"true\"><\/i><\/a>\n\n<\/div><\/article><\/div><div class=\"visible wf-cell\" data-post-id=\"1084\" data-date=\"2019-01-14T10:22:42+01:00\" data-name=\"Focus on fire standards\u2026 B1, M1?\"><article class=\"post project-odd visible post-1084 type-post status-publish format-standard has-post-thumbnail hentry category-general-news category-print-service category-19 category-43\" data-name=\"Focus on fire standards\u2026 B1, M1?\" data-date=\"2019-01-14T10:22:42+01:00\">\n\n<div class=\"post-thumbnail-wrap\">\n\t<div class=\"post-thumbnail\">\n\t\t\n\t\t\n\t\t<a href=\"https:\/\/www.lyonexpo.fr\/en\/2019\/01\/14\/focus-on-fire-standards-b1-m1\/\" class=\"post-thumbnail-rollover layzr-bg layzr-bg\"><img decoding=\"async\" class=\"iso-lazy-load preload-me iso-lazy-load aspect\" src=\"data:image\/svg+xml,%3Csvg%20xmlns%3D&#39;http%3A%2F%2Fwww.w3.org%2F2000%2Fsvg&#39;%20viewBox%3D&#39;0%200%20768%20512&#39;%2F%3E\" data-src=\"https:\/\/www.lyonexpo.fr\/wp-content\/uploads\/2019\/01\/m1-ant-fire-symbol-768x512.jpg\" data-srcset=\"https:\/\/www.lyonexpo.fr\/wp-content\/uploads\/2019\/01\/m1-ant-fire-symbol-768x512.jpg 768w, https:\/\/www.lyonexpo.fr\/wp-content\/uploads\/2019\/01\/m1-ant-fire-symbol-1080x720.jpg 1080w\" loading=\"eager\" style=\"--ratio: 768 \/ 512\" sizes=\"(max-width: 768px) 100vw, 768px\" alt=\"m1-ant-fire-symbol\" title=\"m1-ant-fire-symbol\" width=\"768\" height=\"512\"  \/><\/a>\t<\/div>\n<\/div>\n\n\n<div class=\"post-entry-content\">\n\n\t<h3 class=\"entry-title\">\n\t\t<a href=\"https:\/\/www.lyonexpo.fr\/en\/2019\/01\/14\/focus-on-fire-standards-b1-m1\/\" title=\"Focus on fire standards\u2026 B1, M1?\" rel=\"bookmark\">Focus on fire standards\u2026 B1, M1?<\/a>\n\t<\/h3>\n\n\t<div class=\"entry-meta\"><span class=\"category-link\"><a href=\"https:\/\/www.lyonexpo.fr\/en\/general-news\/\">General News<\/a>, <a href=\"https:\/\/www.lyonexpo.fr\/en\/print-service\/\">Print Service<\/a><\/span><\/div>\n\t<div class=\"entry-excerpt\"><p>You may have already heard about these B1 and M1 standards, but what do they mean? Good news: they both want to say the same thing!<\/p>\n<\/div>\n\t\n<a href=\"https:\/\/www.lyonexpo.fr\/en\/2019\/01\/14\/focus-on-fire-standards-b1-m1\/\" class=\"post-details details-type-link\" aria-label=\"Read more about Focus on fire standards\u2026 B1, M1?\">Read more<i class=\"dt-icon-the7-arrow-03\" aria-hidden=\"true\"><\/i><\/a>\n\n<\/div><\/article><\/div><div class=\"visible wf-cell\" data-post-id=\"1065\" data-date=\"2019-01-02T09:15:30+01:00\" data-name=\"Photorealistic Renderings in 2019\"><article class=\"post project-odd visible post-1065 type-post status-publish format-standard has-post-thumbnail hentry category-3d-rendering category-company-news category-stand-design category-4 category-13 category-47\" data-name=\"Photorealistic Renderings in 2019\" data-date=\"2019-01-02T09:15:30+01:00\">\n\n<div class=\"post-thumbnail-wrap\">\n\t<div class=\"post-thumbnail\">\n\t\t\n\t\t\n\t\t<a href=\"https:\/\/www.lyonexpo.fr\/en\/2019\/01\/02\/more-photorealistic-renders-in-2019\/\" class=\"post-thumbnail-rollover layzr-bg layzr-bg\"><img decoding=\"async\" class=\"iso-lazy-load preload-me iso-lazy-load aspect\" src=\"data:image\/svg+xml,%3Csvg%20xmlns%3D&#039;http%3A%2F%2Fwww.w3.org%2F2000%2Fsvg&#039;%20viewBox%3D&#039;0%200%20768%20512&#039;%2F%3E\" data-src=\"https:\/\/www.lyonexpo.fr\/wp-content\/uploads\/2019\/01\/render-2019-768x512.jpg\" data-srcset=\"https:\/\/www.lyonexpo.fr\/wp-content\/uploads\/2019\/01\/render-2019-768x512.jpg 768w, https:\/\/www.lyonexpo.fr\/wp-content\/uploads\/2019\/01\/render-2019-1152x768.jpg 1152w\" loading=\"eager\" style=\"--ratio: 768 \/ 512\" sizes=\"(max-width: 768px) 100vw, 768px\" alt=\"\" title=\"render-2019\" width=\"768\" height=\"512\"><\/a>\t<\/div>\n<\/div>\n\n\n<div class=\"post-entry-content\">\n\n\t<h3 class=\"entry-title\">\n\t\t<a href=\"https:\/\/www.lyonexpo.fr\/en\/2019\/01\/02\/more-photorealistic-renders-in-2019\/\" title=\"Photorealistic Renderings in 2019\" rel=\"bookmark\">Photorealistic Renderings in 2019<\/a>\n\t<\/h3>\n\n\t<div class=\"entry-meta\"><span class=\"category-link\"><a href=\"https:\/\/www.lyonexpo.fr\/en\/3d-rendering\/\">3D Rendering<\/a>, <a href=\"https:\/\/www.lyonexpo.fr\/en\/company-news\/\">Company News<\/a>, <a href=\"https:\/\/www.lyonexpo.fr\/en\/stand-design\/\">Stand Design<\/a><\/span><\/div>\n\t<div class=\"entry-excerpt\"><p>We are happy to announce that in 2019 we start using a new rendering software\u00a0that enables us to provide more photo realistic renders of your exhibition stand design.<\/p>\n<\/div>\n\t\n<a href=\"https:\/\/www.lyonexpo.fr\/en\/2019\/01\/02\/more-photorealistic-renders-in-2019\/\" class=\"post-details details-type-link\" aria-label=\"Read more about Photorealistic Renderings in 2019\">Read more<i class=\"dt-icon-the7-arrow-03\" aria-hidden=\"true\"><\/i><\/a>\n\n<\/div><\/article><\/div><div class=\"visible wf-cell\" data-post-id=\"1039\" data-date=\"2018-12-14T08:03:39+01:00\" data-name=\"MIPTV 8-11 April Cannes\"><article class=\"post project-odd visible post-1039 type-post status-publish format-standard has-post-thumbnail hentry category-cannes category-miptv category-stand-design category-trade-shows category-7 category-36 category-47 category-51\" data-name=\"MIPTV 8-11 April Cannes\" data-date=\"2018-12-14T08:03:39+01:00\">\n\n<div class=\"post-thumbnail-wrap\">\n\t<div class=\"post-thumbnail\">\n\t\t\n\t\t\n\t\t<a href=\"https:\/\/www.lyonexpo.fr\/en\/2018\/12\/14\/miptv-8-11-april-cannes\/\" class=\"post-thumbnail-rollover layzr-bg layzr-bg\"><img decoding=\"async\" class=\"iso-lazy-load preload-me iso-lazy-load aspect\" src=\"data:image\/svg+xml,%3Csvg%20xmlns%3D&#039;http%3A%2F%2Fwww.w3.org%2F2000%2Fsvg&#039;%20viewBox%3D&#039;0%200%20768%20512&#039;%2F%3E\" data-src=\"https:\/\/www.lyonexpo.fr\/wp-content\/uploads\/2018\/12\/exhibition-stand-builder-miptv-2-768x512.jpg\" data-srcset=\"https:\/\/www.lyonexpo.fr\/wp-content\/uploads\/2018\/12\/exhibition-stand-builder-miptv-2-768x512.jpg 768w, https:\/\/www.lyonexpo.fr\/wp-content\/uploads\/2018\/12\/exhibition-stand-builder-miptv-2-1027x684.jpg 1027w\" loading=\"eager\" style=\"--ratio: 768 \/ 512\" sizes=\"(max-width: 768px) 100vw, 768px\" alt=\"\" title=\"MIPTV 2018 Exhibition Stand Builder\" width=\"768\" height=\"512\"><\/a>\t<\/div>\n<\/div>\n\n\n<div class=\"post-entry-content\">\n\n\t<h3 class=\"entry-title\">\n\t\t<a href=\"https:\/\/www.lyonexpo.fr\/en\/2018\/12\/14\/miptv-8-11-april-cannes\/\" title=\"MIPTV 8-11 April Cannes\" rel=\"bookmark\">MIPTV 8-11 April Cannes<\/a>\n\t<\/h3>\n\n\t<div class=\"entry-meta\"><span class=\"category-link\"><a href=\"https:\/\/www.lyonexpo.fr\/en\/cannes\/\">Cannes<\/a>, <a href=\"https:\/\/www.lyonexpo.fr\/en\/miptv\/\">MIPTV<\/a>, <a href=\"https:\/\/www.lyonexpo.fr\/en\/stand-design\/\">Stand Design<\/a>, <a href=\"https:\/\/www.lyonexpo.fr\/en\/trade-shows\/\">Trade Shows<\/a><\/span><\/div>\n\t<div class=\"entry-excerpt\"><p>MIPTV is the one and only market that is dedicated to Content Development &#038; Distribution for Drama Series (Original and Scripted Formats), Kids Content (Animation &#038; Live Action), Documentaries and Formats (Scripted &#038; Non Scripted).<\/p>\n<\/div>\n\t\n<a href=\"https:\/\/www.lyonexpo.fr\/en\/2018\/12\/14\/miptv-8-11-april-cannes\/\" class=\"post-details details-type-link\" aria-label=\"Read more about MIPTV 8-11 April Cannes\">Read more<i class=\"dt-icon-the7-arrow-03\" aria-hidden=\"true\"><\/i><\/a>\n\n<\/div><\/article><\/div><div class=\"visible wf-cell\" data-post-id=\"1047\" data-date=\"2018-12-04T16:37:52+01:00\" data-name=\"2 stands at ILTM\"><article class=\"post project-odd visible post-1047 type-post status-publish format-standard has-post-thumbnail hentry category-clients category-cannes category-iltm-cannes category-stand-design category-12 category-7 category-21 category-47\" data-name=\"2 stands at ILTM\" data-date=\"2018-12-04T16:37:52+01:00\">\n\n<div class=\"post-thumbnail-wrap\">\n\t<div class=\"post-thumbnail\">\n\t\t\n\t\t\n\t\t<a href=\"https:\/\/www.lyonexpo.fr\/en\/2018\/12\/04\/2-stands-at-iltm\/\" class=\"post-thumbnail-rollover layzr-bg layzr-bg\"><img decoding=\"async\" class=\"iso-lazy-load preload-me iso-lazy-load aspect\" src=\"data:image\/svg+xml,%3Csvg%20xmlns%3D&#039;http%3A%2F%2Fwww.w3.org%2F2000%2Fsvg&#039;%20viewBox%3D&#039;0%200%20768%20512&#039;%2F%3E\" data-src=\"https:\/\/www.lyonexpo.fr\/wp-content\/uploads\/2018\/12\/ILTM-SCENIC-04-scaled-1-768x512.jpg\" data-srcset=\"https:\/\/www.lyonexpo.fr\/wp-content\/uploads\/2018\/12\/ILTM-SCENIC-04-scaled-1-768x512.jpg 768w, https:\/\/www.lyonexpo.fr\/wp-content\/uploads\/2018\/12\/ILTM-SCENIC-04-scaled-1-1152x768.jpg 1152w\" loading=\"eager\" style=\"--ratio: 768 \/ 512\" sizes=\"(max-width: 768px) 100vw, 768px\" alt=\"\" title=\"Exhibition stand ILTM &#8211; SCENIC 04\" width=\"768\" height=\"512\"><\/a>\t<\/div>\n<\/div>\n\n\n<div class=\"post-entry-content\">\n\n\t<h3 class=\"entry-title\">\n\t\t<a href=\"https:\/\/www.lyonexpo.fr\/en\/2018\/12\/04\/2-stands-at-iltm\/\" title=\"2 stands at ILTM\" rel=\"bookmark\">2 stands at ILTM<\/a>\n\t<\/h3>\n\n\t<div class=\"entry-meta\"><span class=\"category-link\"><a href=\"https:\/\/www.lyonexpo.fr\/en\/clients\/\">Clients<\/a>, <a href=\"https:\/\/www.lyonexpo.fr\/en\/cannes\/\">Cannes<\/a>, <a href=\"https:\/\/www.lyonexpo.fr\/en\/iltm-cannes\/\">ILTM Cannes<\/a>, <a href=\"https:\/\/www.lyonexpo.fr\/en\/stand-design\/\">Stand Design<\/a><\/span><\/div>\n\t<div class=\"entry-excerpt\"><p>We where happy to build 2 stands this year on ILTM in Cannes. One for a returning customer, and one for a new client. Have a look!<\/p>\n<\/div>\n\t\n<a href=\"https:\/\/www.lyonexpo.fr\/en\/2018\/12\/04\/2-stands-at-iltm\/\" class=\"post-details details-type-link\" aria-label=\"Read more about 2 stands at ILTM\">Read more<i class=\"dt-icon-the7-arrow-03\" aria-hidden=\"true\"><\/i><\/a>\n\n<\/div><\/article><\/div><div class=\"visible wf-cell\" data-post-id=\"1028\" data-date=\"2018-11-26T17:08:21+01:00\" data-name=\"5 Benefits Of Using A Local Exhibition Stand Design &amp; Build Company\"><article class=\"post project-odd visible post-1028 type-post status-publish format-standard has-post-thumbnail hentry category-cannes category-monaco category-nice category-stand-design category-7 category-37 category-40 category-47\" data-name=\"5 Benefits Of Using A Local Exhibition Stand Design &amp; Build Company\" data-date=\"2018-11-26T17:08:21+01:00\">\n\n<div class=\"post-thumbnail-wrap\">\n\t<div class=\"post-thumbnail\">\n\t\t\n\t\t\n\t\t<a href=\"https:\/\/www.lyonexpo.fr\/en\/2018\/11\/26\/5-benefits-of-using-a-local-exhibition-stand-design-build-company\/\" class=\"post-thumbnail-rollover layzr-bg layzr-bg\"><img decoding=\"async\" class=\"iso-lazy-load preload-me iso-lazy-load aspect\" src=\"data:image\/svg+xml,%3Csvg%20xmlns%3D&#39;http%3A%2F%2Fwww.w3.org%2F2000%2Fsvg&#39;%20viewBox%3D&#39;0%200%20768%20512&#39;%2F%3E\" data-src=\"https:\/\/www.lyonexpo.fr\/wp-content\/uploads\/2017\/04\/map-768x512.jpg\" data-srcset=\"https:\/\/www.lyonexpo.fr\/wp-content\/uploads\/2017\/04\/map-768x512.jpg 768w, https:\/\/www.lyonexpo.fr\/wp-content\/uploads\/2017\/04\/map-1152x768.jpg 1152w\" loading=\"eager\" style=\"--ratio: 768 \/ 512\" sizes=\"(max-width: 768px) 100vw, 768px\" alt=\"Exhibition Stand design in Cannes, Nice &amp; Monaco\" title=\"map\" width=\"768\" height=\"512\"  \/><\/a>\t<\/div>\n<\/div>\n\n\n<div class=\"post-entry-content\">\n\n\t<h3 class=\"entry-title\">\n\t\t<a href=\"https:\/\/www.lyonexpo.fr\/en\/2018\/11\/26\/5-benefits-of-using-a-local-exhibition-stand-design-build-company\/\" title=\"5 Benefits Of Using A Local Exhibition Stand Design &amp; Build Company\" rel=\"bookmark\">5 Benefits Of Using A Local Exhibition Stand Design &#038; Build Company<\/a>\n\t<\/h3>\n\n\t<div class=\"entry-meta\"><span class=\"category-link\"><a href=\"https:\/\/www.lyonexpo.fr\/en\/cannes\/\">Cannes<\/a>, <a href=\"https:\/\/www.lyonexpo.fr\/en\/monaco\/\">Monaco<\/a>, <a href=\"https:\/\/www.lyonexpo.fr\/en\/nice\/\">Nice<\/a>, <a href=\"https:\/\/www.lyonexpo.fr\/en\/stand-design\/\">Stand Design<\/a><\/span><\/div>\n\t<div class=\"entry-excerpt\"><p>Whether you are already exhibiting in Cannes, Nice or Monaco or looking to do so for the first time, it is essential that you engage the services of a local stand design and build team.<\/p>\n<\/div>\n\t\n<a href=\"https:\/\/www.lyonexpo.fr\/en\/2018\/11\/26\/5-benefits-of-using-a-local-exhibition-stand-design-build-company\/\" class=\"post-details details-type-link\" aria-label=\"Read more about 5 Benefits Of Using A Local Exhibition Stand Design &amp; Build Company\">Read more<i class=\"dt-icon-the7-arrow-03\" aria-hidden=\"true\"><\/i><\/a>\n\n<\/div><\/article><\/div><div class=\"visible wf-cell\" data-post-id=\"993\" data-date=\"2018-11-19T16:13:48+01:00\" data-name=\"MIPIM -  12-15 March 2019\"><article class=\"post project-odd visible post-993 type-post status-publish format-standard has-post-thumbnail hentry category-cannes category-mipim category-stand-design category-trade-shows category-7 category-34 category-47 category-51\" data-name=\"MIPIM &#8211;  12-15 March 2019\" data-date=\"2018-11-19T16:13:48+01:00\">\n\n<div class=\"post-thumbnail-wrap\">\n\t<div class=\"post-thumbnail\">\n\t\t\n\t\t\n\t\t<a href=\"https:\/\/www.lyonexpo.fr\/en\/2018\/11\/19\/stand-builder-mipim-2019-palais-des-festivals-cannes\/\" class=\"post-thumbnail-rollover layzr-bg layzr-bg\"><img decoding=\"async\" class=\"iso-lazy-load preload-me iso-lazy-load aspect\" src=\"data:image\/svg+xml,%3Csvg%20xmlns%3D&#039;http%3A%2F%2Fwww.w3.org%2F2000%2Fsvg&#039;%20viewBox%3D&#039;0%200%20532%20355&#039;%2F%3E\" data-src=\"https:\/\/www.lyonexpo.fr\/wp-content\/uploads\/2018\/11\/mipim-2019-532x355.jpg\" data-srcset=\"https:\/\/www.lyonexpo.fr\/wp-content\/uploads\/2018\/11\/mipim-2019-532x355.jpg 532w\" loading=\"eager\" style=\"--ratio: 532 \/ 355\" sizes=\"(max-width: 532px) 100vw, 532px\" alt=\"\" title=\"Exhibition stand  mipim 2019\" width=\"532\" height=\"355\"><\/a>\t<\/div>\n<\/div>\n\n\n<div class=\"post-entry-content\">\n\n\t<h3 class=\"entry-title\">\n\t\t<a href=\"https:\/\/www.lyonexpo.fr\/en\/2018\/11\/19\/stand-builder-mipim-2019-palais-des-festivals-cannes\/\" title=\"MIPIM &#8211;  12-15 March 2019\" rel=\"bookmark\">MIPIM &#8211;  12-15 March 2019<\/a>\n\t<\/h3>\n\n\t<div class=\"entry-meta\"><span class=\"category-link\"><a href=\"https:\/\/www.lyonexpo.fr\/en\/cannes\/\">Cannes<\/a>, <a href=\"https:\/\/www.lyonexpo.fr\/en\/mipim\/\">MIPIM<\/a>, <a href=\"https:\/\/www.lyonexpo.fr\/en\/stand-design\/\">Stand Design<\/a>, <a href=\"https:\/\/www.lyonexpo.fr\/en\/trade-shows\/\">Trade Shows<\/a><\/span><\/div>\n\t<div class=\"entry-excerpt\"><p>Celebrate the 30th edition of MIPIM the world\u2019s leading property market! 12-15 MARCH 2019 &#8211; PALAIS DES FESTIVALS, CANNES, FRANCE. Property projects, top-tier business services and innovative solutions from around the globe are presented in MIPIM\u2019s exhibition area.<\/p>\n<\/div>\n\t\n<a href=\"https:\/\/www.lyonexpo.fr\/en\/2018\/11\/19\/stand-builder-mipim-2019-palais-des-festivals-cannes\/\" class=\"post-details details-type-link\" aria-label=\"Read more about MIPIM &#8211;  12-15 March 2019\">Read more<i class=\"dt-icon-the7-arrow-03\" aria-hidden=\"true\"><\/i><\/a>\n\n<\/div><\/article><\/div><div class=\"visible wf-cell\" data-post-id=\"916\" data-date=\"2018-11-07T10:18:08+01:00\" data-name=\"AMWC 2019 Monaco\"><article class=\"post project-odd visible post-916 type-post status-publish format-standard has-post-thumbnail hentry category-amwc category-monaco category-stand-design category-trade-shows category-5 category-37 category-47 category-51\" data-name=\"AMWC 2019 Monaco\" data-date=\"2018-11-07T10:18:08+01:00\">\n\n<div class=\"post-thumbnail-wrap\">\n\t<div class=\"post-thumbnail\">\n\t\t\n\t\t\n\t\t<a href=\"https:\/\/www.lyonexpo.fr\/en\/2018\/11\/07\/amwc-2019-monaco\/\" class=\"post-thumbnail-rollover layzr-bg layzr-bg\"><img decoding=\"async\" class=\"iso-lazy-load preload-me iso-lazy-load aspect\" src=\"data:image\/svg+xml,%3Csvg%20xmlns%3D&#039;http%3A%2F%2Fwww.w3.org%2F2000%2Fsvg&#039;%20viewBox%3D&#039;0%200%20451%20301&#039;%2F%3E\" data-src=\"https:\/\/www.lyonexpo.fr\/wp-content\/uploads\/2018\/11\/Screenshot-2018-11-07-at-10.19.12-451x301.png\" data-srcset=\"https:\/\/www.lyonexpo.fr\/wp-content\/uploads\/2018\/11\/Screenshot-2018-11-07-at-10.19.12-451x301.png 451w\" loading=\"eager\" style=\"--ratio: 451 \/ 301\" sizes=\"(max-width: 451px) 100vw, 451px\" alt=\"\" title=\"stand builder AMWC\" width=\"451\" height=\"301\"><\/a>\t<\/div>\n<\/div>\n\n\n<div class=\"post-entry-content\">\n\n\t<h3 class=\"entry-title\">\n\t\t<a href=\"https:\/\/www.lyonexpo.fr\/en\/2018\/11\/07\/amwc-2019-monaco\/\" title=\"AMWC 2019 Monaco\" rel=\"bookmark\">AMWC 2019 Monaco<\/a>\n\t<\/h3>\n\n\t<div class=\"entry-meta\"><span class=\"category-link\"><a href=\"https:\/\/www.lyonexpo.fr\/en\/amwc\/\">AMWC<\/a>, <a href=\"https:\/\/www.lyonexpo.fr\/en\/monaco\/\">Monaco<\/a>, <a href=\"https:\/\/www.lyonexpo.fr\/en\/stand-design\/\">Stand Design<\/a>, <a href=\"https:\/\/www.lyonexpo.fr\/en\/trade-shows\/\">Trade Shows<\/a><\/span><\/div>\n\t<div class=\"entry-excerpt\"><p>If you are exhibiting on the AMWC Monaco and are you looking for a custom stand solution to stand out from the crowd, we have affordable custom solutions starting from \u20ac345 per square metre turn-key. Contact us to find out more!<\/p>\n<\/div>\n\t\n<a href=\"https:\/\/www.lyonexpo.fr\/en\/2018\/11\/07\/amwc-2019-monaco\/\" class=\"post-details details-type-link\" aria-label=\"Read more about AMWC 2019 Monaco\">Read more<i class=\"dt-icon-the7-arrow-03\" aria-hidden=\"true\"><\/i><\/a>\n\n<\/div><\/article><\/div><div class=\"visible wf-cell\" data-post-id=\"867\" data-date=\"2018-06-19T09:26:39+02:00\" data-name=\"Customer Relationship &amp; Marketing Meetings\"><article class=\"post project-odd visible post-867 type-post status-publish format-standard has-post-thumbnail hentry category-cannes category-crm-marketing-meetings category-trade-shows category-7 category-15 category-51\" data-name=\"Customer Relationship &amp; Marketing Meetings\" data-date=\"2018-06-19T09:26:39+02:00\">\n\n<div class=\"post-thumbnail-wrap\">\n\t<div class=\"post-thumbnail\">\n\t\t\n\t\t\n\t\t<a href=\"https:\/\/www.lyonexpo.fr\/en\/2018\/06\/19\/customer-relationship-marketing-meetings-cannes\/\" class=\"post-thumbnail-rollover layzr-bg layzr-bg\"><img decoding=\"async\" class=\"iso-lazy-load preload-me iso-lazy-load aspect\" src=\"data:image\/svg+xml,%3Csvg%20xmlns%3D&#039;http%3A%2F%2Fwww.w3.org%2F2000%2Fsvg&#039;%20viewBox%3D&#039;0%200%20768%20512&#039;%2F%3E\" data-src=\"https:\/\/www.lyonexpo.fr\/wp-content\/uploads\/2018\/06\/Customer-Relationship-Marketing-Meetings-Cannes_fi-768x512.jpg\" data-srcset=\"https:\/\/www.lyonexpo.fr\/wp-content\/uploads\/2018\/06\/Customer-Relationship-Marketing-Meetings-Cannes_fi-768x512.jpg 768w, https:\/\/www.lyonexpo.fr\/wp-content\/uploads\/2018\/06\/Customer-Relationship-Marketing-Meetings-Cannes_fi-886x591.jpg 886w\" loading=\"eager\" style=\"--ratio: 768 \/ 512\" sizes=\"(max-width: 768px) 100vw, 768px\" alt=\"\" title=\"Customer Relationship &amp; Marketing Meetings Cannes_fi\" width=\"768\" height=\"512\"><\/a>\t<\/div>\n<\/div>\n\n\n<div class=\"post-entry-content\">\n\n\t<h3 class=\"entry-title\">\n\t\t<a href=\"https:\/\/www.lyonexpo.fr\/en\/2018\/06\/19\/customer-relationship-marketing-meetings-cannes\/\" title=\"Customer Relationship &amp; Marketing Meetings\" rel=\"bookmark\">Customer Relationship &#038; Marketing Meetings<\/a>\n\t<\/h3>\n\n\t<div class=\"entry-meta\"><span class=\"category-link\"><a href=\"https:\/\/www.lyonexpo.fr\/en\/cannes\/\">Cannes<\/a>, <a href=\"https:\/\/www.lyonexpo.fr\/en\/crm-marketing-meetings\/\">CRM &amp; Marketing Meetings<\/a>, <a href=\"https:\/\/www.lyonexpo.fr\/en\/trade-shows\/\">Trade Shows<\/a><\/span><\/div>\n\t<div class=\"entry-excerpt\"><p>CUSTOMER RELATIONSHIP\u00a0&#038; MARKETING MEETINGS\u00a0is the\u00a0trade show and meeting place for\u00a0customer relationships and insights,\u00a0digital marketing and research<\/p>\n<\/div>\n\t\n<a href=\"https:\/\/www.lyonexpo.fr\/en\/2018\/06\/19\/customer-relationship-marketing-meetings-cannes\/\" class=\"post-details details-type-link\" aria-label=\"Read more about Customer Relationship &amp; Marketing Meetings\">Read more<i class=\"dt-icon-the7-arrow-03\" aria-hidden=\"true\"><\/i><\/a>\n\n<\/div><\/article><\/div><div class=\"visible wf-cell\" data-post-id=\"856\" data-date=\"2018-06-11T09:03:39+02:00\" data-name=\"Stand for Octo Marine - Cannes Yachting Festival\"><article class=\"post project-odd visible post-856 type-post status-publish format-standard has-post-thumbnail hentry category-cannes category-cannes-yachting-festival category-stand-design category-trade-shows category-7 category-10 category-47 category-51\" data-name=\"Stand for Octo Marine &#8211; Cannes Yachting Festival\" data-date=\"2018-06-11T09:03:39+02:00\">\n\n<div class=\"post-thumbnail-wrap\">\n\t<div class=\"post-thumbnail\">\n\t\t\n\t\t\n\t\t<a href=\"https:\/\/www.lyonexpo.fr\/en\/2018\/06\/11\/stand-for-octo-marine-cannes-yachting-festival\/\" class=\"post-thumbnail-rollover layzr-bg layzr-bg\"><img decoding=\"async\" class=\"iso-lazy-load preload-me iso-lazy-load aspect\" src=\"data:image\/svg+xml,%3Csvg%20xmlns%3D&#039;http%3A%2F%2Fwww.w3.org%2F2000%2Fsvg&#039;%20viewBox%3D&#039;0%200%20768%20512&#039;%2F%3E\" data-src=\"https:\/\/www.lyonexpo.fr\/wp-content\/uploads\/2018\/06\/octo-marine-cannes-yachting-festival-768x512.jpg\" data-srcset=\"https:\/\/www.lyonexpo.fr\/wp-content\/uploads\/2018\/06\/octo-marine-cannes-yachting-festival-768x512.jpg 768w, https:\/\/www.lyonexpo.fr\/wp-content\/uploads\/2018\/06\/octo-marine-cannes-yachting-festival-1119x746.jpg 1119w\" loading=\"eager\" style=\"--ratio: 768 \/ 512\" sizes=\"(max-width: 768px) 100vw, 768px\" alt=\"\" title=\"octo marine cannes yachting festival\" width=\"768\" height=\"512\"><\/a>\t<\/div>\n<\/div>\n\n\n<div class=\"post-entry-content\">\n\n\t<h3 class=\"entry-title\">\n\t\t<a href=\"https:\/\/www.lyonexpo.fr\/en\/2018\/06\/11\/stand-for-octo-marine-cannes-yachting-festival\/\" title=\"Stand for Octo Marine &#8211; Cannes Yachting Festival\" rel=\"bookmark\">Stand for Octo Marine &#8211; Cannes Yachting Festival<\/a>\n\t<\/h3>\n\n\t<div class=\"entry-meta\"><span class=\"category-link\"><a href=\"https:\/\/www.lyonexpo.fr\/en\/cannes\/\">Cannes<\/a>, <a href=\"https:\/\/www.lyonexpo.fr\/en\/cannes-yachting-festival\/\">Cannes Yachting Festival<\/a>, <a href=\"https:\/\/www.lyonexpo.fr\/en\/stand-design\/\">Stand Design<\/a>, <a href=\"https:\/\/www.lyonexpo.fr\/en\/trade-shows\/\">Trade Shows<\/a><\/span><\/div>\n\t<div class=\"entry-excerpt\"><p>We are very happy to confirm that we are going to build the stand for first time Cannes Yachting Festival exhibitor Octo Marine.<\/p>\n<\/div>\n\t\n<a href=\"https:\/\/www.lyonexpo.fr\/en\/2018\/06\/11\/stand-for-octo-marine-cannes-yachting-festival\/\" class=\"post-details details-type-link\" aria-label=\"Read more about Stand for Octo Marine &#8211; Cannes Yachting Festival\">Read more<i class=\"dt-icon-the7-arrow-03\" aria-hidden=\"true\"><\/i><\/a>\n\n<\/div><\/article><\/div><div class=\"visible wf-cell\" data-post-id=\"840\" data-date=\"2018-06-08T14:10:03+02:00\" data-name=\"MAPIC - The international retail property market\"><article class=\"post project-odd visible post-840 type-post status-publish format-standard has-post-thumbnail hentry category-cannes category-mapic category-trade-shows category-7 category-28 category-51\" data-name=\"MAPIC &#8211; The international retail property market\" data-date=\"2018-06-08T14:10:03+02:00\">\n\n<div class=\"post-thumbnail-wrap\">\n\t<div class=\"post-thumbnail\">\n\t\t\n\t\t\n\t\t<a href=\"https:\/\/www.lyonexpo.fr\/en\/2018\/06\/08\/stand-builder-mapic\/\" class=\"post-thumbnail-rollover layzr-bg layzr-bg\"><img decoding=\"async\" class=\"iso-lazy-load preload-me iso-lazy-load aspect\" src=\"data:image\/svg+xml,%3Csvg%20xmlns%3D&#039;http%3A%2F%2Fwww.w3.org%2F2000%2Fsvg&#039;%20viewBox%3D&#039;0%200%20768%20512&#039;%2F%3E\" data-src=\"https:\/\/www.lyonexpo.fr\/wp-content\/uploads\/2018\/06\/MAPIC-The-international-retail-property-market--768x512.jpg\" data-srcset=\"https:\/\/www.lyonexpo.fr\/wp-content\/uploads\/2018\/06\/MAPIC-The-international-retail-property-market--768x512.jpg 768w, https:\/\/www.lyonexpo.fr\/wp-content\/uploads\/2018\/06\/MAPIC-The-international-retail-property-market--824x550.jpg 824w\" loading=\"eager\" style=\"--ratio: 768 \/ 512\" sizes=\"(max-width: 768px) 100vw, 768px\" alt=\"\" title=\"MAPIC &#8211; Exhibition booth builder\" width=\"768\" height=\"512\"><\/a>\t<\/div>\n<\/div>\n\n\n<div class=\"post-entry-content\">\n\n\t<h3 class=\"entry-title\">\n\t\t<a href=\"https:\/\/www.lyonexpo.fr\/en\/2018\/06\/08\/stand-builder-mapic\/\" title=\"MAPIC &#8211; The international retail property market\" rel=\"bookmark\">MAPIC &#8211; The international retail property market<\/a>\n\t<\/h3>\n\n\t<div class=\"entry-meta\"><span class=\"category-link\"><a href=\"https:\/\/www.lyonexpo.fr\/en\/cannes\/\">Cannes<\/a>, <a href=\"https:\/\/www.lyonexpo.fr\/en\/mapic\/\">MAPIC<\/a>, <a href=\"https:\/\/www.lyonexpo.fr\/en\/trade-shows\/\">Trade Shows<\/a><\/span><\/div>\n\t<div class=\"entry-excerpt\"><p>MAPIC is the leading international retail real estate event to build the ultimate retail and leisure mix in order to become a complete lifestyle destination.<\/p>\n<\/div>\n\t\n<a href=\"https:\/\/www.lyonexpo.fr\/en\/2018\/06\/08\/stand-builder-mapic\/\" class=\"post-details details-type-link\" aria-label=\"Read more about MAPIC &#8211; The international retail property market\">Read more<i class=\"dt-icon-the7-arrow-03\" aria-hidden=\"true\"><\/i><\/a>\n\n<\/div><\/article><\/div><div class=\"visible wf-cell\" data-post-id=\"814\" data-date=\"2018-06-05T14:54:23+02:00\" data-name=\"International Luxury Property Expo\"><article class=\"post project-odd visible post-814 type-post status-publish format-standard has-post-thumbnail hentry category-cannes category-ielp-cannes category-trade-shows tag-cannes tag-exhibition tag-expo tag-luxury-property category-7 category-20 category-51\" data-name=\"International Luxury Property Expo\" data-date=\"2018-06-05T14:54:23+02:00\">\n\n<div class=\"post-thumbnail-wrap\">\n\t<div class=\"post-thumbnail\">\n\t\t\n\t\t\n\t\t<a href=\"https:\/\/www.lyonexpo.fr\/en\/2018\/06\/05\/stand-builder-ielp-cannes-international-emigration-luxury-property-expo\/\" class=\"post-thumbnail-rollover layzr-bg layzr-bg\"><img decoding=\"async\" class=\"iso-lazy-load preload-me iso-lazy-load aspect\" src=\"data:image\/svg+xml,%3Csvg%20xmlns%3D&#039;http%3A%2F%2Fwww.w3.org%2F2000%2Fsvg&#039;%20viewBox%3D&#039;0%200%20669%20446&#039;%2F%3E\" data-src=\"https:\/\/www.lyonexpo.fr\/wp-content\/uploads\/2018\/06\/Cannes-International-Emigration-Luxury-Property-Expo-669x446.png\" data-srcset=\"https:\/\/www.lyonexpo.fr\/wp-content\/uploads\/2018\/06\/Cannes-International-Emigration-Luxury-Property-Expo-669x446.png 669w\" loading=\"eager\" style=\"--ratio: 669 \/ 446\" sizes=\"(max-width: 669px) 100vw, 669px\" alt=\"\" title=\"Cannes International Emigration &amp; Luxury Property Expo\" width=\"669\" height=\"446\"><\/a>\t<\/div>\n<\/div>\n\n\n<div class=\"post-entry-content\">\n\n\t<h3 class=\"entry-title\">\n\t\t<a href=\"https:\/\/www.lyonexpo.fr\/en\/2018\/06\/05\/stand-builder-ielp-cannes-international-emigration-luxury-property-expo\/\" title=\"International Luxury Property Expo\" rel=\"bookmark\">International Luxury Property Expo<\/a>\n\t<\/h3>\n\n\t<div class=\"entry-meta\"><span class=\"category-link\"><a href=\"https:\/\/www.lyonexpo.fr\/en\/cannes\/\">Cannes<\/a>, <a href=\"https:\/\/www.lyonexpo.fr\/en\/ielp-cannes\/\">IELP Cannes<\/a>, <a href=\"https:\/\/www.lyonexpo.fr\/en\/trade-shows\/\">Trade Shows<\/a><\/span><\/div>\n\t<div class=\"entry-excerpt\"><p>The Cannes International Luxury Property Expo (IELP), a large-scale conference and exhibition, will be held on 25 and 26 October 2018<\/p>\n<\/div>\n\t\n<a href=\"https:\/\/www.lyonexpo.fr\/en\/2018\/06\/05\/stand-builder-ielp-cannes-international-emigration-luxury-property-expo\/\" class=\"post-details details-type-link\" aria-label=\"Read more about International Luxury Property Expo\">Read more<i class=\"dt-icon-the7-arrow-03\" aria-hidden=\"true\"><\/i><\/a>\n\n<\/div><\/article><\/div><div class=\"visible wf-cell\" data-post-id=\"798\" data-date=\"2018-06-02T13:49:04+02:00\" data-name=\"The Cannes Yachting Festival\"><article class=\"post project-odd visible post-798 type-post status-publish format-standard has-post-thumbnail hentry category-cannes-yachting-festival tag-cannes tag-cannes-yachting-festival tag-stand-builder category-10\" data-name=\"The Cannes Yachting Festival\" data-date=\"2018-06-02T13:49:04+02:00\">\n\n<div class=\"post-thumbnail-wrap\">\n\t<div class=\"post-thumbnail\">\n\t\t\n\t\t\n\t\t<a href=\"https:\/\/www.lyonexpo.fr\/en\/2018\/06\/02\/stand-builder-cannes-yachting-festival\/\" class=\"post-thumbnail-rollover layzr-bg layzr-bg\"><img decoding=\"async\" class=\"iso-lazy-load preload-me iso-lazy-load aspect\" src=\"data:image\/svg+xml,%3Csvg%20xmlns%3D&#039;http%3A%2F%2Fwww.w3.org%2F2000%2Fsvg&#039;%20viewBox%3D&#039;0%200%20640%20426&#039;%2F%3E\" data-src=\"https:\/\/www.lyonexpo.fr\/wp-content\/uploads\/2018\/06\/Stand-builder-Cannes-Yachting-Festival-640x426.jpg\" data-srcset=\"https:\/\/www.lyonexpo.fr\/wp-content\/uploads\/2018\/06\/Stand-builder-Cannes-Yachting-Festival-640x426.jpg 640w\" loading=\"eager\" style=\"--ratio: 640 \/ 426\" sizes=\"(max-width: 640px) 100vw, 640px\" alt=\"\" title=\"Stand builder Cannes Yachting Festival\" width=\"640\" height=\"426\"><\/a>\t<\/div>\n<\/div>\n\n\n<div class=\"post-entry-content\">\n\n\t<h3 class=\"entry-title\">\n\t\t<a href=\"https:\/\/www.lyonexpo.fr\/en\/2018\/06\/02\/stand-builder-cannes-yachting-festival\/\" title=\"The Cannes Yachting Festival\" rel=\"bookmark\">The Cannes Yachting Festival<\/a>\n\t<\/h3>\n\n\t<div class=\"entry-meta\"><span class=\"category-link\"><a href=\"https:\/\/www.lyonexpo.fr\/en\/cannes-yachting-festival\/\">Cannes Yachting Festival<\/a><\/span><\/div>\n\t<div class=\"entry-excerpt\"><p>The Cannes Yachting Festival takes place every September in Cannes. We can offer semi-custom build stands for the outside tents for \u20ac345 per\/m2.<\/p>\n<\/div>\n\t\n<a href=\"https:\/\/www.lyonexpo.fr\/en\/2018\/06\/02\/stand-builder-cannes-yachting-festival\/\" class=\"post-details details-type-link\" aria-label=\"Read more about The Cannes Yachting Festival\">Read more<i class=\"dt-icon-the7-arrow-03\" aria-hidden=\"true\"><\/i><\/a>\n\n<\/div><\/article><\/div><div class=\"visible wf-cell\" data-post-id=\"567\" data-date=\"2018-03-14T15:05:44+01:00\" data-name=\"Outdoor Banners for MIPM\"><article class=\"post project-odd visible post-567 type-post status-publish format-standard has-post-thumbnail hentry category-cannes category-large-format-printing category-mipm-cannes category-7 category-24 category-35\" data-name=\"Outdoor Banners for MIPM\" data-date=\"2018-03-14T15:05:44+01:00\">\n\n<div class=\"post-thumbnail-wrap\">\n\t<div class=\"post-thumbnail\">\n\t\t\n\t\t\n\t\t<a href=\"https:\/\/www.lyonexpo.fr\/en\/2018\/03\/14\/outdoor-banners-for-mipm\/\" class=\"post-thumbnail-rollover layzr-bg layzr-bg\"><img decoding=\"async\" class=\"iso-lazy-load preload-me iso-lazy-load aspect\" src=\"data:image\/svg+xml,%3Csvg%20xmlns%3D&#039;http%3A%2F%2Fwww.w3.org%2F2000%2Fsvg&#039;%20viewBox%3D&#039;0%200%20768%20512&#039;%2F%3E\" data-src=\"https:\/\/www.lyonexpo.fr\/wp-content\/uploads\/2018\/03\/Large_banner_MIPM_01-scaled-1-768x512.jpg\" data-srcset=\"https:\/\/www.lyonexpo.fr\/wp-content\/uploads\/2018\/03\/Large_banner_MIPM_01-scaled-1-768x512.jpg 768w, https:\/\/www.lyonexpo.fr\/wp-content\/uploads\/2018\/03\/Large_banner_MIPM_01-scaled-1-1152x768.jpg 1152w\" loading=\"eager\" style=\"--ratio: 768 \/ 512\" sizes=\"(max-width: 768px) 100vw, 768px\" alt=\"\" title=\"Large_banner_MIPM_01\" width=\"768\" height=\"512\"><\/a>\t<\/div>\n<\/div>\n\n\n<div class=\"post-entry-content\">\n\n\t<h3 class=\"entry-title\">\n\t\t<a href=\"https:\/\/www.lyonexpo.fr\/en\/2018\/03\/14\/outdoor-banners-for-mipm\/\" title=\"Outdoor Banners for MIPM\" rel=\"bookmark\">Outdoor Banners for MIPM<\/a>\n\t<\/h3>\n\n\t<div class=\"entry-meta\"><span class=\"category-link\"><a href=\"https:\/\/www.lyonexpo.fr\/en\/cannes\/\">Cannes<\/a>, <a href=\"https:\/\/www.lyonexpo.fr\/en\/large-format-printing\/\">Large Format Printing<\/a>, <a href=\"https:\/\/www.lyonexpo.fr\/en\/mipm-cannes\/\">MIPM<\/a><\/span><\/div>\n\t<div class=\"entry-excerpt\"><p>For a client exhibiting at MIPM 2018 we printed and installed 2 very large banners of almost 2 meter high and more than 10 meter long<\/p>\n<\/div>\n\t\n<a href=\"https:\/\/www.lyonexpo.fr\/en\/2018\/03\/14\/outdoor-banners-for-mipm\/\" class=\"post-details details-type-link\" aria-label=\"Read more about Outdoor Banners for MIPM\">Read more<i class=\"dt-icon-the7-arrow-03\" aria-hidden=\"true\"><\/i><\/a>\n\n<\/div><\/article><\/div><div class=\"visible wf-cell\" data-post-id=\"558\" data-date=\"2018-03-08T17:03:19+01:00\" data-name=\"Print work for MIPM\"><article class=\"post project-odd visible post-558 type-post status-publish format-standard has-post-thumbnail hentry category-cannes category-mipm-cannes category-print-service category-trade-shows category-7 category-35 category-43 category-51\" data-name=\"Print work for MIPM\" data-date=\"2018-03-08T17:03:19+01:00\">\n\n<div class=\"post-thumbnail-wrap\">\n\t<div class=\"post-thumbnail\">\n\t\t\n\t\t\n\t\t<a href=\"https:\/\/www.lyonexpo.fr\/en\/2018\/03\/08\/print-work-for-mipm-2018\/\" class=\"post-thumbnail-rollover layzr-bg layzr-bg\"><img decoding=\"async\" class=\"iso-lazy-load preload-me iso-lazy-load aspect\" src=\"data:image\/svg+xml,%3Csvg%20xmlns%3D&#039;http%3A%2F%2Fwww.w3.org%2F2000%2Fsvg&#039;%20viewBox%3D&#039;0%200%20465%20310&#039;%2F%3E\" data-src=\"https:\/\/www.lyonexpo.fr\/wp-content\/uploads\/2018\/03\/equiem_mipm2018-465x310.jpg\" data-srcset=\"https:\/\/www.lyonexpo.fr\/wp-content\/uploads\/2018\/03\/equiem_mipm2018-465x310.jpg 465w\" loading=\"eager\" style=\"--ratio: 465 \/ 310\" sizes=\"(max-width: 465px) 100vw, 465px\" alt=\"\" title=\"equiem_mipm2018\" width=\"465\" height=\"310\"><\/a>\t<\/div>\n<\/div>\n\n\n<div class=\"post-entry-content\">\n\n\t<h3 class=\"entry-title\">\n\t\t<a href=\"https:\/\/www.lyonexpo.fr\/en\/2018\/03\/08\/print-work-for-mipm-2018\/\" title=\"Print work for MIPM\" rel=\"bookmark\">Print work for MIPM<\/a>\n\t<\/h3>\n\n\t<div class=\"entry-meta\"><span class=\"category-link\"><a href=\"https:\/\/www.lyonexpo.fr\/en\/cannes\/\">Cannes<\/a>, <a href=\"https:\/\/www.lyonexpo.fr\/en\/mipm-cannes\/\">MIPM<\/a>, <a href=\"https:\/\/www.lyonexpo.fr\/en\/print-service\/\">Print Service<\/a>, <a href=\"https:\/\/www.lyonexpo.fr\/en\/trade-shows\/\">Trade Shows<\/a><\/span><\/div>\n\t<div class=\"entry-excerpt\"><p>So you are based in Australia and exhibiting at MIPM 2018 in Cannes. What is the most effective way to get your printed brochures on the show ???<\/p>\n<\/div>\n\t\n<a href=\"https:\/\/www.lyonexpo.fr\/en\/2018\/03\/08\/print-work-for-mipm-2018\/\" class=\"post-details details-type-link\" aria-label=\"Read more about Print work for MIPM\">Read more<i class=\"dt-icon-the7-arrow-03\" aria-hidden=\"true\"><\/i><\/a>\n\n<\/div><\/article><\/div><div class=\"visible wf-cell\" data-post-id=\"497\" data-date=\"2018-01-16T13:07:56+01:00\" data-name=\"Exhibiting at the MYBA Charter Show?\"><article class=\"post project-odd visible post-497 type-post status-publish format-standard has-post-thumbnail hentry category-barcelona category-myba-charter-show category-stand-design category-trade-shows category-6 category-39 category-47 category-51\" data-name=\"Exhibiting at the MYBA Charter Show?\" data-date=\"2018-01-16T13:07:56+01:00\">\n\n<div class=\"post-thumbnail-wrap\">\n\t<div class=\"post-thumbnail\">\n\t\t\n\t\t\n\t\t<a href=\"https:\/\/www.lyonexpo.fr\/en\/2018\/01\/16\/exhibiting-myba-charter-show-2018\/\" class=\"post-thumbnail-rollover layzr-bg layzr-bg\"><img decoding=\"async\" class=\"iso-lazy-load preload-me iso-lazy-load aspect\" src=\"data:image\/svg+xml,%3Csvg%20xmlns%3D&#039;http%3A%2F%2Fwww.w3.org%2F2000%2Fsvg&#039;%20viewBox%3D&#039;0%200%20768%20512&#039;%2F%3E\" data-src=\"https:\/\/www.lyonexpo.fr\/wp-content\/uploads\/2018\/01\/myba-charter-show-2018-barvelona-768x512.png\" data-srcset=\"https:\/\/www.lyonexpo.fr\/wp-content\/uploads\/2018\/01\/myba-charter-show-2018-barvelona-768x512.png 768w, https:\/\/www.lyonexpo.fr\/wp-content\/uploads\/2018\/01\/myba-charter-show-2018-barvelona-1132x754.png 1132w\" loading=\"eager\" style=\"--ratio: 768 \/ 512\" sizes=\"(max-width: 768px) 100vw, 768px\" alt=\"\" title=\"myba-charter-show-2018-barvelona\" width=\"768\" height=\"512\"><\/a>\t<\/div>\n<\/div>\n\n\n<div class=\"post-entry-content\">\n\n\t<h3 class=\"entry-title\">\n\t\t<a href=\"https:\/\/www.lyonexpo.fr\/en\/2018\/01\/16\/exhibiting-myba-charter-show-2018\/\" title=\"Exhibiting at the MYBA Charter Show?\" rel=\"bookmark\">Exhibiting at the MYBA Charter Show?<\/a>\n\t<\/h3>\n\n\t<div class=\"entry-meta\"><span class=\"category-link\"><a href=\"https:\/\/www.lyonexpo.fr\/en\/barcelona\/\">Barcelona<\/a>, <a href=\"https:\/\/www.lyonexpo.fr\/en\/myba-charter-show\/\">MYBA Charter Show<\/a>, <a href=\"https:\/\/www.lyonexpo.fr\/en\/stand-design\/\">Stand Design<\/a>, <a href=\"https:\/\/www.lyonexpo.fr\/en\/trade-shows\/\">Trade Shows<\/a><\/span><\/div>\n\t<div class=\"entry-excerpt\"><p>Click on the link to discover our Basic and Luxury stand packages for MYBA starting at \u20ac3.200,-* h.t Lets create something awesome together!<\/p>\n<\/div>\n\t\n<a href=\"https:\/\/www.lyonexpo.fr\/en\/2018\/01\/16\/exhibiting-myba-charter-show-2018\/\" class=\"post-details details-type-link\" aria-label=\"Read more about Exhibiting at the MYBA Charter Show?\">Read more<i class=\"dt-icon-the7-arrow-03\" aria-hidden=\"true\"><\/i><\/a>\n\n<\/div><\/article><\/div><div class=\"visible wf-cell\" data-post-id=\"486\" data-date=\"2018-01-09T10:37:36+01:00\" data-name=\"5 mistakes people make when participating in an exhibition\u2026\"><article class=\"post project-odd visible post-486 type-post status-publish format-standard has-post-thumbnail hentry category-cannes category-general-news category-monaco category-stand-design category-tips category-trade-shows category-7 category-19 category-37 category-47 category-50 category-51\" data-name=\"5 mistakes people make when participating in an exhibition\u2026\" data-date=\"2018-01-09T10:37:36+01:00\">\n\n<div class=\"post-thumbnail-wrap\">\n\t<div class=\"post-thumbnail\">\n\t\t\n\t\t\n\t\t<a href=\"https:\/\/www.lyonexpo.fr\/en\/2018\/01\/09\/5-mistakes-people-make-participating-exhibition\/\" class=\"post-thumbnail-rollover layzr-bg layzr-bg\"><img decoding=\"async\" class=\"iso-lazy-load preload-me iso-lazy-load aspect\" src=\"data:image\/svg+xml,%3Csvg%20xmlns%3D&#039;http%3A%2F%2Fwww.w3.org%2F2000%2Fsvg&#039;%20viewBox%3D&#039;0%200%20768%20512&#039;%2F%3E\" data-src=\"https:\/\/www.lyonexpo.fr\/wp-content\/uploads\/2018\/01\/Exhibit-in-the-palais-de-festival-Cannes-768x512.jpeg\" data-srcset=\"https:\/\/www.lyonexpo.fr\/wp-content\/uploads\/2018\/01\/Exhibit-in-the-palais-de-festival-Cannes-768x512.jpeg 768w, https:\/\/www.lyonexpo.fr\/wp-content\/uploads\/2018\/01\/Exhibit-in-the-palais-de-festival-Cannes-1152x768.jpeg 1152w\" loading=\"eager\" style=\"--ratio: 768 \/ 512\" sizes=\"(max-width: 768px) 100vw, 768px\" alt=\"\" title=\"Exhibit in the palais de festival Cannes\" width=\"768\" height=\"512\"><\/a>\t<\/div>\n<\/div>\n\n\n<div class=\"post-entry-content\">\n\n\t<h3 class=\"entry-title\">\n\t\t<a href=\"https:\/\/www.lyonexpo.fr\/en\/2018\/01\/09\/5-mistakes-people-make-participating-exhibition\/\" title=\"5 mistakes people make when participating in an exhibition\u2026\" rel=\"bookmark\">5 mistakes people make when participating in an exhibition\u2026<\/a>\n\t<\/h3>\n\n\t<div class=\"entry-meta\"><span class=\"category-link\"><a href=\"https:\/\/www.lyonexpo.fr\/en\/cannes\/\">Cannes<\/a>, <a href=\"https:\/\/www.lyonexpo.fr\/en\/general-news\/\">General News<\/a>, <a href=\"https:\/\/www.lyonexpo.fr\/en\/monaco\/\">Monaco<\/a>, <a href=\"https:\/\/www.lyonexpo.fr\/en\/stand-design\/\">Stand Design<\/a>, <a href=\"https:\/\/www.lyonexpo.fr\/en\/tips\/\">Tips<\/a>, <a href=\"https:\/\/www.lyonexpo.fr\/en\/trade-shows\/\">Trade Shows<\/a><\/span><\/div>\n\t<div class=\"entry-excerpt\"><p>Participating in an exhibition is a great way to generate leads and attract customers. A professional stand combined with a good preparation allows you to make contact with dozens of leads&#8230;<\/p>\n<\/div>\n\t\n<a href=\"https:\/\/www.lyonexpo.fr\/en\/2018\/01\/09\/5-mistakes-people-make-participating-exhibition\/\" class=\"post-details details-type-link\" aria-label=\"Read more about 5 mistakes people make when participating in an exhibition\u2026\">Read more<i class=\"dt-icon-the7-arrow-03\" aria-hidden=\"true\"><\/i><\/a>\n\n<\/div><\/article><\/div><div class=\"visible wf-cell\" data-post-id=\"475\" data-date=\"2017-12-29T10:00:41+01:00\" data-name=\"Exhibiting at the AMWC Monaco?\"><article class=\"post project-odd visible post-475 type-post status-publish format-standard has-post-thumbnail hentry category-amwc category-monaco category-stand-design category-5 category-37 category-47\" data-name=\"Exhibiting at the AMWC Monaco?\" data-date=\"2017-12-29T10:00:41+01:00\">\n\n<div class=\"post-thumbnail-wrap\">\n\t<div class=\"post-thumbnail\">\n\t\t\n\t\t\n\t\t<a href=\"https:\/\/www.lyonexpo.fr\/en\/2017\/12\/29\/exhibiting-at-the-amwc-monaco\/\" class=\"post-thumbnail-rollover layzr-bg layzr-bg\"><img decoding=\"async\" class=\"iso-lazy-load preload-me iso-lazy-load aspect\" src=\"data:image\/svg+xml,%3Csvg%20xmlns%3D&#039;http%3A%2F%2Fwww.w3.org%2F2000%2Fsvg&#039;%20viewBox%3D&#039;0%200%20597%20398&#039;%2F%3E\" data-src=\"https:\/\/www.lyonexpo.fr\/wp-content\/uploads\/2017\/12\/exhibit-at-the-amwc-2018.jpg\" data-srcset=\"https:\/\/www.lyonexpo.fr\/wp-content\/uploads\/2017\/12\/exhibit-at-the-amwc-2018.jpg 597w\" loading=\"eager\" style=\"--ratio: 597 \/ 398\" sizes=\"(max-width: 597px) 100vw, 597px\" alt=\"\" title=\"exhibit at the amwc 2018\" width=\"597\" height=\"398\"><\/a>\t<\/div>\n<\/div>\n\n\n<div class=\"post-entry-content\">\n\n\t<h3 class=\"entry-title\">\n\t\t<a href=\"https:\/\/www.lyonexpo.fr\/en\/2017\/12\/29\/exhibiting-at-the-amwc-monaco\/\" title=\"Exhibiting at the AMWC Monaco?\" rel=\"bookmark\">Exhibiting at the AMWC Monaco?<\/a>\n\t<\/h3>\n\n\t<div class=\"entry-meta\"><span class=\"category-link\"><a href=\"https:\/\/www.lyonexpo.fr\/en\/amwc\/\">AMWC<\/a>, <a href=\"https:\/\/www.lyonexpo.fr\/en\/monaco\/\">Monaco<\/a>, <a href=\"https:\/\/www.lyonexpo.fr\/en\/stand-design\/\">Stand Design<\/a><\/span><\/div>\n\t<div class=\"entry-excerpt\"><p>[vc_row][vc_column][vc_single_image image=&#8221;477&#8243; img_size=&#8221;full&#8221; alignment=&#8221;center&#8221;][\/vc_column][\/vc_row][vc_row][vc_column][vc_empty_space][vc_column_text] The 16th Aesthetic &amp; Anti-Aging Medicine World Congress \u2013 AMWC Monaco, to be held April 4 \u2013 7, 2018 in Monte-Carlo under the High Patronage of H.S.H. Prince Albert II of Monaco. [\/vc_column_text][vc_empty_space][\/vc_column][\/vc_row][vc_row][vc_column width=&#8221;1\/2&#8243;][vc_column_text]Under the scientific supervision of the World Society of Interdisciplinary Anti-Aging Medicine (WOSIAM), the conference will feature a&hellip;<\/p>\n<\/div>\n\t\n<a href=\"https:\/\/www.lyonexpo.fr\/en\/2017\/12\/29\/exhibiting-at-the-amwc-monaco\/\" class=\"post-details details-type-link\" aria-label=\"Read more about Exhibiting at the AMWC Monaco?\">Read more<i class=\"dt-icon-the7-arrow-03\" aria-hidden=\"true\"><\/i><\/a>\n\n<\/div><\/article><\/div><div class=\"visible wf-cell\" data-post-id=\"356\" data-date=\"2017-10-24T14:46:35+02:00\" data-name=\"Top Tips For Exhibition Stand Design\"><article class=\"post project-odd visible post-356 type-post status-publish format-standard has-post-thumbnail hentry category-stand-design category-tips category-trade-shows category-47 category-50 category-51\" data-name=\"Top Tips For Exhibition Stand Design\" data-date=\"2017-10-24T14:46:35+02:00\">\n\n<div class=\"post-thumbnail-wrap\">\n\t<div class=\"post-thumbnail\">\n\t\t\n\t\t\n\t\t<a href=\"https:\/\/www.lyonexpo.fr\/en\/2017\/10\/24\/top-tips-exhibition-stand-design\/\" class=\"post-thumbnail-rollover layzr-bg layzr-bg\"><img decoding=\"async\" class=\"iso-lazy-load preload-me iso-lazy-load aspect\" src=\"data:image\/svg+xml,%3Csvg%20xmlns%3D&#39;http%3A%2F%2Fwww.w3.org%2F2000%2Fsvg&#39;%20viewBox%3D&#39;0%200%20768%20512&#39;%2F%3E\" data-src=\"https:\/\/www.lyonexpo.fr\/wp-content\/uploads\/2017\/10\/Top-Tips-For-Exhibition-Stand-Design-768x512.jpg\" data-srcset=\"https:\/\/www.lyonexpo.fr\/wp-content\/uploads\/2017\/10\/Top-Tips-For-Exhibition-Stand-Design-768x512.jpg 768w, https:\/\/www.lyonexpo.fr\/wp-content\/uploads\/2017\/10\/Top-Tips-For-Exhibition-Stand-Design-1152x768.jpg 1152w\" loading=\"eager\" style=\"--ratio: 768 \/ 512\" sizes=\"(max-width: 768px) 100vw, 768px\" alt=\"top tips exhibition stand design\" title=\"Top Tips For Exhibition Stand Design\" width=\"768\" height=\"512\"  \/><\/a>\t<\/div>\n<\/div>\n\n\n<div class=\"post-entry-content\">\n\n\t<h3 class=\"entry-title\">\n\t\t<a href=\"https:\/\/www.lyonexpo.fr\/en\/2017\/10\/24\/top-tips-exhibition-stand-design\/\" title=\"Top Tips For Exhibition Stand Design\" rel=\"bookmark\">Top Tips For Exhibition Stand Design<\/a>\n\t<\/h3>\n\n\t<div class=\"entry-meta\"><span class=\"category-link\"><a href=\"https:\/\/www.lyonexpo.fr\/en\/stand-design\/\">Stand Design<\/a>, <a href=\"https:\/\/www.lyonexpo.fr\/en\/tips\/\">Tips<\/a>, <a href=\"https:\/\/www.lyonexpo.fr\/en\/trade-shows\/\">Trade Shows<\/a><\/span><\/div>\n\t<div class=\"entry-excerpt\"><p>[vc_row][vc_column][vc_column_text]Design your exhibition stand well, and you\u2019ll build your brand, attract new leads, and help generate sales.\u00a0 Miss the mark, and you\u2019ll have an oversized lump that gets ignored and overlooked.\u00a0To help you get the\u00a0exhibition stand design\u00a0you need, here are our top tips for exhibition stand design:[\/vc_column_text][vc_empty_space][\/vc_column][\/vc_row][vc_row][vc_column width=&#8221;1\/2&#8243;][vc_column_text] Ensure your stand clearly shows who you&hellip;<\/p>\n<\/div>\n\t\n<a href=\"https:\/\/www.lyonexpo.fr\/en\/2017\/10\/24\/top-tips-exhibition-stand-design\/\" class=\"post-details details-type-link\" aria-label=\"Read more about Top Tips For Exhibition Stand Design\">Read more<i class=\"dt-icon-the7-arrow-03\" aria-hidden=\"true\"><\/i><\/a>\n\n<\/div><\/article><\/div><div class=\"visible wf-cell\" data-post-id=\"337\" data-date=\"2017-10-05T08:34:55+02:00\" data-name=\"Exhibiting ILTM Cannes\"><article class=\"post project-odd visible post-337 type-post status-publish format-standard has-post-thumbnail hentry category-cannes category-iltm-cannes category-7 category-21\" data-name=\"Exhibiting ILTM Cannes\" data-date=\"2017-10-05T08:34:55+02:00\">\n\n<div class=\"post-thumbnail-wrap\">\n\t<div class=\"post-thumbnail\">\n\t\t\n\t\t\n\t\t<a href=\"https:\/\/www.lyonexpo.fr\/en\/2017\/10\/05\/iltm-cannes-exhibition\/\" class=\"post-thumbnail-rollover layzr-bg layzr-bg\"><img decoding=\"async\" class=\"iso-lazy-load preload-me iso-lazy-load aspect\" src=\"data:image\/svg+xml,%3Csvg%20xmlns%3D&#039;http%3A%2F%2Fwww.w3.org%2F2000%2Fsvg&#039;%20viewBox%3D&#039;0%200%20615%20410&#039;%2F%3E\" data-src=\"https:\/\/www.lyonexpo.fr\/wp-content\/uploads\/2017\/10\/Hero_Image_Exhibiting-615x410.jpg\" data-srcset=\"https:\/\/www.lyonexpo.fr\/wp-content\/uploads\/2017\/10\/Hero_Image_Exhibiting-615x410.jpg 615w\" loading=\"eager\" style=\"--ratio: 615 \/ 410\" sizes=\"(max-width: 615px) 100vw, 615px\" alt=\"\" title=\"Hero_Image_Exhibiting\" width=\"615\" height=\"410\"><\/a>\t<\/div>\n<\/div>\n\n\n<div class=\"post-entry-content\">\n\n\t<h3 class=\"entry-title\">\n\t\t<a href=\"https:\/\/www.lyonexpo.fr\/en\/2017\/10\/05\/iltm-cannes-exhibition\/\" title=\"Exhibiting ILTM Cannes\" rel=\"bookmark\">Exhibiting ILTM Cannes<\/a>\n\t<\/h3>\n\n\t<div class=\"entry-meta\"><span class=\"category-link\"><a href=\"https:\/\/www.lyonexpo.fr\/en\/cannes\/\">Cannes<\/a>, <a href=\"https:\/\/www.lyonexpo.fr\/en\/iltm-cannes\/\">ILTM Cannes<\/a><\/span><\/div>\n\t<div class=\"entry-excerpt\"><p>[vc_row][vc_column][vc_single_image image=&#8221;338&#8243; img_size=&#8221;full&#8221; alignment=&#8221;center&#8221;][\/vc_column][\/vc_row][vc_row][vc_column][vc_column_text]ILTM Cannes is the only truly global event for the luxury travel industry ILTM in Cannes is the flagship inspirational show. It brings everyone to Cannes: your customers, your media and your network. It\u2019s where the world meets the world! You will be seen alongside the absolute best in class and do&hellip;<\/p>\n<\/div>\n\t\n<a href=\"https:\/\/www.lyonexpo.fr\/en\/2017\/10\/05\/iltm-cannes-exhibition\/\" class=\"post-details details-type-link\" aria-label=\"Read more about Exhibiting ILTM Cannes\">Read more<i class=\"dt-icon-the7-arrow-03\" aria-hidden=\"true\"><\/i><\/a>\n\n<\/div><\/article><\/div><div class=\"visible wf-cell\" data-post-id=\"329\" data-date=\"2017-09-11T16:43:32+02:00\" data-name=\"Last minute job for the Cannes Yachting Festival\"><article class=\"post project-odd visible post-329 type-post status-publish format-standard has-post-thumbnail hentry category-cannes-yachting-festival category-rush-print-service category-trade-shows category-10 category-44 category-51\" data-name=\"Last minute job for the Cannes Yachting Festival\" data-date=\"2017-09-11T16:43:32+02:00\">\n\n<div class=\"post-thumbnail-wrap\">\n\t<div class=\"post-thumbnail\">\n\t\t\n\t\t\n\t\t<a href=\"https:\/\/www.lyonexpo.fr\/en\/2017\/09\/11\/cannes-yachting-festival-2017\/\" class=\"post-thumbnail-rollover layzr-bg layzr-bg\"><img decoding=\"async\" class=\"iso-lazy-load preload-me iso-lazy-load aspect\" src=\"data:image\/svg+xml,%3Csvg%20xmlns%3D&#39;http%3A%2F%2Fwww.w3.org%2F2000%2Fsvg&#39;%20viewBox%3D&#39;0%200%20500%20333&#39;%2F%3E\" data-src=\"https:\/\/www.lyonexpo.fr\/wp-content\/uploads\/2017\/09\/beach-flag-feather_moravis-yachting-500x333.jpg\" data-srcset=\"https:\/\/www.lyonexpo.fr\/wp-content\/uploads\/2017\/09\/beach-flag-feather_moravis-yachting-500x333.jpg 500w\" loading=\"eager\" style=\"--ratio: 500 \/ 333\" sizes=\"(max-width: 500px) 100vw, 500px\" alt=\"beach-flag-feather_moravis-yachting-Cannes Yachting Festival\" title=\"beach-flag-feather_moravis-yachting-Cannes Yachting Festival\" width=\"500\" height=\"333\"  \/><\/a>\t<\/div>\n<\/div>\n\n\n<div class=\"post-entry-content\">\n\n\t<h3 class=\"entry-title\">\n\t\t<a href=\"https:\/\/www.lyonexpo.fr\/en\/2017\/09\/11\/cannes-yachting-festival-2017\/\" title=\"Last minute job for the Cannes Yachting Festival\" rel=\"bookmark\">Last minute job for the Cannes Yachting Festival<\/a>\n\t<\/h3>\n\n\t<div class=\"entry-meta\"><span class=\"category-link\"><a href=\"https:\/\/www.lyonexpo.fr\/en\/cannes-yachting-festival\/\">Cannes Yachting Festival<\/a>, <a href=\"https:\/\/www.lyonexpo.fr\/en\/rush-print-service\/\">Rush Print Service<\/a>, <a href=\"https:\/\/www.lyonexpo.fr\/en\/trade-shows\/\">Trade Shows<\/a><\/span><\/div>\n\t<div class=\"entry-excerpt\"><p>[vc_row][vc_column width=&#8221;1\/2&#8243;][vc_column_text]Thursday the 7th of september around 15h00 the phone rings. A client of CannesExpo on the line. &#8220;One of my friends just called me in tears that they just got a boat on display in the Cannes Yachting Festival that starts Tuesday morning and they need some flags for next too the passerelle. But&hellip;<\/p>\n<\/div>\n\t\n<a href=\"https:\/\/www.lyonexpo.fr\/en\/2017\/09\/11\/cannes-yachting-festival-2017\/\" class=\"post-details details-type-link\" aria-label=\"Read more about Last minute job for the Cannes Yachting Festival\">Read more<i class=\"dt-icon-the7-arrow-03\" aria-hidden=\"true\"><\/i><\/a>\n\n<\/div><\/article><\/div><div class=\"visible wf-cell\" data-post-id=\"167\" data-date=\"2017-05-18T14:42:05+02:00\" data-name=\"Rush Print Service for Cannes Film Festival\"><article class=\"post project-odd visible post-167 type-post status-publish format-standard has-post-thumbnail hentry category-cannes-film-festival category-rush-print-service category-8 category-44\" data-name=\"Rush Print Service for Cannes Film Festival\" data-date=\"2017-05-18T14:42:05+02:00\">\n\n<div class=\"post-thumbnail-wrap\">\n\t<div class=\"post-thumbnail\">\n\t\t\n\t\t\n\t\t<a href=\"https:\/\/www.lyonexpo.fr\/en\/2017\/05\/18\/rush-print-service-cannes-film-festival\/\" class=\"post-thumbnail-rollover layzr-bg layzr-bg\"><img decoding=\"async\" class=\"iso-lazy-load preload-me iso-lazy-load aspect\" src=\"data:image\/svg+xml,%3Csvg%20xmlns%3D&#39;http%3A%2F%2Fwww.w3.org%2F2000%2Fsvg&#39;%20viewBox%3D&#39;0%200%20700%20466&#39;%2F%3E\" data-src=\"https:\/\/www.lyonexpo.fr\/wp-content\/uploads\/2017\/05\/photocall-clubbable-700x466.jpg\" data-srcset=\"https:\/\/www.lyonexpo.fr\/wp-content\/uploads\/2017\/05\/photocall-clubbable-700x466.jpg 700w\" loading=\"eager\" style=\"--ratio: 700 \/ 466\" sizes=\"(max-width: 700px) 100vw, 700px\" alt=\"Rush Print Service\" title=\"photocall-clubbable\" width=\"700\" height=\"466\"  \/><\/a>\t<\/div>\n<\/div>\n\n\n<div class=\"post-entry-content\">\n\n\t<h3 class=\"entry-title\">\n\t\t<a href=\"https:\/\/www.lyonexpo.fr\/en\/2017\/05\/18\/rush-print-service-cannes-film-festival\/\" title=\"Rush Print Service for Cannes Film Festival\" rel=\"bookmark\">Rush Print Service for Cannes Film Festival<\/a>\n\t<\/h3>\n\n\t<div class=\"entry-meta\"><span class=\"category-link\"><a href=\"https:\/\/www.lyonexpo.fr\/en\/cannes-film-festival\/\">Cannes Film Festival<\/a>, <a href=\"https:\/\/www.lyonexpo.fr\/en\/rush-print-service\/\">Rush Print Service<\/a><\/span><\/div>\n\t<div class=\"entry-excerpt\"><p>[vc_row][vc_column width=&#8221;1\/2&#8243;][vc_column_text]On Monday we recieved an email if we could provide a photocall including a stand delivered\u00a0Friday morning before lunch\u00a0in Cannes for the Film Festival. After making a affordable quote for the rush print service, we got the green light and received the final PDF for print just before 18h00. Wednesday end of the day&hellip;<\/p>\n<\/div>\n\t\n<a href=\"https:\/\/www.lyonexpo.fr\/en\/2017\/05\/18\/rush-print-service-cannes-film-festival\/\" class=\"post-details details-type-link\" aria-label=\"Read more about Rush Print Service for Cannes Film Festival\">Read more<i class=\"dt-icon-the7-arrow-03\" aria-hidden=\"true\"><\/i><\/a>\n\n<\/div><\/article><\/div><div class=\"visible wf-cell\" data-post-id=\"91\" data-date=\"2017-04-17T16:38:37+02:00\" data-name=\"29th edition MYBA Charter Show in Barcelona\"><article class=\"post project-odd visible post-91 type-post status-publish format-standard has-post-thumbnail hentry category-2 category-myba-charter-show category-trade-shows category-39 category-51\" data-name=\"29th edition MYBA Charter Show in Barcelona\" data-date=\"2017-04-17T16:38:37+02:00\">\n\n<div class=\"post-thumbnail-wrap\">\n\t<div class=\"post-thumbnail\">\n\t\t\n\t\t\n\t\t<a href=\"https:\/\/www.lyonexpo.fr\/en\/2017\/04\/17\/myba-charter-show-barcelona\/\" class=\"post-thumbnail-rollover layzr-bg layzr-bg\"><img decoding=\"async\" class=\"iso-lazy-load preload-me iso-lazy-load aspect\" src=\"data:image\/svg+xml,%3Csvg%20xmlns%3D&#39;http%3A%2F%2Fwww.w3.org%2F2000%2Fsvg&#39;%20viewBox%3D&#39;0%200%20768%20512&#39;%2F%3E\" data-src=\"https:\/\/www.lyonexpo.fr\/wp-content\/uploads\/2017\/04\/Screen-Shot-2017-04-17-at-16.36.44-768x512.png\" data-srcset=\"https:\/\/www.lyonexpo.fr\/wp-content\/uploads\/2017\/04\/Screen-Shot-2017-04-17-at-16.36.44-768x512.png 768w, https:\/\/www.lyonexpo.fr\/wp-content\/uploads\/2017\/04\/Screen-Shot-2017-04-17-at-16.36.44-1152x768.png 1152w\" loading=\"eager\" style=\"--ratio: 768 \/ 512\" sizes=\"(max-width: 768px) 100vw, 768px\" alt=\"MYBA Charter Show Barcelona 2017\" title=\"MYBA Charter Show Barcelona 2017\" width=\"768\" height=\"512\"  \/><\/a>\t<\/div>\n<\/div>\n\n\n<div class=\"post-entry-content\">\n\n\t<h3 class=\"entry-title\">\n\t\t<a href=\"https:\/\/www.lyonexpo.fr\/en\/2017\/04\/17\/myba-charter-show-barcelona\/\" title=\"29th edition MYBA Charter Show in Barcelona\" rel=\"bookmark\">29th edition MYBA Charter Show in Barcelona<\/a>\n\t<\/h3>\n\n\t<div class=\"entry-meta\"><span class=\"category-link\"><a href=\"https:\/\/www.lyonexpo.fr\/en\/2017\/\">2017<\/a>, <a href=\"https:\/\/www.lyonexpo.fr\/en\/myba-charter-show\/\">MYBA Charter Show<\/a>, <a href=\"https:\/\/www.lyonexpo.fr\/en\/trade-shows\/\">Trade Shows<\/a><\/span><\/div>\n\t<div class=\"entry-excerpt\"><p>[vc_row][vc_column width=&#8221;1\/2&#8243;][vc_column_text]From the 24th to the 27th April 2017, OneOcean Port Vell, Barcelona will host the 29th edition of the MYBA Charter Show. This is one of the most important international exhibitions dedicated to Charter professionals and Superyachts. The MYBA Charter Show in Barcelona\u00a0is a trade only show and is not open to the public.&hellip;<\/p>\n<\/div>\n\t\n<a href=\"https:\/\/www.lyonexpo.fr\/en\/2017\/04\/17\/myba-charter-show-barcelona\/\" class=\"post-details details-type-link\" aria-label=\"Read more about 29th edition MYBA Charter Show in Barcelona\">Read more<i class=\"dt-icon-the7-arrow-03\" aria-hidden=\"true\"><\/i><\/a>\n\n<\/div><\/article><\/div><div class=\"visible wf-cell\" data-post-id=\"79\" data-date=\"2017-04-17T13:12:49+02:00\" data-name=\"Lime-imc &amp; Sensas are CannesExpo\"><article class=\"post project-odd visible post-79 type-post status-publish format-standard has-post-thumbnail hentry category-general-news category-19\" data-name=\"Lime-imc &amp; Sensas are CannesExpo\" data-date=\"2017-04-17T13:12:49+02:00\">\n\n<div class=\"post-thumbnail-wrap\">\n\t<div class=\"post-thumbnail\">\n\t\t\n\t\t\n\t\t<a href=\"https:\/\/www.lyonexpo.fr\/en\/2017\/04\/17\/lime-imc-sensas-media-become-cannesexpo\/\" class=\"post-thumbnail-rollover layzr-bg layzr-bg\"><img decoding=\"async\" class=\"iso-lazy-load preload-me iso-lazy-load aspect\" src=\"data:image\/svg+xml,%3Csvg%20xmlns%3D&#39;http%3A%2F%2Fwww.w3.org%2F2000%2Fsvg&#39;%20viewBox%3D&#39;0%200%20510%20340&#39;%2F%3E\" data-src=\"https:\/\/www.lyonexpo.fr\/wp-content\/uploads\/2017\/04\/Screen-Shot-2017-04-17-at-12.49.56-510x340.png\" data-srcset=\"https:\/\/www.lyonexpo.fr\/wp-content\/uploads\/2017\/04\/Screen-Shot-2017-04-17-at-12.49.56-510x340.png 510w\" loading=\"eager\" style=\"--ratio: 510 \/ 340\" sizes=\"(max-width: 510px) 100vw, 510px\" alt=\"Exhibition Stand design in Cannes\" title=\"Exhibition Stand design in Cannes\" width=\"510\" height=\"340\"  \/><\/a>\t<\/div>\n<\/div>\n\n\n<div class=\"post-entry-content\">\n\n\t<h3 class=\"entry-title\">\n\t\t<a href=\"https:\/\/www.lyonexpo.fr\/en\/2017\/04\/17\/lime-imc-sensas-media-become-cannesexpo\/\" title=\"Lime-imc &amp; Sensas are CannesExpo\" rel=\"bookmark\">Lime-imc &#038; Sensas are CannesExpo<\/a>\n\t<\/h3>\n\n\t<div class=\"entry-meta\"><span class=\"category-link\"><a href=\"https:\/\/www.lyonexpo.fr\/en\/general-news\/\">General News<\/a><\/span><\/div>\n\t<div class=\"entry-excerpt\"><p>[vc_row][vc_column][vc_column_text]To serve trade show exhibitors\u00a0better on the French Riviera and especially in the Cannes, Nice &amp; Monaco area, Lime-IMC and Sensas became CannesExpo. This dedicated Exposition Booth Builder focuses on local solutions for exhibitors with production facilities in Valbonne and Mandelieu. Creating affordable solutions for small and medium sized exhibition stand for expo&#8217;s on the&hellip;<\/p>\n<\/div>\n\t\n<a href=\"https:\/\/www.lyonexpo.fr\/en\/2017\/04\/17\/lime-imc-sensas-media-become-cannesexpo\/\" class=\"post-details details-type-link\" aria-label=\"Read more about Lime-imc &amp; Sensas are CannesExpo\">Read more<i class=\"dt-icon-the7-arrow-03\" aria-hidden=\"true\"><\/i><\/a>\n\n<\/div><\/article><\/div><\/div><!-- iso-container|iso-grid --><\/div>[\/vc_column][\/vc_row]<\/p>\n<\/div>","protected":false},"excerpt":{"rendered":"<p>[vc_row][vc_column][rev_slider_vc alias=&#8221;stand-design-1&#8243;][\/vc_column][\/vc_row][vc_row][vc_column][vc_empty_space height=&#8221;8px&#8221;][\/vc_column][\/vc_row][vc_row][vc_column][\/vc_column][\/vc_row]<\/p>\n","protected":false},"author":1,"featured_media":0,"parent":0,"menu_order":0,"comment_status":"closed","ping_status":"closed","template":"","meta":{"footnotes":""},"class_list":["post-28","page","type-page","status-publish","hentry","description-off"],"_links":{"self":[{"href":"https:\/\/www.lyonexpo.fr\/en\/wp-json\/wp\/v2\/pages\/28","targetHints":{"allow":["GET"]}}],"collection":[{"href":"https:\/\/www.lyonexpo.fr\/en\/wp-json\/wp\/v2\/pages"}],"about":[{"href":"https:\/\/www.lyonexpo.fr\/en\/wp-json\/wp\/v2\/types\/page"}],"author":[{"embeddable":true,"href":"https:\/\/www.lyonexpo.fr\/en\/wp-json\/wp\/v2\/users\/1"}],"replies":[{"embeddable":true,"href":"https:\/\/www.lyonexpo.fr\/en\/wp-json\/wp\/v2\/comments?post=28"}],"version-history":[{"count":20,"href":"https:\/\/www.lyonexpo.fr\/en\/wp-json\/wp\/v2\/pages\/28\/revisions"}],"predecessor-version":[{"id":3698,"href":"https:\/\/www.lyonexpo.fr\/en\/wp-json\/wp\/v2\/pages\/28\/revisions\/3698"}],"wp:attachment":[{"href":"https:\/\/www.lyonexpo.fr\/en\/wp-json\/wp\/v2\/media?parent=28"}],"curies":[{"name":"wp","href":"https:\/\/api.w.org\/{rel}","templated":true}]}}